{"id":10520,"date":"2024-12-18T08:57:22","date_gmt":"2024-12-18T13:57:22","guid":{"rendered":"https:\/\/ccna-ccnv.ca\/phase-3-recherche\/"},"modified":"2025-11-07T09:40:42","modified_gmt":"2025-11-07T14:40:42","slug":"phase-3-recherche","status":"publish","type":"page","link":"https:\/\/ccna-ccnv.ca\/fr\/phase-3-recherche\/","title":{"rendered":"La Phase III du CCNV en bref"},"content":{"rendered":"<p><div id=\"comit\u00e9-ex\u00e9cutif-de-la-recherche\" class=\"fusion-container-anchor\"><div class=\"fusion-fullwidth fullwidth-box fusion-builder-row-1 fusion-flex-container has-pattern-background has-mask-background nonhundred-percent-fullwidth non-hundred-percent-height-scrolling\" style=\"--awb-border-radius-top-left:0px;--awb-border-radius-top-right:0px;--awb-border-radius-bottom-right:0px;--awb-border-radius-bottom-left:0px;--awb-padding-top:0px;--awb-padding-bottom:0px;--awb-padding-bottom-medium:56px;--awb-padding-top-small:0px;--awb-padding-right-small:16px;--awb-padding-bottom-small:0px;--awb-padding-left-small:16px;--awb-flex-wrap:wrap;\" ><div class=\"fusion-builder-row fusion-row fusion-flex-align-items-flex-start fusion-flex-justify-content-center fusion-flex-content-wrap\" style=\"max-width:1456px;margin-left: calc(-4% \/ 2 );margin-right: calc(-4% \/ 2 );\"><div class=\"fusion-layout-column fusion_builder_column fusion-builder-column-0 fusion_builder_column_2_3 2_3 fusion-flex-column fusion-flex-align-self-center fusion-animated\" style=\"--awb-padding-right-small:14px;--awb-padding-left-small:14px;--awb-bg-size:cover;--awb-width-large:66.666666666667%;--awb-margin-top-large:96px;--awb-spacing-right-large:2.88%;--awb-margin-bottom-large:96px;--awb-spacing-left-large:2.88%;--awb-width-medium:100%;--awb-order-medium:0;--awb-spacing-right-medium:1.92%;--awb-margin-bottom-medium:24px;--awb-spacing-left-medium:1.92%;--awb-width-small:100%;--awb-order-small:0;--awb-margin-top-small:56px;--awb-spacing-right-small:1.92%;--awb-spacing-left-small:1.92%;\" data-animationType=\"fadeInDown\" data-animationDuration=\"1.0\" data-animationOffset=\"top-into-view\"><div class=\"fusion-column-wrapper fusion-column-has-shadow fusion-flex-justify-content-flex-start fusion-content-layout-column\"><div class=\"fusion-text fusion-text-1\" style=\"--awb-text-color:var(--awb-color5);\"><h4>Le Consortium canadien en neurod\u00e9g\u00e9n\u00e9rescence associ\u00e9e au vieillissement (CCNV) est un r\u00e9seau national qui int\u00e8gre de multiples disciplines et approches de recherche sur les troubles neurocognitifs.<\/h4>\n<h4>Le consortium catalyse la recherche sur les conditions \u00e0 l\u2019origine des troubles neurocognitifs, cherche de nouveaux traitements et explore des moyens d\u2019am\u00e9liorer la qualit\u00e9 de vie des personnes atteintes de troubles neurocognitifs.<\/h4>\n<\/div><\/div><\/div><div class=\"fusion-layout-column fusion_builder_column fusion-builder-column-1 fusion_builder_column_1_3 1_3 fusion-flex-column fusion-flex-align-self-center fusion-animated\" style=\"--awb-padding-right-small:14px;--awb-padding-left-small:14px;--awb-bg-size:cover;--awb-width-large:33.333333333333%;--awb-margin-top-large:0px;--awb-spacing-right-large:5.76%;--awb-margin-bottom-large:0px;--awb-spacing-left-large:5.76%;--awb-width-medium:100%;--awb-order-medium:0;--awb-spacing-right-medium:1.92%;--awb-spacing-left-medium:1.92%;--awb-width-small:100%;--awb-order-small:0;--awb-spacing-right-small:1.92%;--awb-spacing-left-small:1.92%;\" data-animationType=\"fadeInDown\" data-animationDuration=\"1.0\" data-animationOffset=\"top-into-view\"><div class=\"fusion-column-wrapper fusion-column-has-shadow fusion-flex-justify-content-flex-start fusion-content-layout-column\"><div class=\"fusion-image-element md-text-align-center sm-text-align-center\" style=\"text-align:right;--awb-caption-title-font-family:var(--h2_typography-font-family);--awb-caption-title-font-weight:var(--h2_typography-font-weight);--awb-caption-title-font-style:var(--h2_typography-font-style);--awb-caption-title-size:var(--h2_typography-font-size);--awb-caption-title-transform:var(--h2_typography-text-transform);--awb-caption-title-line-height:var(--h2_typography-line-height);--awb-caption-title-letter-spacing:var(--h2_typography-letter-spacing);\"><span class=\" fusion-imageframe imageframe-none imageframe-1 hover-type-none\"><img loading=\"lazy\" decoding=\"async\" width=\"490\" height=\"490\" title=\"Optimized-Infographie-Phase-III-CCNV_FINAL-490&#215;490 (1)\" src=\"https:\/\/ccna-ccnv.ca\/wp-content\/uploads\/2025\/01\/Optimized-Infographie-Phase-III-CCNV_FINAL-490x490-1.png\" alt class=\"img-responsive wp-image-10564\" srcset=\"https:\/\/ccna-ccnv.ca\/wp-content\/uploads\/2025\/01\/Optimized-Infographie-Phase-III-CCNV_FINAL-490x490-1-200x200.png 200w, https:\/\/ccna-ccnv.ca\/wp-content\/uploads\/2025\/01\/Optimized-Infographie-Phase-III-CCNV_FINAL-490x490-1-400x400.png 400w, https:\/\/ccna-ccnv.ca\/wp-content\/uploads\/2025\/01\/Optimized-Infographie-Phase-III-CCNV_FINAL-490x490-1.png 490w\" sizes=\"auto, (max-width: 640px) 100vw, 490px\" \/><\/span><\/div><\/div><\/div><\/div><\/div><\/div><div id=\"conseil-consultatif-scientifique-international\" class=\"fusion-container-anchor\"><div class=\"fusion-fullwidth fullwidth-box fusion-builder-row-2 fusion-flex-container has-pattern-background has-mask-background nonhundred-percent-fullwidth non-hundred-percent-height-scrolling\" style=\"--link_hover_color: var(--awb-color5);--link_color: var(--awb-color5);--awb-border-radius-top-left:0px;--awb-border-radius-top-right:0px;--awb-border-radius-bottom-right:0px;--awb-border-radius-bottom-left:0px;--awb-padding-bottom:0px;--awb-padding-right-small:16px;--awb-padding-bottom-small:56px;--awb-padding-left-small:16px;--awb-flex-wrap:wrap;\" ><div class=\"fusion-builder-row fusion-row fusion-flex-align-items-flex-start fusion-flex-content-wrap\" style=\"max-width:calc( 1400px + 24px );margin-left: calc(-24px \/ 2 );margin-right: calc(-24px \/ 2 );\"><div class=\"fusion-layout-column fusion_builder_column fusion-builder-column-2 fusion_builder_column_1_1 1_1 fusion-flex-column fusion-animated\" style=\"--awb-padding-top:72px;--awb-padding-right:72px;--awb-padding-bottom:40px;--awb-padding-left:72px;--awb-padding-right-medium:48px;--awb-padding-left-medium:48px;--awb-padding-top-small:56px;--awb-padding-right-small:24px;--awb-padding-bottom-small:0px;--awb-padding-left-small:24px;--awb-overflow:hidden;--awb-bg-color:var(--awb-color3);--awb-bg-color-hover:var(--awb-color3);--awb-bg-size:cover;--awb-border-radius:30px 30px 30px 30px;--awb-width-large:100%;--awb-margin-top-large:0px;--awb-spacing-right-large:12px;--awb-margin-bottom-large:0px;--awb-spacing-left-large:12px;--awb-width-medium:100%;--awb-order-medium:0;--awb-spacing-right-medium:12px;--awb-spacing-left-medium:12px;--awb-width-small:100%;--awb-order-small:0;--awb-spacing-right-small:12px;--awb-spacing-left-small:12px;\" data-animationType=\"fadeInDown\" data-animationDuration=\"1.0\" data-animationOffset=\"top-into-view\"><div class=\"fusion-column-wrapper fusion-column-has-shadow fusion-flex-justify-content-flex-start fusion-content-layout-column\"><div class=\"fusion-title title fusion-title-1 fusion-sep-none fusion-title-text fusion-title-size-two\" style=\"--awb-margin-bottom:24px;--awb-margin-bottom-small:24px;--awb-font-size:var(--awb-typography2-font-size);\"><h2 class=\"fusion-title-heading title-heading-left fusion-responsive-typography-calculated\" style=\"margin:0;font-size:1em;letter-spacing:var(--awb-typography2-letter-spacing);--fontSize:40;line-height:var(--awb-typography2-line-height);\">La phase III du CCNV (2024-2029) comprend :<\/h2><\/div><ul style=\"--awb-size:19px;--awb-item-padding-bottom:24px;--awb-iconcolor:var(--awb-color4);--awb-textcolor:var(--awb-color5);--awb-line-height:32.3px;--awb-icon-width:32.3px;--awb-icon-height:32.3px;--awb-icon-margin:13.3px;--awb-content-margin:45.6px;\" class=\"fusion-checklist fusion-checklist-1 fusion-checklist-default type-icons\"><li class=\"fusion-li-item\" style=\"\"><span class=\"icon-wrapper circle-no\"><i class=\"fusion-li-icon icon-checkmark\" aria-hidden=\"true\"><\/i><\/span><div class=\"fusion-li-item-content\">\n<p><strong>\u00c9quipes de recherche affili\u00e9es au CCNV (voir plus bas)<\/strong><\/p>\n<\/div><\/li><li class=\"fusion-li-item\" style=\"\"><span class=\"icon-wrapper circle-no\"><i class=\"fusion-li-icon icon-checkmark\" aria-hidden=\"true\"><\/i><\/span><div class=\"fusion-li-item-content\">\n<p><strong><span style=\"text-decoration: underline;\"><a href=\"https:\/\/ccna-ccnv.ca\/fr\/pole-de-soutien-a-la-recherche\/\" target=\"_blank\" rel=\"noopener\">P\u00f4le de soutien \u00e0 la recherche sur les troubles neurocognitifs<\/a><\/span><br \/>\n<\/strong><\/p>\n<\/div><\/li><li class=\"fusion-li-item\" style=\"\"><span class=\"icon-wrapper circle-no\"><i class=\"fusion-li-icon icon-checkmark\" aria-hidden=\"true\"><\/i><\/span><div class=\"fusion-li-item-content\">\n<p><strong>Plateformes<br \/>\n<\/strong><\/p>\n<ul>\n<li><span style=\"text-decoration: underline;\"><strong><a href=\"https:\/\/ccna-ccnv.ca\/fr\/letude-compass-nd\/\" rel=\"noopener\">L\u2019\u00c9valuation globale de la neurod\u00e9g\u00e9n\u00e9rescence associ\u00e9e au vieillissement (COMPASS-ND)<\/a><\/strong><\/span><\/li>\n<li><span style=\"text-decoration: underline;\"><strong><a href=\"https:\/\/ccna-ccnv.ca\/fr\/can-thumbs-up\/\" rel=\"noopener\">La Plateforme canadienne multidimensionnelle de pr\u00e9vention de la neurod\u00e9g\u00e9n\u00e9rescence associ\u00e9e au vieillissement (CAN_THUMBS UP)<\/a><\/strong><\/span><\/li>\n<li><span style=\"text-decoration: underline;\"><strong><a href=\"https:\/\/ccna-ccnv.ca\/fr\/loris\/\">Base de donn\u00e9es LORIS<\/a><\/strong><\/span><\/li>\n<li><a href=\"https:\/\/ccna-ccnv.ca\/fr\/neuroimagerie\/\"><strong><span style=\"text-decoration: underline;\">Protocole de neuroimagerie<\/span><\/strong><\/a><\/li>\n<li style=\"list-style-type: none;\"><\/li>\n<\/ul>\n<\/div><\/li><li class=\"fusion-li-item\" style=\"\"><span class=\"icon-wrapper circle-no\"><i class=\"fusion-li-icon icon-checkmark\" aria-hidden=\"true\"><\/i><\/span><div class=\"fusion-li-item-content\">\n<p><strong>Les op\u00e9rations centrales du CCNV sont \u00e0 Baycrest<\/strong><\/p>\n<\/div><\/li><\/ul><\/div><\/div><div class=\"fusion-layout-column fusion_builder_column fusion-builder-column-3 fusion_builder_column_1_1 1_1 fusion-flex-column\" style=\"--awb-bg-size:cover;--awb-width-large:100%;--awb-margin-top-large:0px;--awb-spacing-right-large:12px;--awb-margin-bottom-large:20px;--awb-spacing-left-large:12px;--awb-width-medium:100%;--awb-order-medium:0;--awb-spacing-right-medium:12px;--awb-spacing-left-medium:12px;--awb-width-small:100%;--awb-order-small:0;--awb-spacing-right-small:12px;--awb-spacing-left-small:12px;\"><div class=\"fusion-column-wrapper fusion-column-has-shadow fusion-flex-justify-content-flex-start fusion-content-layout-column\"><div class=\"fusion-title title fusion-title-2 fusion-sep-none fusion-title-text fusion-title-size-one\" style=\"--awb-text-color:var(--awb-color8);\"><h1 class=\"fusion-title-heading title-heading-left fusion-responsive-typography-calculated\" style=\"margin:0;--fontSize:54;line-height:var(--awb-typography1-line-height);\"><h3 style=\"text-align: center;\">\u00c9quipes de la Phase III du CCNV<\/h3><\/h1><\/div><\/div><\/div><\/div><\/div><\/div><div id=\"international-scientific-advisory-board\" class=\"fusion-container-anchor\"><div class=\"fusion-fullwidth fullwidth-box fusion-builder-row-3 fusion-flex-container has-pattern-background has-mask-background nonhundred-percent-fullwidth non-hundred-percent-height-scrolling\" style=\"--link_hover_color: var(--awb-color5);--link_color: var(--awb-color5);--awb-border-radius-top-left:0px;--awb-border-radius-top-right:0px;--awb-border-radius-bottom-right:0px;--awb-border-radius-bottom-left:0px;--awb-padding-bottom:0px;--awb-padding-right-small:16px;--awb-padding-bottom-small:0px;--awb-padding-left-small:16px;--awb-margin-bottom:0px;--awb-flex-wrap:wrap;\" ><div class=\"fusion-builder-row fusion-row fusion-flex-align-items-flex-start fusion-flex-content-wrap\" style=\"max-width:calc( 1400px + 24px );margin-left: calc(-24px \/ 2 );margin-right: calc(-24px \/ 2 );\"><div class=\"fusion-layout-column fusion_builder_column fusion-builder-column-4 fusion_builder_column_1_1 1_1 fusion-flex-column fusion-animated\" style=\"--awb-padding-top:72px;--awb-padding-right:72px;--awb-padding-bottom:72px;--awb-padding-left:72px;--awb-padding-right-medium:48px;--awb-padding-left-medium:48px;--awb-padding-top-small:56px;--awb-padding-right-small:8px;--awb-padding-bottom-small:56px;--awb-padding-left-small:8px;--awb-overflow:hidden;--awb-bg-color:var(--awb-color3);--awb-bg-color-hover:var(--awb-color3);--awb-bg-size:cover;--awb-border-radius:30px 30px 30px 30px;--awb-width-large:100%;--awb-margin-top-large:0px;--awb-spacing-right-large:12px;--awb-margin-bottom-large:0px;--awb-spacing-left-large:12px;--awb-width-medium:100%;--awb-order-medium:0;--awb-spacing-right-medium:12px;--awb-spacing-left-medium:12px;--awb-width-small:100%;--awb-order-small:0;--awb-spacing-right-small:12px;--awb-spacing-left-small:12px;\" data-animationType=\"fadeInDown\" data-animationDuration=\"1.0\" data-animationOffset=\"top-into-view\" data-scroll-devices=\"small-visibility,medium-visibility,large-visibility\"><div class=\"fusion-column-wrapper fusion-column-has-shadow fusion-flex-justify-content-flex-start fusion-content-layout-column\"><div class=\"fusion-title title fusion-title-3 fusion-sep-none fusion-title-text fusion-title-size-three fusion-animated\" style=\"--awb-margin-bottom:24px;--awb-margin-right-small:14px;--awb-margin-bottom-small:48px;--awb-margin-left-small:14px;\" data-animationType=\"fadeInDown\" data-animationDuration=\"1.0\" data-animationDelay=\"0.3\" data-animationOffset=\"top-into-view\"><h3 class=\"fusion-title-heading title-heading-left fusion-responsive-typography-calculated\" style=\"margin:0;text-transform:var(--awb-typography2-text-transform);--fontSize:40;line-height:var(--awb-typography1-line-height);\">Th\u00e8me 1: <strong><span class=\"highlight-text\">Pr\u00e9vention primaire<\/span><\/strong><\/h3><\/div><div class=\"fusion-builder-row fusion-builder-row-inner fusion-row fusion-flex-align-items-flex-start fusion-flex-content-wrap\" style=\"width:calc( 100% + 24px ) !important;max-width:calc( 100% + 24px ) !important;margin-left: calc(-24px \/ 2 );margin-right: calc(-24px \/ 2 );\"><div class=\"fusion-layout-column fusion_builder_column_inner fusion-builder-nested-column-0 fusion_builder_column_inner_1_2 1_2 fusion-flex-column fusion-flex-align-self-stretch fusion-animated\" style=\"--awb-padding-top:48px;--awb-padding-right:48px;--awb-padding-bottom:48px;--awb-padding-left:48px;--awb-padding-right-small:24px;--awb-padding-left-small:24px;--awb-overflow:hidden;--awb-bg-color:var(--awb-color1);--awb-bg-color-hover:var(--awb-color1);--awb-bg-size:cover;--awb-border-radius:30px 30px 30px 30px;--awb-width-large:50%;--awb-margin-top-large:0px;--awb-spacing-right-large:12px;--awb-margin-bottom-large:0px;--awb-spacing-left-large:12px;--awb-width-medium:100%;--awb-order-medium:1;--awb-margin-top-medium:0px;--awb-spacing-right-medium:12px;--awb-spacing-left-medium:12px;--awb-width-small:100%;--awb-order-small:1;--awb-margin-top-small:0px;--awb-spacing-right-small:12px;--awb-spacing-left-small:12px;\" data-animationType=\"fadeInDown\" data-animationDuration=\"1.0\" data-animationDelay=\"0.6\" data-animationOffset=\"top-into-view\"><div class=\"fusion-column-wrapper fusion-column-has-shadow fusion-flex-justify-content-flex-start fusion-content-layout-column\"><div class=\"fusion-text fusion-text-2 fusion-animated\" style=\"--awb-text-color:var(--awb-color5);\" data-animationType=\"fadeInDown\" data-animationDuration=\"1.0\" data-animationDelay=\"0.3\" data-animationOffset=\"top-into-view\"><h5>\u00c9valuation multinationale des facteurs de risque et des maladies vasculaires chez les a\u00een\u00e9s atteints de neurod\u00e9g\u00e9n\u00e9rescence \u00e0 l\u2019aide d\u2019\u00e9tudes de cohortes longitudinales\u00a0: Le projet MARVEL<\/h5>\n<\/div><div class=\"fusion-text fusion-text-3 fusion-text-no-margin\" style=\"--awb-margin-bottom:8px;\"><p><strong>Chercheurs principaux: Amy T. Hsu, Andrew R. Frank, Ann-Marie Julien, Wallis Lau, Hao Luo et Davide Liborio Vetrano<\/strong><\/p>\n<\/div><div class=\"fusion-separator fusion-full-width-sep\" style=\"align-self: center;margin-left: auto;margin-right: auto;flex-grow:1;width:100%;\"><\/div><div class=\"accordian fusion-accordian\" style=\"--awb-border-size:1px;--awb-icon-size:16px;--awb-content-font-size:var(--awb-typography5-font-size);--awb-content-letter-spacing:var(--awb-typography5-letter-spacing);--awb-content-line-height:var(--awb-typography5-line-height);--awb-icon-alignment:left;--awb-hover-color:var(--awb-color2);--awb-border-color:var(--awb-color3);--awb-background-color:var(--awb-color1);--awb-divider-color:var(--awb-color3);--awb-divider-hover-color:var(--awb-color3);--awb-icon-color:var(--awb-color1);--awb-title-color:var(--awb-color4);--awb-content-color:var(--awb-color6);--awb-icon-box-color:var(--awb-color4);--awb-toggle-hover-accent-color:var(--awb-color4);--awb-toggle-active-accent-color:var(--awb-color4);--awb-title-font-family:var(--awb-typography1-font-family);--awb-title-font-weight:var(--awb-typography1-font-weight);--awb-title-font-style:var(--awb-typography1-font-style);--awb-title-font-size:var(--awb-typography5-font-size);--awb-title-letter-spacing:var(--awb-typography5-letter-spacing);--awb-title-line-height:var(--awb-typography5-line-height);--awb-content-font-family:var(--awb-typography4-font-family);--awb-content-font-weight:var(--awb-typography4-font-weight);--awb-content-font-style:var(--awb-typography4-font-style);\"><div class=\"panel-group fusion-toggle-icon-boxed\" id=\"accordion-10520-1\"><div class=\"fusion-panel panel-default panel-19c90161461e61d07 fusion-toggle-no-divider\" style=\"--awb-title-color:var(--awb-color8);\"><div class=\"panel-heading\"><div class=\"panel-title toggle\" id=\"toggle_19c90161461e61d07\"><a aria-expanded=\"false\" aria-controls=\"19c90161461e61d07\" role=\"button\" data-toggle=\"collapse\" data-parent=\"#accordion-10520-1\" data-target=\"#19c90161461e61d07\" href=\"#19c90161461e61d07\"><span class=\"fusion-toggle-icon-wrapper\" aria-hidden=\"true\"><i class=\"fa-fusion-box active-icon awb-icon-minus\" aria-hidden=\"true\"><\/i><i class=\"fa-fusion-box inactive-icon awb-icon-plus\" aria-hidden=\"true\"><\/i><\/span><span class=\"fusion-toggle-heading\">En savoir plus<\/span><\/a><\/div><\/div><div id=\"19c90161461e61d07\" class=\"panel-collapse collapse \" aria-labelledby=\"toggle_19c90161461e61d07\"><div class=\"panel-body toggle-content fusion-clearfix\">\n<p>La pr\u00e9valence de multimorbidit\u00e9 augmente avec l\u2019\u00e2ge. Au Canada, environ un tiers des a\u00een\u00e9s sont atteints d\u2019au moins 2 des 10\u00a0maladies chroniques les plus courantes, y compris la maladie du c\u0153ur, l\u2019accident vasculaire c\u00e9r\u00e9bral, le cancer, l\u2019asthme, la maladie pulmonaire obstructive chronique (MPOC), le diab\u00e8te, l\u2019arthrite, la neurod\u00e9g\u00e9n\u00e9rescence et les troubles d\u2019humeur et d\u2019anxi\u00e9t\u00e9. La pr\u00e9valence de multimorbidit\u00e9 augmente de 70 \u00e0 80\u00a0% parmi les a\u00een\u00e9s atteints de neurod\u00e9g\u00e9n\u00e9rescence. En particulier, les personnes atteintes de neurod\u00e9g\u00e9n\u00e9rescence sont plus susceptibles de pr\u00e9senter des maladies cardiovasculaires comme l\u2019hypertension, l\u2019accident vasculaire c\u00e9r\u00e9bral, l\u2019insuffisance coronaire et l\u2019insuffisance cardiaque congestive. Les maladies neurod\u00e9g\u00e9n\u00e9ratives et les maladies cardiovasculaires ont plusieurs facteurs de risque en commun. En plus des nombreux facteurs de risque modifiables li\u00e9s au mode de vie (p. ex. le tabagisme, l\u2019inactivit\u00e9 physique, une mauvaise alimentation, etc.), plusieurs biomarqueurs sanguins (comme le niveau de cholest\u00e9rol) peuvent \u00eatre pr\u00e9dicteurs d\u2019accident vasculaire c\u00e9r\u00e9bral, de complications apr\u00e8s un AVC, de d\u00e9clin cognitif ainsi que de neurod\u00e9g\u00e9n\u00e9rescence. Une meilleure compr\u00e9hension de ces biomarqueurs sanguins et de leur relation avec l\u2019apparition de maladies cardiovasculaires et du d\u00e9clin cognitif pourrait am\u00e9liorer notre compr\u00e9hension du d\u00e9veloppement de la neurod\u00e9g\u00e9n\u00e9rescence et soutenir une identification plus pr\u00e9coce d\u2019une maladie cardiovasculaire et du risque de neurod\u00e9g\u00e9n\u00e9rescence. Dans ce projet, nous utiliserons plusieurs grandes bases de donn\u00e9es administratives sur les soins de sant\u00e9 et des \u00e9tudes de cohortes longitudinales au Canada et \u00e0 l\u2019\u00e9tranger pour \u00e9tudier en d\u00e9tail les trajectoires parall\u00e8les des changements dans la concentration de ces biomarqueurs sanguins, de ces \u00e9v\u00e9nements cardiovasculaires et du d\u00e9clin cognitif au cours de la vie d\u2019une personne.<\/p>\n<\/div><\/div><\/div><\/div><\/div><\/div><\/div><div class=\"fusion-layout-column fusion_builder_column_inner fusion-builder-nested-column-1 fusion_builder_column_inner_1_2 1_2 fusion-flex-column fusion-flex-align-self-stretch fusion-animated\" style=\"--awb-padding-top:48px;--awb-padding-right:48px;--awb-padding-bottom:48px;--awb-padding-left:48px;--awb-padding-right-small:24px;--awb-padding-left-small:24px;--awb-overflow:hidden;--awb-bg-color:var(--awb-color1);--awb-bg-color-hover:var(--awb-color1);--awb-bg-size:cover;--awb-border-radius:30px 30px 30px 30px;--awb-width-large:50%;--awb-margin-top-large:0px;--awb-spacing-right-large:12px;--awb-margin-bottom-large:0px;--awb-spacing-left-large:12px;--awb-width-medium:100%;--awb-order-medium:1;--awb-margin-top-medium:24px;--awb-spacing-right-medium:12px;--awb-spacing-left-medium:12px;--awb-width-small:100%;--awb-order-small:1;--awb-margin-top-small:24px;--awb-spacing-right-small:12px;--awb-spacing-left-small:12px;\" data-animationType=\"fadeInDown\" data-animationDuration=\"1.0\" data-animationDelay=\"0.6\" data-animationOffset=\"top-into-view\"><div class=\"fusion-column-wrapper fusion-column-has-shadow fusion-flex-justify-content-flex-start fusion-content-layout-column\"><div class=\"fusion-text fusion-text-4 fusion-animated\" style=\"--awb-text-color:var(--awb-color5);\" data-animationType=\"fadeInDown\" data-animationDuration=\"1.0\" data-animationDelay=\"0.3\" data-animationOffset=\"top-into-view\"><h5>P\u00e9rim\u00e9nopause et exercice\u00a0: Vers un cerveau plus fort et r\u00e9silient par l\u2019\u00e9quipe EPIC<\/h5>\n<\/div><div class=\"fusion-text fusion-text-5 fusion-text-no-margin\" style=\"--awb-margin-bottom:8px;\"><p><strong>Chercheurs principaux: Teresa Y. Liu-Ambrose, Cindy Barha, Liisa A. Galea et Lindsay S. Nagamatsu<\/strong><\/p>\n<\/div><div class=\"fusion-separator fusion-full-width-sep\" style=\"align-self: center;margin-left: auto;margin-right: auto;flex-grow:1;width:100%;\"><\/div><div class=\"accordian fusion-accordian\" style=\"--awb-border-size:1px;--awb-icon-size:16px;--awb-content-font-size:var(--awb-typography5-font-size);--awb-content-letter-spacing:var(--awb-typography5-letter-spacing);--awb-content-line-height:var(--awb-typography5-line-height);--awb-icon-alignment:left;--awb-hover-color:var(--awb-color2);--awb-border-color:var(--awb-color3);--awb-background-color:var(--awb-color1);--awb-divider-color:var(--awb-color3);--awb-divider-hover-color:var(--awb-color3);--awb-icon-color:var(--awb-color1);--awb-title-color:var(--awb-color4);--awb-content-color:var(--awb-color6);--awb-icon-box-color:var(--awb-color4);--awb-toggle-hover-accent-color:var(--awb-color4);--awb-toggle-active-accent-color:var(--awb-color4);--awb-title-font-family:var(--awb-typography1-font-family);--awb-title-font-weight:var(--awb-typography1-font-weight);--awb-title-font-style:var(--awb-typography1-font-style);--awb-title-font-size:var(--awb-typography5-font-size);--awb-title-letter-spacing:var(--awb-typography5-letter-spacing);--awb-title-line-height:var(--awb-typography5-line-height);--awb-content-font-family:var(--awb-typography4-font-family);--awb-content-font-weight:var(--awb-typography4-font-weight);--awb-content-font-style:var(--awb-typography4-font-style);\"><div class=\"panel-group fusion-toggle-icon-boxed\" id=\"accordion-10520-2\"><div class=\"fusion-panel panel-default panel-57a463c5b17472294 fusion-toggle-no-divider\" style=\"--awb-title-color:var(--awb-color8);\"><div class=\"panel-heading\"><div class=\"panel-title toggle\" id=\"toggle_57a463c5b17472294\"><a aria-expanded=\"false\" aria-controls=\"57a463c5b17472294\" role=\"button\" data-toggle=\"collapse\" data-parent=\"#accordion-10520-2\" data-target=\"#57a463c5b17472294\" href=\"#57a463c5b17472294\"><span class=\"fusion-toggle-icon-wrapper\" aria-hidden=\"true\"><i class=\"fa-fusion-box active-icon awb-icon-minus\" aria-hidden=\"true\"><\/i><i class=\"fa-fusion-box inactive-icon awb-icon-plus\" aria-hidden=\"true\"><\/i><\/span><span class=\"fusion-toggle-heading\">En savoir plus<\/span><\/a><\/div><\/div><div id=\"57a463c5b17472294\" class=\"panel-collapse collapse \" aria-labelledby=\"toggle_57a463c5b17472294\"><div class=\"panel-body toggle-content fusion-clearfix\">\n<p>Chaque ann\u00e9e des millions de femmes du monde entier vivent la transition vers la m\u00e9nopause (p\u00e9rim\u00e9nopause) pendant laquelle les niveaux d\u2019hormones changent rapidement et causent un grand nombre de sympt\u00f4mes dont les bouff\u00e9es de chaleur, la prise de poids, les troubles du sommeil, la d\u00e9pression, l\u2019anxi\u00e9t\u00e9 et le brouillard c\u00e9r\u00e9bral. Chose importante, la p\u00e9rim\u00e9nopause peut accro\u00eetre le risque de neurod\u00e9g\u00e9n\u00e9rescence chez les femmes et contribue au fait que 2\/3 des personnes atteintes de la maladie d\u2018Alzheimer sont des femmes. Un grand nombre de femmes p\u00e9rim\u00e9nopaus\u00e9es rencontrent des d\u00e9fis avec leurs capacit\u00e9s de raisonnement qui ont un impact sur l\u2019aptitude \u00e0 travailler et \u00e0 fonctionner. La recherche montre \u00e9galement des changements pr\u00e9judiciables dans le cerveau des femmes p\u00e9rim\u00e9nopaus\u00e9es. Par cons\u00e9quent, les femmes p\u00e9rim\u00e9nopaus\u00e9es ont besoin de strat\u00e9gies pour soutenir leur sant\u00e9 c\u00e9r\u00e9brale. On comprend assez mal quels facteurs modifiables (p. ex. le sommeil) sont associ\u00e9s \u00e0 la mauvaise capacit\u00e9 de raisonnement chez les femmes p\u00e9rim\u00e9nopaus\u00e9es. L\u2019Organisation mondiale de la Sant\u00e9 recommande vivement des interventions d\u2019activit\u00e9 physique pour r\u00e9duire le risque de d\u00e9clin des capacit\u00e9s de raisonnement. Cependant, on n\u2019a pas \u00e9tudi\u00e9 si l\u2019exercice pouvait r\u00e9ellement am\u00e9liorer les capacit\u00e9s de raisonnement et la sant\u00e9 c\u00e9r\u00e9brale des femmes p\u00e9rim\u00e9nopaus\u00e9es. Nous ne savons pas non plus comment l\u2019exercice am\u00e9liore les capacit\u00e9s de raisonnement ou s\u2019il pourrait rendre le cerveau f\u00e9minin plus r\u00e9silient \u00e0 long terme. Notre \u00e9quipe de recherche veut combler ces importantes lacunes dans nos connaissances sur la sant\u00e9 c\u00e9r\u00e9brale des femmes. Notre \u00e9quipe identifiera d\u2019abord les facteurs modifiables qui sont li\u00e9s aux capacit\u00e9s de raisonnement des femmes p\u00e9rim\u00e9nopaus\u00e9es. Nous \u00e9tudierons ensuite les effets d\u2019un programme d\u2019exercice d\u2019une dur\u00e9e de 6 mois sur la capacit\u00e9 de raisonnement et la sant\u00e9 c\u00e9r\u00e9brale de 150 femmes p\u00e9rim\u00e9nopaus\u00e9es physiquement inactives, \u00e2g\u00e9es de 40 \u00e0 55 ans, qui \u00e9prouvent des difficult\u00e9s avec leur capacit\u00e9 de raisonnement. Nous explorerons \u00e9galement comment l\u2019exercice am\u00e9liore la capacit\u00e9 de raisonnement. Vu le nombre de femmes p\u00e9rim\u00e9nopaus\u00e9es \u00e0 l\u2019\u00e9chelle mondiale, l\u2019\u00e9tude que nous proposons pourrait avoir un impact majeur. Notre recherche r\u00e9duira \u00e9galement la stigmatisation qui emp\u00eache les femmes p\u00e9rim\u00e9nopaus\u00e9es de chercher des soins et du soutien pour leur sant\u00e9 c\u00e9r\u00e9brale.<\/p>\n<\/div><\/div><\/div><\/div><\/div><\/div><\/div><div class=\"fusion-layout-column fusion_builder_column_inner fusion-builder-nested-column-2 fusion_builder_column_inner_1_2 1_2 fusion-flex-column fusion-flex-align-self-stretch fusion-animated\" style=\"--awb-padding-top:48px;--awb-padding-right:48px;--awb-padding-bottom:48px;--awb-padding-left:48px;--awb-padding-right-small:24px;--awb-padding-left-small:24px;--awb-overflow:hidden;--awb-bg-color:var(--awb-color1);--awb-bg-color-hover:var(--awb-color1);--awb-bg-size:cover;--awb-border-radius:30px 30px 30px 30px;--awb-width-large:50%;--awb-margin-top-large:24px;--awb-spacing-right-large:12px;--awb-margin-bottom-large:0px;--awb-spacing-left-large:12px;--awb-width-medium:100%;--awb-order-medium:1;--awb-spacing-right-medium:12px;--awb-spacing-left-medium:12px;--awb-width-small:100%;--awb-order-small:1;--awb-spacing-right-small:12px;--awb-spacing-left-small:12px;\" data-animationType=\"fadeInDown\" data-animationDuration=\"1.0\" data-animationDelay=\"0.6\" data-animationOffset=\"top-into-view\"><div class=\"fusion-column-wrapper fusion-column-has-shadow fusion-flex-justify-content-flex-start fusion-content-layout-column\"><div class=\"fusion-text fusion-text-6 fusion-animated\" style=\"--awb-text-color:var(--awb-color5);\" data-animationType=\"fadeInDown\" data-animationDuration=\"1.0\" data-animationDelay=\"0.3\" data-animationOffset=\"top-into-view\"><h5>Effets de la perte de poids induite par les agonistes du GLP-1 sur les marqueurs c\u00e9r\u00e9braux et sanguins de la neurod\u00e9g\u00e9n\u00e9rescence chez les personnes atteintes d\u2019ob\u00e9sit\u00e9 et courant un risque g\u00e9n\u00e9tique de maladie d\u2019Alzheimer<\/h5>\n<\/div><div class=\"fusion-text fusion-text-7 fusion-text-no-margin\" style=\"--awb-margin-bottom:8px;\"><p><strong>Chercheur principal: Alain Dagher <\/strong><\/p>\n<\/div><div class=\"fusion-separator fusion-full-width-sep\" style=\"align-self: center;margin-left: auto;margin-right: auto;flex-grow:1;width:100%;\"><\/div><div class=\"accordian fusion-accordian\" style=\"--awb-border-size:1px;--awb-icon-size:16px;--awb-content-font-size:var(--awb-typography5-font-size);--awb-content-letter-spacing:var(--awb-typography5-letter-spacing);--awb-content-line-height:var(--awb-typography5-line-height);--awb-icon-alignment:left;--awb-hover-color:var(--awb-color2);--awb-border-color:var(--awb-color3);--awb-background-color:var(--awb-color1);--awb-divider-color:var(--awb-color3);--awb-divider-hover-color:var(--awb-color3);--awb-icon-color:var(--awb-color1);--awb-title-color:var(--awb-color4);--awb-content-color:var(--awb-color6);--awb-icon-box-color:var(--awb-color4);--awb-toggle-hover-accent-color:var(--awb-color4);--awb-toggle-active-accent-color:var(--awb-color4);--awb-title-font-family:var(--awb-typography1-font-family);--awb-title-font-weight:var(--awb-typography1-font-weight);--awb-title-font-style:var(--awb-typography1-font-style);--awb-title-font-size:var(--awb-typography5-font-size);--awb-title-letter-spacing:var(--awb-typography5-letter-spacing);--awb-title-line-height:var(--awb-typography5-line-height);--awb-content-font-family:var(--awb-typography4-font-family);--awb-content-font-weight:var(--awb-typography4-font-weight);--awb-content-font-style:var(--awb-typography4-font-style);\"><div class=\"panel-group fusion-toggle-icon-boxed\" id=\"accordion-10520-3\"><div class=\"fusion-panel panel-default panel-3bdc1efe380c9e205 fusion-toggle-no-divider\" style=\"--awb-title-color:var(--awb-color8);\"><div class=\"panel-heading\"><div class=\"panel-title toggle\" id=\"toggle_3bdc1efe380c9e205\"><a aria-expanded=\"false\" aria-controls=\"3bdc1efe380c9e205\" role=\"button\" data-toggle=\"collapse\" data-parent=\"#accordion-10520-3\" data-target=\"#3bdc1efe380c9e205\" href=\"#3bdc1efe380c9e205\"><span class=\"fusion-toggle-icon-wrapper\" aria-hidden=\"true\"><i class=\"fa-fusion-box active-icon awb-icon-minus\" aria-hidden=\"true\"><\/i><i class=\"fa-fusion-box inactive-icon awb-icon-plus\" aria-hidden=\"true\"><\/i><\/span><span class=\"fusion-toggle-heading\">En savoir plus<\/span><\/a><\/div><\/div><div id=\"3bdc1efe380c9e205\" class=\"panel-collapse collapse \" aria-labelledby=\"toggle_3bdc1efe380c9e205\"><div class=\"panel-body toggle-content fusion-clearfix\">\n<p>L\u2019ob\u00e9sit\u00e9 dans la quarantaine est un facteur de risque significatif de trouble neurocognitif et de maladie d\u2019Alzheimer. Cependant, jusqu\u2019\u00e0 r\u00e9cemment, il existait tr\u00e8s peu de traitements s\u00fbrs et efficaces visant la perte de poids. La situation a chang\u00e9 ces derni\u00e8res ann\u00e9es avec l\u2019arriv\u00e9e d\u2019une classe de m\u00e9dicaments appel\u00e9e les agonistes du r\u00e9cepteur du GLP-1. Ces m\u00e9dicaments ont \u00e9t\u00e9 d\u00e9velopp\u00e9s au d\u00e9part pour traiter le diab\u00e8te, mais on a remarqu\u00e9 qu\u2019ils pouvaient \u00e9galement entra\u00eener une perte de poids significative chez les personnes qui n\u2019\u00e9taient pas atteintes de diab\u00e8te. Nous pr\u00e9voyons de recruter 120\u00a0personnes atteintes d\u2019ob\u00e9sit\u00e9 et courant un risque g\u00e9n\u00e9tique de maladie d\u2019Alzheimer, \u00e2g\u00e9es de 30 \u00e0 55\u00a0ans, et de leur administrer un m\u00e9dicament appel\u00e9 tirz\u00e9patide pendant un an. Nous nous attendons \u00e0 ce que cela cause une perte de 15 \u00e0 20\u00a0% du poids corporel et am\u00e9liore les mesures m\u00e9taboliques. Nous utiliserons alors l\u2019imagerie par r\u00e9sonance magn\u00e9tique pour voir si la perte de poids est associ\u00e9e \u00e0 des changements concomitants de la sant\u00e9 c\u00e9r\u00e9brale. Les participants feront l\u2019objet d\u2019\u00e9valuations cliniques exhaustives. Nous serons alors en mesure de v\u00e9rifier si l\u2019am\u00e9lioration du m\u00e9tabolisme est associ\u00e9e \u00e0 des am\u00e9liorations des fonctions et de l\u2019anatomie c\u00e9r\u00e9brales et c\u00e9r\u00e9bro-vasculaires.<\/p>\n<\/div><\/div><\/div><\/div><\/div><\/div><\/div><\/div><\/div><\/div><\/div><\/div><\/div><div id=\"research-executive-committee\" class=\"fusion-container-anchor\"><div class=\"fusion-fullwidth fullwidth-box fusion-builder-row-4 fusion-flex-container has-pattern-background has-mask-background nonhundred-percent-fullwidth non-hundred-percent-height-scrolling\" style=\"--link_hover_color: var(--awb-color5);--link_color: var(--awb-color5);--awb-border-radius-top-left:0px;--awb-border-radius-top-right:0px;--awb-border-radius-bottom-right:0px;--awb-border-radius-bottom-left:0px;--awb-padding-top:96px;--awb-padding-bottom:96px;--awb-padding-top-small:56px;--awb-padding-right-small:16px;--awb-padding-bottom-small:56px;--awb-padding-left-small:16px;--awb-flex-wrap:wrap;\" ><div class=\"fusion-builder-row fusion-row fusion-flex-align-items-flex-start fusion-flex-justify-content-center fusion-flex-content-wrap\" style=\"max-width:calc( 1400px + 24px );margin-left: calc(-24px \/ 2 );margin-right: calc(-24px \/ 2 );\"><div class=\"fusion-layout-column fusion_builder_column fusion-builder-column-5 fusion_builder_column_1_1 1_1 fusion-flex-column fusion-flex-align-self-center fusion-animated\" style=\"--awb-padding-top:72px;--awb-padding-right:72px;--awb-padding-bottom:72px;--awb-padding-left:72px;--awb-padding-right-small:14px;--awb-padding-left-small:14px;--awb-overflow:hidden;--awb-bg-size:cover;--awb-border-color:rgba(73,190,216,0.48);--awb-border-top:1px;--awb-border-right:1px;--awb-border-bottom:1px;--awb-border-left:1px;--awb-border-style:solid;--awb-border-radius:30px 30px 30px 30px;--awb-width-large:100%;--awb-margin-top-large:0px;--awb-spacing-right-large:12px;--awb-margin-bottom-large:0px;--awb-spacing-left-large:12px;--awb-width-medium:100%;--awb-order-medium:0;--awb-spacing-right-medium:12px;--awb-spacing-left-medium:12px;--awb-width-small:100%;--awb-order-small:0;--awb-spacing-right-small:12px;--awb-spacing-left-small:12px;\" data-animationType=\"fadeInDown\" data-animationDuration=\"1.0\" data-animationDelay=\"0.3\" data-animationOffset=\"top-into-view\" data-scroll-devices=\"small-visibility,medium-visibility,large-visibility\"><div class=\"fusion-column-wrapper fusion-column-has-shadow fusion-flex-justify-content-flex-start fusion-content-layout-column\"><div class=\"fusion-title title fusion-title-4 fusion-sep-none fusion-title-text fusion-title-size-three fusion-animated\" style=\"--awb-margin-bottom:48px;\" data-animationType=\"fadeInDown\" data-animationDuration=\"1.0\" data-animationOffset=\"top-into-view\"><h3 class=\"fusion-title-heading title-heading-left fusion-responsive-typography-calculated\" style=\"margin:0;text-transform:var(--awb-typography2-text-transform);--fontSize:40;line-height:var(--awb-typography1-line-height);\">Th\u00e8me 2: <strong><span class=\"highlight-text\">Pr\u00e9vention secondaire et traitement<\/span><\/strong><\/h3><\/div><div class=\"fusion-builder-row fusion-builder-row-inner fusion-row fusion-flex-align-items-flex-start fusion-flex-justify-content-center fusion-flex-content-wrap\" style=\"width:calc( 100% + 24px ) !important;max-width:calc( 100% + 24px ) !important;margin-left: calc(-24px \/ 2 );margin-right: calc(-24px \/ 2 );\"><div class=\"fusion-layout-column fusion_builder_column_inner fusion-builder-nested-column-3 fusion_builder_column_inner_1_2 1_2 fusion-flex-column fusion-flex-align-self-stretch\" style=\"--awb-padding-top:48px;--awb-padding-right:48px;--awb-padding-bottom:48px;--awb-padding-left:48px;--awb-overflow:hidden;--awb-bg-size:cover;--awb-border-color:var(--awb-color5);--awb-border-top:1px;--awb-border-right:1px;--awb-border-bottom:1px;--awb-border-left:1px;--awb-border-style:solid;--awb-border-radius:30px 30px 30px 30px;--awb-width-large:50%;--awb-margin-top-large:0px;--awb-spacing-right-large:12px;--awb-margin-bottom-large:20px;--awb-spacing-left-large:12px;--awb-width-medium:50%;--awb-order-medium:0;--awb-spacing-right-medium:12px;--awb-spacing-left-medium:12px;--awb-width-small:100%;--awb-order-small:0;--awb-spacing-right-small:12px;--awb-spacing-left-small:12px;\" data-scroll-devices=\"small-visibility,medium-visibility,large-visibility\"><div class=\"fusion-column-wrapper fusion-column-has-shadow fusion-flex-justify-content-flex-start fusion-content-layout-column\"><div class=\"fusion-text fusion-text-8 fusion-animated\" style=\"--awb-text-color:var(--awb-color5);\" data-animationType=\"fadeInDown\" data-animationDuration=\"1.0\" data-animationDelay=\"0.3\" data-animationOffset=\"top-into-view\"><h5>D\u00e9velopper une imagerie c\u00e9r\u00e9brale et des analyses de sang novatrices contre un d\u00e9clencheur pr\u00e9coce majeur de maladie en vue d\u2019un diagnostic opportun et d\u2019un traitement efficace des tauopathies li\u00e9es \u00e0 l\u2019\u00e2ge<\/h5>\n<\/div><div class=\"fusion-text fusion-text-9 fusion-text-no-margin\" style=\"--awb-margin-bottom:8px;\"><p><strong>Chercheurs principaux: Kun Ping Lu, Robert Bartha, Ting-Yim Lee, Guillaume Par\u00e9, Stephen H. Pasternak, et Xiao Zhen Zhou<\/strong><\/p>\n<\/div><div class=\"fusion-separator fusion-full-width-sep\" style=\"align-self: center;margin-left: auto;margin-right: auto;flex-grow:1;width:100%;\"><\/div><div class=\"accordian fusion-accordian\" style=\"--awb-border-size:1px;--awb-icon-size:16px;--awb-content-font-size:var(--awb-typography5-font-size);--awb-content-letter-spacing:var(--awb-typography5-letter-spacing);--awb-content-line-height:var(--awb-typography5-line-height);--awb-icon-alignment:left;--awb-hover-color:var(--awb-color2);--awb-border-color:var(--awb-color3);--awb-background-color:var(--awb-color1);--awb-divider-color:var(--awb-color3);--awb-divider-hover-color:var(--awb-color3);--awb-icon-color:var(--awb-color1);--awb-title-color:var(--awb-color4);--awb-content-color:var(--awb-color6);--awb-icon-box-color:var(--awb-color4);--awb-toggle-hover-accent-color:var(--awb-color4);--awb-toggle-active-accent-color:var(--awb-color4);--awb-title-font-family:var(--awb-typography1-font-family);--awb-title-font-weight:var(--awb-typography1-font-weight);--awb-title-font-style:var(--awb-typography1-font-style);--awb-title-font-size:var(--awb-typography5-font-size);--awb-title-letter-spacing:var(--awb-typography5-letter-spacing);--awb-title-line-height:var(--awb-typography5-line-height);--awb-content-font-family:var(--awb-typography4-font-family);--awb-content-font-weight:var(--awb-typography4-font-weight);--awb-content-font-style:var(--awb-typography4-font-style);\"><div class=\"panel-group fusion-toggle-icon-boxed\" id=\"accordion-10520-4\"><div class=\"fusion-panel panel-default panel-9f711ce4cbe3723f4 fusion-toggle-no-divider\" style=\"--awb-title-color:var(--awb-color8);\"><div class=\"panel-heading\"><div class=\"panel-title toggle\" id=\"toggle_9f711ce4cbe3723f4\"><a aria-expanded=\"false\" aria-controls=\"9f711ce4cbe3723f4\" role=\"button\" data-toggle=\"collapse\" data-parent=\"#accordion-10520-4\" data-target=\"#9f711ce4cbe3723f4\" href=\"#9f711ce4cbe3723f4\"><span class=\"fusion-toggle-icon-wrapper\" aria-hidden=\"true\"><i class=\"fa-fusion-box active-icon awb-icon-minus\" aria-hidden=\"true\"><\/i><i class=\"fa-fusion-box inactive-icon awb-icon-plus\" aria-hidden=\"true\"><\/i><\/span><span class=\"fusion-toggle-heading\">En savoir plus<\/span><\/a><\/div><\/div><div id=\"9f711ce4cbe3723f4\" class=\"panel-collapse collapse \" aria-labelledby=\"toggle_9f711ce4cbe3723f4\"><div class=\"panel-body toggle-content fusion-clearfix\">\n<p>On estime que 6 millions de Canadiens seront touch\u00e9s par une maladie neurod\u00e9g\u00e9n\u00e9rative d\u00e9bilitante, au co\u00fbt de 3 billions de dollars CA, au cours des 30 prochaines ann\u00e9es. La maladie d\u2019Alzheimer (MA) est la plus courante tandis que le traumatisme cranioc\u00e9r\u00e9bral (TCC) est l\u2019un des facteurs de risque les plus connus. Bien que la neurod\u00e9g\u00e9n\u00e9rescence se d\u00e9veloppe au cours de d\u00e9cennies, les outils de diagnostic actuels comme l\u2019imagerie c\u00e9r\u00e9brale pour les enchev\u00eatrements, l\u2019analyse de liquide c\u00e9r\u00e9brospinal et les analyses de sang sont retard\u00e9s, invasifs ou d\u2019un co\u00fbt prohibitif, ce qui limite leur utilisation clinique. Nous avons identifi\u00e9 Pin1, une prot\u00e9ine r\u00e9pondant au stress, qui prot\u00e8ge le cerveau de la MA et du TCC en pr\u00e9venant la transformation toxique de tau en cis P-tau, ce qui entra\u00eene la mort de cellules c\u00e9r\u00e9brales. Le cis P-tau est un d\u00e9clencheur pr\u00e9coce central et un biomarqueur de la MA et du TCC. Nous avons \u00e9galement d\u00e9velopp\u00e9 un anticorps unique qui capture et \u00e9limine seulement le cis P-tau, ce qui arr\u00eate la mort cellulaire et la progression de la neurod\u00e9g\u00e9n\u00e9rescence dans les mod\u00e8les animaux, et qui est \u00e9galement s\u00fbr dans les essais chez l\u2019humain. Alors que les traitements par anticorps sont co\u00fbteux et que la r\u00e9ponse des patients est variable, aucun test n\u2019existe actuellement pour d\u00e9tecter le cis P-tau. En nous appuyant sur nos d\u00e9couvertes et notre anticorps exclusif, nous avons constitu\u00e9 une \u00e9quipe multidisciplinaire avec l\u2019expertise requise pour exp\u00e9rimenter une imagerie c\u00e9r\u00e9brale et des analyses de sang pr\u00e9coces non invasives et rentables con\u00e7ues pour d\u00e9tecter uniquement le cis P-tau dans la MA et le TCC. 1) Nous marquerons notre anticorps avec une substance s\u00fbre et tra\u00e7able afin de pouvoir utiliser des examens d\u2019imagerie c\u00e9r\u00e9brale pour voir et mesurer l\u2019induction du cis P-tau et son \u00e9limination m\u00e9di\u00e9e par l\u2019anticorps dans le cerveau d\u2019animaux atteints de MA et de TCC. 2) Nous poursuivrons l\u2019am\u00e9lioration de nos analyses de d\u00e9pistage du cis P-tau dans le sang et nous d\u00e9terminerons si son niveau est en corr\u00e9lation avec la gravit\u00e9 des l\u00e9sions et le traitement chez des animaux atteints de TCC et de MA et si nous pouvons d\u00e9tecter des signes pr\u00e9coces de neurod\u00e9g\u00e9n\u00e9rescence et pr\u00e9dire les cons\u00e9quences chez les patients atteints de TCC et de MA. Nos \u00e9tudes d\u00e9velopperont une imagerie m\u00e9dicale et des analyses de sang pr\u00e9coces non invasives et abordables contre un d\u00e9clencheur cl\u00e9 de la neurod\u00e9g\u00e9n\u00e9rescence. Ces innovations pourraient transformer l\u2019identification des risques, la pr\u00e9dication de la maladie, le choix du traitement et la surveillance du patient d\u2019autant plus que l\u2019anticorps fait d\u00e9j\u00e0 l\u2019objet d\u2019essais cliniques.<\/p>\n<\/div><\/div><\/div><\/div><\/div><\/div><\/div><div class=\"fusion-layout-column fusion_builder_column_inner fusion-builder-nested-column-4 fusion_builder_column_inner_1_2 1_2 fusion-flex-column fusion-flex-align-self-stretch\" style=\"--awb-padding-top:48px;--awb-padding-right:48px;--awb-padding-bottom:48px;--awb-padding-left:48px;--awb-overflow:hidden;--awb-bg-size:cover;--awb-border-color:var(--awb-color5);--awb-border-top:1px;--awb-border-right:1px;--awb-border-bottom:1px;--awb-border-left:1px;--awb-border-style:solid;--awb-border-radius:30px 30px 30px 30px;--awb-width-large:50%;--awb-margin-top-large:0px;--awb-spacing-right-large:12px;--awb-margin-bottom-large:20px;--awb-spacing-left-large:12px;--awb-width-medium:50%;--awb-order-medium:0;--awb-spacing-right-medium:12px;--awb-spacing-left-medium:12px;--awb-width-small:100%;--awb-order-small:0;--awb-spacing-right-small:12px;--awb-spacing-left-small:12px;\" data-scroll-devices=\"small-visibility,medium-visibility,large-visibility\"><div class=\"fusion-column-wrapper fusion-column-has-shadow fusion-flex-justify-content-flex-start fusion-content-layout-column\"><div class=\"fusion-text fusion-text-10 fusion-animated\" style=\"--awb-text-color:var(--awb-color5);\" data-animationType=\"fadeInDown\" data-animationDuration=\"1.0\" data-animationDelay=\"0.3\" data-animationOffset=\"top-into-view\"><h5>L\u2019\u00e9quipe <span style=\"text-decoration: underline;\">M<\/span>obilit\u00e9, <span style=\"text-decoration: underline;\">E<\/span>xercice et <span style=\"text-decoration: underline;\">C<\/span>ognition (<span style=\"text-decoration: underline;\">MEC<\/span>)\u00a0: Une approche novatrice \u00e0 la pr\u00e9diction et \u00e0 la pr\u00e9vention de la neurod\u00e9g\u00e9n\u00e9rescence en int\u00e9grant des interventions cognitives, de mobilit\u00e9 et d\u2019exercice pour combattre la neurod\u00e9g\u00e9n\u00e9rescence associ\u00e9e au vieillissement<\/h5>\n<\/div><div class=\"fusion-text fusion-text-11 fusion-text-no-margin\" style=\"--awb-margin-bottom:8px;\"><p><strong>Chercheurs principaux: Manuel M. Montero Odasso, Cindy Barha, Robert Bartha, Sylvie N. Belleville, Jennifer M. Bethell, Louis Bherer, Michael J. Borrie, Amer M. Burhan,\u00a0 J. Richard M. Camicioli, Jodi D. Edwards, Frederico P. Faria, Sarah A. Fraser, Karen Zown-Hua Li, Teresa Y. Liu-Ambrose, Laura E. Middleton et Maria N. Rajah<\/strong><\/p>\n<\/div><div class=\"fusion-separator fusion-full-width-sep\" style=\"align-self: center;margin-left: auto;margin-right: auto;flex-grow:1;width:100%;\"><\/div><div class=\"accordian fusion-accordian\" style=\"--awb-border-size:1px;--awb-icon-size:16px;--awb-content-font-size:var(--awb-typography5-font-size);--awb-content-letter-spacing:var(--awb-typography5-letter-spacing);--awb-content-line-height:var(--awb-typography5-line-height);--awb-icon-alignment:left;--awb-hover-color:var(--awb-color2);--awb-border-color:var(--awb-color3);--awb-background-color:var(--awb-color1);--awb-divider-color:var(--awb-color3);--awb-divider-hover-color:var(--awb-color3);--awb-icon-color:var(--awb-color1);--awb-title-color:var(--awb-color4);--awb-content-color:var(--awb-color6);--awb-icon-box-color:var(--awb-color4);--awb-toggle-hover-accent-color:var(--awb-color4);--awb-toggle-active-accent-color:var(--awb-color4);--awb-title-font-family:var(--awb-typography1-font-family);--awb-title-font-weight:var(--awb-typography1-font-weight);--awb-title-font-style:var(--awb-typography1-font-style);--awb-title-font-size:var(--awb-typography5-font-size);--awb-title-letter-spacing:var(--awb-typography5-letter-spacing);--awb-title-line-height:var(--awb-typography5-line-height);--awb-content-font-family:var(--awb-typography4-font-family);--awb-content-font-weight:var(--awb-typography4-font-weight);--awb-content-font-style:var(--awb-typography4-font-style);\"><div class=\"panel-group fusion-toggle-icon-boxed\" id=\"accordion-10520-5\"><div class=\"fusion-panel panel-default panel-1e9d0f2264d2b646c fusion-toggle-no-divider\" style=\"--awb-title-color:var(--awb-color8);\"><div class=\"panel-heading\"><div class=\"panel-title toggle\" id=\"toggle_1e9d0f2264d2b646c\"><a aria-expanded=\"false\" aria-controls=\"1e9d0f2264d2b646c\" role=\"button\" data-toggle=\"collapse\" data-parent=\"#accordion-10520-5\" data-target=\"#1e9d0f2264d2b646c\" href=\"#1e9d0f2264d2b646c\"><span class=\"fusion-toggle-icon-wrapper\" aria-hidden=\"true\"><i class=\"fa-fusion-box active-icon awb-icon-minus\" aria-hidden=\"true\"><\/i><i class=\"fa-fusion-box inactive-icon awb-icon-plus\" aria-hidden=\"true\"><\/i><\/span><span class=\"fusion-toggle-heading\">En savoir plus<\/span><\/a><\/div><\/div><div id=\"1e9d0f2264d2b646c\" class=\"panel-collapse collapse \" aria-labelledby=\"toggle_1e9d0f2264d2b646c\"><div class=\"panel-body toggle-content fusion-clearfix\">\n<p>En vieillissant, les gens connaissent des changements de m\u00e9moire et de mouvement qui peuvent accro\u00eetre leur risque de neurod\u00e9g\u00e9n\u00e9rescence. Notre \u00e9quipe Mobilit\u00e9, Exercice et Cognition (MEC) a pass\u00e9 une d\u00e9cennie \u00e0 la recherche de facteurs qui aident \u00e0 pr\u00e9dire qui pourrait d\u00e9velopper une maladie neurod\u00e9g\u00e9n\u00e9rative. Nous nous concentrons sur les capacit\u00e9s motrices, comme la marche en parlant, afin de cr\u00e9er des outils \u00e0 la fois meilleurs et plus accessibles pour aider \u00e0 pr\u00e9dire la neurod\u00e9g\u00e9n\u00e9rescence, en particulier pour les personnes atteintes de trouble cognitif l\u00e9ger (TCL). Le TCL est une affection dans laquelle les probl\u00e8mes de m\u00e9moire vont au-del\u00e0 du vieillissement normal, mais les personnes qui en sont atteintes ne d\u00e9veloppent pas toutes une neurod\u00e9g\u00e9n\u00e9rescence. Les m\u00e9thodes de pr\u00e9diction actuelles, comme l\u2019imagerie c\u00e9r\u00e9brale et les tests g\u00e9n\u00e9tiques, sont limit\u00e9es pour \u00e9valuer avec exactitude le risque de neurod\u00e9g\u00e9n\u00e9rescence parce qu\u2019elles n\u2019appr\u00e9hendent pas compl\u00e8tement le r\u00f4le de la sant\u00e9 physique et vasculaire. Cependant, nous avons d\u00e9montr\u00e9 que marcher tout en ex\u00e9cutant une t\u00e2che mentale, une mesure appel\u00e9e \u00ab marche en double t\u00e2che \u00bb, est un puissant marqueur de la sant\u00e9 c\u00e9r\u00e9brale et du risque \u00e0 venir de neurod\u00e9g\u00e9n\u00e9rescence. Notre projet a deux objectifs principaux : am\u00e9liorer la pr\u00e9diction du risque de neurod\u00e9g\u00e9n\u00e9rescence et d\u00e9velopper des directives d\u2019exercice et d\u2019entra\u00eenement mental pour la retarder. Bien que la recherche d\u00e9montre que l\u2019exercice et l\u2019entra\u00eenement mental am\u00e9liorent la cognition, il n\u2019existe pas de directives claires et pratiques pour les prestataires de soins canadiens sur la fa\u00e7on de prescrire ces interventions. Avec l\u2019aide de cliniciens et de personnes ayant une exp\u00e9rience v\u00e9cue, nous d\u00e9velopperons des outils de pr\u00e9diction ax\u00e9s sur le patient et des directives sur l\u2019exercice et l\u2019entra\u00eenement mental. En utilisant les donn\u00e9es de deux \u00e9tudes majeures, nous cr\u00e9erons un mod\u00e8le qui comprend la capacit\u00e9 \u00e0 marcher, les tests cognitifs, l\u2019imagerie c\u00e9r\u00e9brale, la g\u00e9n\u00e9tique et la sant\u00e9 vasculaire pour faire des pr\u00e9dictions plus pr\u00e9cises. Par ailleurs, en identifiant les personnes les plus susceptibles de b\u00e9n\u00e9ficier de l\u2019exercice et de l\u2019entra\u00eenement mental, nous pouvons cibler les interventions sur ceux qui courent le plus grand risque. Nous nous attendons \u00e0 ce que ces outils aident les personnes \u00e0 maintenir leur sant\u00e9 cognitive et physique en r\u00e9duisant potentiellement le taux de neurod\u00e9g\u00e9n\u00e9rescence et le co\u00fbt des soins de sant\u00e9. De plus, ils fournissent aux prestataires de soins des directives pratiques fond\u00e9es sur la recherche pour soutenir la sant\u00e9 c\u00e9r\u00e9brale associ\u00e9e au vieillissement.<\/p>\n<\/div><\/div><\/div><\/div><\/div><\/div><\/div><div class=\"fusion-layout-column fusion_builder_column_inner fusion-builder-nested-column-5 fusion_builder_column_inner_1_2 1_2 fusion-flex-column fusion-flex-align-self-stretch\" style=\"--awb-padding-top:48px;--awb-padding-right:48px;--awb-padding-bottom:48px;--awb-padding-left:48px;--awb-overflow:hidden;--awb-bg-size:cover;--awb-border-color:var(--awb-color5);--awb-border-top:1px;--awb-border-right:1px;--awb-border-bottom:1px;--awb-border-left:1px;--awb-border-style:solid;--awb-border-radius:30px 30px 30px 30px;--awb-width-large:50%;--awb-margin-top-large:0px;--awb-spacing-right-large:12px;--awb-margin-bottom-large:20px;--awb-spacing-left-large:12px;--awb-width-medium:50%;--awb-order-medium:0;--awb-spacing-right-medium:12px;--awb-spacing-left-medium:12px;--awb-width-small:100%;--awb-order-small:0;--awb-spacing-right-small:12px;--awb-spacing-left-small:12px;\" data-scroll-devices=\"small-visibility,medium-visibility,large-visibility\"><div class=\"fusion-column-wrapper fusion-column-has-shadow fusion-flex-justify-content-flex-start fusion-content-layout-column\"><div class=\"fusion-text fusion-text-12 fusion-animated\" style=\"--awb-text-color:var(--awb-color5);\" data-animationType=\"fadeInDown\" data-animationDuration=\"1.0\" data-animationDelay=\"0.3\" data-animationOffset=\"top-into-view\"><h5>Dispositifs portables de d\u00e9tection et de stimulation des aspects physiologiques du sommeil li\u00e9s \u00e0 la r\u00e9sistance et \u00e0 la r\u00e9silience face aux changements c\u00e9r\u00e9braux associ\u00e9s \u00e0 la neurod\u00e9g\u00e9n\u00e9rescence<\/h5>\n<\/div><div class=\"fusion-text fusion-text-13 fusion-text-no-margin\" style=\"--awb-margin-bottom:8px;\"><p><strong>Chercheurs principaux: Andrew Lim et Thanh Dang-Vu <\/strong><\/p>\n<\/div><div class=\"fusion-separator fusion-full-width-sep\" style=\"align-self: center;margin-left: auto;margin-right: auto;flex-grow:1;width:100%;\"><\/div><div class=\"accordian fusion-accordian\" style=\"--awb-border-size:1px;--awb-icon-size:16px;--awb-content-font-size:var(--awb-typography5-font-size);--awb-content-letter-spacing:var(--awb-typography5-letter-spacing);--awb-content-line-height:var(--awb-typography5-line-height);--awb-icon-alignment:left;--awb-hover-color:var(--awb-color2);--awb-border-color:var(--awb-color3);--awb-background-color:var(--awb-color1);--awb-divider-color:var(--awb-color3);--awb-divider-hover-color:var(--awb-color3);--awb-icon-color:var(--awb-color1);--awb-title-color:var(--awb-color4);--awb-content-color:var(--awb-color6);--awb-icon-box-color:var(--awb-color4);--awb-toggle-hover-accent-color:var(--awb-color4);--awb-toggle-active-accent-color:var(--awb-color4);--awb-title-font-family:var(--awb-typography1-font-family);--awb-title-font-weight:var(--awb-typography1-font-weight);--awb-title-font-style:var(--awb-typography1-font-style);--awb-title-font-size:var(--awb-typography5-font-size);--awb-title-letter-spacing:var(--awb-typography5-letter-spacing);--awb-title-line-height:var(--awb-typography5-line-height);--awb-content-font-family:var(--awb-typography4-font-family);--awb-content-font-weight:var(--awb-typography4-font-weight);--awb-content-font-style:var(--awb-typography4-font-style);\"><div class=\"panel-group fusion-toggle-icon-boxed\" id=\"accordion-10520-6\"><div class=\"fusion-panel panel-default panel-029258ac2270f56d9 fusion-toggle-no-divider\" style=\"--awb-title-color:var(--awb-color8);\"><div class=\"panel-heading\"><div class=\"panel-title toggle\" id=\"toggle_029258ac2270f56d9\"><a aria-expanded=\"false\" aria-controls=\"029258ac2270f56d9\" role=\"button\" data-toggle=\"collapse\" data-parent=\"#accordion-10520-6\" data-target=\"#029258ac2270f56d9\" href=\"#029258ac2270f56d9\"><span class=\"fusion-toggle-icon-wrapper\" aria-hidden=\"true\"><i class=\"fa-fusion-box active-icon awb-icon-minus\" aria-hidden=\"true\"><\/i><i class=\"fa-fusion-box inactive-icon awb-icon-plus\" aria-hidden=\"true\"><\/i><\/span><span class=\"fusion-toggle-heading\">En savoir plus<\/span><\/a><\/div><\/div><div id=\"029258ac2270f56d9\" class=\"panel-collapse collapse \" aria-labelledby=\"toggle_029258ac2270f56d9\"><div class=\"panel-body toggle-content fusion-clearfix\">\n<p>Il est d\u00e9sormais clair que les personnes qui dorment bien courent un risque plus faible de neurod\u00e9g\u00e9n\u00e9rescence. De plus, parmi les personnes atteintes de neurod\u00e9g\u00e9n\u00e9rescence, il est courant qu\u2019une \u00ab\u00a0bonne\u00a0\u00bb nuit de sommeil soit suivie d\u2019une bonne journ\u00e9e, tandis qu\u2019une \u00ab\u00a0mauvaise\u00a0\u00bb nuit de sommeil est suivie d\u2019une mauvaise journ\u00e9e. Mais, qu\u2019est-ce qui est le plus important dans une \u00ab\u00a0bonne\u00a0\u00bb nuit de sommeil pour pr\u00e9venir la neurod\u00e9g\u00e9n\u00e9rescence et soutenir la m\u00e9moire et la concentration? La dur\u00e9e? La qualit\u00e9? Les r\u00eaves? La profondeur? C\u2019est une question cl\u00e9, car nous avons maintenant non seulement la capacit\u00e9 d\u2019am\u00e9liorer la dur\u00e9e du sommeil, mais \u00e9galement sa qualit\u00e9 et sa profondeur gr\u00e2ce \u00e0 une stimulation sonore douce, des interventions sur le mode de vie comme l\u2019exercice et de nouveaux m\u00e9dicaments. Dans cette \u00e9tude, nous utiliserons des technologies portables pour permettre aux personnes \u00e2g\u00e9es de mesurer la dur\u00e9e, la qualit\u00e9, la profondeur et d\u2019autres caract\u00e9ristiques de leur sommeil, et nous les comparerons aux mesures par imagerie c\u00e9r\u00e9brale des changements du cerveau associ\u00e9s \u00e0 la neurod\u00e9g\u00e9n\u00e9rescence ainsi qu\u2019au raisonnement et \u00e0 la concentration. Nous identifierons quels aspects du bon sommeil sont les plus importants pour pr\u00e9venir la neurod\u00e9g\u00e9n\u00e9rescence et pour soutenir la r\u00e9silience cognitive face \u00e0 la neurod\u00e9g\u00e9n\u00e9rescence. Puis, nous utiliserons des bandeaux portables qui diffusent des sons doux pour renforcer ces aspects dans le but ultime de pr\u00e9venir la neurod\u00e9g\u00e9n\u00e9rescence chez ceux qui n\u2019en sont pas encore atteints et de promouvoir la r\u00e9silience cognitive de ceux qui en sont atteints afin que chaque journ\u00e9e soit une \u00ab\u00a0bonne\u00a0\u00bb journ\u00e9e.<\/p>\n<\/div><\/div><\/div><\/div><\/div><\/div><\/div><div class=\"fusion-layout-column fusion_builder_column_inner fusion-builder-nested-column-6 fusion_builder_column_inner_1_2 1_2 fusion-flex-column fusion-flex-align-self-stretch\" style=\"--awb-padding-top:48px;--awb-padding-right:48px;--awb-padding-bottom:48px;--awb-padding-left:48px;--awb-overflow:hidden;--awb-bg-size:cover;--awb-border-color:var(--awb-color5);--awb-border-top:1px;--awb-border-right:1px;--awb-border-bottom:1px;--awb-border-left:1px;--awb-border-style:solid;--awb-border-radius:30px 30px 30px 30px;--awb-width-large:50%;--awb-margin-top-large:0px;--awb-spacing-right-large:12px;--awb-margin-bottom-large:20px;--awb-spacing-left-large:12px;--awb-width-medium:50%;--awb-order-medium:0;--awb-spacing-right-medium:12px;--awb-spacing-left-medium:12px;--awb-width-small:100%;--awb-order-small:0;--awb-spacing-right-small:12px;--awb-spacing-left-small:12px;\" data-scroll-devices=\"small-visibility,medium-visibility,large-visibility\"><div class=\"fusion-column-wrapper fusion-column-has-shadow fusion-flex-justify-content-flex-start fusion-content-layout-column\"><div class=\"fusion-text fusion-text-14 fusion-animated\" style=\"--awb-text-color:var(--awb-color5);\" data-animationType=\"fadeInDown\" data-animationDuration=\"1.0\" data-animationDelay=\"0.3\" data-animationOffset=\"top-into-view\"><h5>\u00c9tude des biomarqueurs cellulaires des l\u00e9sions vasculaires de la substance blanche dans la neurod\u00e9g\u00e9n\u00e9rescence<\/h5>\n<\/div><div class=\"fusion-text fusion-text-15 fusion-text-no-margin\" style=\"--awb-margin-bottom:8px;\"><p><strong>Chercheurs principaux: Amanpreet Badhwar, Eric E. Smith et Shawn N. Whitehead<\/strong><\/p>\n<\/div><div class=\"fusion-separator fusion-full-width-sep\" style=\"align-self: center;margin-left: auto;margin-right: auto;flex-grow:1;width:100%;\"><\/div><div class=\"accordian fusion-accordian\" style=\"--awb-border-size:1px;--awb-icon-size:16px;--awb-content-font-size:var(--awb-typography5-font-size);--awb-content-letter-spacing:var(--awb-typography5-letter-spacing);--awb-content-line-height:var(--awb-typography5-line-height);--awb-icon-alignment:left;--awb-hover-color:var(--awb-color2);--awb-border-color:var(--awb-color3);--awb-background-color:var(--awb-color1);--awb-divider-color:var(--awb-color3);--awb-divider-hover-color:var(--awb-color3);--awb-icon-color:var(--awb-color1);--awb-title-color:var(--awb-color4);--awb-content-color:var(--awb-color6);--awb-icon-box-color:var(--awb-color4);--awb-toggle-hover-accent-color:var(--awb-color4);--awb-toggle-active-accent-color:var(--awb-color4);--awb-title-font-family:var(--awb-typography1-font-family);--awb-title-font-weight:var(--awb-typography1-font-weight);--awb-title-font-style:var(--awb-typography1-font-style);--awb-title-font-size:var(--awb-typography5-font-size);--awb-title-letter-spacing:var(--awb-typography5-letter-spacing);--awb-title-line-height:var(--awb-typography5-line-height);--awb-content-font-family:var(--awb-typography4-font-family);--awb-content-font-weight:var(--awb-typography4-font-weight);--awb-content-font-style:var(--awb-typography4-font-style);\"><div class=\"panel-group fusion-toggle-icon-boxed\" id=\"accordion-10520-7\"><div class=\"fusion-panel panel-default panel-c59eb00fcc7f11d1c fusion-toggle-no-divider\" style=\"--awb-title-color:var(--awb-color8);\"><div class=\"panel-heading\"><div class=\"panel-title toggle\" id=\"toggle_c59eb00fcc7f11d1c\"><a aria-expanded=\"false\" aria-controls=\"c59eb00fcc7f11d1c\" role=\"button\" data-toggle=\"collapse\" data-parent=\"#accordion-10520-7\" data-target=\"#c59eb00fcc7f11d1c\" href=\"#c59eb00fcc7f11d1c\"><span class=\"fusion-toggle-icon-wrapper\" aria-hidden=\"true\"><i class=\"fa-fusion-box active-icon awb-icon-minus\" aria-hidden=\"true\"><\/i><i class=\"fa-fusion-box inactive-icon awb-icon-plus\" aria-hidden=\"true\"><\/i><\/span><span class=\"fusion-toggle-heading\">En savoir plus<\/span><\/a><\/div><\/div><div id=\"c59eb00fcc7f11d1c\" class=\"panel-collapse collapse \" aria-labelledby=\"toggle_c59eb00fcc7f11d1c\"><div class=\"panel-body toggle-content fusion-clearfix\">\n<p>Les probl\u00e8mes vasculaires dans le cerveau contribuent de fa\u00e7on majeure au trouble cognitif et se pr\u00e9sentent souvent en m\u00eame temps que les maladies neurod\u00e9g\u00e9n\u00e9ratives comme la maladie d\u2019Alzheimer. La recherche sugg\u00e8re que les l\u00e9sions \u00e0 la substance blanche du cerveau, un r\u00e9seau de fibres nerveuses qui relie diff\u00e9rentes r\u00e9gions du cerveau, pourraient lier la microangiopathie au d\u00e9clin cognitif. Ces l\u00e9sions, visibles en imagerie c\u00e9r\u00e9brale comme des \u00ab\u00a0hypersignaux de la substance blanche\u00a0\u00bb (HSB), r\u00e9sultent vraisemblablement de probl\u00e8mes avec les cellules vasculaires (p.\u00a0ex. endoth\u00e9liales), la barri\u00e8re h\u00e9matoenc\u00e9phalique et les cellules immunitaires (p.\u00a0ex. microglie) du cerveau. Cependant, des preuves directes de la fa\u00e7on dont ces processus endommagent la substance blanche chez des personnes vivantes demeurent n\u00e9cessaires. Les nouvelles technologies nous permettent d\u00e9sormais de d\u00e9tecter les marqueurs propres au cerveau dans le sang, ce qui facilite le diagnostic, la pr\u00e9diction et les conseils de traitement. De minuscules particules appel\u00e9es v\u00e9sicules extracellulaires (VE) lib\u00e9r\u00e9es par les cellules c\u00e9r\u00e9brales comme celles des vaisseaux sanguins (endoth\u00e9liales) et immunitaires (microglie) sont une source prometteuse. Ces VE transportent des prot\u00e9ines dans la circulation sanguine qui pourraient refl\u00e9ter la sant\u00e9 c\u00e9r\u00e9brale. Dans cette \u00e9tude, nous voulons d\u00e9couvrir des marqueurs sanguins li\u00e9s aux l\u00e9sions de la substance blanche et au d\u00e9clin cognitif. En analysant les VE des cellules des vaisseaux sanguins et immunitaires du cerveau, nous esp\u00e9rons d\u00e9couvrir des marqueurs qui pr\u00e9disent les l\u00e9sions de la substance blanche d\u00e9tect\u00e9es en imagerie c\u00e9r\u00e9brale, le d\u00e9clin cognitif et le risque de passer du trouble cognitif l\u00e9ger \u00e0 la neurod\u00e9g\u00e9n\u00e9rescence. Notre \u00e9quipe combine une expertise en neurosciences, en d\u00e9veloppement sur les biomarqueurs et en recherche clinique pour analyser les donn\u00e9es d\u2019imagerie sanguine et c\u00e9r\u00e9brale provenant de plus de 1\u00a0500 participants \u00e0 l\u2019\u00e9tude pancanadienne COMPASS-ND du CCNV. Ce projet vise \u00e0 d\u00e9couvrir de nouveaux biomarqueurs et de nouvelles voies qui pourraient mener au diagnostic et au traitement pr\u00e9coces des maladies vasculaires c\u00e9r\u00e9brales. Nos r\u00e9sultats contribueront \u00e0 une plus grande compr\u00e9hension du d\u00e9clin cognitif associ\u00e9 au vieillissement et seront partag\u00e9s avec la communaut\u00e9 de recherche pour am\u00e9liorer les efforts de pr\u00e9vention et d\u2019intervention.<\/p>\n<p>.<\/p>\n<\/div><\/div><\/div><\/div><\/div><\/div><\/div><\/div><\/div><\/div><\/div><\/div><\/div><div id=\"international-scientific-advisory-board\" class=\"fusion-container-anchor\"><div class=\"fusion-fullwidth fullwidth-box fusion-builder-row-5 fusion-flex-container has-pattern-background has-mask-background nonhundred-percent-fullwidth non-hundred-percent-height-scrolling\" style=\"--link_hover_color: var(--awb-color5);--link_color: var(--awb-color5);--awb-border-radius-top-left:0px;--awb-border-radius-top-right:0px;--awb-border-radius-bottom-right:0px;--awb-border-radius-bottom-left:0px;--awb-padding-bottom:0px;--awb-padding-right-small:16px;--awb-padding-bottom-small:0px;--awb-padding-left-small:16px;--awb-flex-wrap:wrap;\" ><div class=\"fusion-builder-row fusion-row fusion-flex-align-items-flex-start fusion-flex-content-wrap\" style=\"max-width:calc( 1400px + 24px );margin-left: calc(-24px \/ 2 );margin-right: calc(-24px \/ 2 );\"><div class=\"fusion-layout-column fusion_builder_column fusion-builder-column-6 fusion_builder_column_1_1 1_1 fusion-flex-column fusion-animated\" style=\"--awb-padding-top:72px;--awb-padding-right:72px;--awb-padding-bottom:72px;--awb-padding-left:72px;--awb-padding-right-medium:48px;--awb-padding-left-medium:48px;--awb-padding-top-small:56px;--awb-padding-right-small:8px;--awb-padding-bottom-small:56px;--awb-padding-left-small:8px;--awb-overflow:hidden;--awb-bg-color:var(--awb-color3);--awb-bg-color-hover:var(--awb-color3);--awb-bg-size:cover;--awb-border-radius:30px 30px 30px 30px;--awb-width-large:100%;--awb-margin-top-large:0px;--awb-spacing-right-large:12px;--awb-margin-bottom-large:0px;--awb-spacing-left-large:12px;--awb-width-medium:100%;--awb-order-medium:0;--awb-spacing-right-medium:12px;--awb-spacing-left-medium:12px;--awb-width-small:100%;--awb-order-small:0;--awb-spacing-right-small:12px;--awb-spacing-left-small:12px;\" data-animationType=\"fadeInDown\" data-animationDuration=\"1.0\" data-animationOffset=\"top-into-view\" data-scroll-devices=\"small-visibility,medium-visibility,large-visibility\"><div class=\"fusion-column-wrapper fusion-column-has-shadow fusion-flex-justify-content-flex-start fusion-content-layout-column\"><div class=\"fusion-title title fusion-title-5 fusion-sep-none fusion-title-text fusion-title-size-three fusion-animated\" style=\"--awb-margin-bottom:48px;--awb-margin-right-small:14px;--awb-margin-bottom-small:48px;--awb-margin-left-small:14px;\" data-animationType=\"fadeInDown\" data-animationDuration=\"1.0\" data-animationDelay=\"0.3\" data-animationOffset=\"top-into-view\"><h3 class=\"fusion-title-heading title-heading-left fusion-responsive-typography-calculated\" style=\"margin:0;text-transform:var(--awb-typography2-text-transform);--fontSize:40;line-height:var(--awb-typography1-line-height);\">Th\u00e8me 3: <strong><span class=\"highlight-text\">Qualit\u00e9 de vie<\/span><\/strong><\/h3><\/div><div class=\"fusion-builder-row fusion-builder-row-inner fusion-row fusion-flex-align-items-flex-start fusion-flex-content-wrap\" style=\"width:calc( 100% + 24px ) !important;max-width:calc( 100% + 24px ) !important;margin-left: calc(-24px \/ 2 );margin-right: calc(-24px \/ 2 );\"><div class=\"fusion-layout-column fusion_builder_column_inner fusion-builder-nested-column-7 fusion_builder_column_inner_1_2 1_2 fusion-flex-column fusion-flex-align-self-stretch fusion-animated\" style=\"--awb-padding-top:48px;--awb-padding-right:48px;--awb-padding-bottom:48px;--awb-padding-left:48px;--awb-padding-right-small:24px;--awb-padding-left-small:24px;--awb-overflow:hidden;--awb-bg-color:var(--awb-color1);--awb-bg-color-hover:var(--awb-color1);--awb-bg-size:cover;--awb-border-radius:30px 30px 30px 30px;--awb-width-large:50%;--awb-margin-top-large:0px;--awb-spacing-right-large:12px;--awb-margin-bottom-large:0px;--awb-spacing-left-large:12px;--awb-width-medium:100%;--awb-order-medium:1;--awb-margin-top-medium:0px;--awb-spacing-right-medium:12px;--awb-spacing-left-medium:12px;--awb-width-small:100%;--awb-order-small:1;--awb-margin-top-small:0px;--awb-spacing-right-small:12px;--awb-spacing-left-small:12px;\" data-animationType=\"fadeInDown\" data-animationDuration=\"1.0\" data-animationDelay=\"0.6\" data-animationOffset=\"top-into-view\"><div class=\"fusion-column-wrapper fusion-column-has-shadow fusion-flex-justify-content-flex-start fusion-content-layout-column\"><div class=\"fusion-text fusion-text-16 fusion-animated\" style=\"--awb-text-color:var(--awb-color5);\" data-animationType=\"fadeInDown\" data-animationDuration=\"1.0\" data-animationDelay=\"0.3\" data-animationOffset=\"top-into-view\"><h5>Approches fond\u00e9es sur les atouts pour \u00e9valuer et mesurer les troubles cognitifs, la neurod\u00e9g\u00e9n\u00e9rescence et la fragilit\u00e9 chez les personnes \u00e2g\u00e9es des Premi\u00e8res Nations au Canada et en Australie<\/h5>\n<\/div><div class=\"fusion-text fusion-text-17 fusion-text-no-margin\" style=\"--awb-margin-bottom:8px;\"><p><strong>Chercheures principales: Jennifer Walker et Dina LoGiudice<\/strong><\/p>\n<\/div><div class=\"fusion-separator fusion-full-width-sep\" style=\"align-self: center;margin-left: auto;margin-right: auto;flex-grow:1;width:100%;\"><\/div><div class=\"accordian fusion-accordian\" style=\"--awb-border-size:1px;--awb-icon-size:16px;--awb-content-font-size:var(--awb-typography5-font-size);--awb-content-letter-spacing:var(--awb-typography5-letter-spacing);--awb-content-line-height:var(--awb-typography5-line-height);--awb-icon-alignment:left;--awb-hover-color:var(--awb-color2);--awb-border-color:var(--awb-color3);--awb-background-color:var(--awb-color1);--awb-divider-color:var(--awb-color3);--awb-divider-hover-color:var(--awb-color3);--awb-icon-color:var(--awb-color1);--awb-title-color:var(--awb-color4);--awb-content-color:var(--awb-color6);--awb-icon-box-color:var(--awb-color4);--awb-toggle-hover-accent-color:var(--awb-color4);--awb-toggle-active-accent-color:var(--awb-color4);--awb-title-font-family:var(--awb-typography1-font-family);--awb-title-font-weight:var(--awb-typography1-font-weight);--awb-title-font-style:var(--awb-typography1-font-style);--awb-title-font-size:var(--awb-typography5-font-size);--awb-title-letter-spacing:var(--awb-typography5-letter-spacing);--awb-title-line-height:var(--awb-typography5-line-height);--awb-content-font-family:var(--awb-typography4-font-family);--awb-content-font-weight:var(--awb-typography4-font-weight);--awb-content-font-style:var(--awb-typography4-font-style);\"><div class=\"panel-group fusion-toggle-icon-boxed\" id=\"accordion-10520-8\"><div class=\"fusion-panel panel-default panel-8247afd8f52ee6379 fusion-toggle-no-divider\" style=\"--awb-title-color:var(--awb-color8);\"><div class=\"panel-heading\"><div class=\"panel-title toggle\" id=\"toggle_8247afd8f52ee6379\"><a aria-expanded=\"false\" aria-controls=\"8247afd8f52ee6379\" role=\"button\" data-toggle=\"collapse\" data-parent=\"#accordion-10520-8\" data-target=\"#8247afd8f52ee6379\" href=\"#8247afd8f52ee6379\"><span class=\"fusion-toggle-icon-wrapper\" aria-hidden=\"true\"><i class=\"fa-fusion-box active-icon awb-icon-minus\" aria-hidden=\"true\"><\/i><i class=\"fa-fusion-box inactive-icon awb-icon-plus\" aria-hidden=\"true\"><\/i><\/span><span class=\"fusion-toggle-heading\">En savoir plus<\/span><\/a><\/div><\/div><div id=\"8247afd8f52ee6379\" class=\"panel-collapse collapse \" aria-labelledby=\"toggle_8247afd8f52ee6379\"><div class=\"panel-body toggle-content fusion-clearfix\">\n<p>L\u2019objectif g\u00e9n\u00e9ral de ce projet collaboratif entre les Premi\u00e8res Nations au Canada et en Australie est de comprendre la fragilit\u00e9 parmi les personnes \u00e2g\u00e9es dans le contexte des troubles cognitifs en utilisant des fa\u00e7ons qui sont ancr\u00e9es dans les perspectives des Premi\u00e8res Nations et celles fond\u00e9es sur les atouts et inform\u00e9es par la compr\u00e9hension clinique de la fragilit\u00e9, de la cognition et de la neurod\u00e9g\u00e9n\u00e9rescence. Les mesures fond\u00e9es sur la culture sont importantes pour l\u2019organisation autod\u00e9termin\u00e9e des soins des personnes \u00e2g\u00e9es des Premi\u00e8res Nations. Cependant, les mesures existantes sont ancr\u00e9es dans les approches fond\u00e9es sur les faiblesses tant en recherche d\u00e9mographique qu\u2019en \u00e9valuation clinique. Pour aborder cette lacune, nous nous appuierons sur la recherche ant\u00e9rieure men\u00e9e par les Premi\u00e8res Nations et sur les priorit\u00e9s communautaires \u00e9tablies des Premi\u00e8res Nations \u00e0 la fois au Canada et en Australie pour cr\u00e9er conjointement, en tenant compte des atouts et de la culture\u00a0: 1) des mesures de la fragilit\u00e9 pour utilisation dans les ensembles de donn\u00e9es d\u00e9mographiques; 2) des outils cliniques pour l\u2019\u00e9valuation individuelle de la fragilit\u00e9; 3) des interventions communautaires en mati\u00e8re de fragilit\u00e9 pour ceux atteints de trouble cognitif. Nous d\u00e9terminerons \u00e9galement dans quelle mesure ces contextes et ces approches sont communs aux Premi\u00e8res Nations au Canada et en Australie. Cette recherche aura un impact substantiel sur les pratiques cliniques fond\u00e9es sur les atouts et la programmation communautaire pour retarder la fragilit\u00e9 et promouvoir les forces chez les personnes des Premi\u00e8res Nations qui sont atteintes de trouble cognitif ou de neurod\u00e9g\u00e9n\u00e9rescence et elle soutiendra la collaboration internationale en recherche des Premi\u00e8res Nations sur la neurod\u00e9g\u00e9n\u00e9rescence.<\/p>\n<\/div><\/div><\/div><\/div><\/div><\/div><\/div><div class=\"fusion-layout-column fusion_builder_column_inner fusion-builder-nested-column-8 fusion_builder_column_inner_1_2 1_2 fusion-flex-column fusion-flex-align-self-stretch fusion-animated\" style=\"--awb-padding-top:48px;--awb-padding-right:48px;--awb-padding-bottom:48px;--awb-padding-left:48px;--awb-padding-right-small:24px;--awb-padding-left-small:24px;--awb-overflow:hidden;--awb-bg-color:var(--awb-color1);--awb-bg-color-hover:var(--awb-color1);--awb-bg-size:cover;--awb-border-radius:30px 30px 30px 30px;--awb-width-large:50%;--awb-margin-top-large:0px;--awb-spacing-right-large:12px;--awb-margin-bottom-large:0px;--awb-spacing-left-large:12px;--awb-width-medium:100%;--awb-order-medium:1;--awb-margin-top-medium:24px;--awb-spacing-right-medium:12px;--awb-spacing-left-medium:12px;--awb-width-small:100%;--awb-order-small:1;--awb-margin-top-small:24px;--awb-spacing-right-small:12px;--awb-spacing-left-small:12px;\" data-animationType=\"fadeInDown\" data-animationDuration=\"1.0\" data-animationDelay=\"0.6\" data-animationOffset=\"top-into-view\"><div class=\"fusion-column-wrapper fusion-column-has-shadow fusion-flex-justify-content-flex-start fusion-content-layout-column\"><div class=\"fusion-text fusion-text-18 fusion-animated\" style=\"--awb-text-color:var(--awb-color5);\" data-animationType=\"fadeInDown\" data-animationDuration=\"1.0\" data-animationDelay=\"0.3\" data-animationOffset=\"top-into-view\"><h5>Conception conjointe, mise en \u0153uvre et \u00e9valuation d\u2019un cadre de soins tenant compte des traumatismes pour am\u00e9liorer les pratiques correspondantes en soins de longue dur\u00e9e<\/h5>\n<\/div><div class=\"fusion-text fusion-text-19 fusion-text-no-margin\" style=\"--awb-margin-bottom:8px;\"><p><strong>Chercheures principales: Kim A. Ritchie, Sophiya Benjamin et Margaret McKinnon<\/strong><\/p>\n<\/div><div class=\"fusion-separator fusion-full-width-sep\" style=\"align-self: center;margin-left: auto;margin-right: auto;flex-grow:1;width:100%;\"><\/div><div class=\"accordian fusion-accordian\" style=\"--awb-border-size:1px;--awb-icon-size:16px;--awb-content-font-size:var(--awb-typography5-font-size);--awb-content-letter-spacing:var(--awb-typography5-letter-spacing);--awb-content-line-height:var(--awb-typography5-line-height);--awb-icon-alignment:left;--awb-hover-color:var(--awb-color2);--awb-border-color:var(--awb-color3);--awb-background-color:var(--awb-color1);--awb-divider-color:var(--awb-color3);--awb-divider-hover-color:var(--awb-color3);--awb-icon-color:var(--awb-color1);--awb-title-color:var(--awb-color4);--awb-content-color:var(--awb-color6);--awb-icon-box-color:var(--awb-color4);--awb-toggle-hover-accent-color:var(--awb-color4);--awb-toggle-active-accent-color:var(--awb-color4);--awb-title-font-family:var(--awb-typography1-font-family);--awb-title-font-weight:var(--awb-typography1-font-weight);--awb-title-font-style:var(--awb-typography1-font-style);--awb-title-font-size:var(--awb-typography5-font-size);--awb-title-letter-spacing:var(--awb-typography5-letter-spacing);--awb-title-line-height:var(--awb-typography5-line-height);--awb-content-font-family:var(--awb-typography4-font-family);--awb-content-font-weight:var(--awb-typography4-font-weight);--awb-content-font-style:var(--awb-typography4-font-style);\"><div class=\"panel-group fusion-toggle-icon-boxed\" id=\"accordion-10520-9\"><div class=\"fusion-panel panel-default panel-ee1016e1ebbbe3aca fusion-toggle-no-divider\" style=\"--awb-title-color:var(--awb-color8);\"><div class=\"panel-heading\"><div class=\"panel-title toggle\" id=\"toggle_ee1016e1ebbbe3aca\"><a aria-expanded=\"false\" aria-controls=\"ee1016e1ebbbe3aca\" role=\"button\" data-toggle=\"collapse\" data-parent=\"#accordion-10520-9\" data-target=\"#ee1016e1ebbbe3aca\" href=\"#ee1016e1ebbbe3aca\"><span class=\"fusion-toggle-icon-wrapper\" aria-hidden=\"true\"><i class=\"fa-fusion-box active-icon awb-icon-minus\" aria-hidden=\"true\"><\/i><i class=\"fa-fusion-box inactive-icon awb-icon-plus\" aria-hidden=\"true\"><\/i><\/span><span class=\"fusion-toggle-heading\">En savoir plus<\/span><\/a><\/div><\/div><div id=\"ee1016e1ebbbe3aca\" class=\"panel-collapse collapse \" aria-labelledby=\"toggle_ee1016e1ebbbe3aca\"><div class=\"panel-body toggle-content fusion-clearfix\">\n<p>Les traumatismes sont courants parmi les personnes \u00e2g\u00e9es et un grand nombre vivent au moins un \u00e9v\u00e9nement traumatique de leur vivant, menant \u00e0 divers sympt\u00f4mes psychologiques qui r\u00e9duisent leur qualit\u00e9 de vie. Le d\u00e9m\u00e9nagement dans une r\u00e9sidence de soins de longue dur\u00e9e (RSLD) peut ajouter des d\u00e9fis pour les personnes \u00e2g\u00e9es qui ont connu un traumatisme, car l\u2019intensit\u00e9 des soins peut les retraumatiser par inadvertance. La pand\u00e9mie de COVID-19 a exacerb\u00e9 les sentiments de vuln\u00e9rabilit\u00e9 des r\u00e9sidents des RSLD qui \u00e9taient isol\u00e9s socialement de la famille et des amis pendant de longues p\u00e9riodes. Cependant les pratiques tenant compte des traumatismes (TCT), qui mettent l\u2019accent sur la s\u00e9curit\u00e9, l\u2019autonomie et le respect, peuvent r\u00e9duire ces risques en offrant un cadre organisationnel et des pratiques de soins sensibles aux traumatismes.<\/p>\n<p>Cette \u00e9tude vise \u00e0 concevoir conjointement un cadre TCT pour les RSLD afin de r\u00e9duire les sympt\u00f4mes de traumatisme et am\u00e9liorer la qualit\u00e9 de vie des r\u00e9sidents. Ce projet devrait se d\u00e9rouler sur une p\u00e9riode de quatre ans. Au cours de la premi\u00e8re phase, les entrevues et un sondage seront men\u00e9s aupr\u00e8s de r\u00e9sidents, de proches aidants, de personnel aidant et de la direction pour en apprendre plus sur leur exp\u00e9rience et leur attitude envers la prise en compte des traumatismes. Au cours de la deuxi\u00e8me phase, le cadre TCT fera l\u2019objet d\u2019un essai pilote dans une RSLD. Au cours de la troisi\u00e8me phase, nous comparerons l\u2019impact du cadre TCT parmi les pr\u00e9sidents de 4 RSLD. La quatri\u00e8me phase comprendra la diss\u00e9mination g\u00e9n\u00e9rale du cadre \u00e0 d\u2019autres RSLD partout au Canada.<\/p>\n<p>Nous anticipons que la prise en compte des traumatismes dans les RSLD r\u00e9duira les sympt\u00f4mes pr\u00e9occupants, diminuera l\u2019utilisation potentielle de m\u00e9dicaments inappropri\u00e9s et am\u00e9liorera la qualit\u00e9 de vie des r\u00e9sidents tout en contribuant \u00e0 un meilleur lieu de travail pour le personnel. Ce projet produira \u00e9galement un cadre TCT et des ressources de formation qui peuvent \u00eatre partag\u00e9es avec les RSLD partout au Canada, en soutenant d\u2019autres \u00e9tablissements \u00e0 adopter des pratiques sensibles aux traumatismes.<\/p>\n<\/div><\/div><\/div><\/div><\/div><\/div><\/div><div class=\"fusion-layout-column fusion_builder_column_inner fusion-builder-nested-column-9 fusion_builder_column_inner_1_2 1_2 fusion-flex-column fusion-flex-align-self-stretch fusion-animated\" style=\"--awb-padding-top:48px;--awb-padding-right:48px;--awb-padding-bottom:48px;--awb-padding-left:48px;--awb-padding-right-small:24px;--awb-padding-left-small:24px;--awb-overflow:hidden;--awb-bg-color:var(--awb-color1);--awb-bg-color-hover:var(--awb-color1);--awb-bg-size:cover;--awb-border-radius:30px 30px 30px 30px;--awb-width-large:50%;--awb-margin-top-large:24px;--awb-spacing-right-large:12px;--awb-margin-bottom-large:0px;--awb-spacing-left-large:12px;--awb-width-medium:100%;--awb-order-medium:1;--awb-spacing-right-medium:12px;--awb-spacing-left-medium:12px;--awb-width-small:100%;--awb-order-small:1;--awb-spacing-right-small:12px;--awb-spacing-left-small:12px;\" data-animationType=\"fadeInDown\" data-animationDuration=\"1.0\" data-animationDelay=\"0.6\" data-animationOffset=\"top-into-view\"><div class=\"fusion-column-wrapper fusion-column-has-shadow fusion-flex-justify-content-flex-start fusion-content-layout-column\"><div class=\"fusion-text fusion-text-20 fusion-animated\" style=\"--awb-text-color:var(--awb-color5);\" data-animationType=\"fadeInDown\" data-animationDuration=\"1.0\" data-animationDelay=\"0.3\" data-animationOffset=\"top-into-view\"><h5>Conception conjointe de ressources autochtones sur la neurod\u00e9g\u00e9n\u00e9rescence au Canada et en Australie (CIRCLE)\u00a0: Am\u00e9liorer les communications en sant\u00e9 pour les Autochtones qui vivent une neurod\u00e9g\u00e9n\u00e9rescence<\/h5>\n<\/div><div class=\"fusion-text fusion-text-21 fusion-text-no-margin\" style=\"--awb-margin-bottom:8px;\"><p><strong>Chercheures principales: Pamela Marie Roach et Kate Smith <\/strong><\/p>\n<\/div><div class=\"fusion-separator fusion-full-width-sep\" style=\"align-self: center;margin-left: auto;margin-right: auto;flex-grow:1;width:100%;\"><\/div><div class=\"accordian fusion-accordian\" style=\"--awb-border-size:1px;--awb-icon-size:16px;--awb-content-font-size:var(--awb-typography5-font-size);--awb-content-letter-spacing:var(--awb-typography5-letter-spacing);--awb-content-line-height:var(--awb-typography5-line-height);--awb-icon-alignment:left;--awb-hover-color:var(--awb-color2);--awb-border-color:var(--awb-color3);--awb-background-color:var(--awb-color1);--awb-divider-color:var(--awb-color3);--awb-divider-hover-color:var(--awb-color3);--awb-icon-color:var(--awb-color1);--awb-title-color:var(--awb-color4);--awb-content-color:var(--awb-color6);--awb-icon-box-color:var(--awb-color4);--awb-toggle-hover-accent-color:var(--awb-color4);--awb-toggle-active-accent-color:var(--awb-color4);--awb-title-font-family:var(--awb-typography1-font-family);--awb-title-font-weight:var(--awb-typography1-font-weight);--awb-title-font-style:var(--awb-typography1-font-style);--awb-title-font-size:var(--awb-typography5-font-size);--awb-title-letter-spacing:var(--awb-typography5-letter-spacing);--awb-title-line-height:var(--awb-typography5-line-height);--awb-content-font-family:var(--awb-typography4-font-family);--awb-content-font-weight:var(--awb-typography4-font-weight);--awb-content-font-style:var(--awb-typography4-font-style);\"><div class=\"panel-group fusion-toggle-icon-boxed\" id=\"accordion-10520-10\"><div class=\"fusion-panel panel-default panel-03e8b4470100da8ba fusion-toggle-no-divider\" style=\"--awb-title-color:var(--awb-color8);\"><div class=\"panel-heading\"><div class=\"panel-title toggle\" id=\"toggle_03e8b4470100da8ba\"><a aria-expanded=\"false\" aria-controls=\"03e8b4470100da8ba\" role=\"button\" data-toggle=\"collapse\" data-parent=\"#accordion-10520-10\" data-target=\"#03e8b4470100da8ba\" href=\"#03e8b4470100da8ba\"><span class=\"fusion-toggle-icon-wrapper\" aria-hidden=\"true\"><i class=\"fa-fusion-box active-icon awb-icon-minus\" aria-hidden=\"true\"><\/i><i class=\"fa-fusion-box inactive-icon awb-icon-plus\" aria-hidden=\"true\"><\/i><\/span><span class=\"fusion-toggle-heading\">En savoir plus<\/span><\/a><\/div><\/div><div id=\"03e8b4470100da8ba\" class=\"panel-collapse collapse \" aria-labelledby=\"toggle_03e8b4470100da8ba\"><div class=\"panel-body toggle-content fusion-clearfix\">\n<p>Les Autochtones connaissent un taux disproportionn\u00e9 de neurod\u00e9g\u00e9n\u00e9rescence d\u00fb \u00e0 la poursuite de la colonisation, mais les communications culturellement s\u00e9curisantes sur la sant\u00e9 pour am\u00e9liorer le processus d\u2019\u00e9valuation de la neurod\u00e9g\u00e9n\u00e9rescence chez les Autochtones continuent \u00e0 manquer de ressources. Par cons\u00e9quent, la recherche que nous proposons vise \u00e0 combler cette lacune en concevant conjointement des ressources centr\u00e9es sur la culture pour renforcer les communications en sant\u00e9 destin\u00e9es aux Autochtones au Canada et en Australie pendant qu\u2019ils sont en cours d\u2019\u00e9valuation de la neurod\u00e9g\u00e9n\u00e9rescence, particuli\u00e8rement pour la r\u00e9duction du risque et l\u2019\u00e9valuation cognitive. Notre recherche utilise une adaptation autochtone de la recherche participative tout en nous assurant que les fa\u00e7ons de savoir, d\u2019\u00eatre et de faire autochtones sont int\u00e9gr\u00e9es tout au long. De plus, notre recherche sera inform\u00e9e par une th\u00e9orie des syst\u00e8mes \u00e9cologiques, ce qui fournit une perspective holistique pour examiner l\u2019interconnectivit\u00e9 et les interactions relationnelles. D\u2019abord, nous identifierons et organiserons de fa\u00e7on collaborative les forces des voies de communication en sant\u00e9 et les besoins en ressources pour informer les priorit\u00e9s en ressources communautaires pour la r\u00e9duction des risques de neurod\u00e9g\u00e9n\u00e9rescence et l\u2019\u00e9valuation cognitive. Cela sera effectu\u00e9 dans le cadre de cercles de partage (en Australie) et de cercles de la parole (au Canada) avec les A\u00een\u00e9s et les membres de la communaut\u00e9. Simultan\u00e9ment, une \u00e9tude internationale de la port\u00e9e sera effectu\u00e9e pour d\u00e9terminer ce qui est disponible dans la litt\u00e9rature publi\u00e9e et grise.<\/p>\n<p>Dans la seconde phase du travail, des cercles de partage et de la parole seront \u00e0 nouveau men\u00e9s pour concevoir conjointement, d\u00e9velopper et traduire des ressources prioris\u00e9es par les communaut\u00e9s centr\u00e9es sur la culture pour renforcer les voies de communication en sant\u00e9 afin de r\u00e9duire le risque de neurod\u00e9g\u00e9n\u00e9rescence et d\u2019\u00e9valuer la cognition. L\u2019implication de co-chercheurs et une approche participative int\u00e8grent le transfert des connaissances \u00e0 l\u2019approche m\u00e9thodologique. De plus, ce travail et l\u2019approche fond\u00e9e sur les atouts et centr\u00e9e sur les Autochtones, qui adh\u00e8re \u00e0 des principes \u00e9thiques, sont hautement applicables \u00e0 d\u2019autres contextes et d\u2019autres groupes sous-repr\u00e9sent\u00e9s dans des cadres de soins de la neurod\u00e9g\u00e9n\u00e9rescence en offrant un processus pour entreprendre ce travail de d\u00e9veloppement.<\/p>\n<\/div><\/div><\/div><\/div><\/div><\/div><\/div><div class=\"fusion-layout-column fusion_builder_column_inner fusion-builder-nested-column-10 fusion_builder_column_inner_1_2 1_2 fusion-flex-column fusion-flex-align-self-stretch fusion-animated\" style=\"--awb-padding-top:48px;--awb-padding-right:48px;--awb-padding-bottom:48px;--awb-padding-left:48px;--awb-padding-right-small:24px;--awb-padding-left-small:24px;--awb-overflow:hidden;--awb-bg-color:var(--awb-color1);--awb-bg-color-hover:var(--awb-color1);--awb-bg-size:cover;--awb-border-radius:30px 30px 30px 30px;--awb-width-large:50%;--awb-margin-top-large:24px;--awb-spacing-right-large:12px;--awb-margin-bottom-large:0px;--awb-spacing-left-large:12px;--awb-width-medium:100%;--awb-order-medium:1;--awb-spacing-right-medium:12px;--awb-spacing-left-medium:12px;--awb-width-small:100%;--awb-order-small:1;--awb-spacing-right-small:12px;--awb-spacing-left-small:12px;\" data-animationType=\"fadeInDown\" data-animationDuration=\"1.0\" data-animationDelay=\"0.6\" data-animationOffset=\"top-into-view\"><div class=\"fusion-column-wrapper fusion-column-has-shadow fusion-flex-justify-content-flex-start fusion-content-layout-column\"><div class=\"fusion-text fusion-text-22 fusion-animated\" style=\"--awb-text-color:var(--awb-color5);\" data-animationType=\"fadeInDown\" data-animationDuration=\"1.0\" data-animationDelay=\"0.3\" data-animationOffset=\"top-into-view\"><h5>D\u00e9terminer les m\u00e9canismes de liens sensoriels et cognitifs dans le vieillissement et la neurod\u00e9g\u00e9n\u00e9rescence pour guider les interventions et la sant\u00e9 publique\u00a0: Une approche d\u2019\u00e9quipe multidisciplinaire<\/h5>\n<\/div><div class=\"fusion-text fusion-text-23 fusion-text-no-margin\" style=\"--awb-margin-bottom:8px;\"><p><strong>Chercheurs principaux: Natalie A. Phillips, Amanpreet\u00a0 Badhwar, Jennifer L. Campos, Britt I. Drogemoller, Ingrid Ekstr\u00f6m, Raheleh Haji Gholam Saryazdi, Zahinoor Ismail,\u00a0 Karen Zown-Hua Li, Paul Mick, Joseph B. Orange, Margaret K. Pichora-Fuller,\u00a0 Marie Y. Savundranayagam et Walter Wittich<\/strong><\/p>\n<\/div><div class=\"fusion-separator fusion-full-width-sep\" style=\"align-self: center;margin-left: auto;margin-right: auto;flex-grow:1;width:100%;\"><\/div><div class=\"accordian fusion-accordian\" style=\"--awb-border-size:1px;--awb-icon-size:16px;--awb-content-font-size:var(--awb-typography5-font-size);--awb-content-letter-spacing:var(--awb-typography5-letter-spacing);--awb-content-line-height:var(--awb-typography5-line-height);--awb-icon-alignment:left;--awb-hover-color:var(--awb-color2);--awb-border-color:var(--awb-color3);--awb-background-color:var(--awb-color1);--awb-divider-color:var(--awb-color3);--awb-divider-hover-color:var(--awb-color3);--awb-icon-color:var(--awb-color1);--awb-title-color:var(--awb-color4);--awb-content-color:var(--awb-color6);--awb-icon-box-color:var(--awb-color4);--awb-toggle-hover-accent-color:var(--awb-color4);--awb-toggle-active-accent-color:var(--awb-color4);--awb-title-font-family:var(--awb-typography1-font-family);--awb-title-font-weight:var(--awb-typography1-font-weight);--awb-title-font-style:var(--awb-typography1-font-style);--awb-title-font-size:var(--awb-typography5-font-size);--awb-title-letter-spacing:var(--awb-typography5-letter-spacing);--awb-title-line-height:var(--awb-typography5-line-height);--awb-content-font-family:var(--awb-typography4-font-family);--awb-content-font-weight:var(--awb-typography4-font-weight);--awb-content-font-style:var(--awb-typography4-font-style);\"><div class=\"panel-group fusion-toggle-icon-boxed\" id=\"accordion-10520-11\"><div class=\"fusion-panel panel-default panel-f6d53201124e399b2 fusion-toggle-no-divider\" style=\"--awb-title-color:var(--awb-color8);\"><div class=\"panel-heading\"><div class=\"panel-title toggle\" id=\"toggle_f6d53201124e399b2\"><a aria-expanded=\"false\" aria-controls=\"f6d53201124e399b2\" role=\"button\" data-toggle=\"collapse\" data-parent=\"#accordion-10520-11\" data-target=\"#f6d53201124e399b2\" href=\"#f6d53201124e399b2\"><span class=\"fusion-toggle-icon-wrapper\" aria-hidden=\"true\"><i class=\"fa-fusion-box active-icon awb-icon-minus\" aria-hidden=\"true\"><\/i><i class=\"fa-fusion-box inactive-icon awb-icon-plus\" aria-hidden=\"true\"><\/i><\/span><span class=\"fusion-toggle-heading\">En savoir plus<\/span><\/a><\/div><\/div><div id=\"f6d53201124e399b2\" class=\"panel-collapse collapse \" aria-labelledby=\"toggle_f6d53201124e399b2\"><div class=\"panel-body toggle-content fusion-clearfix\">\n<p>La perte sensorielle (audition, vision, odorat) est fortement associ\u00e9e au d\u00e9clin cognitif et \u00e0 la neurod\u00e9g\u00e9n\u00e9rescence et est importante pour la qualit\u00e9 de vie et la capacit\u00e9 fonctionnelle des personnes \u00e2g\u00e9es qui courent un risque de neurod\u00e9g\u00e9n\u00e9rescence ou qui en sont atteintes. Notre \u00e9quipe de recherche nationale m\u00e8nera une recherche innovatrice qui produira un mod\u00e8le int\u00e9gr\u00e9 des liens entre la sant\u00e9 sensorielle et les cons\u00e9quences cognitives et m\u00e8nera \u00e0 de nouvelles connaissances avec le potentiel d\u2019am\u00e9liorer la qualit\u00e9 de vie des personnes \u00e2g\u00e9es. Notre \u00e9quipe interdisciplinaire couvre la psychologie, l\u2019audiologie, l\u2019autolaryngologie, la basse vision, la g\u00e9n\u00e9tique, la g\u00e9rontologie, la neurologie, l\u2019imagerie c\u00e9r\u00e9brale et l\u2019\u00e9pid\u00e9miologie. Notre recherche \u00e9valuera les voies qui pourraient lier la perte sensorielle, le d\u00e9clin cognitif et la neurod\u00e9g\u00e9n\u00e9rescence dans la population g\u00e9n\u00e9rale et chez les personnes atteintes de neurod\u00e9g\u00e9n\u00e9rescence. Nous \u00e9tudierons trois raisons possibles\u00a0: a) les causes biologiques courantes (p.\u00a0ex. les g\u00e8nes); b) que la perte sensorielle cause des changements cognitifs ou c\u00e9r\u00e9braux en raison d\u2019un apport sensoriel de mauvaise qualit\u00e9; c) que les changements sociaux, d\u2019activit\u00e9 physique ou de sant\u00e9 mentale dus \u00e0 la perte sensorielle ont de mauvaises cons\u00e9quences. Nous examinerons comment la perte sensorielle est li\u00e9e aux activit\u00e9s importantes pour maintenir la participation sociale des personnes \u00e2g\u00e9es, y compris\u00a0: a) une communication efficace entre les personnes atteintes de neurod\u00e9g\u00e9n\u00e9rescence et leurs partenaires de soins; b) le comportement au volant; c) les changements de sant\u00e9 mentale. Nous examinerons les diff\u00e9rences potentielles entre les hommes et les femmes. Nous fournirons un enseignement sur la gestion des facteurs de risque sensoriels modifiables pour le grand public et pour les prestataires de soins et nous fournirons une formation interdisciplinaire pour la prochaine g\u00e9n\u00e9ration de chercheurs en neurod\u00e9g\u00e9n\u00e9rescence. Notre travail est guid\u00e9 par la collaboration avec les utilisateurs de connaissances et les patients partenaires ayant une exp\u00e9rience v\u00e9cue de d\u00e9clin cognitif ou de difficult\u00e9s sensorielles, qui contribueront \u00e0 la conception de la recherche et \u00e0 la communication de connaissances pertinentes et efficaces. Ensemble, ce travail a le potentiel d\u2019am\u00e9liorer les approches \u00e0 la m\u00e9decine et \u00e0 la sant\u00e9 publique.<\/p>\n<\/div><\/div><\/div><\/div><\/div><\/div><\/div><div class=\"fusion-layout-column fusion_builder_column_inner fusion-builder-nested-column-11 fusion_builder_column_inner_1_2 1_2 fusion-flex-column fusion-flex-align-self-stretch fusion-animated\" style=\"--awb-padding-top:48px;--awb-padding-right:48px;--awb-padding-bottom:48px;--awb-padding-left:48px;--awb-padding-right-small:24px;--awb-padding-left-small:24px;--awb-overflow:hidden;--awb-bg-color:var(--awb-color1);--awb-bg-color-hover:var(--awb-color1);--awb-bg-size:cover;--awb-border-radius:30px 30px 30px 30px;--awb-width-large:50%;--awb-margin-top-large:24px;--awb-spacing-right-large:12px;--awb-margin-bottom-large:0px;--awb-spacing-left-large:12px;--awb-width-medium:100%;--awb-order-medium:1;--awb-spacing-right-medium:12px;--awb-spacing-left-medium:12px;--awb-width-small:100%;--awb-order-small:1;--awb-spacing-right-small:12px;--awb-spacing-left-small:12px;\" data-animationType=\"fadeInDown\" data-animationDuration=\"1.0\" data-animationDelay=\"0.6\" data-animationOffset=\"top-into-view\"><div class=\"fusion-column-wrapper fusion-column-has-shadow fusion-flex-justify-content-flex-start fusion-content-layout-column\"><div class=\"fusion-text fusion-text-24 fusion-animated\" style=\"--awb-text-color:var(--awb-color5);\" data-animationType=\"fadeInDown\" data-animationDuration=\"1.0\" data-animationDelay=\"0.3\" data-animationOffset=\"top-into-view\"><h5>Faire avancer l\u2019\u00e9quit\u00e9 dans les soins de la neurod\u00e9g\u00e9n\u00e9rescence au Canada\u00a0: Une approche intersectionnelle et participative<\/h5>\n<\/div><div class=\"fusion-text fusion-text-25 fusion-text-no-margin\" style=\"--awb-margin-bottom:8px;\"><p><strong>Chercheurs principaux: Claire Godard-Sebillotte, Howard Bergman, Ngozi F.\u00a0 Iroanyah, Zahinoor Ismail, Sathya Karunananthan,\u00a0 Kimberlyn M. McGrail et Isabelle Vedel<\/strong><\/p>\n<\/div><div class=\"fusion-separator fusion-full-width-sep\" style=\"align-self: center;margin-left: auto;margin-right: auto;flex-grow:1;width:100%;\"><\/div><div class=\"accordian fusion-accordian\" style=\"--awb-border-size:1px;--awb-icon-size:16px;--awb-content-font-size:var(--awb-typography5-font-size);--awb-content-letter-spacing:var(--awb-typography5-letter-spacing);--awb-content-line-height:var(--awb-typography5-line-height);--awb-icon-alignment:left;--awb-hover-color:var(--awb-color2);--awb-border-color:var(--awb-color3);--awb-background-color:var(--awb-color1);--awb-divider-color:var(--awb-color3);--awb-divider-hover-color:var(--awb-color3);--awb-icon-color:var(--awb-color1);--awb-title-color:var(--awb-color4);--awb-content-color:var(--awb-color6);--awb-icon-box-color:var(--awb-color4);--awb-toggle-hover-accent-color:var(--awb-color4);--awb-toggle-active-accent-color:var(--awb-color4);--awb-title-font-family:var(--awb-typography1-font-family);--awb-title-font-weight:var(--awb-typography1-font-weight);--awb-title-font-style:var(--awb-typography1-font-style);--awb-title-font-size:var(--awb-typography5-font-size);--awb-title-letter-spacing:var(--awb-typography5-letter-spacing);--awb-title-line-height:var(--awb-typography5-line-height);--awb-content-font-family:var(--awb-typography4-font-family);--awb-content-font-weight:var(--awb-typography4-font-weight);--awb-content-font-style:var(--awb-typography4-font-style);\"><div class=\"panel-group fusion-toggle-icon-boxed\" id=\"accordion-10520-12\"><div class=\"fusion-panel panel-default panel-faa23df573edeb570 fusion-toggle-no-divider\" style=\"--awb-title-color:var(--awb-color8);\"><div class=\"panel-heading\"><div class=\"panel-title toggle\" id=\"toggle_faa23df573edeb570\"><a aria-expanded=\"false\" aria-controls=\"faa23df573edeb570\" role=\"button\" data-toggle=\"collapse\" data-parent=\"#accordion-10520-12\" data-target=\"#faa23df573edeb570\" href=\"#faa23df573edeb570\"><span class=\"fusion-toggle-icon-wrapper\" aria-hidden=\"true\"><i class=\"fa-fusion-box active-icon awb-icon-minus\" aria-hidden=\"true\"><\/i><i class=\"fa-fusion-box inactive-icon awb-icon-plus\" aria-hidden=\"true\"><\/i><\/span><span class=\"fusion-toggle-heading\">Learn more<\/span><\/a><\/div><\/div><div id=\"faa23df573edeb570\" class=\"panel-collapse collapse \" aria-labelledby=\"toggle_faa23df573edeb570\"><div class=\"panel-body toggle-content fusion-clearfix\">\n<p>Les Canadiens atteints de neurod\u00e9g\u00e9n\u00e9rescence rencontrent souvent des obstacles pour obtenir les soins et le soutien dont ils ont besoin. Ces d\u00e9fis peuvent \u00eatre encore plus importants pour ceux qui sont d\u00e9savantag\u00e9s par des facteurs comme le genre, le statut socio\u00e9conomique (soit l\u2019\u00e9ducation, les revenus et le type d\u2019emploi), la race, ou la langue parl\u00e9e. Lorsque ces facteurs se chevauchent, ils peuvent cr\u00e9er des obstacles encore plus importants pour avoir acc\u00e8s aux services et pour avoir une bonne qualit\u00e9 de vie. Malheureusement, peu de recherche s\u2019est concentr\u00e9e sur l\u2019\u00ab intersectionnalit\u00e9 \u00bb, ou sur les effets du chevauchement de ces facteurs sur les personnes atteintes de neurod\u00e9g\u00e9n\u00e9rescence. Notre \u00e9quipe s\u2019efforce d\u2019aborder cet \u00e9cart. Nous avons une grande exp\u00e9rience en recherche sur les services de sant\u00e9 et l\u2019\u00e9quit\u00e9, ainsi que de solides partenariats avec les organismes de sant\u00e9, les groupes communautaires desservant les membres de groupes en qu\u00eate d\u2019\u00e9quit\u00e9, les cliniciens et les personnes atteintes de neurod\u00e9g\u00e9n\u00e9rescence et leurs partenaires de soins. En nous appuyant sur cette fondation : 1) nous dresserons une liste des bases de donn\u00e9es sanitaires nationales et provinciales qui contiennent de l\u2019information sur les facteurs sociaux et nous \u00e9valuerons leur utilit\u00e9 pour \u00e9tudier l\u2019\u00e9quit\u00e9 et l\u2019intersectionnalit\u00e9 en soins de la neurod\u00e9g\u00e9n\u00e9rescence; 2) nous utiliserons ces donn\u00e9es pour cr\u00e9er des portraits provinciaux du Qu\u00e9bec, de l\u2019Ontario, de l\u2019Alberta et de la Colombie-Britannique montrant comment le genre, les revenus, la race et la langue interagissent pour influencer le recours aux soins de sant\u00e9 et les cons\u00e9quences pour les personnes atteintes de neurod\u00e9g\u00e9n\u00e9rescence; 3) nous travaillerons avec des organisations communautaires, des cliniciens et des personnes touch\u00e9es par la neurod\u00e9g\u00e9n\u00e9rescence afin d\u2019identifier et de prioriser les \u00e9tapes pour am\u00e9liorer les soins pour ceux qui affrontent les plus grands d\u00e9fis. Gr\u00e2ce \u00e0 cette subvention d\u2019\u00e9quipe, nous comptons d\u00e9couvrir les d\u00e9fis uniques auxquels font face les personnes atteintes de neurod\u00e9g\u00e9n\u00e9rescence appartenant \u00e0 des groupes en qu\u00eate d\u2019\u00e9quit\u00e9. Nous comptons \u00e9galement identifier des fa\u00e7ons de r\u00e9duire les iniquit\u00e9s en mati\u00e8re de sant\u00e9, d\u2019am\u00e9liorer les soins, et d\u2019augmenter la qualit\u00e9 de vie, ainsi que former la prochaine g\u00e9n\u00e9ration de chefs de file en neurod\u00e9g\u00e9n\u00e9rescence, en recherche sur l\u2019\u00e9quit\u00e9 en neurod\u00e9g\u00e9n\u00e9rescence et en pratique.<\/p>\n<\/div><\/div><\/div><\/div><\/div><\/div><\/div><div class=\"fusion-layout-column fusion_builder_column_inner fusion-builder-nested-column-12 fusion_builder_column_inner_1_2 1_2 fusion-flex-column fusion-flex-align-self-stretch fusion-animated\" style=\"--awb-padding-top:48px;--awb-padding-right:48px;--awb-padding-bottom:48px;--awb-padding-left:48px;--awb-padding-right-small:24px;--awb-padding-left-small:24px;--awb-overflow:hidden;--awb-bg-color:var(--awb-color1);--awb-bg-color-hover:var(--awb-color1);--awb-bg-size:cover;--awb-border-radius:30px 30px 30px 30px;--awb-width-large:50%;--awb-margin-top-large:24px;--awb-spacing-right-large:12px;--awb-margin-bottom-large:0px;--awb-spacing-left-large:12px;--awb-width-medium:100%;--awb-order-medium:1;--awb-spacing-right-medium:12px;--awb-spacing-left-medium:12px;--awb-width-small:100%;--awb-order-small:1;--awb-spacing-right-small:12px;--awb-spacing-left-small:12px;\" data-animationType=\"fadeInDown\" data-animationDuration=\"1.0\" data-animationDelay=\"0.6\" data-animationOffset=\"top-into-view\"><div class=\"fusion-column-wrapper fusion-column-has-shadow fusion-flex-justify-content-flex-start fusion-content-layout-column\"><div class=\"fusion-text fusion-text-26 fusion-animated\" style=\"--awb-text-color:var(--awb-color5);\" data-animationType=\"fadeInDown\" data-animationDuration=\"1.0\" data-animationDelay=\"0.3\" data-animationOffset=\"top-into-view\"><h5>Innover l\u2019\u00e9valuation de la conduite automobile chez les adultes atteints de trouble cognitif\u00a0: Une approche centr\u00e9e sur la personne s\u2019appuyant sur l\u2019intelligence artificielle et la technologie num\u00e9rique<\/h5>\n<\/div><div class=\"fusion-text fusion-text-27 fusion-text-no-margin\" style=\"--awb-margin-bottom:8px;\"><p><strong>Chercheurs prinicipaux: Sayeh Bayat, Gary Naglie et Mark J. Rapoport\u00a0<\/strong><\/p>\n<\/div><div class=\"fusion-separator fusion-full-width-sep\" style=\"align-self: center;margin-left: auto;margin-right: auto;flex-grow:1;width:100%;\"><\/div><div class=\"accordian fusion-accordian\" style=\"--awb-border-size:1px;--awb-icon-size:16px;--awb-content-font-size:var(--awb-typography5-font-size);--awb-content-letter-spacing:var(--awb-typography5-letter-spacing);--awb-content-line-height:var(--awb-typography5-line-height);--awb-icon-alignment:left;--awb-hover-color:var(--awb-color2);--awb-border-color:var(--awb-color3);--awb-background-color:var(--awb-color1);--awb-divider-color:var(--awb-color3);--awb-divider-hover-color:var(--awb-color3);--awb-icon-color:var(--awb-color1);--awb-title-color:var(--awb-color4);--awb-content-color:var(--awb-color6);--awb-icon-box-color:var(--awb-color4);--awb-toggle-hover-accent-color:var(--awb-color4);--awb-toggle-active-accent-color:var(--awb-color4);--awb-title-font-family:var(--awb-typography1-font-family);--awb-title-font-weight:var(--awb-typography1-font-weight);--awb-title-font-style:var(--awb-typography1-font-style);--awb-title-font-size:var(--awb-typography5-font-size);--awb-title-letter-spacing:var(--awb-typography5-letter-spacing);--awb-title-line-height:var(--awb-typography5-line-height);--awb-content-font-family:var(--awb-typography4-font-family);--awb-content-font-weight:var(--awb-typography4-font-weight);--awb-content-font-style:var(--awb-typography4-font-style);\"><div class=\"panel-group fusion-toggle-icon-boxed\" id=\"accordion-10520-13\"><div class=\"fusion-panel panel-default panel-c297e315a3e008d2f fusion-toggle-no-divider\" style=\"--awb-title-color:var(--awb-color8);\"><div class=\"panel-heading\"><div class=\"panel-title toggle\" id=\"toggle_c297e315a3e008d2f\"><a aria-expanded=\"false\" aria-controls=\"c297e315a3e008d2f\" role=\"button\" data-toggle=\"collapse\" data-parent=\"#accordion-10520-13\" data-target=\"#c297e315a3e008d2f\" href=\"#c297e315a3e008d2f\"><span class=\"fusion-toggle-icon-wrapper\" aria-hidden=\"true\"><i class=\"fa-fusion-box active-icon awb-icon-minus\" aria-hidden=\"true\"><\/i><i class=\"fa-fusion-box inactive-icon awb-icon-plus\" aria-hidden=\"true\"><\/i><\/span><span class=\"fusion-toggle-heading\">Learn more<\/span><\/a><\/div><\/div><div id=\"c297e315a3e008d2f\" class=\"panel-collapse collapse \" aria-labelledby=\"toggle_c297e315a3e008d2f\"><div class=\"panel-body toggle-content fusion-clearfix\">\n<p>D\u00e9cider quand une personne atteinte de neurod\u00e9g\u00e9n\u00e9rescence devrait cesser de conduire est un d\u00e9fi majeur en soins de la neurod\u00e9g\u00e9n\u00e9rescence. Bien que la neurod\u00e9g\u00e9n\u00e9rescence puisse avoir un impact sur la conduite automobile s\u00e9curitaire, un diagnostic ne signifie pas automatiquement qu\u2019une personne doive cesser de conduire. Un grand nombre de personnes au stade pr\u00e9coce peuvent continuer de conduire de fa\u00e7on s\u00e9curitaire pendant un certain temps. Actuellement, la m\u00e9thode la plus utilis\u00e9e pour \u00e9valuer la s\u00e9curit\u00e9 de la conduite automobile est par une \u00e9valuation de la conduite sur route dans des centres d\u2019\u00e9valuation de la conduite sp\u00e9cialis\u00e9s. Ces tests sont souvent non disponibles, co\u00fbteux et peuvent ne pas repr\u00e9senter avec exactitude le comportement au volant de tous les jours. Notre recherche vise \u00e0 cr\u00e9er de meilleurs outils pour \u00e9valuer la s\u00e9curit\u00e9 de la conduite automobile de personnes ayant des probl\u00e8mes de m\u00e9moire et de raisonnement. Pour ce faire, nous recueillerons d\u2019abord de l\u2019information du monde r\u00e9el \u00e0 l\u2019aide de capteurs faciles \u00e0 installer dans le v\u00e9hicule de la personne. Cela nous permettra d\u2019analyser comment le comportement au volant varie parmi les adultes sans probl\u00e8me de m\u00e9moire ni de raisonnement, ceux avec des probl\u00e8mes de m\u00e9moire et de raisonnement mineurs ainsi que les personnes atteintes de neurod\u00e9g\u00e9n\u00e9rescence au stade pr\u00e9coce. Nous surveillerons \u00e9galement les changements de conduite automobile au fil du temps pour suivre comment ils \u00e9voluent par rapport aux changements de m\u00e9moire et de raisonnement. De plus, nous explorerons si les tests de marche, qui font intervenir le mouvement et le raisonnement, et qui peuvent \u00eatre effectu\u00e9s dans un cabinet de m\u00e9decin, donnent des indices sur l\u2019aptitude \u00e0 conduire. Enfin, nous \u00e9tudierons \u00e9galement si l\u2019information sur la conduite automobile du monde r\u00e9el est en accord avec celle des outils existants qui pr\u00e9disent les risques d\u2019accident de conducteurs plus \u00e2g\u00e9s. En r\u00e9alisant la plus importante collecte d\u2019information sur la conduite automobile du monde r\u00e9el chez des personnes ayant des niveaux vari\u00e9s de capacit\u00e9 de m\u00e9moire et de raisonnement, notre objectif est de d\u00e9velopper une approche \u00e9quitable, disponible et efficace pour \u00e9valuer l\u2019aptitude \u00e0 conduire et ainsi de soutenir les personnes atteintes de probl\u00e8mes de m\u00e9moire et de raisonnement, leurs familles et leurs m\u00e9decins \u00e0 prendre des d\u00e9cisions \u00e9clair\u00e9es au sujet de la s\u00e9curit\u00e9 de conduite.<\/p>\n<\/div><\/div><\/div><\/div><\/div><\/div><\/div><div class=\"fusion-layout-column fusion_builder_column_inner fusion-builder-nested-column-13 fusion_builder_column_inner_1_2 1_2 fusion-flex-column fusion-flex-align-self-stretch fusion-animated\" style=\"--awb-padding-top:48px;--awb-padding-right:48px;--awb-padding-bottom:48px;--awb-padding-left:48px;--awb-padding-right-small:24px;--awb-padding-left-small:24px;--awb-overflow:hidden;--awb-bg-color:var(--awb-color1);--awb-bg-color-hover:var(--awb-color1);--awb-bg-size:cover;--awb-border-radius:30px 30px 30px 30px;--awb-width-large:50%;--awb-margin-top-large:24px;--awb-spacing-right-large:12px;--awb-margin-bottom-large:0px;--awb-spacing-left-large:12px;--awb-width-medium:100%;--awb-order-medium:1;--awb-spacing-right-medium:12px;--awb-spacing-left-medium:12px;--awb-width-small:100%;--awb-order-small:1;--awb-spacing-right-small:12px;--awb-spacing-left-small:12px;\" data-animationType=\"fadeInDown\" data-animationDuration=\"1.0\" data-animationDelay=\"0.6\" data-animationOffset=\"top-into-view\"><div class=\"fusion-column-wrapper fusion-column-has-shadow fusion-flex-justify-content-flex-start fusion-content-layout-column\"><div class=\"fusion-text fusion-text-28 fusion-animated\" style=\"--awb-text-color:var(--awb-color5);\" data-animationType=\"fadeInDown\" data-animationDuration=\"1.0\" data-animationDelay=\"0.3\" data-animationOffset=\"top-into-view\"><h5>Promouvoir l\u2019\u00e9quit\u00e9 en sant\u00e9 parmi les personnes atteintes de neurod\u00e9g\u00e9n\u00e9rescence et les partenaires de soins dans les communaut\u00e9s ethnoraciales\u00a0: Conception conjointe de soutien \u00e0 la qualit\u00e9 de vie<\/h5>\n<\/div><div class=\"fusion-text fusion-text-29 fusion-text-no-margin\" style=\"--awb-margin-bottom:8px;\"><p><strong>Chercheurs principaux: Laura E. Middleton, Pamela E. Baxter, Jennifer M. Bethell, Ngozi F. Iroanyah, Jasmine C. Mah, Carrie A. McAiney, Monica J. Parry, Mariko L. Sakamoto, Marie Y. Savundranayagam, Ingrid R. Waldron, Karen Lok Yi Wong et Marie-Lee Yous<\/strong><\/p>\n<\/div><div class=\"fusion-separator fusion-full-width-sep\" style=\"align-self: center;margin-left: auto;margin-right: auto;flex-grow:1;width:100%;\"><\/div><div class=\"accordian fusion-accordian\" style=\"--awb-border-size:1px;--awb-icon-size:16px;--awb-content-font-size:var(--awb-typography5-font-size);--awb-content-letter-spacing:var(--awb-typography5-letter-spacing);--awb-content-line-height:var(--awb-typography5-line-height);--awb-icon-alignment:left;--awb-hover-color:var(--awb-color2);--awb-border-color:var(--awb-color3);--awb-background-color:var(--awb-color1);--awb-divider-color:var(--awb-color3);--awb-divider-hover-color:var(--awb-color3);--awb-icon-color:var(--awb-color1);--awb-title-color:var(--awb-color4);--awb-content-color:var(--awb-color6);--awb-icon-box-color:var(--awb-color4);--awb-toggle-hover-accent-color:var(--awb-color4);--awb-toggle-active-accent-color:var(--awb-color4);--awb-title-font-family:var(--awb-typography1-font-family);--awb-title-font-weight:var(--awb-typography1-font-weight);--awb-title-font-style:var(--awb-typography1-font-style);--awb-title-font-size:var(--awb-typography5-font-size);--awb-title-letter-spacing:var(--awb-typography5-letter-spacing);--awb-title-line-height:var(--awb-typography5-line-height);--awb-content-font-family:var(--awb-typography4-font-family);--awb-content-font-weight:var(--awb-typography4-font-weight);--awb-content-font-style:var(--awb-typography4-font-style);\"><div class=\"panel-group fusion-toggle-icon-boxed\" id=\"accordion-10520-14\"><div class=\"fusion-panel panel-default panel-7e0e25ce6faa5a988 fusion-toggle-no-divider\" style=\"--awb-title-color:var(--awb-color8);\"><div class=\"panel-heading\"><div class=\"panel-title toggle\" id=\"toggle_7e0e25ce6faa5a988\"><a aria-expanded=\"false\" aria-controls=\"7e0e25ce6faa5a988\" role=\"button\" data-toggle=\"collapse\" data-parent=\"#accordion-10520-14\" data-target=\"#7e0e25ce6faa5a988\" href=\"#7e0e25ce6faa5a988\"><span class=\"fusion-toggle-icon-wrapper\" aria-hidden=\"true\"><i class=\"fa-fusion-box active-icon awb-icon-minus\" aria-hidden=\"true\"><\/i><i class=\"fa-fusion-box inactive-icon awb-icon-plus\" aria-hidden=\"true\"><\/i><\/span><span class=\"fusion-toggle-heading\">Learn more<\/span><\/a><\/div><\/div><div id=\"7e0e25ce6faa5a988\" class=\"panel-collapse collapse \" aria-labelledby=\"toggle_7e0e25ce6faa5a988\"><div class=\"panel-body toggle-content fusion-clearfix\">\n<p>L\u2019objectif g\u00e9n\u00e9ral de notre \u00e9quipe est d\u2019am\u00e9liorer la qualit\u00e9 de vie des personnes atteintes de neurod\u00e9g\u00e9n\u00e9rescence et de leurs partenaires de soins en mettant l\u2019accent sur les communaut\u00e9s mal desservies. L\u2019identification de strat\u00e9gies efficaces pour am\u00e9liorer la qualit\u00e9 de vie des personnes atteintes de neurod\u00e9g\u00e9n\u00e9rescence et de leurs partenaires de soins (les aidants) est une priorit\u00e9 nationale. Le besoin de soutien est encore plus grand parmi les personnes atteintes de neurod\u00e9g\u00e9n\u00e9rescence et leurs partenaires de soins dans les communaut\u00e9s ethnoraciales qui affrontent des d\u00e9fis suppl\u00e9mentaires pour avoir acc\u00e8s au soutien et aux services, y compris le racisme, les barri\u00e8res linguistiques, les diff\u00e9rences de points de vue culturels et la stigmatisation de la neurod\u00e9g\u00e9n\u00e9rescence. Au cours de cette subvention de 4\u00a0ans, nous travaillerons avec des personnes atteintes de neurod\u00e9g\u00e9n\u00e9rescence, des partenaires de soins et des organisations partenaires des communaut\u00e9s chinoises, d\u2019Asie du Sud et noires en adoptant une approche participative dont les objectifs sont les suivants\u00a0: 1) comprendre quelle qualit\u00e9 de vie apporter aux personnes atteintes de neurod\u00e9g\u00e9n\u00e9rescence et aux partenaires de soins, membres des communaut\u00e9s noires, chinoises et d\u2019Asie du Sud au Canada. Nous identifierons \u00e9galement les obstacles \u00e0 la qualit\u00e9 de vie et le soutien requis; 2) concevoir conjointement un soutien de la qualit\u00e9 de vie des personnes atteintes de neurod\u00e9g\u00e9n\u00e9rescence et des partenaires de soins dans les communaut\u00e9s concern\u00e9es; 3) partager nos r\u00e9sultats avec les groupes concern\u00e9s, y compris les personnes atteintes de neurod\u00e9g\u00e9n\u00e9rescence, les partenaires de soins, les organisations communautaires et les responsables des politiques; 4) d\u00e9velopper les connaissances et les aptitudes des chercheurs, des stagiaires, des personnes atteintes de neurod\u00e9g\u00e9n\u00e9rescence, des partenaires de soins et des organisations communautaires pour s\u2019engager dans la recherche sur la neurod\u00e9g\u00e9n\u00e9rescence, surtout dans les communaut\u00e9s ethnoculturelles. L\u2019impact de notre travail comprend\u00a0: (i) de nouvelles interventions pr\u00eates \u00e0 \u00eatre \u00e9valu\u00e9es qui visent \u00e0 soutenir une qualit\u00e9 de vie positive dans les communaut\u00e9s chinoises, d\u2019Asie du Sud et noires; (ii) des chercheurs et des stagiaires ayant une meilleure connaissance de la neurod\u00e9g\u00e9n\u00e9rescence et l\u2019aptitude \u00e0 s\u2019engager en recherche afin de renforcer les capacit\u00e9s \u00e0 affronter les d\u00e9fis de la neurod\u00e9g\u00e9n\u00e9rescence.<\/p>\n<\/div><\/div><\/div><\/div><\/div><\/div><\/div><div class=\"fusion-layout-column fusion_builder_column_inner fusion-builder-nested-column-14 fusion_builder_column_inner_1_2 1_2 fusion-flex-column fusion-flex-align-self-stretch fusion-animated\" style=\"--awb-padding-top:48px;--awb-padding-right:48px;--awb-padding-bottom:48px;--awb-padding-left:48px;--awb-padding-right-small:24px;--awb-padding-left-small:24px;--awb-overflow:hidden;--awb-bg-color:var(--awb-color1);--awb-bg-color-hover:var(--awb-color1);--awb-bg-size:cover;--awb-border-radius:30px 30px 30px 30px;--awb-width-large:50%;--awb-margin-top-large:24px;--awb-spacing-right-large:12px;--awb-margin-bottom-large:0px;--awb-spacing-left-large:12px;--awb-width-medium:100%;--awb-order-medium:1;--awb-spacing-right-medium:12px;--awb-spacing-left-medium:12px;--awb-width-small:100%;--awb-order-small:1;--awb-spacing-right-small:12px;--awb-spacing-left-small:12px;\" data-animationType=\"fadeInDown\" data-animationDuration=\"1.0\" data-animationDelay=\"0.6\" data-animationOffset=\"top-into-view\"><div class=\"fusion-column-wrapper fusion-column-has-shadow fusion-flex-justify-content-flex-start fusion-content-layout-column\"><div class=\"fusion-text fusion-text-30 fusion-animated\" style=\"--awb-text-color:var(--awb-color5);\" data-animationType=\"fadeInDown\" data-animationDuration=\"1.0\" data-animationDelay=\"0.3\" data-animationOffset=\"top-into-view\"><h5>Am\u00e9liorer la qualit\u00e9 de vie des personnes \u00e2g\u00e9es vivant avec une maladie neurod\u00e9g\u00e9n\u00e9rative par l&rsquo;\u00e9tude de la mise \u00e0 l&rsquo;\u00e9chelle d&rsquo;outils soutenant les transitions de soins au sein des communaut\u00e9s francophones au Canada<\/h5>\n<\/div><div class=\"fusion-text fusion-text-31 fusion-text-no-margin\" style=\"--awb-margin-bottom:8px;\"><p><strong>Chercheurs principaux: Patrick Archambault, Lise Bjerre, St\u00e9phanie Collin, Danielle L. De Moissac et France L\u00e9gar\u00e9<\/strong><\/p>\n<\/div><div class=\"fusion-separator fusion-full-width-sep\" style=\"align-self: center;margin-left: auto;margin-right: auto;flex-grow:1;width:100%;\"><\/div><div class=\"accordian fusion-accordian\" style=\"--awb-border-size:1px;--awb-icon-size:16px;--awb-content-font-size:var(--awb-typography5-font-size);--awb-content-letter-spacing:var(--awb-typography5-letter-spacing);--awb-content-line-height:var(--awb-typography5-line-height);--awb-icon-alignment:left;--awb-hover-color:var(--awb-color2);--awb-border-color:var(--awb-color3);--awb-background-color:var(--awb-color1);--awb-divider-color:var(--awb-color3);--awb-divider-hover-color:var(--awb-color3);--awb-icon-color:var(--awb-color1);--awb-title-color:var(--awb-color4);--awb-content-color:var(--awb-color6);--awb-icon-box-color:var(--awb-color4);--awb-toggle-hover-accent-color:var(--awb-color4);--awb-toggle-active-accent-color:var(--awb-color4);--awb-title-font-family:var(--awb-typography1-font-family);--awb-title-font-weight:var(--awb-typography1-font-weight);--awb-title-font-style:var(--awb-typography1-font-style);--awb-title-font-size:var(--awb-typography5-font-size);--awb-title-letter-spacing:var(--awb-typography5-letter-spacing);--awb-title-line-height:var(--awb-typography5-line-height);--awb-content-font-family:var(--awb-typography4-font-family);--awb-content-font-weight:var(--awb-typography4-font-weight);--awb-content-font-style:var(--awb-typography4-font-style);\"><div class=\"panel-group fusion-toggle-icon-boxed\" id=\"accordion-10520-15\"><div class=\"fusion-panel panel-default panel-b370c332d39a54482 fusion-toggle-no-divider\" style=\"--awb-title-color:var(--awb-color8);\"><div class=\"panel-heading\"><div class=\"panel-title toggle\" id=\"toggle_b370c332d39a54482\"><a aria-expanded=\"false\" aria-controls=\"b370c332d39a54482\" role=\"button\" data-toggle=\"collapse\" data-parent=\"#accordion-10520-15\" data-target=\"#b370c332d39a54482\" href=\"#b370c332d39a54482\"><span class=\"fusion-toggle-icon-wrapper\" aria-hidden=\"true\"><i class=\"fa-fusion-box active-icon awb-icon-minus\" aria-hidden=\"true\"><\/i><i class=\"fa-fusion-box inactive-icon awb-icon-plus\" aria-hidden=\"true\"><\/i><\/span><span class=\"fusion-toggle-heading\">En savoir plus<\/span><\/a><\/div><\/div><div id=\"b370c332d39a54482\" class=\"panel-collapse collapse \" aria-labelledby=\"toggle_b370c332d39a54482\"><div class=\"panel-body toggle-content fusion-clearfix\">\n<p>Ce projet de recherche vise \u00e0 am\u00e9liorer la fa\u00e7on dont nous prenons soin des personnes \u00e2g\u00e9es vivant avec une maladie neurod\u00e9g\u00e9n\u00e9rative (par ex: maladie d&rsquo;Alzheimer) lorsqu&rsquo;elles vivent des transitions de soins entre diff\u00e9rents points de services du syst\u00e8me de sant\u00e9, par exemple, lorsqu&rsquo;elles retournent \u00e0 la maison apr\u00e8s une hospitalisation. Nous ciblerons les communaut\u00e9s francophones en situation de minorit\u00e9 qui sont particuli\u00e8rement vuln\u00e9rables aux transitions de soins mal planifi\u00e9es \u00e0 cause de la barri\u00e8re linguistique. Ces transitions dysfonctionnelles nuisent \u00e0 la qualit\u00e9 de vie des personnes \u00e2g\u00e9es vivant avec un trouble neurod\u00e9g\u00e9n\u00e9ratif et \u00e0 leurs proches aidants. Pour rem\u00e9dier \u00e0 cette situation, notre \u00e9quipe de recherche vise \u00e0: 1- Identifier les pratiques exemplaires qui aident les personnes \u00e2g\u00e9es avec une maladie neurod\u00e9g\u00e9n\u00e9rative et leurs proches aidants \u00e0 faire la transition entre les diff\u00e9rents milieux de soins. Nous examinerons ce qui fonctionne bien dans la litt\u00e9rature et trouverons comment adapter ces m\u00e9thodes au contexte canadien. 2- Cr\u00e9er des indicateurs pour mesurer l&rsquo;efficacit\u00e9 de ces transitions. 3- Travailler avec les patients partenaires, proches aidants partenaires et prestataires de soins de sant\u00e9 au sein de communaut\u00e9s francophones partout au Canada pour mettre en \u0153uvre les pratiques exemplaires identifi\u00e9es. Nous offrirons de la formation et du soutien adapt\u00e9s \u00e0 leur contexte pour aider les \u00e9quipes de soins de sant\u00e9 \u00e0 fournir les meilleurs soins possibles aux personnes \u00e2g\u00e9es vivant avec une maladie neurod\u00e9g\u00e9n\u00e9rative ainsi qu&rsquo;\u00e0 leurs proches aidants. 4- \u00c9tudier comment rendre ces am\u00e9liorations durables et accessibles \u00e0 toutes les communaut\u00e9s francophones du Canada. En r\u00e9sum\u00e9, ce projet vise \u00e0 am\u00e9liorer la qualit\u00e9 de vie des personnes \u00e2g\u00e9es vivant avec une maladie neurod\u00e9g\u00e9n\u00e9rative et de leurs proches aidants en veillant \u00e0 ce qu&rsquo;elles re\u00e7oivent les meilleurs soins possibles lorsqu&rsquo;elles naviguent dans le syst\u00e8me de soins de sant\u00e9 au Canada.<\/p>\n<\/div><\/div><\/div><\/div><\/div><\/div><\/div><div class=\"fusion-layout-column fusion_builder_column_inner fusion-builder-nested-column-15 fusion_builder_column_inner_1_2 1_2 fusion-flex-column fusion-flex-align-self-stretch fusion-animated\" style=\"--awb-padding-top:48px;--awb-padding-right:48px;--awb-padding-bottom:48px;--awb-padding-left:48px;--awb-padding-right-small:24px;--awb-padding-left-small:24px;--awb-overflow:hidden;--awb-bg-color:var(--awb-color1);--awb-bg-color-hover:var(--awb-color1);--awb-bg-size:cover;--awb-border-radius:30px 30px 30px 30px;--awb-width-large:50%;--awb-margin-top-large:24px;--awb-spacing-right-large:12px;--awb-margin-bottom-large:0px;--awb-spacing-left-large:12px;--awb-width-medium:100%;--awb-order-medium:1;--awb-spacing-right-medium:12px;--awb-spacing-left-medium:12px;--awb-width-small:100%;--awb-order-small:1;--awb-spacing-right-small:12px;--awb-spacing-left-small:12px;\" data-animationType=\"fadeInDown\" data-animationDuration=\"1.0\" data-animationDelay=\"0.6\" data-animationOffset=\"top-into-view\"><div class=\"fusion-column-wrapper fusion-column-has-shadow fusion-flex-justify-content-flex-start fusion-content-layout-column\"><div class=\"fusion-text fusion-text-32 fusion-animated\" style=\"--awb-text-color:var(--awb-color5);\" data-animationType=\"fadeInDown\" data-animationDuration=\"1.0\" data-animationDelay=\"0.3\" data-animationOffset=\"top-into-view\"><h5>\u00c9quipe d\u2019\u00e9tude de la performance du syst\u00e8me canadien de soins des troubles neurocognitifs<\/h5>\n<\/div><div class=\"fusion-text fusion-text-33 fusion-text-no-margin\" style=\"--awb-margin-bottom:8px;\"><p><strong>Chercheurs principaux: Susan E. Bronskill, Aaron T. Jones, Julia Kirkham, Julie G. Kosteniuk, Colleen J. Maxwell et Dallas P. Seitz<\/strong><\/p>\n<\/div><div class=\"fusion-separator fusion-full-width-sep\" style=\"align-self: center;margin-left: auto;margin-right: auto;flex-grow:1;width:100%;\"><\/div><div class=\"accordian fusion-accordian\" style=\"--awb-border-size:1px;--awb-icon-size:16px;--awb-content-font-size:var(--awb-typography5-font-size);--awb-content-letter-spacing:var(--awb-typography5-letter-spacing);--awb-content-line-height:var(--awb-typography5-line-height);--awb-icon-alignment:left;--awb-hover-color:var(--awb-color2);--awb-border-color:var(--awb-color3);--awb-background-color:var(--awb-color1);--awb-divider-color:var(--awb-color3);--awb-divider-hover-color:var(--awb-color3);--awb-icon-color:var(--awb-color1);--awb-title-color:var(--awb-color4);--awb-content-color:var(--awb-color6);--awb-icon-box-color:var(--awb-color4);--awb-toggle-hover-accent-color:var(--awb-color4);--awb-toggle-active-accent-color:var(--awb-color4);--awb-title-font-family:var(--awb-typography1-font-family);--awb-title-font-weight:var(--awb-typography1-font-weight);--awb-title-font-style:var(--awb-typography1-font-style);--awb-title-font-size:var(--awb-typography5-font-size);--awb-title-letter-spacing:var(--awb-typography5-letter-spacing);--awb-title-line-height:var(--awb-typography5-line-height);--awb-content-font-family:var(--awb-typography4-font-family);--awb-content-font-weight:var(--awb-typography4-font-weight);--awb-content-font-style:var(--awb-typography4-font-style);\"><div class=\"panel-group fusion-toggle-icon-boxed\" id=\"accordion-10520-16\"><div class=\"fusion-panel panel-default panel-43f415bb27dc3dc8a fusion-toggle-no-divider\" style=\"--awb-title-color:var(--awb-color8);\"><div class=\"panel-heading\"><div class=\"panel-title toggle\" id=\"toggle_43f415bb27dc3dc8a\"><a aria-expanded=\"false\" aria-controls=\"43f415bb27dc3dc8a\" role=\"button\" data-toggle=\"collapse\" data-parent=\"#accordion-10520-16\" data-target=\"#43f415bb27dc3dc8a\" href=\"#43f415bb27dc3dc8a\"><span class=\"fusion-toggle-icon-wrapper\" aria-hidden=\"true\"><i class=\"fa-fusion-box active-icon awb-icon-minus\" aria-hidden=\"true\"><\/i><i class=\"fa-fusion-box inactive-icon awb-icon-plus\" aria-hidden=\"true\"><\/i><\/span><span class=\"fusion-toggle-heading\">Learn more<\/span><\/a><\/div><\/div><div id=\"43f415bb27dc3dc8a\" class=\"panel-collapse collapse \" aria-labelledby=\"toggle_43f415bb27dc3dc8a\"><div class=\"panel-body toggle-content fusion-clearfix\">\n<p>Pr\u00e8s de 733\u00a0000 Canadiens sont atteints de neurod\u00e9g\u00e9n\u00e9rescence et ils seront beaucoup plus nombreux \u00e0 n\u00e9cessiter des soins dans le futur. Actuellement, le syst\u00e8me de sant\u00e9 canadien se d\u00e9bat pour fournir des soins de haute qualit\u00e9 aux personnes atteintes de neurod\u00e9g\u00e9n\u00e9rescence. Par exemple, les gens trouvent qu\u2019il faut longtemps pour voir un m\u00e9decin de famille ou un sp\u00e9cialiste et que les soins \u00e0 domicile peuvent \u00eatre in\u00e9gaux. Si nous pouvions comparer et faire un rapport sur la qualit\u00e9 des services de soins de la neurod\u00e9g\u00e9n\u00e9rescence dans les provinces et entre elles, cela pourrait aider \u00e0 identifier les lacunes dans les soins et am\u00e9liorer la qualit\u00e9 de vie des personnes atteintes de neurod\u00e9g\u00e9n\u00e9rescence et de leurs partenaires de soins. En commen\u00e7ant par l\u2019Alberta, la Saskatchewan et l\u2019Ontario, nous cr\u00e9erons une \u00e9quipe pour mener la recherche n\u00e9cessaire sur le syst\u00e8me de soins de la neurod\u00e9g\u00e9n\u00e9rescence dans les r\u00e9gions prioritaires pour les personnes atteintes de neurod\u00e9g\u00e9n\u00e9rescence et leurs partenaires de soins. Nous le ferons en analysant les donn\u00e9es sur les rencontres de sant\u00e9 (\u00e9galement appel\u00e9es donn\u00e9es administratives sur la sant\u00e9) qui sont recueillies syst\u00e9matiquement dans toutes les provinces dans le cadre de la prestation des soins. Nous serons en mesure d\u2019analyser les donn\u00e9es sur chaque personne atteinte de neurod\u00e9g\u00e9n\u00e9rescence dans chaque province. Nous mesurerons \u00e9galement la qualit\u00e9 des services de soins de la neurod\u00e9g\u00e9n\u00e9rescence d\u2019une province \u00e0 l\u2019autre et publierons les r\u00e9sultats. Pendant les quatre ann\u00e9es de la subvention, nous \u00e9tendrons notre \u00e9quipe pour inclure des provinces suppl\u00e9mentaires et des territoires. Dans notre \u00e9quipe, nous formerons \u00e9galement la prochaine g\u00e9n\u00e9ration de chercheurs, nous \u00e9tablirons et renforcerons les liens avec les \u00e9quipes de recherche nationales et internationales et int\u00e9grerons la perspective de personnes atteintes de neurod\u00e9g\u00e9n\u00e9rescence, de leurs partenaires de soins, de prestataires de soins, de responsables politiques et d\u2019autres groupes. Notre objectif g\u00e9n\u00e9ral est d\u2019am\u00e9liorer la qualit\u00e9 de vie de personnes atteintes de neurod\u00e9g\u00e9n\u00e9rescence en nous appuyant sur des preuves opportunes afin de soutenir la planification des soins apport\u00e9s aux Canadiens et \u00e0 leurs familles.<\/p>\n<\/div><\/div><\/div><\/div><\/div><\/div><\/div><\/div><\/div><\/div><\/div><\/div><\/div><div class=\"fusion-fullwidth fullwidth-box fusion-builder-row-6 fusion-flex-container has-pattern-background has-mask-background nonhundred-percent-fullwidth non-hundred-percent-height-scrolling\" style=\"--awb-border-radius-top-left:0px;--awb-border-radius-top-right:0px;--awb-border-radius-bottom-right:0px;--awb-border-radius-bottom-left:0px;--awb-flex-wrap:wrap;\" ><div class=\"fusion-builder-row fusion-row fusion-flex-align-items-flex-start fusion-flex-content-wrap\" style=\"max-width:1456px;margin-left: calc(-4% \/ 2 );margin-right: calc(-4% \/ 2 );\"><div class=\"fusion-layout-column fusion_builder_column fusion-builder-column-7 fusion_builder_column_1_1 1_1 fusion-flex-column fusion-animated\" style=\"--awb-padding-top:72px;--awb-padding-right:72px;--awb-padding-bottom:72px;--awb-padding-left:72px;--awb-padding-right-medium:48px;--awb-padding-left-medium:48px;--awb-padding-top-small:56px;--awb-padding-right-small:24px;--awb-padding-bottom-small:0px;--awb-padding-left-small:24px;--awb-overflow:hidden;--awb-bg-color:var(--awb-color1);--awb-bg-color-hover:var(--awb-color1);--awb-bg-image:linear-gradient(360deg, var(--awb-color3) 0%,rgba(255,255,255,0) 35%);--awb-bg-size:cover;--awb-border-radius:30px 30px 30px 30px;--awb-width-large:100%;--awb-margin-top-large:24px;--awb-spacing-right-large:1.92%;--awb-margin-bottom-large:24px;--awb-spacing-left-large:1.92%;--awb-width-medium:100%;--awb-order-medium:0;--awb-spacing-right-medium:1.92%;--awb-spacing-left-medium:1.92%;--awb-width-small:100%;--awb-order-small:0;--awb-spacing-right-small:1.92%;--awb-spacing-left-small:1.92%;\" data-animationType=\"fadeInDown\" data-animationDuration=\"1.0\" data-animationOffset=\"top-into-view\" data-scroll-devices=\"small-visibility,medium-visibility,large-visibility\"><div class=\"fusion-column-wrapper fusion-column-has-shadow fusion-flex-justify-content-flex-start fusion-content-layout-column\"><div class=\"fusion-image-element \" style=\"text-align:center;--awb-caption-title-font-family:var(--h2_typography-font-family);--awb-caption-title-font-weight:var(--h2_typography-font-weight);--awb-caption-title-font-style:var(--h2_typography-font-style);--awb-caption-title-size:var(--h2_typography-font-size);--awb-caption-title-transform:var(--h2_typography-text-transform);--awb-caption-title-line-height:var(--h2_typography-line-height);--awb-caption-title-letter-spacing:var(--h2_typography-letter-spacing);\"><span class=\" fusion-imageframe imageframe-none imageframe-2 hover-type-none\" style=\"border-radius:30px;\"><img loading=\"lazy\" decoding=\"async\" width=\"2560\" height=\"1100\" title=\"CCNA Phase III logos\" src=\"https:\/\/ccna-ccnv.ca\/wp-content\/uploads\/2025\/10\/CCNA-Phase-III-logos-scaled.jpg\" alt class=\"img-responsive wp-image-16805\" srcset=\"https:\/\/ccna-ccnv.ca\/wp-content\/uploads\/2025\/10\/CCNA-Phase-III-logos-200x86.jpg 200w, https:\/\/ccna-ccnv.ca\/wp-content\/uploads\/2025\/10\/CCNA-Phase-III-logos-400x172.jpg 400w, https:\/\/ccna-ccnv.ca\/wp-content\/uploads\/2025\/10\/CCNA-Phase-III-logos-600x258.jpg 600w, https:\/\/ccna-ccnv.ca\/wp-content\/uploads\/2025\/10\/CCNA-Phase-III-logos-800x344.jpg 800w, https:\/\/ccna-ccnv.ca\/wp-content\/uploads\/2025\/10\/CCNA-Phase-III-logos-1200x516.jpg 1200w, https:\/\/ccna-ccnv.ca\/wp-content\/uploads\/2025\/10\/CCNA-Phase-III-logos-scaled.jpg 2560w\" sizes=\"auto, (max-width: 640px) 100vw, 2560px\" \/><\/span><\/div><div class=\"fusion-title title fusion-title-6 fusion-sep-none fusion-title-center fusion-title-text fusion-title-size-two\" style=\"--awb-text-color:var(--awb-color5);--awb-margin-top:72px;--awb-margin-right:72px;--awb-margin-bottom:24px;--awb-margin-left:72px;\"><h2 class=\"fusion-title-heading title-heading-center fusion-responsive-typography-calculated\" style=\"margin:0;--fontSize:54;line-height:var(--awb-typography1-line-height);\">Merci \u00e0 tous nos partenaires!<\/h2><\/div><\/div><\/div><\/div><\/div><div class=\"fusion-fullwidth fullwidth-box fusion-builder-row-7 fusion-flex-container has-pattern-background has-mask-background nonhundred-percent-fullwidth non-hundred-percent-height-scrolling\" style=\"--awb-border-radius-top-left:0px;--awb-border-radius-top-right:0px;--awb-border-radius-bottom-right:0px;--awb-border-radius-bottom-left:0px;--awb-padding-bottom:56px;--awb-padding-right-small:16px;--awb-padding-bottom-small:24px;--awb-padding-left-small:16px;--awb-flex-wrap:wrap;\" ><div class=\"fusion-builder-row fusion-row fusion-flex-align-items-flex-end fusion-flex-justify-content-center fusion-flex-content-wrap\" style=\"max-width:1456px;margin-left: calc(-4% \/ 2 );margin-right: calc(-4% \/ 2 );\"><div class=\"fusion-layout-column fusion_builder_column fusion-builder-column-8 fusion_builder_column_1_1 1_1 fusion-flex-column fusion-animated\" style=\"--awb-padding-right:72px;--awb-padding-left:24px;--awb-padding-right-medium:48px;--awb-padding-left-medium:48px;--awb-padding-top-small:56px;--awb-padding-right-small:24px;--awb-padding-left-small:24px;--awb-overflow:hidden;--awb-bg-color:var(--awb-color3);--awb-bg-color-hover:var(--awb-color3);--awb-bg-size:cover;--awb-border-radius:30px 30px 30px 30px;--awb-width-large:100%;--awb-margin-top-large:0px;--awb-spacing-right-large:1.92%;--awb-margin-bottom-large:0px;--awb-spacing-left-large:1.92%;--awb-width-medium:100%;--awb-order-medium:0;--awb-spacing-right-medium:1.92%;--awb-spacing-left-medium:1.92%;--awb-width-small:100%;--awb-order-small:0;--awb-spacing-right-small:1.92%;--awb-spacing-left-small:1.92%;\" data-animationType=\"fadeInDown\" data-animationDuration=\"1.0\" data-animationOffset=\"top-into-view\"><div class=\"fusion-column-wrapper fusion-column-has-shadow fusion-flex-justify-content-flex-start fusion-content-layout-column\"><div class=\"fusion-builder-row fusion-builder-row-inner fusion-row fusion-flex-align-items-flex-end fusion-flex-justify-content-center fusion-flex-content-wrap\" style=\"width:104% !important;max-width:104% !important;margin-left: calc(-4% \/ 2 );margin-right: calc(-4% \/ 2 );\"><div class=\"fusion-layout-column fusion_builder_column_inner fusion-builder-nested-column-16 fusion_builder_column_inner_1_2 1_2 fusion-flex-column fusion-animated\" style=\"--awb-padding-right:24px;--awb-bg-size:cover;--awb-width-large:50%;--awb-margin-top-large:48px;--awb-spacing-right-large:3.84%;--awb-margin-bottom-large:0px;--awb-spacing-left-large:3.84%;--awb-width-medium:100%;--awb-order-medium:1;--awb-spacing-right-medium:1.92%;--awb-spacing-left-medium:1.92%;--awb-width-small:100%;--awb-order-small:1;--awb-margin-top-small:56px;--awb-spacing-right-small:1.92%;--awb-spacing-left-small:1.92%;\" data-animationType=\"fadeInDown\" data-animationDuration=\"1.0\" data-animationDelay=\"0.6\" data-animationOffset=\"top-into-view\"><div class=\"fusion-column-wrapper fusion-column-has-shadow fusion-flex-justify-content-flex-start fusion-content-layout-column\"><div class=\"fusion-image-element \" style=\"--awb-caption-title-font-family:var(--h2_typography-font-family);--awb-caption-title-font-weight:var(--h2_typography-font-weight);--awb-caption-title-font-style:var(--h2_typography-font-style);--awb-caption-title-size:var(--h2_typography-font-size);--awb-caption-title-transform:var(--h2_typography-text-transform);--awb-caption-title-line-height:var(--h2_typography-line-height);--awb-caption-title-letter-spacing:var(--h2_typography-letter-spacing);--awb-filter:brightness(100%);--awb-filter-transition:filter 0.3s ease;--awb-filter-hover:brightness(147%);\"><span class=\" fusion-imageframe imageframe-none imageframe-3 hover-type-none\"><img loading=\"lazy\" decoding=\"async\" width=\"1392\" height=\"1064\" title=\"Illustration of elderly people on a park bench\" src=\"https:\/\/ccna-ccnv.ca\/wp-content\/uploads\/2024\/11\/elderly-people-on-a-park-bench-1-1.png\" alt class=\"img-responsive wp-image-2864\" srcset=\"https:\/\/ccna-ccnv.ca\/wp-content\/uploads\/2024\/11\/elderly-people-on-a-park-bench-1-1-200x153.png 200w, https:\/\/ccna-ccnv.ca\/wp-content\/uploads\/2024\/11\/elderly-people-on-a-park-bench-1-1-400x306.png 400w, https:\/\/ccna-ccnv.ca\/wp-content\/uploads\/2024\/11\/elderly-people-on-a-park-bench-1-1-600x459.png 600w, https:\/\/ccna-ccnv.ca\/wp-content\/uploads\/2024\/11\/elderly-people-on-a-park-bench-1-1-800x611.png 800w, https:\/\/ccna-ccnv.ca\/wp-content\/uploads\/2024\/11\/elderly-people-on-a-park-bench-1-1-1200x917.png 1200w, https:\/\/ccna-ccnv.ca\/wp-content\/uploads\/2024\/11\/elderly-people-on-a-park-bench-1-1.png 1392w\" sizes=\"auto, (max-width: 640px) 100vw, 800px\" \/><\/span><\/div><\/div><\/div><div class=\"fusion-layout-column fusion_builder_column_inner fusion-builder-nested-column-17 fusion_builder_column_inner_1_2 1_2 fusion-flex-column fusion-flex-align-self-center fusion-animated\" style=\"--awb-bg-size:cover;--awb-width-large:50%;--awb-margin-top-large:96px;--awb-spacing-right-large:3.84%;--awb-margin-bottom-large:96px;--awb-spacing-left-large:3.84%;--awb-width-medium:100%;--awb-order-medium:0;--awb-spacing-right-medium:1.92%;--awb-margin-bottom-medium:0px;--awb-spacing-left-medium:1.92%;--awb-width-small:100%;--awb-order-small:0;--awb-margin-top-small:0px;--awb-spacing-right-small:1.92%;--awb-spacing-left-small:1.92%;\" data-animationType=\"fadeInDown\" data-animationDuration=\"1.0\" data-animationDelay=\"0.3\" data-animationOffset=\"top-into-view\"><div class=\"fusion-column-wrapper fusion-column-has-shadow fusion-flex-justify-content-flex-start fusion-content-layout-column\"><div class=\"fusion-image-element \" style=\"--awb-margin-bottom:8px;--awb-max-width:250px;--awb-caption-title-font-family:var(--h2_typography-font-family);--awb-caption-title-font-weight:var(--h2_typography-font-weight);--awb-caption-title-font-style:var(--h2_typography-font-style);--awb-caption-title-size:var(--h2_typography-font-size);--awb-caption-title-transform:var(--h2_typography-text-transform);--awb-caption-title-line-height:var(--h2_typography-line-height);--awb-caption-title-letter-spacing:var(--h2_typography-letter-spacing);\"><span class=\" fusion-imageframe imageframe-none imageframe-4 hover-type-none\"><img loading=\"lazy\" decoding=\"async\" width=\"934\" height=\"176\" alt=\"CCNA - CCNV logo\" title=\"logo-ccnv-francais (1)\" src=\"https:\/\/ccna-ccnv.ca\/wp-content\/uploads\/2025\/01\/logo-ccnv-francais-1.png\" class=\"img-responsive wp-image-10751\" srcset=\"https:\/\/ccna-ccnv.ca\/wp-content\/uploads\/2025\/01\/logo-ccnv-francais-1-200x38.png 200w, https:\/\/ccna-ccnv.ca\/wp-content\/uploads\/2025\/01\/logo-ccnv-francais-1-400x75.png 400w, https:\/\/ccna-ccnv.ca\/wp-content\/uploads\/2025\/01\/logo-ccnv-francais-1-600x113.png 600w, https:\/\/ccna-ccnv.ca\/wp-content\/uploads\/2025\/01\/logo-ccnv-francais-1-800x151.png 800w, https:\/\/ccna-ccnv.ca\/wp-content\/uploads\/2025\/01\/logo-ccnv-francais-1.png 934w\" sizes=\"auto, (max-width: 640px) 100vw, 800px\" \/><\/span><\/div><div class=\"fusion-title title fusion-title-7 fusion-sep-none fusion-title-text fusion-title-size-three\" style=\"--awb-margin-bottom:24px;--awb-margin-bottom-small:24px;\"><h3 class=\"fusion-title-heading title-heading-left fusion-responsive-typography-calculated\" style=\"margin:0;--fontSize:40;line-height:var(--awb-typography1-line-height);\">Recevez les <strong>derni\u00e8res nouvelles<\/strong><\/h3><\/div><div class=\"fusion-text fusion-text-34\"><p>Suivez les derniers d\u00e9veloppements de la recherche au sein du CCNA-CCNV. Notre section \u00abNouvelles\u00bb fournit des informations sur les \u00e9tudes, les avanc\u00e9es et les principaux r\u00e9sultats de la recherche en mati\u00e8re de sant\u00e9 c\u00e9r\u00e9brale.<\/p>\n<\/div><div class=\"fusion-form fusion-form-builder fusion-form-form-wrapper fusion-form-10046\" style=\"--awb-tooltip-text-color:#ffffff;--awb-tooltip-background-color:#333333;--awb-field-margin-top:8px;--awb-field-margin-bottom:8px;--awb-form-input-height:47.59px;--awb-form-font-size:19px;--awb-form-border-color:var(--awb-color1);--awb-form-border-radius:50px;\" data-form-id=\"10046\" data-config=\"{&quot;form_id&quot;:10046,&quot;form_post_id&quot;:10046,&quot;post_id&quot;:10520,&quot;form_type&quot;:&quot;ajax&quot;,&quot;confirmation_type&quot;:&quot;message&quot;,&quot;redirect_url&quot;:&quot;&quot;,&quot;field_labels&quot;:{&quot;email_address&quot;:&quot;&quot;,&quot;sign_up_for_our_newsletter&quot;:&quot;&quot;},&quot;field_logics&quot;:{&quot;email_address&quot;:&quot;&quot;,&quot;sign_up_for_our_newsletter&quot;:&quot;&quot;,&quot;notice_1&quot;:&quot;&quot;},&quot;field_types&quot;:{&quot;email_address&quot;:&quot;email&quot;,&quot;submit_1&quot;:&quot;submit&quot;,&quot;sign_up_for_our_newsletter&quot;:&quot;consent&quot;,&quot;notice_1&quot;:&quot;notice&quot;,&quot;recaptcha_1&quot;:&quot;recaptcha&quot;},&quot;nonce_method&quot;:&quot;ajax&quot;}\"><form action=\"https:\/\/ccna-ccnv.ca\/fr\/phase-3-recherche\/\" method=\"post\" class=\"fusion-form fusion-form-10046\"><div class=\"fusion-fullwidth fullwidth-box fusion-builder-row-7-1 fusion-flex-container has-pattern-background has-mask-background nonhundred-percent-fullwidth non-hundred-percent-height-scrolling\" style=\"--awb-border-radius-top-left:0px;--awb-border-radius-top-right:0px;--awb-border-radius-bottom-right:0px;--awb-border-radius-bottom-left:0px;--awb-flex-wrap:wrap;\" ><div class=\"fusion-builder-row fusion-row fusion-flex-align-items-flex-start fusion-flex-content-wrap\" style=\"width:calc( 100% + 8px ) !important;max-width:calc( 100% + 8px ) !important;margin-left: calc(-8px \/ 2 );margin-right: calc(-8px \/ 2 );\"><div class=\"fusion-layout-column fusion_builder_column fusion-builder-column-9 fusion_builder_column_3_5 3_5 fusion-flex-column\" style=\"--awb-bg-size:cover;--awb-width-large:60%;--awb-margin-top-large:0px;--awb-spacing-right-large:4px;--awb-margin-bottom-large:0px;--awb-spacing-left-large:4px;--awb-width-medium:60%;--awb-order-medium:0;--awb-spacing-right-medium:4px;--awb-spacing-left-medium:4px;--awb-width-small:100%;--awb-order-small:0;--awb-spacing-right-small:4px;--awb-spacing-left-small:4px;\"><div class=\"fusion-column-wrapper fusion-column-has-shadow fusion-flex-justify-content-flex-start fusion-content-layout-column\"><div class=\"fusion-form-field fusion-form-email-field fusion-form-label-above\" style=\"\" data-form-id=\"10046\"><input type=\"email\" autocomplete=\"off\" name=\"email_address\" id=\"email_address\" value=\"\"  class=\"fusion-form-input\" required=\"true\" aria-required=\"true\" placeholder=\"Inscrivez votre courriel ici... *\" data-holds-private-data=\"false\"\/><\/div><\/div><\/div><div class=\"fusion-layout-column fusion_builder_column fusion-builder-column-10 fusion-flex-column\" style=\"--awb-bg-size:cover;--awb-width-large:auto;--awb-margin-top-large:0px;--awb-spacing-right-large:4px;--awb-margin-bottom-large:0px;--awb-spacing-left-large:4px;--awb-width-medium:auto;--awb-order-medium:0;--awb-spacing-right-medium:4px;--awb-spacing-left-medium:4px;--awb-width-small:100%;--awb-order-small:0;--awb-spacing-right-small:4px;--awb-spacing-left-small:4px;\"><div class=\"fusion-column-wrapper fusion-column-has-shadow fusion-flex-justify-content-flex-start fusion-content-layout-column\"><div class=\"fusion-form-field fusion-form-submit-field fusion-form-label-above\" style=\"\" data-form-id=\"10046\"><div style=\"text-align:center;\"><button type=\"submit\" class=\"fusion-button button-flat fusion-button-default-size button-default fusion-button-default button-1 fusion-button-span-yes  form-form-submit button-default\" data-hover=\"bg_slide_right\" data-form-number=\"10046\" tabindex=\"\"><span class=\"fusion-button-text awb-button__text awb-button__text--default\">S'inscrire<\/span><\/button><\/div><\/div><\/div><\/div><div class=\"fusion-layout-column fusion_builder_column fusion-builder-column-11 fusion_builder_column_1_1 1_1 fusion-flex-column\" style=\"--awb-bg-size:cover;--awb-width-large:100%;--awb-margin-top-large:0px;--awb-spacing-right-large:4px;--awb-margin-bottom-large:0px;--awb-spacing-left-large:4px;--awb-width-medium:100%;--awb-order-medium:0;--awb-spacing-right-medium:4px;--awb-spacing-left-medium:4px;--awb-width-small:100%;--awb-order-small:0;--awb-spacing-right-small:4px;--awb-spacing-left-small:4px;\"><div class=\"fusion-column-wrapper fusion-column-has-shadow fusion-flex-justify-content-flex-start fusion-content-layout-column\"><div class=\"fusion-form-field fusion-form-consent-field fusion-form-label-above\" style=\"\" data-form-id=\"10046\"><div class=\"fusion-form-checkbox option-inline\"><input tabindex=\"\" id=\"sign_up_for_our_newsletter\" type=\"checkbox\" value=\"1\" name=\"sign_up_for_our_newsletter\" class=\"fusion-form-input\" checked \/><label for=\"sign_up_for_our_newsletter\">J'accepte de recevoir le bulletin mensuel et autres nouvelles du CCNV<\/label><\/div><\/div><div class=\"form-submission-notices data-notice_1\" id=\"fusion-notices-1\"><div class=\"fusion-alert alert success alert-success fusion-alert-center fusion-form-response fusion-form-response-success awb-alert-native-link-color alert-dismissable awb-alert-close-boxed\" role=\"alert\"><div class=\"fusion-alert-content-wrapper\"><span class=\"alert-icon\"><i class=\"awb-icon-check-circle\" aria-hidden=\"true\"><\/i><\/span><span class=\"fusion-alert-content\">Merci pour votre inscription!<\/span><\/div><button type=\"button\" class=\"close toggle-alert\" data-dismiss=\"alert\" aria-label=\"Close\">&times;<\/button><\/div><div class=\"fusion-alert alert error alert-danger fusion-alert-center fusion-form-response fusion-form-response-error awb-alert-native-link-color alert-dismissable awb-alert-close-boxed\" role=\"alert\"><div class=\"fusion-alert-content-wrapper\"><span class=\"alert-icon\"><i class=\"awb-icon-exclamation-triangle\" aria-hidden=\"true\"><\/i><\/span><span class=\"fusion-alert-content\">Une erreur s'est produite.<\/span><\/div><button type=\"button\" class=\"close toggle-alert\" data-dismiss=\"alert\" aria-label=\"Close\">&times;<\/button><\/div><\/div><div class=\"fusion-form-field fusion-form-recaptcha-field fusion-form-label-above\" style=\"\" data-form-id=\"10046\">\t\t\t\t<div class=\"form-creator-recaptcha\" >\n\t\t\t\t\t\t\t\t\t\t\t\t\t\t\t\t\t\t\t\t\t\t\t\t<div\n\t\t\t\t\t\t\tid=\"g-recaptcha-id-form-10046\"\n\t\t\t\t\t\t\tclass=\"fusion-form-recaptcha-v3 recaptcha-container  fusion-form-hide-recaptcha-badge\"\n\t\t\t\t\t\t\tdata-sitekey=\"6LcbJMkqAAAAACM-seOcbNddveEj9yyKLdgYnn-0\"\n\t\t\t\t\t\t\tdata-badge=\"hide\">\n\t\t\t\t\t\t<\/div>\n\t\t\t\t\t\t<input\n\t\t\t\t\t\t\ttype=\"hidden\"\n\t\t\t\t\t\t\tname=\"fusion-form-recaptcha-response\"\n\t\t\t\t\t\t\tclass=\"g-recaptcha-response\"\n\t\t\t\t\t\t\tid=\"fusion-form-recaptcha-response-10046\"\n\t\t\t\t\t\t\tvalue=\"\">\n\t\t\t\t\t\t\t\t\t\t\t\t\t\t\t<\/div>\n\t\t\t\t<\/div><\/div><\/div><\/div><\/div><input type=\"hidden\" name=\"fusion_privacy_store_ip_ua\" value=\"false\"><input type=\"hidden\" name=\"fusion_privacy_expiration_interval\" value=\"48\"><input type=\"hidden\" name=\"privacy_expiration_action\" value=\"anonymize\"><\/form><\/div><\/div><\/div><\/div><\/div><\/div><\/div><\/div>\n<\/p>\n","protected":false},"excerpt":{"rendered":"","protected":false},"author":11,"featured_media":0,"parent":0,"menu_order":0,"comment_status":"closed","ping_status":"closed","template":"100-width.php","meta":{"_acf_changed":false,"footnotes":""},"class_list":["post-10520","page","type-page","status-publish","hentry"],"acf":[],"yoast_head":"<!-- This site is optimized with the Yoast SEO plugin v25.8 - https:\/\/yoast.com\/wordpress\/plugins\/seo\/ -->\n<title>La Phase III du CCNV en bref - CCNA - CCNV<\/title>\n<meta name=\"robots\" content=\"index, follow, max-snippet:-1, max-image-preview:large, max-video-preview:-1\" \/>\n<link rel=\"canonical\" href=\"https:\/\/ccna-ccnv.ca\/fr\/phase-3-recherche\/\" \/>\n<meta property=\"og:locale\" content=\"fr_CA\" \/>\n<meta property=\"og:type\" content=\"article\" \/>\n<meta property=\"og:title\" content=\"La Phase III du CCNV en bref - CCNA - CCNV\" \/>\n<meta property=\"og:url\" content=\"https:\/\/ccna-ccnv.ca\/fr\/phase-3-recherche\/\" \/>\n<meta property=\"og:site_name\" content=\"CCNA - CCNV\" \/>\n<meta property=\"article:modified_time\" content=\"2025-11-07T14:40:42+00:00\" \/>\n<meta property=\"og:image\" content=\"https:\/\/ccna-ccnv.ca\/wp-content\/uploads\/2025\/01\/CCNA.jpg\" \/>\n\t<meta property=\"og:image:width\" content=\"1200\" \/>\n\t<meta property=\"og:image:height\" content=\"675\" \/>\n\t<meta property=\"og:image:type\" content=\"image\/jpeg\" \/>\n<meta name=\"twitter:card\" content=\"summary_large_image\" \/>\n<meta name=\"twitter:label1\" content=\"Estimation du temps de lecture\" \/>\n\t<meta name=\"twitter:data1\" content=\"28 minutes\" \/>\n<script type=\"application\/ld+json\" class=\"yoast-schema-graph\">{\"@context\":\"https:\/\/schema.org\",\"@graph\":[{\"@type\":\"WebPage\",\"@id\":\"https:\/\/ccna-ccnv.ca\/fr\/phase-3-recherche\/\",\"url\":\"https:\/\/ccna-ccnv.ca\/fr\/phase-3-recherche\/\",\"name\":\"La Phase III du CCNV en bref - CCNA - CCNV\",\"isPartOf\":{\"@id\":\"https:\/\/ccna-ccnv.ca\/fr\/#website\"},\"datePublished\":\"2024-12-18T13:57:22+00:00\",\"dateModified\":\"2025-11-07T14:40:42+00:00\",\"breadcrumb\":{\"@id\":\"https:\/\/ccna-ccnv.ca\/fr\/phase-3-recherche\/#breadcrumb\"},\"inLanguage\":\"fr-CA\",\"potentialAction\":[{\"@type\":\"ReadAction\",\"target\":[\"https:\/\/ccna-ccnv.ca\/fr\/phase-3-recherche\/\"]}]},{\"@type\":\"BreadcrumbList\",\"@id\":\"https:\/\/ccna-ccnv.ca\/fr\/phase-3-recherche\/#breadcrumb\",\"itemListElement\":[{\"@type\":\"ListItem\",\"position\":1,\"name\":\"Home\",\"item\":\"https:\/\/ccna-ccnv.ca\/fr\/\"},{\"@type\":\"ListItem\",\"position\":2,\"name\":\"La Phase III du CCNV en bref\"}]},{\"@type\":\"WebSite\",\"@id\":\"https:\/\/ccna-ccnv.ca\/fr\/#website\",\"url\":\"https:\/\/ccna-ccnv.ca\/fr\/\",\"name\":\"Canadian Consortium on Neurodegeneration in Aging\",\"description\":\"\",\"publisher\":{\"@id\":\"https:\/\/ccna-ccnv.ca\/fr\/#organization\"},\"alternateName\":\"CCNA - CCNV\",\"potentialAction\":[{\"@type\":\"SearchAction\",\"target\":{\"@type\":\"EntryPoint\",\"urlTemplate\":\"https:\/\/ccna-ccnv.ca\/fr\/?s={search_term_string}\"},\"query-input\":{\"@type\":\"PropertyValueSpecification\",\"valueRequired\":true,\"valueName\":\"search_term_string\"}}],\"inLanguage\":\"fr-CA\"},{\"@type\":\"Organization\",\"@id\":\"https:\/\/ccna-ccnv.ca\/fr\/#organization\",\"name\":\"Canadian Consortium on Neurodegeneration in Aging\",\"alternateName\":\"CCNA - CCNV\",\"url\":\"https:\/\/ccna-ccnv.ca\/fr\/\",\"logo\":{\"@type\":\"ImageObject\",\"inLanguage\":\"fr-CA\",\"@id\":\"https:\/\/ccna-ccnv.ca\/fr\/#\/schema\/logo\/image\/\",\"url\":\"https:\/\/ccna-ccnv.ca\/wp-content\/uploads\/2025\/01\/ccna-logo-on-white-background.jpg\",\"contentUrl\":\"https:\/\/ccna-ccnv.ca\/wp-content\/uploads\/2025\/01\/ccna-logo-on-white-background.jpg\",\"width\":696,\"height\":696,\"caption\":\"Canadian Consortium on Neurodegeneration in Aging\"},\"image\":{\"@id\":\"https:\/\/ccna-ccnv.ca\/fr\/#\/schema\/logo\/image\/\"}}]}<\/script>\n<!-- \/ Yoast SEO plugin. -->","yoast_head_json":{"title":"La Phase III du CCNV en bref - CCNA - CCNV","robots":{"index":"index","follow":"follow","max-snippet":"max-snippet:-1","max-image-preview":"max-image-preview:large","max-video-preview":"max-video-preview:-1"},"canonical":"https:\/\/ccna-ccnv.ca\/fr\/phase-3-recherche\/","og_locale":"fr_CA","og_type":"article","og_title":"La Phase III du CCNV en bref - CCNA - CCNV","og_url":"https:\/\/ccna-ccnv.ca\/fr\/phase-3-recherche\/","og_site_name":"CCNA - CCNV","article_modified_time":"2025-11-07T14:40:42+00:00","og_image":[{"width":1200,"height":675,"url":"https:\/\/ccna-ccnv.ca\/wp-content\/uploads\/2025\/01\/CCNA.jpg","type":"image\/jpeg"}],"twitter_card":"summary_large_image","twitter_misc":{"Estimation du temps de lecture":"28 minutes"},"schema":{"@context":"https:\/\/schema.org","@graph":[{"@type":"WebPage","@id":"https:\/\/ccna-ccnv.ca\/fr\/phase-3-recherche\/","url":"https:\/\/ccna-ccnv.ca\/fr\/phase-3-recherche\/","name":"La Phase III du CCNV en bref - CCNA - CCNV","isPartOf":{"@id":"https:\/\/ccna-ccnv.ca\/fr\/#website"},"datePublished":"2024-12-18T13:57:22+00:00","dateModified":"2025-11-07T14:40:42+00:00","breadcrumb":{"@id":"https:\/\/ccna-ccnv.ca\/fr\/phase-3-recherche\/#breadcrumb"},"inLanguage":"fr-CA","potentialAction":[{"@type":"ReadAction","target":["https:\/\/ccna-ccnv.ca\/fr\/phase-3-recherche\/"]}]},{"@type":"BreadcrumbList","@id":"https:\/\/ccna-ccnv.ca\/fr\/phase-3-recherche\/#breadcrumb","itemListElement":[{"@type":"ListItem","position":1,"name":"Home","item":"https:\/\/ccna-ccnv.ca\/fr\/"},{"@type":"ListItem","position":2,"name":"La Phase III du CCNV en bref"}]},{"@type":"WebSite","@id":"https:\/\/ccna-ccnv.ca\/fr\/#website","url":"https:\/\/ccna-ccnv.ca\/fr\/","name":"Canadian Consortium on Neurodegeneration in Aging","description":"","publisher":{"@id":"https:\/\/ccna-ccnv.ca\/fr\/#organization"},"alternateName":"CCNA - CCNV","potentialAction":[{"@type":"SearchAction","target":{"@type":"EntryPoint","urlTemplate":"https:\/\/ccna-ccnv.ca\/fr\/?s={search_term_string}"},"query-input":{"@type":"PropertyValueSpecification","valueRequired":true,"valueName":"search_term_string"}}],"inLanguage":"fr-CA"},{"@type":"Organization","@id":"https:\/\/ccna-ccnv.ca\/fr\/#organization","name":"Canadian Consortium on Neurodegeneration in Aging","alternateName":"CCNA - CCNV","url":"https:\/\/ccna-ccnv.ca\/fr\/","logo":{"@type":"ImageObject","inLanguage":"fr-CA","@id":"https:\/\/ccna-ccnv.ca\/fr\/#\/schema\/logo\/image\/","url":"https:\/\/ccna-ccnv.ca\/wp-content\/uploads\/2025\/01\/ccna-logo-on-white-background.jpg","contentUrl":"https:\/\/ccna-ccnv.ca\/wp-content\/uploads\/2025\/01\/ccna-logo-on-white-background.jpg","width":696,"height":696,"caption":"Canadian Consortium on Neurodegeneration in Aging"},"image":{"@id":"https:\/\/ccna-ccnv.ca\/fr\/#\/schema\/logo\/image\/"}}]}},"_links":{"self":[{"href":"https:\/\/ccna-ccnv.ca\/fr\/wp-json\/wp\/v2\/pages\/10520","targetHints":{"allow":["GET"]}}],"collection":[{"href":"https:\/\/ccna-ccnv.ca\/fr\/wp-json\/wp\/v2\/pages"}],"about":[{"href":"https:\/\/ccna-ccnv.ca\/fr\/wp-json\/wp\/v2\/types\/page"}],"author":[{"embeddable":true,"href":"https:\/\/ccna-ccnv.ca\/fr\/wp-json\/wp\/v2\/users\/11"}],"replies":[{"embeddable":true,"href":"https:\/\/ccna-ccnv.ca\/fr\/wp-json\/wp\/v2\/comments?post=10520"}],"version-history":[{"count":28,"href":"https:\/\/ccna-ccnv.ca\/fr\/wp-json\/wp\/v2\/pages\/10520\/revisions"}],"predecessor-version":[{"id":17145,"href":"https:\/\/ccna-ccnv.ca\/fr\/wp-json\/wp\/v2\/pages\/10520\/revisions\/17145"}],"wp:attachment":[{"href":"https:\/\/ccna-ccnv.ca\/fr\/wp-json\/wp\/v2\/media?parent=10520"}],"curies":[{"name":"wp","href":"https:\/\/api.w.org\/{rel}","templated":true}]}}