{"id":10769,"date":"2024-12-16T13:28:23","date_gmt":"2024-12-16T18:28:23","guid":{"rendered":"https:\/\/ccna-ccnv.ca\/phase-1-recherche\/"},"modified":"2025-12-01T12:26:35","modified_gmt":"2025-12-01T17:26:35","slug":"phase-1-recherche","status":"publish","type":"page","link":"https:\/\/ccna-ccnv.ca\/fr\/phase-1-recherche\/","title":{"rendered":"La phase I du CCNV (2014-2019)"},"content":{"rendered":"<p><div id=\"comit\u00e9-ex\u00e9cutif-de-la-recherche\" class=\"fusion-container-anchor\"><div class=\"fusion-fullwidth fullwidth-box fusion-builder-row-1 fusion-flex-container has-pattern-background has-mask-background nonhundred-percent-fullwidth non-hundred-percent-height-scrolling\" style=\"--link_hover_color: var(--awb-color5);--link_color: var(--awb-color5);--awb-border-radius-top-left:0px;--awb-border-radius-top-right:0px;--awb-border-radius-bottom-right:0px;--awb-border-radius-bottom-left:0px;--awb-padding-top:96px;--awb-padding-bottom:96px;--awb-padding-top-small:56px;--awb-padding-right-small:16px;--awb-padding-bottom-small:56px;--awb-padding-left-small:16px;--awb-flex-wrap:wrap;\" ><div class=\"fusion-builder-row fusion-row fusion-flex-align-items-flex-start fusion-flex-justify-content-center fusion-flex-content-wrap\" style=\"max-width:calc( 1400px + 24px );margin-left: calc(-24px \/ 2 );margin-right: calc(-24px \/ 2 );\"><div class=\"fusion-layout-column fusion_builder_column fusion-builder-column-0 fusion_builder_column_1_1 1_1 fusion-flex-column fusion-flex-align-self-center fusion-animated\" style=\"--awb-padding-right-small:14px;--awb-padding-left-small:14px;--awb-bg-size:cover;--awb-width-large:100%;--awb-margin-top-large:0px;--awb-spacing-right-large:12px;--awb-margin-bottom-large:48px;--awb-spacing-left-large:12px;--awb-width-medium:100%;--awb-order-medium:0;--awb-spacing-right-medium:12px;--awb-spacing-left-medium:12px;--awb-width-small:100%;--awb-order-small:0;--awb-spacing-right-small:12px;--awb-spacing-left-small:12px;\" data-animationType=\"fadeInDown\" data-animationDuration=\"1.0\" data-animationOffset=\"top-into-view\"><div class=\"fusion-column-wrapper fusion-column-has-shadow fusion-flex-justify-content-flex-start fusion-content-layout-column\"><div class=\"fusion-title title fusion-title-1 fusion-sep-none fusion-title-text fusion-title-size-two fusion-animated\" style=\"--awb-margin-bottom:24px;--awb-margin-bottom-small:24px;\" data-animationType=\"fadeInDown\" data-animationDuration=\"1.0\" data-animationOffset=\"top-into-view\"><h2 class=\"fusion-title-heading title-heading-left fusion-responsive-typography-calculated\" style=\"margin:0;text-transform:var(--awb-typography2-text-transform);--fontSize:54;line-height:var(--awb-typography1-line-height);\">Th\u00e8me 1 : <strong><span class=\"highlight-text\">Pr\u00e9vention<\/span><\/strong><\/h2><\/div><div class=\"fusion-title title fusion-title-2 fusion-sep-none fusion-title-text fusion-title-size-three fusion-animated\" data-animationType=\"fadeInDown\" data-animationDuration=\"1.0\" data-animationOffset=\"top-into-view\"><h3 class=\"fusion-title-heading title-heading-left fusion-responsive-typography-calculated\" style=\"margin:0;text-transform:var(--awb-typography2-text-transform);--fontSize:40;line-height:var(--awb-typography1-line-height);\">Aide \u00e0 pr\u00e9venir l\u2019apparition de la maladie<\/h3><\/div><\/div><\/div><div class=\"fusion-layout-column fusion_builder_column fusion-builder-column-1 fusion_builder_column_1_2 1_2 fusion-flex-column fusion-flex-align-self-stretch fusion-animated\" style=\"--awb-padding-top:48px;--awb-padding-right:48px;--awb-padding-bottom:48px;--awb-padding-left:48px;--awb-padding-right-small:24px;--awb-padding-left-small:24px;--awb-overflow:hidden;--awb-bg-size:cover;--awb-border-color:hsla(var(--awb-color8-h),var(--awb-color8-s),var(--awb-color8-l),calc(var(--awb-color8-a) - 75%));--awb-border-top:1px;--awb-border-right:1px;--awb-border-bottom:1px;--awb-border-left:1px;--awb-border-style:solid;--awb-border-radius:30px 30px 30px 30px;--awb-transform:scaleX(1) scaleY(1);--awb-transform-hover:scaleX(1.05) scaleY(1.05);--awb-width-large:50%;--awb-margin-top-large:0px;--awb-spacing-right-large:12px;--awb-margin-bottom-large:0px;--awb-spacing-left-large:12px;--awb-width-medium:100%;--awb-order-medium:0;--awb-spacing-right-medium:12px;--awb-spacing-left-medium:12px;--awb-width-small:100%;--awb-order-small:0;--awb-spacing-right-small:12px;--awb-spacing-left-small:12px;\" data-animationType=\"fadeInDown\" data-animationDuration=\"1.0\" data-animationDelay=\"0.6\" data-animationOffset=\"top-into-view\"><div class=\"fusion-column-wrapper fusion-column-has-shadow fusion-flex-justify-content-flex-start fusion-content-layout-column\"><div class=\"fusion-text fusion-text-1 fusion-animated\" style=\"--awb-text-color:var(--awb-color5);\" data-animationType=\"fadeInDown\" data-animationDuration=\"1.0\" data-animationDelay=\"0.3\" data-animationOffset=\"top-into-view\"><p>\u00c9quipe no. 1:\u00a0<strong>L\u2019\u00e9quipe sur la g\u00e9n\u00e9tique clinique et la d\u00e9couverte de g\u00e8nes<\/strong><\/p>\n<\/div><div class=\"fusion-text fusion-text-2 fusion-text-no-margin\" style=\"--awb-margin-bottom:8px;\"><p>Dirig\u00e9e par le docteur <strong><a href=\"http:\/\/tanz.med.utoronto.ca\/profile\/peter-st-george-hyslop-director\" target=\"_blank\" rel=\"noopener noreferrer\" class=\"broken_link\">Peter St-George-Hyslop<\/a><\/strong><\/p>\n<\/div><div class=\"fusion-separator fusion-full-width-sep\" style=\"align-self: center;margin-left: auto;margin-right: auto;flex-grow:1;width:100%;\"><\/div><div class=\"accordian fusion-accordian\" style=\"--awb-border-size:1px;--awb-icon-size:16px;--awb-content-font-size:var(--awb-typography5-font-size);--awb-content-letter-spacing:var(--awb-typography5-letter-spacing);--awb-content-line-height:var(--awb-typography5-line-height);--awb-icon-alignment:left;--awb-hover-color:var(--awb-color2);--awb-border-color:var(--awb-color3);--awb-background-color:var(--awb-color1);--awb-divider-color:var(--awb-color3);--awb-divider-hover-color:var(--awb-color3);--awb-icon-color:var(--awb-color1);--awb-title-color:var(--awb-color4);--awb-content-color:var(--awb-color6);--awb-icon-box-color:var(--awb-color4);--awb-toggle-hover-accent-color:var(--awb-color4);--awb-toggle-active-accent-color:var(--awb-color4);--awb-title-font-family:var(--awb-typography1-font-family);--awb-title-font-weight:var(--awb-typography1-font-weight);--awb-title-font-style:var(--awb-typography1-font-style);--awb-title-font-size:var(--awb-typography5-font-size);--awb-title-letter-spacing:var(--awb-typography5-letter-spacing);--awb-title-line-height:var(--awb-typography5-line-height);--awb-content-font-family:var(--awb-typography4-font-family);--awb-content-font-weight:var(--awb-typography4-font-weight);--awb-content-font-style:var(--awb-typography4-font-style);\"><div class=\"panel-group fusion-toggle-icon-boxed\" id=\"accordion-10769-1\"><div class=\"fusion-panel panel-default panel-8f012c96dfd574c0b fusion-toggle-no-divider\"><div class=\"panel-heading\"><div class=\"panel-title toggle\" id=\"toggle_8f012c96dfd574c0b\"><a aria-expanded=\"false\" aria-controls=\"8f012c96dfd574c0b\" role=\"button\" data-toggle=\"collapse\" data-parent=\"#accordion-10769-1\" data-target=\"#8f012c96dfd574c0b\" href=\"#8f012c96dfd574c0b\"><span class=\"fusion-toggle-icon-wrapper\" aria-hidden=\"true\"><i class=\"fa-fusion-box active-icon awb-icon-minus\" aria-hidden=\"true\"><\/i><i class=\"fa-fusion-box inactive-icon awb-icon-plus\" aria-hidden=\"true\"><\/i><\/span><span class=\"fusion-toggle-heading\">En savoir plus<\/span><\/a><\/div><\/div><div id=\"8f012c96dfd574c0b\" class=\"panel-collapse collapse \" aria-labelledby=\"toggle_8f012c96dfd574c0b\"><div class=\"panel-body toggle-content fusion-clearfix\">\n<p>Dirig\u00e9e par le docteur <strong><a href=\"http:\/\/tanz.med.utoronto.ca\/profile\/peter-st-george-hyslop-director\" target=\"_blank\" rel=\"noopener noreferrer\" class=\"broken_link\">Peter St-George-Hyslop<\/a><\/strong>, dont le laboratoire a d\u00e9couvert\u00a0 plus de neuf nouveaux g\u00e8nes associ\u00e9s \u00e0 la maladie d\u2019Alzheimer.<\/p>\n<\/div><\/div><\/div><\/div><\/div><\/div><\/div><div class=\"fusion-layout-column fusion_builder_column fusion-builder-column-2 fusion_builder_column_1_2 1_2 fusion-flex-column fusion-flex-align-self-stretch fusion-animated\" style=\"--awb-padding-top:48px;--awb-padding-right:48px;--awb-padding-bottom:48px;--awb-padding-left:48px;--awb-padding-right-small:24px;--awb-padding-left-small:24px;--awb-overflow:hidden;--awb-bg-size:cover;--awb-border-color:hsla(var(--awb-color8-h),var(--awb-color8-s),var(--awb-color8-l),calc(var(--awb-color8-a) - 75%));--awb-border-top:1px;--awb-border-right:1px;--awb-border-bottom:1px;--awb-border-left:1px;--awb-border-style:solid;--awb-border-radius:30px 30px 30px 30px;--awb-transform:scaleX(1) scaleY(1);--awb-transform-hover:scaleX(1.05) scaleY(1.05);--awb-width-large:50%;--awb-margin-top-large:0px;--awb-spacing-right-large:12px;--awb-margin-bottom-large:0px;--awb-spacing-left-large:12px;--awb-width-medium:100%;--awb-order-medium:0;--awb-margin-top-medium:24px;--awb-spacing-right-medium:12px;--awb-spacing-left-medium:12px;--awb-width-small:100%;--awb-order-small:0;--awb-margin-top-small:24px;--awb-spacing-right-small:12px;--awb-spacing-left-small:12px;\" data-animationType=\"fadeInDown\" data-animationDuration=\"1.0\" data-animationDelay=\"0.6\" data-animationOffset=\"top-into-view\"><div class=\"fusion-column-wrapper fusion-column-has-shadow fusion-flex-justify-content-flex-start fusion-content-layout-column\"><div class=\"fusion-text fusion-text-3 fusion-animated\" style=\"--awb-text-color:var(--awb-color5);\" data-animationType=\"fadeInDown\" data-animationDuration=\"1.0\" data-animationDelay=\"0.3\" data-animationOffset=\"top-into-view\"><p>\u00c9quipe no. 2:\u00a0<strong>Inflammation et les facteurs de croissance du tissu nerveux<\/strong><\/p>\n<\/div><div class=\"fusion-text fusion-text-4 fusion-text-no-margin\" style=\"--awb-margin-bottom:8px;\"><p>Dirig\u00e9e par le docteur <a href=\"https:\/\/www.cuellolab.com\/\" target=\"_blank\" rel=\"noopener noreferrer\"><strong>Claudio Cuello<\/strong><\/a><\/p>\n<\/div><div class=\"fusion-separator fusion-full-width-sep\" style=\"align-self: center;margin-left: auto;margin-right: auto;flex-grow:1;width:100%;\"><\/div><div class=\"accordian fusion-accordian\" style=\"--awb-border-size:1px;--awb-icon-size:16px;--awb-content-font-size:var(--awb-typography5-font-size);--awb-content-letter-spacing:var(--awb-typography5-letter-spacing);--awb-content-line-height:var(--awb-typography5-line-height);--awb-icon-alignment:left;--awb-hover-color:var(--awb-color2);--awb-border-color:var(--awb-color3);--awb-background-color:var(--awb-color1);--awb-divider-color:var(--awb-color3);--awb-divider-hover-color:var(--awb-color3);--awb-icon-color:var(--awb-color1);--awb-title-color:var(--awb-color4);--awb-content-color:var(--awb-color6);--awb-icon-box-color:var(--awb-color4);--awb-toggle-hover-accent-color:var(--awb-color4);--awb-toggle-active-accent-color:var(--awb-color4);--awb-title-font-family:var(--awb-typography1-font-family);--awb-title-font-weight:var(--awb-typography1-font-weight);--awb-title-font-style:var(--awb-typography1-font-style);--awb-title-font-size:var(--awb-typography5-font-size);--awb-title-letter-spacing:var(--awb-typography5-letter-spacing);--awb-title-line-height:var(--awb-typography5-line-height);--awb-content-font-family:var(--awb-typography4-font-family);--awb-content-font-weight:var(--awb-typography4-font-weight);--awb-content-font-style:var(--awb-typography4-font-style);\"><div class=\"panel-group fusion-toggle-icon-boxed\" id=\"accordion-10769-2\"><div class=\"fusion-panel panel-default panel-eed805a83148b9dbe fusion-toggle-no-divider\"><div class=\"panel-heading\"><div class=\"panel-title toggle\" id=\"toggle_eed805a83148b9dbe\"><a aria-expanded=\"false\" aria-controls=\"eed805a83148b9dbe\" role=\"button\" data-toggle=\"collapse\" data-parent=\"#accordion-10769-2\" data-target=\"#eed805a83148b9dbe\" href=\"#eed805a83148b9dbe\"><span class=\"fusion-toggle-icon-wrapper\" aria-hidden=\"true\"><i class=\"fa-fusion-box active-icon awb-icon-minus\" aria-hidden=\"true\"><\/i><i class=\"fa-fusion-box inactive-icon awb-icon-plus\" aria-hidden=\"true\"><\/i><\/span><span class=\"fusion-toggle-heading\">En savoir plus<\/span><\/a><\/div><\/div><div id=\"eed805a83148b9dbe\" class=\"panel-collapse collapse \" aria-labelledby=\"toggle_eed805a83148b9dbe\"><div class=\"panel-body toggle-content fusion-clearfix\">\n<p>Dirig\u00e9e par le docteur <a href=\"https:\/\/www.cuellolab.com\/\" target=\"_blank\" rel=\"noopener noreferrer\"><strong>Claudio Cuello<\/strong><\/a> et travaille sur les aspects multidisciplinaires de la r\u00e9paration \u00a0et\u00a0du vieillissement du cerveau.<\/p>\n<\/div><\/div><\/div><\/div><\/div><\/div><\/div><div class=\"fusion-layout-column fusion_builder_column fusion-builder-column-3 fusion_builder_column_1_2 1_2 fusion-flex-column fusion-flex-align-self-stretch fusion-animated\" style=\"--awb-padding-top:48px;--awb-padding-right:48px;--awb-padding-bottom:48px;--awb-padding-left:48px;--awb-padding-right-small:24px;--awb-padding-left-small:24px;--awb-overflow:hidden;--awb-bg-size:cover;--awb-border-color:hsla(var(--awb-color8-h),var(--awb-color8-s),var(--awb-color8-l),calc(var(--awb-color8-a) - 75%));--awb-border-top:1px;--awb-border-right:1px;--awb-border-bottom:1px;--awb-border-left:1px;--awb-border-style:solid;--awb-border-radius:30px 30px 30px 30px;--awb-transform:scaleX(1) scaleY(1);--awb-transform-hover:scaleX(1.05) scaleY(1.05);--awb-width-large:50%;--awb-margin-top-large:24px;--awb-spacing-right-large:12px;--awb-margin-bottom-large:0px;--awb-spacing-left-large:12px;--awb-width-medium:100%;--awb-order-medium:0;--awb-spacing-right-medium:12px;--awb-spacing-left-medium:12px;--awb-width-small:100%;--awb-order-small:0;--awb-margin-top-small:24px;--awb-spacing-right-small:12px;--awb-spacing-left-small:12px;\" data-animationType=\"fadeInDown\" data-animationDuration=\"1.0\" data-animationDelay=\"0.6\" data-animationOffset=\"top-into-view\"><div class=\"fusion-column-wrapper fusion-column-has-shadow fusion-flex-justify-content-flex-start fusion-content-layout-column\"><div class=\"fusion-text fusion-text-5 fusion-animated\" style=\"--awb-text-color:var(--awb-color5);\" data-animationType=\"fadeInDown\" data-animationDuration=\"1.0\" data-animationDelay=\"0.3\" data-animationOffset=\"top-into-view\"><p>\u00c9quipe no. 3:\u00a0<strong>Le mauvais repliement des prot\u00e9ines<\/strong><\/p>\n<\/div><div class=\"fusion-text fusion-text-6 fusion-text-no-margin\" style=\"--awb-margin-bottom:8px;\"><p>Dirig\u00e9e par le docteur<a href=\"http:\/\/neuroscience.ubc.ca\/people\/Cashman\" target=\"_blank\" rel=\"noopener noreferrer\"><strong>Neil Cashman<\/strong><\/a><\/p>\n<\/div><div class=\"fusion-separator fusion-full-width-sep\" style=\"align-self: center;margin-left: auto;margin-right: auto;flex-grow:1;width:100%;\"><\/div><div class=\"accordian fusion-accordian\" style=\"--awb-border-size:1px;--awb-icon-size:16px;--awb-content-font-size:var(--awb-typography5-font-size);--awb-content-letter-spacing:var(--awb-typography5-letter-spacing);--awb-content-line-height:var(--awb-typography5-line-height);--awb-icon-alignment:left;--awb-hover-color:var(--awb-color2);--awb-border-color:var(--awb-color3);--awb-background-color:var(--awb-color1);--awb-divider-color:var(--awb-color3);--awb-divider-hover-color:var(--awb-color3);--awb-icon-color:var(--awb-color1);--awb-title-color:var(--awb-color4);--awb-content-color:var(--awb-color6);--awb-icon-box-color:var(--awb-color4);--awb-toggle-hover-accent-color:var(--awb-color4);--awb-toggle-active-accent-color:var(--awb-color4);--awb-title-font-family:var(--awb-typography1-font-family);--awb-title-font-weight:var(--awb-typography1-font-weight);--awb-title-font-style:var(--awb-typography1-font-style);--awb-title-font-size:var(--awb-typography5-font-size);--awb-title-letter-spacing:var(--awb-typography5-letter-spacing);--awb-title-line-height:var(--awb-typography5-line-height);--awb-content-font-family:var(--awb-typography4-font-family);--awb-content-font-weight:var(--awb-typography4-font-weight);--awb-content-font-style:var(--awb-typography4-font-style);\"><div class=\"panel-group fusion-toggle-icon-boxed\" id=\"accordion-10769-3\"><div class=\"fusion-panel panel-default panel-ed8ef75f83ad6f1e5 fusion-toggle-no-divider\"><div class=\"panel-heading\"><div class=\"panel-title toggle\" id=\"toggle_ed8ef75f83ad6f1e5\"><a aria-expanded=\"false\" aria-controls=\"ed8ef75f83ad6f1e5\" role=\"button\" data-toggle=\"collapse\" data-parent=\"#accordion-10769-3\" data-target=\"#ed8ef75f83ad6f1e5\" href=\"#ed8ef75f83ad6f1e5\"><span class=\"fusion-toggle-icon-wrapper\" aria-hidden=\"true\"><i class=\"fa-fusion-box active-icon awb-icon-minus\" aria-hidden=\"true\"><\/i><i class=\"fa-fusion-box inactive-icon awb-icon-plus\" aria-hidden=\"true\"><\/i><\/span><span class=\"fusion-toggle-heading\">En savoir plus<\/span><\/a><\/div><\/div><div id=\"ed8ef75f83ad6f1e5\" class=\"panel-collapse collapse \" aria-labelledby=\"toggle_ed8ef75f83ad6f1e5\"><div class=\"panel-body toggle-content fusion-clearfix\">Dirig\u00e9e par le docteur <a href=\"http:\/\/neuroscience.ubc.ca\/people\/Cashman\" target=\"_blank\" rel=\"noopener noreferrer\"><strong>Neil Cashman<\/strong><\/a>, qui supervise deux laboratoires se consacrant \u00e0 l\u2019\u00e9tude des raisons pour lesquelles les prot\u00e9ines mal repli\u00e9es causent des maladies (telles que la maladie d\u2019Alzheimer et la maladie de Parkinson) dans les cellules voisines.<\/div><\/div><\/div><\/div><\/div><\/div><\/div><div class=\"fusion-layout-column fusion_builder_column fusion-builder-column-4 fusion_builder_column_1_2 1_2 fusion-flex-column fusion-flex-align-self-stretch fusion-animated\" style=\"--awb-padding-top:48px;--awb-padding-right:48px;--awb-padding-bottom:48px;--awb-padding-left:48px;--awb-padding-right-small:24px;--awb-padding-left-small:24px;--awb-overflow:hidden;--awb-bg-size:cover;--awb-border-color:hsla(var(--awb-color8-h),var(--awb-color8-s),var(--awb-color8-l),calc(var(--awb-color8-a) - 75%));--awb-border-top:1px;--awb-border-right:1px;--awb-border-bottom:1px;--awb-border-left:1px;--awb-border-style:solid;--awb-border-radius:30px 30px 30px 30px;--awb-transform:scaleX(1) scaleY(1);--awb-transform-hover:scaleX(1.05) scaleY(1.05);--awb-width-large:50%;--awb-margin-top-large:24px;--awb-spacing-right-large:12px;--awb-margin-bottom-large:0px;--awb-spacing-left-large:12px;--awb-width-medium:100%;--awb-order-medium:0;--awb-spacing-right-medium:12px;--awb-spacing-left-medium:12px;--awb-width-small:100%;--awb-order-small:0;--awb-margin-top-small:24px;--awb-spacing-right-small:12px;--awb-spacing-left-small:12px;\" data-animationType=\"fadeInDown\" data-animationDuration=\"1.0\" data-animationDelay=\"0.6\" data-animationOffset=\"top-into-view\"><div class=\"fusion-column-wrapper fusion-column-has-shadow fusion-flex-justify-content-flex-start fusion-content-layout-column\"><div class=\"fusion-text fusion-text-7 fusion-animated\" style=\"--awb-text-color:var(--awb-color5);\" data-animationType=\"fadeInDown\" data-animationDuration=\"1.0\" data-animationDelay=\"0.3\" data-animationOffset=\"top-into-view\"><p>\u00c9quipe no. 4:\u00a0 <strong>Les synapses et la m\u00e9tabolomique<\/strong><\/p>\n<\/div><div class=\"fusion-text fusion-text-8 fusion-text-no-margin\" style=\"--awb-margin-bottom:8px;\"><p>Dirig\u00e9e par le docteur<a href=\"http:\/\/www.robarts.ca\/robert-bartha\" target=\"_blank\" rel=\"noopener noreferrer\" class=\"broken_link\"><strong>Robert Bartha<\/strong><\/a><\/p>\n<\/div><div class=\"fusion-separator fusion-full-width-sep\" style=\"align-self: center;margin-left: auto;margin-right: auto;flex-grow:1;width:100%;\"><\/div><div class=\"accordian fusion-accordian\" style=\"--awb-border-size:1px;--awb-icon-size:16px;--awb-content-font-size:var(--awb-typography5-font-size);--awb-content-letter-spacing:var(--awb-typography5-letter-spacing);--awb-content-line-height:var(--awb-typography5-line-height);--awb-icon-alignment:left;--awb-hover-color:var(--awb-color2);--awb-border-color:var(--awb-color3);--awb-background-color:var(--awb-color1);--awb-divider-color:var(--awb-color3);--awb-divider-hover-color:var(--awb-color3);--awb-icon-color:var(--awb-color1);--awb-title-color:var(--awb-color4);--awb-content-color:var(--awb-color6);--awb-icon-box-color:var(--awb-color4);--awb-toggle-hover-accent-color:var(--awb-color4);--awb-toggle-active-accent-color:var(--awb-color4);--awb-title-font-family:var(--awb-typography1-font-family);--awb-title-font-weight:var(--awb-typography1-font-weight);--awb-title-font-style:var(--awb-typography1-font-style);--awb-title-font-size:var(--awb-typography5-font-size);--awb-title-letter-spacing:var(--awb-typography5-letter-spacing);--awb-title-line-height:var(--awb-typography5-line-height);--awb-content-font-family:var(--awb-typography4-font-family);--awb-content-font-weight:var(--awb-typography4-font-weight);--awb-content-font-style:var(--awb-typography4-font-style);\"><div class=\"panel-group fusion-toggle-icon-boxed\" id=\"accordion-10769-4\"><div class=\"fusion-panel panel-default panel-aa03701c123e689b8 fusion-toggle-no-divider\"><div class=\"panel-heading\"><div class=\"panel-title toggle\" id=\"toggle_aa03701c123e689b8\"><a aria-expanded=\"false\" aria-controls=\"aa03701c123e689b8\" role=\"button\" data-toggle=\"collapse\" data-parent=\"#accordion-10769-4\" data-target=\"#aa03701c123e689b8\" href=\"#aa03701c123e689b8\"><span class=\"fusion-toggle-icon-wrapper\" aria-hidden=\"true\"><i class=\"fa-fusion-box active-icon awb-icon-minus\" aria-hidden=\"true\"><\/i><i class=\"fa-fusion-box inactive-icon awb-icon-plus\" aria-hidden=\"true\"><\/i><\/span><span class=\"fusion-toggle-heading\">En savoir plus<\/span><\/a><\/div><\/div><div id=\"aa03701c123e689b8\" class=\"panel-collapse collapse \" aria-labelledby=\"toggle_aa03701c123e689b8\"><div class=\"panel-body toggle-content fusion-clearfix\">\n<p>Dirig\u00e9e par le docteur <a href=\"http:\/\/www.robarts.ca\/robert-bartha\" target=\"_blank\" rel=\"noopener noreferrer\" class=\"broken_link\"><strong>Robert Bartha<\/strong><\/a>, qui \u00e9labore des m\u00e9thodes d\u2019IRM uniques \u00a0pour observer les maladies du cerveau et du corps humain dans le but de faire na\u00eetre de nouvelles perspectives pour am\u00e9liorer les soins aux patients.<\/p>\n<\/div><\/div><\/div><\/div><\/div><\/div><\/div><div class=\"fusion-layout-column fusion_builder_column fusion-builder-column-5 fusion_builder_column_1_2 1_2 fusion-flex-column fusion-flex-align-self-stretch fusion-animated\" style=\"--awb-padding-top:48px;--awb-padding-right:48px;--awb-padding-bottom:48px;--awb-padding-left:48px;--awb-padding-right-small:24px;--awb-padding-left-small:24px;--awb-overflow:hidden;--awb-bg-size:cover;--awb-border-color:hsla(var(--awb-color8-h),var(--awb-color8-s),var(--awb-color8-l),calc(var(--awb-color8-a) - 75%));--awb-border-top:1px;--awb-border-right:1px;--awb-border-bottom:1px;--awb-border-left:1px;--awb-border-style:solid;--awb-border-radius:30px 30px 30px 30px;--awb-transform:scaleX(1) scaleY(1);--awb-transform-hover:scaleX(1.05) scaleY(1.05);--awb-width-large:50%;--awb-margin-top-large:24px;--awb-spacing-right-large:12px;--awb-margin-bottom-large:0px;--awb-spacing-left-large:12px;--awb-width-medium:100%;--awb-order-medium:0;--awb-spacing-right-medium:12px;--awb-spacing-left-medium:12px;--awb-width-small:100%;--awb-order-small:0;--awb-margin-top-small:24px;--awb-spacing-right-small:12px;--awb-spacing-left-small:12px;\" data-animationType=\"fadeInDown\" data-animationDuration=\"1.0\" data-animationDelay=\"0.6\" data-animationOffset=\"top-into-view\"><div class=\"fusion-column-wrapper fusion-column-has-shadow fusion-flex-justify-content-flex-start fusion-content-layout-column\"><div class=\"fusion-text fusion-text-9 fusion-animated\" style=\"--awb-text-color:var(--awb-color5);\" data-animationType=\"fadeInDown\" data-animationDuration=\"1.0\" data-animationDelay=\"0.3\" data-animationOffset=\"top-into-view\"><p>\u00c9quipe no. 5:\u00a0<strong>Le m\u00e9tabolisme des lipides et des lipoprot\u00e9ines<\/strong><\/p>\n<\/div><div class=\"fusion-text fusion-text-10 fusion-text-no-margin\" style=\"--awb-margin-bottom:8px;\"><p>Dirig\u00e9e par la docteure<strong>\u00a0<\/strong><a href=\"http:\/\/www.centreforbrainhealth.ca\/wellington-cheryl\" target=\"_blank\" rel=\"noopener noreferrer\"><strong>Cheryl Wellington<\/strong><\/a><\/p>\n<\/div><div class=\"fusion-separator fusion-full-width-sep\" style=\"align-self: center;margin-left: auto;margin-right: auto;flex-grow:1;width:100%;\"><\/div><div class=\"accordian fusion-accordian\" style=\"--awb-border-size:1px;--awb-icon-size:16px;--awb-content-font-size:var(--awb-typography5-font-size);--awb-content-letter-spacing:var(--awb-typography5-letter-spacing);--awb-content-line-height:var(--awb-typography5-line-height);--awb-icon-alignment:left;--awb-hover-color:var(--awb-color2);--awb-border-color:var(--awb-color3);--awb-background-color:var(--awb-color1);--awb-divider-color:var(--awb-color3);--awb-divider-hover-color:var(--awb-color3);--awb-icon-color:var(--awb-color1);--awb-title-color:var(--awb-color4);--awb-content-color:var(--awb-color6);--awb-icon-box-color:var(--awb-color4);--awb-toggle-hover-accent-color:var(--awb-color4);--awb-toggle-active-accent-color:var(--awb-color4);--awb-title-font-family:var(--awb-typography1-font-family);--awb-title-font-weight:var(--awb-typography1-font-weight);--awb-title-font-style:var(--awb-typography1-font-style);--awb-title-font-size:var(--awb-typography5-font-size);--awb-title-letter-spacing:var(--awb-typography5-letter-spacing);--awb-title-line-height:var(--awb-typography5-line-height);--awb-content-font-family:var(--awb-typography4-font-family);--awb-content-font-weight:var(--awb-typography4-font-weight);--awb-content-font-style:var(--awb-typography4-font-style);\"><div class=\"panel-group fusion-toggle-icon-boxed\" id=\"accordion-10769-5\"><div class=\"fusion-panel panel-default panel-3883b5933666678f1 fusion-toggle-no-divider\"><div class=\"panel-heading\"><div class=\"panel-title toggle\" id=\"toggle_3883b5933666678f1\"><a aria-expanded=\"false\" aria-controls=\"3883b5933666678f1\" role=\"button\" data-toggle=\"collapse\" data-parent=\"#accordion-10769-5\" data-target=\"#3883b5933666678f1\" href=\"#3883b5933666678f1\"><span class=\"fusion-toggle-icon-wrapper\" aria-hidden=\"true\"><i class=\"fa-fusion-box active-icon awb-icon-minus\" aria-hidden=\"true\"><\/i><i class=\"fa-fusion-box inactive-icon awb-icon-plus\" aria-hidden=\"true\"><\/i><\/span><span class=\"fusion-toggle-heading\">En savoir plus<\/span><\/a><\/div><\/div><div id=\"3883b5933666678f1\" class=\"panel-collapse collapse \" aria-labelledby=\"toggle_3883b5933666678f1\"><div class=\"panel-body toggle-content fusion-clearfix\">\n<p>Dirig\u00e9e par la docteure<strong>\u00a0<\/strong><a href=\"http:\/\/www.centreforbrainhealth.ca\/wellington-cheryl\" target=\"_blank\" rel=\"noopener noreferrer\"><strong>Cheryl Wellington<\/strong><\/a>,qui se concentre sur les facteurs de risque g\u00e9n\u00e9tiques et environnementaux associ\u00e9s \u00e0 des troubles neurocognitifs en examinant\u00a0 le m\u00e9tabolisme des lipides et des lipoprot\u00e9ines dans le cerveau.<\/p>\n<\/div><\/div><\/div><\/div><\/div><\/div><\/div><div class=\"fusion-layout-column fusion_builder_column fusion-builder-column-6 fusion_builder_column_1_2 1_2 fusion-flex-column fusion-flex-align-self-stretch fusion-animated\" style=\"--awb-padding-top:48px;--awb-padding-right:48px;--awb-padding-bottom:48px;--awb-padding-left:48px;--awb-padding-right-small:24px;--awb-padding-left-small:24px;--awb-overflow:hidden;--awb-bg-size:cover;--awb-border-color:hsla(var(--awb-color8-h),var(--awb-color8-s),var(--awb-color8-l),calc(var(--awb-color8-a) - 75%));--awb-border-top:1px;--awb-border-right:1px;--awb-border-bottom:1px;--awb-border-left:1px;--awb-border-style:solid;--awb-border-radius:30px 30px 30px 30px;--awb-transform:scaleX(1) scaleY(1);--awb-transform-hover:scaleX(1.05) scaleY(1.05);--awb-width-large:50%;--awb-margin-top-large:24px;--awb-spacing-right-large:12px;--awb-margin-bottom-large:0px;--awb-spacing-left-large:12px;--awb-width-medium:100%;--awb-order-medium:0;--awb-spacing-right-medium:12px;--awb-spacing-left-medium:12px;--awb-width-small:100%;--awb-order-small:0;--awb-margin-top-small:24px;--awb-spacing-right-small:12px;--awb-spacing-left-small:12px;\" data-animationType=\"fadeInDown\" data-animationDuration=\"1.0\" data-animationDelay=\"0.6\" data-animationOffset=\"top-into-view\"><div class=\"fusion-column-wrapper fusion-column-has-shadow fusion-flex-justify-content-flex-start fusion-content-layout-column\"><div class=\"fusion-text fusion-text-11 fusion-animated\" style=\"--awb-text-color:var(--awb-color5);\" data-animationType=\"fadeInDown\" data-animationDuration=\"1.0\" data-animationDelay=\"0.3\" data-animationOffset=\"top-into-view\"><p>\u00c9quipe no. 6:\u00a0<strong>Nutrition, l\u2019exercice et le style de vie dans la pr\u00e9vention de la maladie d\u2019Alzheimer<\/strong><\/p>\n<\/div><div class=\"fusion-text fusion-text-12 fusion-text-no-margin\" style=\"--awb-margin-bottom:8px;\"><p>Dirig\u00e9e par la docteure <strong><a href=\"http:\/\/research.baycrest.org\/cgreenwood\" target=\"_blank\" rel=\"noopener\">Carol Greenwood<\/a><\/strong><\/p>\n<\/div><div class=\"fusion-separator fusion-full-width-sep\" style=\"align-self: center;margin-left: auto;margin-right: auto;flex-grow:1;width:100%;\"><\/div><div class=\"accordian fusion-accordian\" style=\"--awb-border-size:1px;--awb-icon-size:16px;--awb-content-font-size:var(--awb-typography5-font-size);--awb-content-letter-spacing:var(--awb-typography5-letter-spacing);--awb-content-line-height:var(--awb-typography5-line-height);--awb-icon-alignment:left;--awb-hover-color:var(--awb-color2);--awb-border-color:var(--awb-color3);--awb-background-color:var(--awb-color1);--awb-divider-color:var(--awb-color3);--awb-divider-hover-color:var(--awb-color3);--awb-icon-color:var(--awb-color1);--awb-title-color:var(--awb-color4);--awb-content-color:var(--awb-color6);--awb-icon-box-color:var(--awb-color4);--awb-toggle-hover-accent-color:var(--awb-color4);--awb-toggle-active-accent-color:var(--awb-color4);--awb-title-font-family:var(--awb-typography1-font-family);--awb-title-font-weight:var(--awb-typography1-font-weight);--awb-title-font-style:var(--awb-typography1-font-style);--awb-title-font-size:var(--awb-typography5-font-size);--awb-title-letter-spacing:var(--awb-typography5-letter-spacing);--awb-title-line-height:var(--awb-typography5-line-height);--awb-content-font-family:var(--awb-typography4-font-family);--awb-content-font-weight:var(--awb-typography4-font-weight);--awb-content-font-style:var(--awb-typography4-font-style);\"><div class=\"panel-group fusion-toggle-icon-boxed\" id=\"accordion-10769-6\"><div class=\"fusion-panel panel-default panel-099d9244b9a94c749 fusion-toggle-no-divider\"><div class=\"panel-heading\"><div class=\"panel-title toggle\" id=\"toggle_099d9244b9a94c749\"><a aria-expanded=\"false\" aria-controls=\"099d9244b9a94c749\" role=\"button\" data-toggle=\"collapse\" data-parent=\"#accordion-10769-6\" data-target=\"#099d9244b9a94c749\" href=\"#099d9244b9a94c749\"><span class=\"fusion-toggle-icon-wrapper\" aria-hidden=\"true\"><i class=\"fa-fusion-box active-icon awb-icon-minus\" aria-hidden=\"true\"><\/i><i class=\"fa-fusion-box inactive-icon awb-icon-plus\" aria-hidden=\"true\"><\/i><\/span><span class=\"fusion-toggle-heading\">En savoir plus<\/span><\/a><\/div><\/div><div id=\"099d9244b9a94c749\" class=\"panel-collapse collapse \" aria-labelledby=\"toggle_099d9244b9a94c749\"><div class=\"panel-body toggle-content fusion-clearfix\">\n<p>Dirig\u00e9e par la docteure <strong><a href=\"http:\/\/research.baycrest.org\/cgreenwood\" target=\"_blank\" rel=\"noopener noreferrer\">Carol Greenwood<\/a><\/strong>, dont les recherches visent \u00e0 d\u00e9finir des strat\u00e9gies nutritionnelles permettant de soutenir une fonction cognitive optimale \u00e0 un \u00e2ge avanc\u00e9. Plus pr\u00e9cis\u00e9ment, la Dre Greenwood et son \u00e9quipe examinent la relation entre les habitudes alimentaires adopt\u00e9es tout au long d\u2019une vie, les risques de d\u00e9clin cognitif au fil du temps et la fa\u00e7on dont les troubles vasculaires et m\u00e9taboliques associ\u00e9s \u00e0 l\u2019alimentation influencent ce d\u00e9clin. Ils se pr\u00e9parent \u00e0 amorcer un essai clinique explorant les effets de l\u2019alimentation et de l\u2019exercice sur la structure du cerveau et les performances cognitives. L\u2019\u00e9tude sera men\u00e9e aupr\u00e8s de personnes \u00e2g\u00e9es qui pr\u00e9sentent un trouble subjectif de la cognition (c\u2019est-\u00e0-dire que ceux-ci signalent eux-m\u00eames des probl\u00e8mes de m\u00e9moire ou des troubles cognitifs) ainsi que des facteurs de risque de type vasculaire. Ces personnes ont \u00e9t\u00e9 cibl\u00e9es, car leur risque de maladie d\u2019Alzheimer et de trouble cognitif l\u00e9ger avec l\u00e9sions vasculaires (ou de leur combinaison) est \u00e9lev\u00e9, mais leurs capacit\u00e9s cognitives se trouvent toujours dans la norme. Elles pr\u00e9sentent \u00e9galement des facteurs de risque li\u00e9s au mode de vie (ob\u00e9sit\u00e9, tension art\u00e9rielle et taux de cholest\u00e9rol \u00e9lev\u00e9s, r\u00e9sistance \u00e0 l\u2019insuline et diab\u00e8te de type 2, entre autres), qui peuvent \u00eatre pris en charge par une modification des habitudes de vie. En d\u2019autres termes, des interventions relatives \u00e0 l\u2019alimentation et au mode de vie peuvent s\u2019av\u00e9rer \u00eatre les plus utiles pour ces personnes.<\/p>\n<\/div><\/div><\/div><\/div><\/div><\/div><\/div><\/div><\/div><\/div><div id=\"conseil-consultatif-scientifique-international\" class=\"fusion-container-anchor\"><div class=\"fusion-fullwidth fullwidth-box fusion-builder-row-2 fusion-flex-container has-pattern-background has-mask-background nonhundred-percent-fullwidth non-hundred-percent-height-scrolling\" style=\"--link_hover_color: var(--awb-color5);--link_color: var(--awb-color5);--awb-border-radius-top-left:0px;--awb-border-radius-top-right:0px;--awb-border-radius-bottom-right:0px;--awb-border-radius-bottom-left:0px;--awb-padding-bottom:0px;--awb-padding-right-small:16px;--awb-padding-bottom-small:56px;--awb-padding-left-small:16px;--awb-flex-wrap:wrap;\" ><div class=\"fusion-builder-row fusion-row fusion-flex-align-items-flex-start fusion-flex-content-wrap\" style=\"max-width:calc( 1400px + 24px );margin-left: calc(-24px \/ 2 );margin-right: calc(-24px \/ 2 );\"><div class=\"fusion-layout-column fusion_builder_column fusion-builder-column-7 fusion_builder_column_1_1 1_1 fusion-flex-column fusion-animated\" style=\"--awb-padding-top:72px;--awb-padding-right:72px;--awb-padding-bottom:72px;--awb-padding-left:72px;--awb-padding-right-medium:48px;--awb-padding-left-medium:48px;--awb-padding-top-small:56px;--awb-padding-right-small:8px;--awb-padding-bottom-small:56px;--awb-padding-left-small:8px;--awb-overflow:hidden;--awb-bg-color:var(--awb-color3);--awb-bg-color-hover:var(--awb-color3);--awb-bg-size:cover;--awb-border-radius:30px 30px 30px 30px;--awb-width-large:100%;--awb-margin-top-large:0px;--awb-spacing-right-large:12px;--awb-margin-bottom-large:0px;--awb-spacing-left-large:12px;--awb-width-medium:100%;--awb-order-medium:0;--awb-spacing-right-medium:12px;--awb-spacing-left-medium:12px;--awb-width-small:100%;--awb-order-small:0;--awb-spacing-right-small:12px;--awb-spacing-left-small:12px;\" data-animationType=\"fadeInDown\" data-animationDuration=\"1.0\" data-animationOffset=\"top-into-view\"><div class=\"fusion-column-wrapper fusion-column-has-shadow fusion-flex-justify-content-flex-start fusion-content-layout-column\"><div class=\"fusion-title title fusion-title-3 fusion-sep-none fusion-title-text fusion-title-size-two fusion-animated\" style=\"--awb-margin-bottom:24px;--awb-margin-right-small:14px;--awb-margin-bottom-small:24px;--awb-margin-left-small:14px;\" data-animationType=\"fadeInDown\" data-animationDuration=\"1.0\" data-animationOffset=\"top-into-view\"><h2 class=\"fusion-title-heading title-heading-left fusion-responsive-typography-calculated\" style=\"margin:0;text-transform:var(--awb-typography2-text-transform);--fontSize:54;line-height:var(--awb-typography1-line-height);\">Th\u00e8me 2 : <strong><span class=\"highlight-text\">Traitement<\/span><\/strong><\/h2><\/div><div class=\"fusion-title title fusion-title-4 fusion-sep-none fusion-title-text fusion-title-size-three fusion-animated\" style=\"--awb-margin-bottom:48px;--awb-margin-right-small:14px;--awb-margin-bottom-small:48px;--awb-margin-left-small:14px;\" data-animationType=\"fadeInDown\" data-animationDuration=\"1.0\" data-animationOffset=\"top-into-view\"><h3 class=\"fusion-title-heading title-heading-left fusion-responsive-typography-calculated\" style=\"margin:0;text-transform:var(--awb-typography2-text-transform);--fontSize:40;line-height:var(--awb-typography1-line-height);\"><p class=\"lead\">Aide \u00e0 retarder l\u2019\u00e9volution de la maladie<\/p><\/h3><\/div><div class=\"fusion-builder-row fusion-builder-row-inner fusion-row fusion-flex-align-items-flex-start fusion-flex-content-wrap\" style=\"width:calc( 100% + 24px ) !important;max-width:calc( 100% + 24px ) !important;margin-left: calc(-24px \/ 2 );margin-right: calc(-24px \/ 2 );\"><div class=\"fusion-layout-column fusion_builder_column_inner fusion-builder-nested-column-0 fusion_builder_column_inner_1_2 1_2 fusion-flex-column fusion-flex-align-self-stretch fusion-animated\" style=\"--awb-padding-top:48px;--awb-padding-right:48px;--awb-padding-bottom:48px;--awb-padding-left:48px;--awb-padding-right-small:24px;--awb-padding-left-small:24px;--awb-overflow:hidden;--awb-bg-color:var(--awb-color1);--awb-bg-color-hover:var(--awb-color1);--awb-bg-size:cover;--awb-border-radius:30px 30px 30px 30px;--awb-width-large:50%;--awb-margin-top-large:0px;--awb-spacing-right-large:12px;--awb-margin-bottom-large:0px;--awb-spacing-left-large:12px;--awb-width-medium:100%;--awb-order-medium:1;--awb-margin-top-medium:0px;--awb-spacing-right-medium:12px;--awb-spacing-left-medium:12px;--awb-width-small:100%;--awb-order-small:1;--awb-margin-top-small:0px;--awb-spacing-right-small:12px;--awb-spacing-left-small:12px;\" data-animationType=\"fadeInDown\" data-animationDuration=\"1.0\" data-animationDelay=\"0.6\" data-animationOffset=\"top-into-view\"><div class=\"fusion-column-wrapper fusion-column-has-shadow fusion-flex-justify-content-flex-start fusion-content-layout-column\"><div class=\"fusion-text fusion-text-13 fusion-animated\" style=\"--awb-text-color:var(--awb-color5);\" data-animationType=\"fadeInDown\" data-animationDuration=\"1.0\" data-animationDelay=\"0.3\" data-animationOffset=\"top-into-view\"><p>\u00c9quipe no. 7:\u00a0<strong>La maladie vasculaire et son impact sur les maladies neurod\u00e9g\u00e9n\u00e9ratives<\/strong><\/p>\n<\/div><div class=\"fusion-text fusion-text-14 fusion-text-no-margin\" style=\"--awb-margin-bottom:8px;\"><p>Codirig\u00e9e par les docteurs\u00a0<a href=\"http:\/\/www.hbi.ucalgary.ca\/profiles\/dr-eric-smith\" target=\"_blank\" rel=\"noopener noreferrer\" class=\"broken_link\"><strong>Eric Smith<\/strong><\/a>\u00a0et\u00a0<strong><a href=\"http:\/\/www.lmp.facmed.utoronto.ca\/research\/faculty-research-database\/mclaurin-joanne\" target=\"_blank\" rel=\"noopener noreferrer\" class=\"broken_link\">JoAnne McLaurin<\/a><\/strong><\/p>\n<\/div><div class=\"fusion-separator fusion-full-width-sep\" style=\"align-self: center;margin-left: auto;margin-right: auto;flex-grow:1;width:100%;\"><\/div><div class=\"accordian fusion-accordian\" style=\"--awb-border-size:1px;--awb-icon-size:16px;--awb-content-font-size:var(--awb-typography5-font-size);--awb-content-letter-spacing:var(--awb-typography5-letter-spacing);--awb-content-line-height:var(--awb-typography5-line-height);--awb-icon-alignment:left;--awb-hover-color:var(--awb-color2);--awb-border-color:var(--awb-color3);--awb-background-color:var(--awb-color1);--awb-divider-color:var(--awb-color3);--awb-divider-hover-color:var(--awb-color3);--awb-icon-color:var(--awb-color1);--awb-title-color:var(--awb-color4);--awb-content-color:var(--awb-color6);--awb-icon-box-color:var(--awb-color4);--awb-toggle-hover-accent-color:var(--awb-color4);--awb-toggle-active-accent-color:var(--awb-color4);--awb-title-font-family:var(--awb-typography1-font-family);--awb-title-font-weight:var(--awb-typography1-font-weight);--awb-title-font-style:var(--awb-typography1-font-style);--awb-title-font-size:var(--awb-typography5-font-size);--awb-title-letter-spacing:var(--awb-typography5-letter-spacing);--awb-title-line-height:var(--awb-typography5-line-height);--awb-content-font-family:var(--awb-typography4-font-family);--awb-content-font-weight:var(--awb-typography4-font-weight);--awb-content-font-style:var(--awb-typography4-font-style);\"><div class=\"panel-group fusion-toggle-icon-boxed\" id=\"accordion-10769-7\"><div class=\"fusion-panel panel-default panel-026caeb13b29fd91a fusion-toggle-no-divider\"><div class=\"panel-heading\"><div class=\"panel-title toggle\" id=\"toggle_026caeb13b29fd91a\"><a aria-expanded=\"false\" aria-controls=\"026caeb13b29fd91a\" role=\"button\" data-toggle=\"collapse\" data-parent=\"#accordion-10769-7\" data-target=\"#026caeb13b29fd91a\" href=\"#026caeb13b29fd91a\"><span class=\"fusion-toggle-icon-wrapper\" aria-hidden=\"true\"><i class=\"fa-fusion-box active-icon awb-icon-minus\" aria-hidden=\"true\"><\/i><i class=\"fa-fusion-box inactive-icon awb-icon-plus\" aria-hidden=\"true\"><\/i><\/span><span class=\"fusion-toggle-heading\">En savoir plus<\/span><\/a><\/div><\/div><div id=\"026caeb13b29fd91a\" class=\"panel-collapse collapse \" aria-labelledby=\"toggle_026caeb13b29fd91a\"><div class=\"panel-body toggle-content fusion-clearfix\">Codirig\u00e9e par les docteurs\u00a0<a href=\"http:\/\/www.hbi.ucalgary.ca\/profiles\/dr-eric-smith\" target=\"_blank\" rel=\"noopener noreferrer\" class=\"broken_link\"><strong>Eric Smith<\/strong><\/a>\u00a0et\u00a0<strong><a href=\"http:\/\/www.lmp.facmed.utoronto.ca\/research\/faculty-research-database\/mclaurin-joanne\" target=\"_blank\" rel=\"noopener noreferrer\" class=\"broken_link\">JoAnne McLaurin<\/a><\/strong>, elle comprend 17 chercheurs en sciences fondamentales et cliniques qui travaillent ensemble pour traduire les d\u00e9couvertes sur les maladies vasculaires en traitements th\u00e9rapeutiques pour les maladies vasculaires cognitives (MVC). Dans certains cas, les MVC se traduisent par un AVC symptomatique qui provoque une paralysie ou une perte de la parole. Plus subtilement, elles se pr\u00e9sentent comme des probl\u00e8mes de concentration ou de m\u00e9moire d\u00e9coulant d\u2019une p\u00e9riode prolong\u00e9e d\u2019hypertension (c\u2019est-\u00e0-dire une pression art\u00e9rielle anormalement \u00e9lev\u00e9e), un <a href=\"https:\/\/www.nhlbi.nih.gov\/health\/health-topics\/topics\/ms\" target=\"_blank\" rel=\"noopener noreferrer\"><strong>syndrome m\u00e9tabolique<\/strong><\/a> ou plusieurs AVC subtils qui apparaissent dans les clich\u00e9s d\u2019imagerie fonctionnelle comme des d\u00e9ficits dans le cerveau et dans ses vaisseaux sanguins. Plus pr\u00e9cis\u00e9ment, l\u2019\u00e9quipe cherche : (1) \u00e0 mieux comprendre l\u2019\u00e9volution de la maladie associ\u00e9e aux MVC par l\u2019entremise de mod\u00e8les animaux de risque vasculaire et de maladies vasculaires (y compris l\u2019essai de nouveaux traitements); (2) \u00e0 d\u00e9couvrir les images du cerveau et les biomarqueurs sanguins des premiers changements chez les \u00eatres humains dans le MVC; et (3) \u00e0 utiliser ces informations pour planifier des essais cliniques chez les personnes en phase pr\u00e9coce de MVC.<\/div><\/div><\/div><\/div><\/div><\/div><\/div><div class=\"fusion-layout-column fusion_builder_column_inner fusion-builder-nested-column-1 fusion_builder_column_inner_1_2 1_2 fusion-flex-column fusion-flex-align-self-stretch fusion-animated\" style=\"--awb-padding-top:48px;--awb-padding-right:48px;--awb-padding-bottom:48px;--awb-padding-left:48px;--awb-padding-right-small:24px;--awb-padding-left-small:24px;--awb-overflow:hidden;--awb-bg-color:var(--awb-color1);--awb-bg-color-hover:var(--awb-color1);--awb-bg-size:cover;--awb-border-radius:30px 30px 30px 30px;--awb-width-large:50%;--awb-margin-top-large:0px;--awb-spacing-right-large:12px;--awb-margin-bottom-large:0px;--awb-spacing-left-large:12px;--awb-width-medium:100%;--awb-order-medium:1;--awb-margin-top-medium:24px;--awb-spacing-right-medium:12px;--awb-spacing-left-medium:12px;--awb-width-small:100%;--awb-order-small:1;--awb-spacing-right-small:12px;--awb-spacing-left-small:12px;\" data-animationType=\"fadeInDown\" data-animationDuration=\"1.0\" data-animationDelay=\"0.6\" data-animationOffset=\"top-into-view\"><div class=\"fusion-column-wrapper fusion-column-has-shadow fusion-flex-justify-content-flex-start fusion-content-layout-column\"><div class=\"fusion-text fusion-text-15 fusion-animated\" style=\"--awb-text-color:var(--awb-color5);\" data-animationType=\"fadeInDown\" data-animationDuration=\"1.0\" data-animationDelay=\"0.3\" data-animationOffset=\"top-into-view\"><p>\u00c9quipe no. 8:\u00a0<strong>Les corps de Lewy, le vieillissement et la d\u00e9mence <\/strong><\/p>\n<\/div><div class=\"fusion-text fusion-text-16 fusion-text-no-margin\" style=\"--awb-margin-bottom:8px;\"><p>Dirig\u00e9e par le docteur <a href=\"https:\/\/www.med.ualberta.ca\/about\/people\/richard-camicioli\" target=\"_blank\" rel=\"noopener noreferrer\" class=\"broken_link\"><strong>Richard Camicioli<\/strong><\/a><\/p>\n<\/div><div class=\"fusion-separator fusion-full-width-sep\" style=\"align-self: center;margin-left: auto;margin-right: auto;flex-grow:1;width:100%;\"><\/div><div class=\"accordian fusion-accordian\" style=\"--awb-border-size:1px;--awb-icon-size:16px;--awb-content-font-size:var(--awb-typography5-font-size);--awb-content-letter-spacing:var(--awb-typography5-letter-spacing);--awb-content-line-height:var(--awb-typography5-line-height);--awb-icon-alignment:left;--awb-hover-color:var(--awb-color2);--awb-border-color:var(--awb-color3);--awb-background-color:var(--awb-color1);--awb-divider-color:var(--awb-color3);--awb-divider-hover-color:var(--awb-color3);--awb-icon-color:var(--awb-color1);--awb-title-color:var(--awb-color4);--awb-content-color:var(--awb-color6);--awb-icon-box-color:var(--awb-color4);--awb-toggle-hover-accent-color:var(--awb-color4);--awb-toggle-active-accent-color:var(--awb-color4);--awb-title-font-family:var(--awb-typography1-font-family);--awb-title-font-weight:var(--awb-typography1-font-weight);--awb-title-font-style:var(--awb-typography1-font-style);--awb-title-font-size:var(--awb-typography5-font-size);--awb-title-letter-spacing:var(--awb-typography5-letter-spacing);--awb-title-line-height:var(--awb-typography5-line-height);--awb-content-font-family:var(--awb-typography4-font-family);--awb-content-font-weight:var(--awb-typography4-font-weight);--awb-content-font-style:var(--awb-typography4-font-style);\"><div class=\"panel-group fusion-toggle-icon-boxed\" id=\"accordion-10769-8\"><div class=\"fusion-panel panel-default panel-4c6610e2bbece4504 fusion-toggle-no-divider\"><div class=\"panel-heading\"><div class=\"panel-title toggle\" id=\"toggle_4c6610e2bbece4504\"><a aria-expanded=\"false\" aria-controls=\"4c6610e2bbece4504\" role=\"button\" data-toggle=\"collapse\" data-parent=\"#accordion-10769-8\" data-target=\"#4c6610e2bbece4504\" href=\"#4c6610e2bbece4504\"><span class=\"fusion-toggle-icon-wrapper\" aria-hidden=\"true\"><i class=\"fa-fusion-box active-icon awb-icon-minus\" aria-hidden=\"true\"><\/i><i class=\"fa-fusion-box inactive-icon awb-icon-plus\" aria-hidden=\"true\"><\/i><\/span><span class=\"fusion-toggle-heading\">En savoir plus<\/span><\/a><\/div><\/div><div id=\"4c6610e2bbece4504\" class=\"panel-collapse collapse \" aria-labelledby=\"toggle_4c6610e2bbece4504\"><div class=\"panel-body toggle-content fusion-clearfix\">\n<p>Dirig\u00e9e par le docteur <a href=\"https:\/\/www.med.ualberta.ca\/about\/people\/richard-camicioli\" target=\"_blank\" rel=\"noopener noreferrer\" class=\"broken_link\"><strong>Richard Camicioli<\/strong><\/a>, qui met l\u2019accent sur le diagnostic et le traitement des troubles neurocognitifs et de la maladie de Parkinson.<\/p>\n<\/div><\/div><\/div><\/div><\/div><\/div><\/div><div class=\"fusion-layout-column fusion_builder_column_inner fusion-builder-nested-column-2 fusion_builder_column_inner_1_2 1_2 fusion-flex-column fusion-flex-align-self-stretch fusion-animated\" style=\"--awb-padding-top:48px;--awb-padding-right:48px;--awb-padding-bottom:48px;--awb-padding-left:48px;--awb-padding-right-small:24px;--awb-padding-left-small:24px;--awb-overflow:hidden;--awb-bg-color:var(--awb-color1);--awb-bg-color-hover:var(--awb-color1);--awb-bg-size:cover;--awb-border-radius:30px 30px 30px 30px;--awb-width-large:50%;--awb-margin-top-large:24px;--awb-spacing-right-large:12px;--awb-margin-bottom-large:0px;--awb-spacing-left-large:12px;--awb-width-medium:100%;--awb-order-medium:1;--awb-spacing-right-medium:12px;--awb-spacing-left-medium:12px;--awb-width-small:100%;--awb-order-small:1;--awb-spacing-right-small:12px;--awb-spacing-left-small:12px;\" data-animationType=\"fadeInDown\" data-animationDuration=\"1.0\" data-animationDelay=\"0.6\" data-animationOffset=\"top-into-view\"><div class=\"fusion-column-wrapper fusion-column-has-shadow fusion-flex-justify-content-flex-start fusion-content-layout-column\"><div class=\"fusion-text fusion-text-17 fusion-animated\" style=\"--awb-text-color:var(--awb-color5);\" data-animationType=\"fadeInDown\" data-animationDuration=\"1.0\" data-animationDelay=\"0.3\" data-animationOffset=\"top-into-view\"><p>\u00c9quipe no. 9:\u00a0<strong>La d\u00e9couverte de nouveaux biomarqueurs<\/strong><\/p>\n<\/div><div class=\"fusion-text fusion-text-18 fusion-text-no-margin\" style=\"--awb-margin-bottom:8px;\"><p>Codirig\u00e9e par les docteurs <a href=\"https:\/\/sites.ualberta.ca\/~vlslab\/DixonHomepage\/\" target=\"_blank\" rel=\"noopener noreferrer\"><strong>Roger Dixon<\/strong><\/a>\u00a0et\u00a0<a href=\"https:\/\/psy.umontreal.ca\/repertoire-departement\/professeures\/professeures\/in\/in19348\/sg\/Lune%20Bellec\/\" target=\"_blank\" rel=\"noopener noreferrer\"><strong>Lune Bellec<\/strong><\/a><\/p>\n<\/div><div class=\"fusion-separator fusion-full-width-sep\" style=\"align-self: center;margin-left: auto;margin-right: auto;flex-grow:1;width:100%;\"><\/div><div class=\"accordian fusion-accordian\" style=\"--awb-border-size:1px;--awb-icon-size:16px;--awb-content-font-size:var(--awb-typography5-font-size);--awb-content-letter-spacing:var(--awb-typography5-letter-spacing);--awb-content-line-height:var(--awb-typography5-line-height);--awb-icon-alignment:left;--awb-hover-color:var(--awb-color2);--awb-border-color:var(--awb-color3);--awb-background-color:var(--awb-color1);--awb-divider-color:var(--awb-color3);--awb-divider-hover-color:var(--awb-color3);--awb-icon-color:var(--awb-color1);--awb-title-color:var(--awb-color4);--awb-content-color:var(--awb-color6);--awb-icon-box-color:var(--awb-color4);--awb-toggle-hover-accent-color:var(--awb-color4);--awb-toggle-active-accent-color:var(--awb-color4);--awb-title-font-family:var(--awb-typography1-font-family);--awb-title-font-weight:var(--awb-typography1-font-weight);--awb-title-font-style:var(--awb-typography1-font-style);--awb-title-font-size:var(--awb-typography5-font-size);--awb-title-letter-spacing:var(--awb-typography5-letter-spacing);--awb-title-line-height:var(--awb-typography5-line-height);--awb-content-font-family:var(--awb-typography4-font-family);--awb-content-font-weight:var(--awb-typography4-font-weight);--awb-content-font-style:var(--awb-typography4-font-style);\"><div class=\"panel-group fusion-toggle-icon-boxed\" id=\"accordion-10769-9\"><div class=\"fusion-panel panel-default panel-f5cd120dd27066c79 fusion-toggle-no-divider\" style=\"--awb-title-color:var(--awb-color8);\"><div class=\"panel-heading\"><div class=\"panel-title toggle\" id=\"toggle_f5cd120dd27066c79\"><a aria-expanded=\"false\" aria-controls=\"f5cd120dd27066c79\" role=\"button\" data-toggle=\"collapse\" data-parent=\"#accordion-10769-9\" data-target=\"#f5cd120dd27066c79\" href=\"#f5cd120dd27066c79\"><span class=\"fusion-toggle-icon-wrapper\" aria-hidden=\"true\"><i class=\"fa-fusion-box active-icon awb-icon-minus\" aria-hidden=\"true\"><\/i><i class=\"fa-fusion-box inactive-icon awb-icon-plus\" aria-hidden=\"true\"><\/i><\/span><span class=\"fusion-toggle-heading\">En savoir plus<\/span><\/a><\/div><\/div><div id=\"f5cd120dd27066c79\" class=\"panel-collapse collapse \" aria-labelledby=\"toggle_f5cd120dd27066c79\"><div class=\"panel-body toggle-content fusion-clearfix\">\n<p>Codirig\u00e9e par les docteurs <a href=\"https:\/\/sites.ualberta.ca\/~vlslab\/DixonHomepage\/\" target=\"_blank\" rel=\"noopener noreferrer\"><strong>Roger Dixon<\/strong><\/a>\u00a0et\u00a0<a href=\"https:\/\/psy.umontreal.ca\/repertoire-departement\/professeures\/professeures\/in\/in19348\/sg\/Lune%20Bellec\/\" target=\"_blank\" rel=\"noopener noreferrer\"><strong>Lune Bellec<\/strong><\/a>.\u00a0Cette \u00e9quipe dynamique comprend un nombre grandissant de chercheurs Canadiens dont les int\u00e9r\u00eats de recherche vari\u00e9s et les approches compl\u00e9mentaires contribuent \u00e0 la recherche sur les biomarqueurs du vieillissement et des maladies neurod\u00e9g\u00e9n\u00e9ratives. L\u2019\u00e9quipe 9 encourage la collaboration et l\u2019int\u00e9gration des connaissances dans le vaste domaine de la recherche sur les biomarqueurs. Ce domaine englobe des disciplines vari\u00e9es telles la neuroimagerie, la neurobiologie, les neurosciences computationelles, ainsi que la recherche portant sur la neurocognition. En plus d\u2019approches traditionnelles visant \u00e0 tester des hypoth\u00e8ses, l\u2019\u00e9quipe 9 utilise des techniques de fouille de donn\u00e9es pour la d\u00e9couverte et la validation de biomarqueurs, sur la base de donn\u00e9es \u00ab omiques \u00bb, de mani\u00e8re uni- ou multi- modale. \u00a0\u00a0Les recherches collaboratives\u00a0 au sein de l\u2019\u00e9quipe 9 int\u00e8grent des technologies \u00e9mergentes telles que l\u2019apprentissage machine, la fouille de donn\u00e9es, la connectomique, la m\u00e9tabolomique, la g\u00e9nomique, l\u2019analyse de trajectoires ainsi que la d\u00e9couverte de sous-types pour la m\u00e9decine de pr\u00e9cision.<\/p>\n<\/div><\/div><\/div><\/div><\/div><\/div><\/div><div class=\"fusion-layout-column fusion_builder_column_inner fusion-builder-nested-column-3 fusion_builder_column_inner_1_2 1_2 fusion-flex-column fusion-flex-align-self-stretch fusion-animated\" style=\"--awb-padding-top:48px;--awb-padding-right:48px;--awb-padding-bottom:48px;--awb-padding-left:48px;--awb-padding-right-small:24px;--awb-padding-left-small:24px;--awb-overflow:hidden;--awb-bg-color:var(--awb-color1);--awb-bg-color-hover:var(--awb-color1);--awb-bg-size:cover;--awb-border-radius:30px 30px 30px 30px;--awb-width-large:50%;--awb-margin-top-large:24px;--awb-spacing-right-large:12px;--awb-margin-bottom-large:0px;--awb-spacing-left-large:12px;--awb-width-medium:100%;--awb-order-medium:1;--awb-spacing-right-medium:12px;--awb-spacing-left-medium:12px;--awb-width-small:100%;--awb-order-small:1;--awb-spacing-right-small:12px;--awb-spacing-left-small:12px;\" data-animationType=\"fadeInDown\" data-animationDuration=\"1.0\" data-animationDelay=\"0.6\" data-animationOffset=\"top-into-view\"><div class=\"fusion-column-wrapper fusion-column-has-shadow fusion-flex-justify-content-flex-start fusion-content-layout-column\"><div class=\"fusion-text fusion-text-19 fusion-animated\" style=\"--awb-text-color:var(--awb-color5);\" data-animationType=\"fadeInDown\" data-animationDuration=\"1.0\" data-animationDelay=\"0.3\" data-animationOffset=\"top-into-view\"><p>\u00c9quipe no. 10:\u00a0<strong>L\u2019intervention cognitive, la r\u00e9serve<\/strong> et <strong>la plasticit\u00e9 c\u00e9r\u00e9brale<\/strong><\/p>\n<\/div><div class=\"fusion-text fusion-text-20 fusion-text-no-margin\" style=\"--awb-margin-bottom:8px;\"><p>Dirig\u00e9e par la docteure\u00a0<a href=\"http:\/\/www.criugm.qc.ca\/en\/researchers\/laboratory-directors\/28-sylvie-belleville.html\" target=\"_blank\" rel=\"noopener\" class=\"broken_link\"><strong>Sylvie Belleville<\/strong><\/a><\/p>\n<\/div><div class=\"fusion-separator fusion-full-width-sep\" style=\"align-self: center;margin-left: auto;margin-right: auto;flex-grow:1;width:100%;\"><\/div><div class=\"accordian fusion-accordian\" style=\"--awb-border-size:1px;--awb-icon-size:16px;--awb-content-font-size:var(--awb-typography5-font-size);--awb-content-letter-spacing:var(--awb-typography5-letter-spacing);--awb-content-line-height:var(--awb-typography5-line-height);--awb-icon-alignment:left;--awb-hover-color:var(--awb-color2);--awb-border-color:var(--awb-color3);--awb-background-color:var(--awb-color1);--awb-divider-color:var(--awb-color3);--awb-divider-hover-color:var(--awb-color3);--awb-icon-color:var(--awb-color1);--awb-title-color:var(--awb-color4);--awb-content-color:var(--awb-color6);--awb-icon-box-color:var(--awb-color4);--awb-toggle-hover-accent-color:var(--awb-color4);--awb-toggle-active-accent-color:var(--awb-color4);--awb-title-font-family:var(--awb-typography1-font-family);--awb-title-font-weight:var(--awb-typography1-font-weight);--awb-title-font-style:var(--awb-typography1-font-style);--awb-title-font-size:var(--awb-typography5-font-size);--awb-title-letter-spacing:var(--awb-typography5-letter-spacing);--awb-title-line-height:var(--awb-typography5-line-height);--awb-content-font-family:var(--awb-typography4-font-family);--awb-content-font-weight:var(--awb-typography4-font-weight);--awb-content-font-style:var(--awb-typography4-font-style);\"><div class=\"panel-group fusion-toggle-icon-boxed\" id=\"accordion-10769-10\"><div class=\"fusion-panel panel-default panel-3bea285057f35a41e fusion-toggle-no-divider\"><div class=\"panel-heading\"><div class=\"panel-title toggle\" id=\"toggle_3bea285057f35a41e\"><a aria-expanded=\"false\" aria-controls=\"3bea285057f35a41e\" role=\"button\" data-toggle=\"collapse\" data-parent=\"#accordion-10769-10\" data-target=\"#3bea285057f35a41e\" href=\"#3bea285057f35a41e\"><span class=\"fusion-toggle-icon-wrapper\" aria-hidden=\"true\"><i class=\"fa-fusion-box active-icon awb-icon-minus\" aria-hidden=\"true\"><\/i><i class=\"fa-fusion-box inactive-icon awb-icon-plus\" aria-hidden=\"true\"><\/i><\/span><span class=\"fusion-toggle-heading\">En savoir plus<\/span><\/a><\/div><\/div><div id=\"3bea285057f35a41e\" class=\"panel-collapse collapse \" aria-labelledby=\"toggle_3bea285057f35a41e\"><div class=\"panel-body toggle-content fusion-clearfix\">\n<p>Dirig\u00e9e par la docteure\u00a0<strong><a href=\"http:\/\/www.criugm.qc.ca\/en\/researchers\/laboratory-directors\/28-sylvie-belleville.html\" target=\"_blank\" rel=\"noopener noreferrer\" class=\"broken_link\">Sylvie Belleville<\/a><\/strong>. Elle cherche \u00e0 mieux comprendre comment la r\u00e9serve cognitive et la plasticit\u00e9 c\u00e9r\u00e9brale prot\u00e8gent la personne contre les maladies neurod\u00e9g\u00e9n\u00e9ratives li\u00e9es \u00e0 l\u2019\u00e2ge et \u00e0 \u00e9laborer des strat\u00e9gies pour augmenter la r\u00e9silience. Plus pr\u00e9cis\u00e9ment, ils cherchent \u00e0 concevoir et \u00e9valuer un programme de formation cognitive qui favorisera la sant\u00e9 cognitive chez les personnes atteintes de d\u00e9clin cognitif subjectif (c.-\u00e0-d., une auto-\u00e9valuation des probl\u00e8mes de m\u00e9moire ou des troubles cognitifs). Le programme associe des strat\u00e9gies d\u2019entra\u00eenement de la m\u00e9moire et de l\u2019attention \u00e0 des activit\u00e9s de loisir stimulantes (p. ex., l\u2019apprentissage de la musique, l\u2019apprentissage d\u2019une deuxi\u00e8me langue et jouer \u00e0 des jeux vid\u00e9o actifs). La structure et le fonctionnement du cerveau des participants, leur cognition et leur bien-\u00eatre seront mesur\u00e9s imm\u00e9diatement apr\u00e8s la p\u00e9riode d\u2019entra\u00eenement, puis de nouveau deux ans plus tard pour \u00e9valuer la persistance \u00e0 long terme des bienfaits, ainsi que les effets protecteurs de l\u2019intervention contre le d\u00e9clin li\u00e9 \u00e0 l\u2019\u00e2ge. Pour cette \u00e9tude, les chercheurs souhaitent recruter le plus grand nombre de participants possible ayant un faible niveau d\u2019\u00e9ducation formelle. Ces personnes sont consid\u00e9r\u00e9es comme plus \u00e0 risque de d\u00e9velopper un trouble neurocognitif et sont donc susceptibles de b\u00e9n\u00e9ficier consid\u00e9rablement de ce type d\u2019intervention. De plus, l\u2019\u00e9tude identifiera les meilleurs r\u00e9pondeurs en examinant si les caract\u00e9ristiques individuelles \u2014 par exemple, le g\u00e9notype, le sexe ou le mode de vie cognitif \u2014 permettent de pr\u00e9dire de meilleurs r\u00e9sultats.<\/p>\n<\/div><\/div><\/div><\/div><\/div><\/div><\/div><div class=\"fusion-layout-column fusion_builder_column_inner fusion-builder-nested-column-4 fusion_builder_column_inner_1_2 1_2 fusion-flex-column fusion-flex-align-self-stretch fusion-animated\" style=\"--awb-padding-top:48px;--awb-padding-right:48px;--awb-padding-bottom:48px;--awb-padding-left:48px;--awb-padding-right-small:24px;--awb-padding-left-small:24px;--awb-overflow:hidden;--awb-bg-color:var(--awb-color1);--awb-bg-color-hover:var(--awb-color1);--awb-bg-size:cover;--awb-border-radius:30px 30px 30px 30px;--awb-width-large:50%;--awb-margin-top-large:24px;--awb-spacing-right-large:12px;--awb-margin-bottom-large:0px;--awb-spacing-left-large:12px;--awb-width-medium:100%;--awb-order-medium:1;--awb-spacing-right-medium:12px;--awb-spacing-left-medium:12px;--awb-width-small:100%;--awb-order-small:1;--awb-spacing-right-small:12px;--awb-spacing-left-small:12px;\" data-animationType=\"fadeInDown\" data-animationDuration=\"1.0\" data-animationDelay=\"0.6\" data-animationOffset=\"top-into-view\"><div class=\"fusion-column-wrapper fusion-column-has-shadow fusion-flex-justify-content-flex-start fusion-content-layout-column\"><div class=\"fusion-text fusion-text-21 fusion-animated\" style=\"--awb-text-color:var(--awb-color5);\" data-animationType=\"fadeInDown\" data-animationDuration=\"1.0\" data-animationDelay=\"0.3\" data-animationOffset=\"top-into-view\"><p>\u00c9quipe no. 11:\u00a0<strong>La pr\u00e9vention et le traitement des sympt\u00f4mes neuropsychiatriques<\/strong><\/p>\n<\/div><div class=\"fusion-text fusion-text-22 fusion-text-no-margin\" style=\"--awb-margin-bottom:8px;\"><p>Dirig\u00e9e par les docteurs<strong><a href=\"http:\/\/sunnybrook.ca\/research\/team\/member.asp?t=11&amp;m=80&amp;page=172\" target=\"_blank\" rel=\"noopener noreferrer\">Nathan Herrmann<\/a><\/strong>,\u00a0<strong><a href=\"http:\/\/sunnybrook.ca\/research\/team\/member.asp?t=11&amp;page=172&amp;m=102\" target=\"_blank\" rel=\"noopener noreferrer\">Krista Lanct\u00f4t<\/a><\/strong>, et\u00a0<strong><a href=\"http:\/\/research.baycrest.org\/dseitz\" target=\"_blank\" rel=\"noopener noreferrer\">Dallas Seitz<\/a><\/strong><\/p>\n<\/div><div class=\"fusion-separator fusion-full-width-sep\" style=\"align-self: center;margin-left: auto;margin-right: auto;flex-grow:1;width:100%;\"><\/div><div class=\"accordian fusion-accordian\" style=\"--awb-border-size:1px;--awb-icon-size:16px;--awb-content-font-size:var(--awb-typography5-font-size);--awb-content-letter-spacing:var(--awb-typography5-letter-spacing);--awb-content-line-height:var(--awb-typography5-line-height);--awb-icon-alignment:left;--awb-hover-color:var(--awb-color2);--awb-border-color:var(--awb-color3);--awb-background-color:var(--awb-color1);--awb-divider-color:var(--awb-color3);--awb-divider-hover-color:var(--awb-color3);--awb-icon-color:var(--awb-color1);--awb-title-color:var(--awb-color4);--awb-content-color:var(--awb-color6);--awb-icon-box-color:var(--awb-color4);--awb-toggle-hover-accent-color:var(--awb-color4);--awb-toggle-active-accent-color:var(--awb-color4);--awb-title-font-family:var(--awb-typography1-font-family);--awb-title-font-weight:var(--awb-typography1-font-weight);--awb-title-font-style:var(--awb-typography1-font-style);--awb-title-font-size:var(--awb-typography5-font-size);--awb-title-letter-spacing:var(--awb-typography5-letter-spacing);--awb-title-line-height:var(--awb-typography5-line-height);--awb-content-font-family:var(--awb-typography4-font-family);--awb-content-font-weight:var(--awb-typography4-font-weight);--awb-content-font-style:var(--awb-typography4-font-style);\"><div class=\"panel-group fusion-toggle-icon-boxed\" id=\"accordion-10769-11\"><div class=\"fusion-panel panel-default panel-de4c27c16c13f10c6 fusion-toggle-no-divider\"><div class=\"panel-heading\"><div class=\"panel-title toggle\" id=\"toggle_de4c27c16c13f10c6\"><a aria-expanded=\"false\" aria-controls=\"de4c27c16c13f10c6\" role=\"button\" data-toggle=\"collapse\" data-parent=\"#accordion-10769-11\" data-target=\"#de4c27c16c13f10c6\" href=\"#de4c27c16c13f10c6\"><span class=\"fusion-toggle-icon-wrapper\" aria-hidden=\"true\"><i class=\"fa-fusion-box active-icon awb-icon-minus\" aria-hidden=\"true\"><\/i><i class=\"fa-fusion-box inactive-icon awb-icon-plus\" aria-hidden=\"true\"><\/i><\/span><span class=\"fusion-toggle-heading\">En savoir plus<\/span><\/a><\/div><\/div><div id=\"de4c27c16c13f10c6\" class=\"panel-collapse collapse \" aria-labelledby=\"toggle_de4c27c16c13f10c6\"><div class=\"panel-body toggle-content fusion-clearfix\">\n<p>Dirig\u00e9e par les docteurs<strong><a href=\"http:\/\/sunnybrook.ca\/research\/team\/member.asp?t=11&amp;m=80&amp;page=172\" target=\"_blank\" rel=\"noopener noreferrer\">Nathan Herrmann<\/a><\/strong>,\u00a0<strong><a href=\"http:\/\/sunnybrook.ca\/research\/team\/member.asp?t=11&amp;page=172&amp;m=102\" target=\"_blank\" rel=\"noopener noreferrer\">Krista Lanct\u00f4t<\/a><\/strong>, et\u00a0<strong><a href=\"http:\/\/research.baycrest.org\/dseitz\" target=\"_blank\" rel=\"noopener noreferrer\">Dallas Seitz<\/a><\/strong>. La principale contribution du Dr Herrmann dans le domaine de la recherche sur les troubles neurocognitifs sur le traitement des troubles comportementaux et la cognition. La docteure Lanct\u00f4t \u00e9tudie comment des troubles neurocognitifs influence les \u00e9motions et l\u2019humeur et comment celles-ci peuvent \u00eatre mieux prises en charge. Les recherches du Dr Seitz s\u2019int\u00e9ressent \u00e0 la fa\u00e7on dont les adultes \u00e2g\u00e9s atteints de troubles psychiatriques utilisent les services de sant\u00e9, \u00e9valuent l\u2019innocuit\u00e9 et l\u2019efficacit\u00e9 des traitements pour des probl\u00e8mes de sant\u00e9 mentale g\u00e9riatriques et effectuent le transfert des connaissances en sant\u00e9 mentale g\u00e9riatrique.<\/p>\n<\/div><\/div><\/div><\/div><\/div><\/div><\/div><div class=\"fusion-layout-column fusion_builder_column_inner fusion-builder-nested-column-5 fusion_builder_column_inner_1_2 1_2 fusion-flex-column fusion-flex-align-self-stretch fusion-animated\" style=\"--awb-padding-top:48px;--awb-padding-right:48px;--awb-padding-bottom:48px;--awb-padding-left:48px;--awb-padding-right-small:24px;--awb-padding-left-small:24px;--awb-overflow:hidden;--awb-bg-color:var(--awb-color1);--awb-bg-color-hover:var(--awb-color1);--awb-bg-size:cover;--awb-border-radius:30px 30px 30px 30px;--awb-width-large:50%;--awb-margin-top-large:24px;--awb-spacing-right-large:12px;--awb-margin-bottom-large:0px;--awb-spacing-left-large:12px;--awb-width-medium:100%;--awb-order-medium:1;--awb-spacing-right-medium:12px;--awb-spacing-left-medium:12px;--awb-width-small:100%;--awb-order-small:1;--awb-spacing-right-small:12px;--awb-spacing-left-small:12px;\" data-animationType=\"fadeInDown\" data-animationDuration=\"1.0\" data-animationDelay=\"0.6\" data-animationOffset=\"top-into-view\"><div class=\"fusion-column-wrapper fusion-column-has-shadow fusion-flex-justify-content-flex-start fusion-content-layout-column\"><div class=\"fusion-text fusion-text-23 fusion-animated\" style=\"--awb-text-color:var(--awb-color5);\" data-animationType=\"fadeInDown\" data-animationDuration=\"1.0\" data-animationDelay=\"0.3\" data-animationOffset=\"top-into-view\"><p>\u00c9quipe no. 12:\u00a0<strong>La mobilit\u00e9, l\u2019exercice et la cognition (MEC) <\/strong><\/p>\n<\/div><div class=\"fusion-text fusion-text-24 fusion-text-no-margin\" style=\"--awb-margin-bottom:8px;\"><p>Dirig\u00e9e par les docteurs\u00a0<strong><a href=\"https:\/\/www.schulich.uwo.ca\/geriatrics\/people\/bio\/MMO_bio.html\" target=\"_blank\" rel=\"noopener noreferrer\">Manuel Montero-Odasso<\/a><\/strong>\u00a0et\u00a0<strong><a href=\"https:\/\/criugm.qc.ca\/en\/chercheurs\/bherer-louis-en\/\" target=\"_blank\" rel=\"noopener noreferrer\">Louis Bherer<\/a><\/strong><\/p>\n<\/div><div class=\"fusion-separator fusion-full-width-sep\" style=\"align-self: center;margin-left: auto;margin-right: auto;flex-grow:1;width:100%;\"><\/div><div class=\"accordian fusion-accordian\" style=\"--awb-border-size:1px;--awb-icon-size:16px;--awb-content-font-size:var(--awb-typography5-font-size);--awb-content-letter-spacing:var(--awb-typography5-letter-spacing);--awb-content-line-height:var(--awb-typography5-line-height);--awb-icon-alignment:left;--awb-hover-color:var(--awb-color2);--awb-border-color:var(--awb-color3);--awb-background-color:var(--awb-color1);--awb-divider-color:var(--awb-color3);--awb-divider-hover-color:var(--awb-color3);--awb-icon-color:var(--awb-color1);--awb-title-color:var(--awb-color4);--awb-content-color:var(--awb-color6);--awb-icon-box-color:var(--awb-color4);--awb-toggle-hover-accent-color:var(--awb-color4);--awb-toggle-active-accent-color:var(--awb-color4);--awb-title-font-family:var(--awb-typography1-font-family);--awb-title-font-weight:var(--awb-typography1-font-weight);--awb-title-font-style:var(--awb-typography1-font-style);--awb-title-font-size:var(--awb-typography5-font-size);--awb-title-letter-spacing:var(--awb-typography5-letter-spacing);--awb-title-line-height:var(--awb-typography5-line-height);--awb-content-font-family:var(--awb-typography4-font-family);--awb-content-font-weight:var(--awb-typography4-font-weight);--awb-content-font-style:var(--awb-typography4-font-style);\"><div class=\"panel-group fusion-toggle-icon-boxed\" id=\"accordion-10769-12\"><div class=\"fusion-panel panel-default panel-2e04c072d0bb6fd92 fusion-toggle-no-divider\"><div class=\"panel-heading\"><div class=\"panel-title toggle\" id=\"toggle_2e04c072d0bb6fd92\"><a aria-expanded=\"false\" aria-controls=\"2e04c072d0bb6fd92\" role=\"button\" data-toggle=\"collapse\" data-parent=\"#accordion-10769-12\" data-target=\"#2e04c072d0bb6fd92\" href=\"#2e04c072d0bb6fd92\"><span class=\"fusion-toggle-icon-wrapper\" aria-hidden=\"true\"><i class=\"fa-fusion-box active-icon awb-icon-minus\" aria-hidden=\"true\"><\/i><i class=\"fa-fusion-box inactive-icon awb-icon-plus\" aria-hidden=\"true\"><\/i><\/span><span class=\"fusion-toggle-heading\">En savoir plus<\/span><\/a><\/div><\/div><div id=\"2e04c072d0bb6fd92\" class=\"panel-collapse collapse \" aria-labelledby=\"toggle_2e04c072d0bb6fd92\"><div class=\"panel-body toggle-content fusion-clearfix\">\n<p>Codirig\u00e9e par les docteurs\u00a0<strong><a href=\"https:\/\/www.schulich.uwo.ca\/geriatrics\/people\/bio\/MMO_bio.html\" target=\"_blank\" rel=\"noopener noreferrer\">Manuel Montero-Odasso<\/a><\/strong>\u00a0et\u00a0<strong><a href=\"https:\/\/criugm.qc.ca\/en\/chercheurs\/bherer-louis-en\/\" target=\"_blank\" rel=\"noopener noreferrer\">Louis Bherer<\/a><\/strong>.Elle se concentre sur le lien entre l\u2019activit\u00e9 physique, les performances motrices et le d\u00e9clin cognitif li\u00e9 \u00e0 l\u2019\u00e2ge et la neurod\u00e9g\u00e9n\u00e9rescence. Au cours du vieillissement, le d\u00e9clin moteur et le d\u00e9clin cognitif interagissent souvent en raison des r\u00e9seaux neuronaux qu\u2019ils partagent. Par cons\u00e9quent, les changements li\u00e9s \u00e0 l\u2019\u00e2ge ou provoqu\u00e9s par la maladie dans ces r\u00e9seaux ont des r\u00e9percussions sur l\u2019apprentissage et le contr\u00f4le moteur, la m\u00e9moire, les fonctions ex\u00e9cutives, la d\u00e9marche et l\u2019\u00e9quilibre chez les personnes \u00e2g\u00e9es. Mais surtout, le d\u00e9clin moteur et le d\u00e9clin cognitif constituent les principaux facteurs de risque d\u2019un trouble neurocognitif, de chutes, de fractures et d\u2019incapacit\u00e9 \u00e0 long terme. Plus pr\u00e9cis\u00e9ment, l\u2019\u00e9quipe MEC \u00e9tudie l\u2019interaction et l\u2019expression du d\u00e9clin cognitif et moteur dans l\u2019\u00e9volution des maladies neurod\u00e9g\u00e9n\u00e9ratives. Leurs conclusions seront ensuite transpos\u00e9es dans des interventions novatrices ax\u00e9es sur l\u2019activit\u00e9 physique. \u00c0 ce jour, le MEC a obtenu plusieurs r\u00e9alisations importantes, en particulier en ce qui concerne l\u2019essai SYNERGIC (SYNchronizing Exercises and Remedies in GaIt and Cognition ou synchronisation de l\u2019activit\u00e9 physique et des traitements pour am\u00e9liorer la d\u00e9marche et la cognition) des IRSC et du CCNV. L\u2019essai SYNERGIC est men\u00e9 par leur \u00e9quipe de recherche pancanadienne et vise \u00e0 d\u00e9terminer les effets d\u2019une combinaison d\u2019exercices physiques, moteurs et cognitifs sur le d\u00e9clin cognitif et moteur. Pour en savoir plus, consultez le \u00a0<strong><a href=\"http:\/\/synergictrial.com\/\" target=\"_blank\" rel=\"noopener noreferrer\">http:\/\/synergictrial.com\/.<\/a><\/strong><\/p>\n<\/div><\/div><\/div><\/div><\/div><\/div><\/div><div class=\"fusion-layout-column fusion_builder_column_inner fusion-builder-nested-column-6 fusion_builder_column_inner_1_2 1_2 fusion-flex-column fusion-flex-align-self-stretch fusion-animated\" style=\"--awb-padding-top:48px;--awb-padding-right:48px;--awb-padding-bottom:48px;--awb-padding-left:48px;--awb-padding-right-small:24px;--awb-padding-left-small:24px;--awb-overflow:hidden;--awb-bg-color:var(--awb-color1);--awb-bg-color-hover:var(--awb-color1);--awb-bg-size:cover;--awb-border-radius:30px 30px 30px 30px;--awb-width-large:50%;--awb-margin-top-large:24px;--awb-spacing-right-large:12px;--awb-margin-bottom-large:0px;--awb-spacing-left-large:12px;--awb-width-medium:100%;--awb-order-medium:1;--awb-spacing-right-medium:12px;--awb-spacing-left-medium:12px;--awb-width-small:100%;--awb-order-small:1;--awb-spacing-right-small:12px;--awb-spacing-left-small:12px;\" data-animationType=\"fadeInDown\" data-animationDuration=\"1.0\" data-animationDelay=\"0.6\" data-animationOffset=\"top-into-view\"><div class=\"fusion-column-wrapper fusion-column-has-shadow fusion-flex-justify-content-flex-start fusion-content-layout-column\"><div class=\"fusion-text fusion-text-25 fusion-animated\" style=\"--awb-text-color:var(--awb-color5);\" data-animationType=\"fadeInDown\" data-animationDuration=\"1.0\" data-animationDelay=\"0.3\" data-animationOffset=\"top-into-view\"><p>\u00c9quipe no. 13:\u00a0<strong>La d\u00e9mence frontotemporale<\/strong><\/p>\n<\/div><div class=\"fusion-text fusion-text-26 fusion-text-no-margin\" style=\"--awb-margin-bottom:8px;\"><p>Dirig\u00e9e par le docteur <a href=\"http:\/\/www.vchri.ca\/researchers\/ging-yuek-robin-hsiung\" target=\"_blank\" rel=\"noopener noreferrer\"><strong>Robin Hsiung<\/strong><\/a><\/p>\n<\/div><div class=\"fusion-separator fusion-full-width-sep\" style=\"align-self: center;margin-left: auto;margin-right: auto;flex-grow:1;width:100%;\"><\/div><div class=\"accordian fusion-accordian\" style=\"--awb-border-size:1px;--awb-icon-size:16px;--awb-content-font-size:var(--awb-typography5-font-size);--awb-content-letter-spacing:var(--awb-typography5-letter-spacing);--awb-content-line-height:var(--awb-typography5-line-height);--awb-icon-alignment:left;--awb-hover-color:var(--awb-color2);--awb-border-color:var(--awb-color3);--awb-background-color:var(--awb-color1);--awb-divider-color:var(--awb-color3);--awb-divider-hover-color:var(--awb-color3);--awb-icon-color:var(--awb-color1);--awb-title-color:var(--awb-color4);--awb-content-color:var(--awb-color6);--awb-icon-box-color:var(--awb-color4);--awb-toggle-hover-accent-color:var(--awb-color4);--awb-toggle-active-accent-color:var(--awb-color4);--awb-title-font-family:var(--awb-typography1-font-family);--awb-title-font-weight:var(--awb-typography1-font-weight);--awb-title-font-style:var(--awb-typography1-font-style);--awb-title-font-size:var(--awb-typography5-font-size);--awb-title-letter-spacing:var(--awb-typography5-letter-spacing);--awb-title-line-height:var(--awb-typography5-line-height);--awb-content-font-family:var(--awb-typography4-font-family);--awb-content-font-weight:var(--awb-typography4-font-weight);--awb-content-font-style:var(--awb-typography4-font-style);\"><div class=\"panel-group fusion-toggle-icon-boxed\" id=\"accordion-10769-13\"><div class=\"fusion-panel panel-default panel-295909307d872665a fusion-toggle-no-divider\"><div class=\"panel-heading\"><div class=\"panel-title toggle\" id=\"toggle_295909307d872665a\"><a aria-expanded=\"false\" aria-controls=\"295909307d872665a\" role=\"button\" data-toggle=\"collapse\" data-parent=\"#accordion-10769-13\" data-target=\"#295909307d872665a\" href=\"#295909307d872665a\"><span class=\"fusion-toggle-icon-wrapper\" aria-hidden=\"true\"><i class=\"fa-fusion-box active-icon awb-icon-minus\" aria-hidden=\"true\"><\/i><i class=\"fa-fusion-box inactive-icon awb-icon-plus\" aria-hidden=\"true\"><\/i><\/span><span class=\"fusion-toggle-heading\">En savoir plus<\/span><\/a><\/div><\/div><div id=\"295909307d872665a\" class=\"panel-collapse collapse \" aria-labelledby=\"toggle_295909307d872665a\"><div class=\"panel-body toggle-content fusion-clearfix\">\n<p>Dirig\u00e9e par le docteur <a href=\"http:\/\/www.vchri.ca\/researchers\/ging-yuek-robin-hsiung\" target=\"_blank\" rel=\"noopener noreferrer\"><strong>Robin Hsiung<\/strong><\/a>, qui examine les facteurs qui causent des troubles neurocognitifs et explore de nouvelles techniques d\u2019imagerie et de laboratoire pour contribuer \u00e0 identifier et \u00e0 distinguer les diff\u00e9rents types des troubles neurocognitifs au stade le plus pr\u00e9coce. Un autre th\u00e8me central de ses recherches consiste \u00e0 utiliser les essais cliniques pour apprendre de nouvelles techniques pour traiter diff\u00e9rents types des troubles neurocognitifs \u00e0 diff\u00e9rents stades.<\/p>\n<\/div><\/div><\/div><\/div><\/div><\/div><\/div><\/div><\/div><\/div><\/div><\/div><\/div><div id=\"comit\u00e9-ex\u00e9cutif-de-la-recherche\" class=\"fusion-container-anchor\"><div class=\"fusion-fullwidth fullwidth-box fusion-builder-row-3 fusion-flex-container has-pattern-background has-mask-background nonhundred-percent-fullwidth non-hundred-percent-height-scrolling\" style=\"--link_hover_color: var(--awb-color5);--link_color: var(--awb-color5);--awb-border-radius-top-left:0px;--awb-border-radius-top-right:0px;--awb-border-radius-bottom-right:0px;--awb-border-radius-bottom-left:0px;--awb-padding-top:96px;--awb-padding-bottom:0px;--awb-padding-top-small:56px;--awb-padding-right-small:16px;--awb-padding-bottom-small:0px;--awb-padding-left-small:16px;--awb-flex-wrap:wrap;\" ><div class=\"fusion-builder-row fusion-row fusion-flex-align-items-flex-start fusion-flex-content-wrap\" style=\"max-width:calc( 1400px + 24px );margin-left: calc(-24px \/ 2 );margin-right: calc(-24px \/ 2 );\"><div class=\"fusion-layout-column fusion_builder_column fusion-builder-column-8 fusion_builder_column_1_1 1_1 fusion-flex-column fusion-flex-align-self-center fusion-animated\" style=\"--awb-padding-right-small:14px;--awb-padding-left-small:14px;--awb-bg-size:cover;--awb-width-large:100%;--awb-margin-top-large:0px;--awb-spacing-right-large:12px;--awb-margin-bottom-large:48px;--awb-spacing-left-large:12px;--awb-width-medium:100%;--awb-order-medium:0;--awb-spacing-right-medium:12px;--awb-spacing-left-medium:12px;--awb-width-small:100%;--awb-order-small:0;--awb-spacing-right-small:12px;--awb-spacing-left-small:12px;\" data-animationType=\"fadeInDown\" data-animationDuration=\"1.0\" data-animationOffset=\"top-into-view\"><div class=\"fusion-column-wrapper fusion-column-has-shadow fusion-flex-justify-content-flex-start fusion-content-layout-column\"><div class=\"fusion-title title fusion-title-5 fusion-sep-none fusion-title-text fusion-title-size-two fusion-animated\" style=\"--awb-margin-bottom:24px;--awb-margin-bottom-small:24px;\" data-animationType=\"fadeInDown\" data-animationDuration=\"1.0\" data-animationOffset=\"top-into-view\"><h2 class=\"fusion-title-heading title-heading-left fusion-responsive-typography-calculated\" style=\"margin:0;text-transform:var(--awb-typography2-text-transform);--fontSize:54;line-height:var(--awb-typography1-line-height);\">Th\u00e8me 3 : <strong><span class=\"highlight-text\">Qualit\u00e9 de vie<\/span><\/strong><\/h2><\/div><div class=\"fusion-title title fusion-title-6 fusion-sep-none fusion-title-text fusion-title-size-three fusion-animated\" data-animationType=\"fadeInDown\" data-animationDuration=\"1.0\" data-animationOffset=\"top-into-view\"><h3 class=\"fusion-title-heading title-heading-left fusion-responsive-typography-calculated\" style=\"margin:0;text-transform:var(--awb-typography2-text-transform);--fontSize:40;line-height:var(--awb-typography1-line-height);\">Aide les personnes, les proches aidants et le syst\u00e8me de sant\u00e9 \u00e0 faire face aux maladies d\u00e9j\u00e0 pr\u00e9sentes<\/h3><\/div><\/div><\/div><div class=\"fusion-layout-column fusion_builder_column fusion-builder-column-9 fusion_builder_column_1_2 1_2 fusion-flex-column fusion-flex-align-self-stretch fusion-animated\" style=\"--awb-padding-top:48px;--awb-padding-right:48px;--awb-padding-bottom:48px;--awb-padding-left:48px;--awb-padding-right-small:24px;--awb-padding-left-small:24px;--awb-overflow:hidden;--awb-bg-size:cover;--awb-border-color:hsla(var(--awb-color8-h),var(--awb-color8-s),var(--awb-color8-l),calc(var(--awb-color8-a) - 75%));--awb-border-top:1px;--awb-border-right:1px;--awb-border-bottom:1px;--awb-border-left:1px;--awb-border-style:solid;--awb-border-radius:30px 30px 30px 30px;--awb-transform:scaleX(1) scaleY(1);--awb-transform-hover:scaleX(1.05) scaleY(1.05);--awb-width-large:50%;--awb-margin-top-large:0px;--awb-spacing-right-large:12px;--awb-margin-bottom-large:0px;--awb-spacing-left-large:12px;--awb-width-medium:100%;--awb-order-medium:0;--awb-spacing-right-medium:12px;--awb-spacing-left-medium:12px;--awb-width-small:100%;--awb-order-small:0;--awb-spacing-right-small:12px;--awb-spacing-left-small:12px;\" data-animationType=\"fadeInDown\" data-animationDuration=\"1.0\" data-animationDelay=\"0.6\" data-animationOffset=\"top-into-view\"><div class=\"fusion-column-wrapper fusion-column-has-shadow fusion-flex-justify-content-flex-start fusion-content-layout-column\"><div class=\"fusion-text fusion-text-27 fusion-animated\" style=\"--awb-text-color:var(--awb-color5);\" data-animationType=\"fadeInDown\" data-animationDuration=\"1.0\" data-animationDelay=\"0.3\" data-animationOffset=\"top-into-view\"><p>\u00c9quipe no. 14:\u00a0<strong>La fa\u00e7on dont les multiples facteurs de morbidit\u00e9 modifient le risque de d\u00e9mence et les modes de manifestation des maladies<\/strong><\/p>\n<\/div><div class=\"fusion-text fusion-text-28 fusion-text-no-margin\" style=\"--awb-margin-bottom:8px;\"><p>Dirig\u00e9e par la docteure <a href=\"http:\/\/geriatricresearch.medicine.dal.ca\/andrew.htm\" target=\"_blank\" rel=\"noopener noreferrer\" class=\"broken_link\"><strong>Melissa Andrew<\/strong><\/a><\/p>\n<\/div><div class=\"fusion-separator fusion-full-width-sep\" style=\"align-self: center;margin-left: auto;margin-right: auto;flex-grow:1;width:100%;\"><\/div><div class=\"accordian fusion-accordian\" style=\"--awb-border-size:1px;--awb-icon-size:16px;--awb-content-font-size:var(--awb-typography5-font-size);--awb-content-letter-spacing:var(--awb-typography5-letter-spacing);--awb-content-line-height:var(--awb-typography5-line-height);--awb-icon-alignment:left;--awb-hover-color:var(--awb-color2);--awb-border-color:var(--awb-color3);--awb-background-color:var(--awb-color1);--awb-divider-color:var(--awb-color3);--awb-divider-hover-color:var(--awb-color3);--awb-icon-color:var(--awb-color1);--awb-title-color:var(--awb-color4);--awb-content-color:var(--awb-color6);--awb-icon-box-color:var(--awb-color4);--awb-toggle-hover-accent-color:var(--awb-color4);--awb-toggle-active-accent-color:var(--awb-color4);--awb-title-font-family:var(--awb-typography1-font-family);--awb-title-font-weight:var(--awb-typography1-font-weight);--awb-title-font-style:var(--awb-typography1-font-style);--awb-title-font-size:var(--awb-typography5-font-size);--awb-title-letter-spacing:var(--awb-typography5-letter-spacing);--awb-title-line-height:var(--awb-typography5-line-height);--awb-content-font-family:var(--awb-typography4-font-family);--awb-content-font-weight:var(--awb-typography4-font-weight);--awb-content-font-style:var(--awb-typography4-font-style);\"><div class=\"panel-group fusion-toggle-icon-boxed\" id=\"accordion-10769-14\"><div class=\"fusion-panel panel-default panel-dae5ed5b2cb4d25e7 fusion-toggle-no-divider\"><div class=\"panel-heading\"><div class=\"panel-title toggle\" id=\"toggle_dae5ed5b2cb4d25e7\"><a aria-expanded=\"false\" aria-controls=\"dae5ed5b2cb4d25e7\" role=\"button\" data-toggle=\"collapse\" data-parent=\"#accordion-10769-14\" data-target=\"#dae5ed5b2cb4d25e7\" href=\"#dae5ed5b2cb4d25e7\"><span class=\"fusion-toggle-icon-wrapper\" aria-hidden=\"true\"><i class=\"fa-fusion-box active-icon awb-icon-minus\" aria-hidden=\"true\"><\/i><i class=\"fa-fusion-box inactive-icon awb-icon-plus\" aria-hidden=\"true\"><\/i><\/span><span class=\"fusion-toggle-heading\">En savoir plus<\/span><\/a><\/div><\/div><div id=\"dae5ed5b2cb4d25e7\" class=\"panel-collapse collapse \" aria-labelledby=\"toggle_dae5ed5b2cb4d25e7\"><div class=\"panel-body toggle-content fusion-clearfix\">\n<p>Dirig\u00e9e par la docteure <a href=\"http:\/\/geriatricresearch.medicine.dal.ca\/andrew.htm\" target=\"_blank\" rel=\"noopener noreferrer\" class=\"broken_link\"><strong>Melissa Andrew<\/strong><\/a>, qui \u00e9tudie l\u2019impact des multiples morbidit\u00e9s sur des troubles neurocognitifs. Elle s\u2019int\u00e9resse en particulier \u00e0 l\u2019impact de la fragilit\u00e9 et de la vuln\u00e9rabilit\u00e9 sur l\u2019acc\u00e9l\u00e9ration de l\u2019apparition des sympt\u00f4mes et la progression des troubles neurocognitifs et comment la maladie peut \u00eatre mieux prise en charge et trait\u00e9e.<\/p>\n<\/div><\/div><\/div><\/div><\/div><\/div><\/div><div class=\"fusion-layout-column fusion_builder_column fusion-builder-column-10 fusion_builder_column_1_2 1_2 fusion-flex-column fusion-flex-align-self-stretch fusion-animated\" style=\"--awb-padding-top:48px;--awb-padding-right:48px;--awb-padding-bottom:48px;--awb-padding-left:48px;--awb-padding-right-small:24px;--awb-padding-left-small:24px;--awb-overflow:hidden;--awb-bg-size:cover;--awb-border-color:hsla(var(--awb-color8-h),var(--awb-color8-s),var(--awb-color8-l),calc(var(--awb-color8-a) - 75%));--awb-border-top:1px;--awb-border-right:1px;--awb-border-bottom:1px;--awb-border-left:1px;--awb-border-style:solid;--awb-border-radius:30px 30px 30px 30px;--awb-transform:scaleX(1) scaleY(1);--awb-transform-hover:scaleX(1.05) scaleY(1.05);--awb-width-large:50%;--awb-margin-top-large:0px;--awb-spacing-right-large:12px;--awb-margin-bottom-large:0px;--awb-spacing-left-large:12px;--awb-width-medium:100%;--awb-order-medium:0;--awb-margin-top-medium:24px;--awb-spacing-right-medium:12px;--awb-spacing-left-medium:12px;--awb-width-small:100%;--awb-order-small:0;--awb-margin-top-small:24px;--awb-spacing-right-small:12px;--awb-spacing-left-small:12px;\" data-animationType=\"fadeInDown\" data-animationDuration=\"1.0\" data-animationDelay=\"0.6\" data-animationOffset=\"top-into-view\"><div class=\"fusion-column-wrapper fusion-column-has-shadow fusion-flex-justify-content-flex-start fusion-content-layout-column\"><div class=\"fusion-text fusion-text-29 fusion-animated\" style=\"--awb-text-color:var(--awb-color5);\" data-animationType=\"fadeInDown\" data-animationDuration=\"1.0\" data-animationDelay=\"0.3\" data-animationOffset=\"top-into-view\"><p>\u00c9quipe no. 15:\u00a0<strong>La g\u00e9rontechnologie et la d\u00e9mence<\/strong><\/p>\n<\/div><div class=\"fusion-text fusion-text-30 fusion-text-no-margin\" style=\"--awb-margin-bottom:8px;\"><p>Dirig\u00e9e par le docteur <strong><a href=\"http:\/\/www.iatsl.org\/people\/amihailidis.htm\" target=\"_blank\" rel=\"noopener noreferrer\" class=\"broken_link\">Alex Mihailidis<\/a><\/strong><\/p>\n<\/div><div class=\"fusion-separator fusion-full-width-sep\" style=\"align-self: center;margin-left: auto;margin-right: auto;flex-grow:1;width:100%;\"><\/div><div class=\"accordian fusion-accordian\" style=\"--awb-border-size:1px;--awb-icon-size:16px;--awb-content-font-size:var(--awb-typography5-font-size);--awb-content-letter-spacing:var(--awb-typography5-letter-spacing);--awb-content-line-height:var(--awb-typography5-line-height);--awb-icon-alignment:left;--awb-hover-color:var(--awb-color2);--awb-border-color:var(--awb-color3);--awb-background-color:var(--awb-color1);--awb-divider-color:var(--awb-color3);--awb-divider-hover-color:var(--awb-color3);--awb-icon-color:var(--awb-color1);--awb-title-color:var(--awb-color4);--awb-content-color:var(--awb-color6);--awb-icon-box-color:var(--awb-color4);--awb-toggle-hover-accent-color:var(--awb-color4);--awb-toggle-active-accent-color:var(--awb-color4);--awb-title-font-family:var(--awb-typography1-font-family);--awb-title-font-weight:var(--awb-typography1-font-weight);--awb-title-font-style:var(--awb-typography1-font-style);--awb-title-font-size:var(--awb-typography5-font-size);--awb-title-letter-spacing:var(--awb-typography5-letter-spacing);--awb-title-line-height:var(--awb-typography5-line-height);--awb-content-font-family:var(--awb-typography4-font-family);--awb-content-font-weight:var(--awb-typography4-font-weight);--awb-content-font-style:var(--awb-typography4-font-style);\"><div class=\"panel-group fusion-toggle-icon-boxed\" id=\"accordion-10769-15\"><div class=\"fusion-panel panel-default panel-17cba1ba1b4cd87bd fusion-toggle-no-divider\"><div class=\"panel-heading\"><div class=\"panel-title toggle\" id=\"toggle_17cba1ba1b4cd87bd\"><a aria-expanded=\"false\" aria-controls=\"17cba1ba1b4cd87bd\" role=\"button\" data-toggle=\"collapse\" data-parent=\"#accordion-10769-15\" data-target=\"#17cba1ba1b4cd87bd\" href=\"#17cba1ba1b4cd87bd\"><span class=\"fusion-toggle-icon-wrapper\" aria-hidden=\"true\"><i class=\"fa-fusion-box active-icon awb-icon-minus\" aria-hidden=\"true\"><\/i><i class=\"fa-fusion-box inactive-icon awb-icon-plus\" aria-hidden=\"true\"><\/i><\/span><span class=\"fusion-toggle-heading\">En savoir plus<\/span><\/a><\/div><\/div><div id=\"17cba1ba1b4cd87bd\" class=\"panel-collapse collapse \" aria-labelledby=\"toggle_17cba1ba1b4cd87bd\"><div class=\"panel-body toggle-content fusion-clearfix\">\n<p>Dirig\u00e9e par le docteur <a href=\"http:\/\/www.iatsl.org\/people\/amihailidis.htm\" target=\"_blank\" rel=\"noopener noreferrer\" class=\"broken_link\"><strong>Alex Mihailidis<\/strong><\/a>, qui met l\u2019accent sur l\u2019int\u00e9gration de la technologie dans le v\u00e9cu des personnes ayant la maladie d\u2019Alzheimer. Les besoins d\u2019apprentissage et les caract\u00e9ristiques des personnes vivant avec la maladie d\u2019Alzheimer permettent la cr\u00e9ation de supports technologiques pour aider \u00e0 am\u00e9liorer la qualit\u00e9 des exp\u00e9riences au jour le jour.<\/p>\n<\/div><\/div><\/div><\/div><\/div><\/div><\/div><div class=\"fusion-layout-column fusion_builder_column fusion-builder-column-11 fusion_builder_column_1_2 1_2 fusion-flex-column fusion-flex-align-self-stretch fusion-animated\" style=\"--awb-padding-top:48px;--awb-padding-right:48px;--awb-padding-bottom:48px;--awb-padding-left:48px;--awb-padding-right-small:24px;--awb-padding-left-small:24px;--awb-overflow:hidden;--awb-bg-size:cover;--awb-border-color:hsla(var(--awb-color8-h),var(--awb-color8-s),var(--awb-color8-l),calc(var(--awb-color8-a) - 75%));--awb-border-top:1px;--awb-border-right:1px;--awb-border-bottom:1px;--awb-border-left:1px;--awb-border-style:solid;--awb-border-radius:30px 30px 30px 30px;--awb-transform:scaleX(1) scaleY(1);--awb-transform-hover:scaleX(1.05) scaleY(1.05);--awb-width-large:50%;--awb-margin-top-large:24px;--awb-spacing-right-large:12px;--awb-margin-bottom-large:0px;--awb-spacing-left-large:12px;--awb-width-medium:100%;--awb-order-medium:0;--awb-spacing-right-medium:12px;--awb-spacing-left-medium:12px;--awb-width-small:100%;--awb-order-small:0;--awb-margin-top-small:24px;--awb-spacing-right-small:12px;--awb-spacing-left-small:12px;\" data-animationType=\"fadeInDown\" data-animationDuration=\"1.0\" data-animationDelay=\"0.6\" data-animationOffset=\"top-into-view\"><div class=\"fusion-column-wrapper fusion-column-has-shadow fusion-flex-justify-content-flex-start fusion-content-layout-column\"><div class=\"fusion-text fusion-text-31 fusion-animated\" style=\"--awb-text-color:var(--awb-color5);\" data-animationType=\"fadeInDown\" data-animationDuration=\"1.0\" data-animationDelay=\"0.3\" data-animationOffset=\"top-into-view\"><p>\u00c9quipe no. 16:\u00a0<strong>La conduite automobile et la d\u00e9mence<\/strong><\/p>\n<\/div><div class=\"fusion-text fusion-text-32 fusion-text-no-margin\" style=\"--awb-margin-bottom:8px;\"><p>Dirig\u00e9e par les docteurs<a href=\"http:\/\/research.baycrest.org\/gnaglie\" target=\"_blank\" rel=\"noopener noreferrer\"><strong>Gary Naglie<\/strong><\/a>\u00a0et\u00a0<a href=\"http:\/\/sunnybrook.ca\/research\/team\/member.asp?t=12&amp;page=172&amp;m=138\" target=\"_blank\" rel=\"noopener noreferrer\"><strong>Mark Rapoport<\/strong><\/a><\/p>\n<\/div><div class=\"fusion-separator fusion-full-width-sep\" style=\"align-self: center;margin-left: auto;margin-right: auto;flex-grow:1;width:100%;\"><\/div><div class=\"accordian fusion-accordian\" style=\"--awb-border-size:1px;--awb-icon-size:16px;--awb-content-font-size:var(--awb-typography5-font-size);--awb-content-letter-spacing:var(--awb-typography5-letter-spacing);--awb-content-line-height:var(--awb-typography5-line-height);--awb-icon-alignment:left;--awb-hover-color:var(--awb-color2);--awb-border-color:var(--awb-color3);--awb-background-color:var(--awb-color1);--awb-divider-color:var(--awb-color3);--awb-divider-hover-color:var(--awb-color3);--awb-icon-color:var(--awb-color1);--awb-title-color:var(--awb-color4);--awb-content-color:var(--awb-color6);--awb-icon-box-color:var(--awb-color4);--awb-toggle-hover-accent-color:var(--awb-color4);--awb-toggle-active-accent-color:var(--awb-color4);--awb-title-font-family:var(--awb-typography1-font-family);--awb-title-font-weight:var(--awb-typography1-font-weight);--awb-title-font-style:var(--awb-typography1-font-style);--awb-title-font-size:var(--awb-typography5-font-size);--awb-title-letter-spacing:var(--awb-typography5-letter-spacing);--awb-title-line-height:var(--awb-typography5-line-height);--awb-content-font-family:var(--awb-typography4-font-family);--awb-content-font-weight:var(--awb-typography4-font-weight);--awb-content-font-style:var(--awb-typography4-font-style);\"><div class=\"panel-group fusion-toggle-icon-boxed\" id=\"accordion-10769-16\"><div class=\"fusion-panel panel-default panel-ff1927cc1e66bcf9b fusion-toggle-no-divider\"><div class=\"panel-heading\"><div class=\"panel-title toggle\" id=\"toggle_ff1927cc1e66bcf9b\"><a aria-expanded=\"false\" aria-controls=\"ff1927cc1e66bcf9b\" role=\"button\" data-toggle=\"collapse\" data-parent=\"#accordion-10769-16\" data-target=\"#ff1927cc1e66bcf9b\" href=\"#ff1927cc1e66bcf9b\"><span class=\"fusion-toggle-icon-wrapper\" aria-hidden=\"true\"><i class=\"fa-fusion-box active-icon awb-icon-minus\" aria-hidden=\"true\"><\/i><i class=\"fa-fusion-box inactive-icon awb-icon-plus\" aria-hidden=\"true\"><\/i><\/span><span class=\"fusion-toggle-heading\">En savoir plus<\/span><\/a><\/div><\/div><div id=\"ff1927cc1e66bcf9b\" class=\"panel-collapse collapse \" aria-labelledby=\"toggle_ff1927cc1e66bcf9b\"><div class=\"panel-body toggle-content fusion-clearfix\">\n<p>Dirig\u00e9e par les docteurs<a href=\"http:\/\/research.baycrest.org\/gnaglie\" target=\"_blank\" rel=\"noopener noreferrer\"><strong>Gary Naglie<\/strong><\/a>\u00a0et\u00a0<a href=\"http:\/\/sunnybrook.ca\/research\/team\/member.asp?t=12&amp;page=172&amp;m=138\" target=\"_blank\" rel=\"noopener noreferrer\"><strong>Mark Rapoport<\/strong><\/a>, et Elaine Stasiulis est l\u2019associ\u00e9e de recherche du programme. Travaillant avec une \u00e9quipe de recherche pancanadienne, ils mettent au point une bo\u00eete \u00e0 outils pour l\u2019arr\u00eat de la conduite automobile associ\u00e9e \u00e0 des troubles neurocognitifs \u00e0 utiliser dans des milieux communautaires par les personnes atteintes, leur famille et leurs proches. En ce moment, l\u2019\u00e9quipe \u00e9value la bo\u00eete \u00e0 outils avec des partenaires de la Soci\u00e9t\u00e9 Alzheimer et a pour objectif plus vaste d\u2019int\u00e9grer les \u00e9l\u00e9ments de la bo\u00eete \u00e0 outil dans les programmes et les services existants en 2017. L\u2019\u00e9quipe cherche aussi \u00e0 d\u00e9velopper une intervention de groupe sur mesure qui permettra d\u2019offrir du soutien aux conducteurs atteints des troubles neurocognitifs et \u00e0 leurs partenaires de soins dans la prise de d\u00e9cision, ainsi que de les aider \u00e0 s\u2019adapter lorsqu\u2019ils cessent de conduire. Les collaborations de l\u2019\u00e9quipe comprennent les travaux avec l\u2019\u00e9quipe no 15 du CCNV visant \u00e0 mesurer objectivement l\u2019impact des interventions li\u00e9es \u00e0 la suspension du droit de conduire par l\u2019\u00e9laboration d\u2019un algorithme associ\u00e9 au GPS qui permettra d\u2019identifier les tendances dans la mobilit\u00e9. L\u2019\u00e9quipe int\u00e8gre le point de vue des partenaires de soins et des r\u00e9gions rurales dans l\u2019\u00e9laboration d\u2019une intervention associ\u00e9e \u00e0 l\u2019arr\u00eat de la conduite automobile en travaillant avec les \u00e9quipes no 18 et 20 du CCNV. En collaboration avec la plateforme transversale sur les femmes, le genre, le sexe et des troubles neurocognitifs, l\u2019\u00e9quipe int\u00e8gre les connaissances relatives au sexe et au genre dans l\u2019arr\u00eat de la conduite automobile. Pour en savoir plus sur les r\u00e9sultats r\u00e9cents de l\u2019\u00e9quipe, cliquez \u00a0<strong><a href=\"https:\/\/ccna-ccnv.ca\/fr\/ccna_nouvelle\/larret-de-la-conduite-automobile-et-la-demence-le-sexe-t-il-de-limportance\/\" rel=\"noopener noreferrer\">ici<\/a><\/strong>.<\/p>\n<\/div><\/div><\/div><\/div><\/div><\/div><\/div><div class=\"fusion-layout-column fusion_builder_column fusion-builder-column-12 fusion_builder_column_1_2 1_2 fusion-flex-column fusion-flex-align-self-stretch fusion-animated\" style=\"--awb-padding-top:48px;--awb-padding-right:48px;--awb-padding-bottom:48px;--awb-padding-left:48px;--awb-padding-right-small:24px;--awb-padding-left-small:24px;--awb-overflow:hidden;--awb-bg-size:cover;--awb-border-color:hsla(var(--awb-color8-h),var(--awb-color8-s),var(--awb-color8-l),calc(var(--awb-color8-a) - 75%));--awb-border-top:1px;--awb-border-right:1px;--awb-border-bottom:1px;--awb-border-left:1px;--awb-border-style:solid;--awb-border-radius:30px 30px 30px 30px;--awb-transform:scaleX(1) scaleY(1);--awb-transform-hover:scaleX(1.05) scaleY(1.05);--awb-width-large:50%;--awb-margin-top-large:24px;--awb-spacing-right-large:12px;--awb-margin-bottom-large:0px;--awb-spacing-left-large:12px;--awb-width-medium:100%;--awb-order-medium:0;--awb-spacing-right-medium:12px;--awb-spacing-left-medium:12px;--awb-width-small:100%;--awb-order-small:0;--awb-margin-top-small:24px;--awb-spacing-right-small:12px;--awb-spacing-left-small:12px;\" data-animationType=\"fadeInDown\" data-animationDuration=\"1.0\" data-animationDelay=\"0.6\" data-animationOffset=\"top-into-view\"><div class=\"fusion-column-wrapper fusion-column-has-shadow fusion-flex-justify-content-flex-start fusion-content-layout-column\"><div class=\"fusion-text fusion-text-33 fusion-animated\" style=\"--awb-text-color:var(--awb-color5);\" data-animationType=\"fadeInDown\" data-animationDuration=\"1.0\" data-animationDelay=\"0.3\" data-animationOffset=\"top-into-view\"><p>\u00c9quipe no. 17:\u00a0<strong>Les interventions au niveau de l\u2019interface sensorielle et cognitive<\/strong><\/p>\n<\/div><div class=\"fusion-text fusion-text-34 fusion-text-no-margin\" style=\"--awb-margin-bottom:8px;\"><p>Codirig\u00e9e par les docteurs\u00a0<strong><a href=\"https:\/\/www.concordia.ca\/artsci\/psychology\/faculty.html?fpid=natalie-phillips\" target=\"_blank\" rel=\"noopener noreferrer\">Natalie Phillips<\/a>\u00a0<\/strong>et\u00a0<strong><a href=\"http:\/\/www.opto.umontreal.ca\/wittichlab\/en\/index.html\" target=\"_blank\" rel=\"noopener noreferrer\" class=\"broken_link\">Walter Wittich<\/a><\/strong><\/p>\n<\/div><div class=\"fusion-separator fusion-full-width-sep\" style=\"align-self: center;margin-left: auto;margin-right: auto;flex-grow:1;width:100%;\"><\/div><div class=\"accordian fusion-accordian\" style=\"--awb-border-size:1px;--awb-icon-size:16px;--awb-content-font-size:var(--awb-typography5-font-size);--awb-content-letter-spacing:var(--awb-typography5-letter-spacing);--awb-content-line-height:var(--awb-typography5-line-height);--awb-icon-alignment:left;--awb-hover-color:var(--awb-color2);--awb-border-color:var(--awb-color3);--awb-background-color:var(--awb-color1);--awb-divider-color:var(--awb-color3);--awb-divider-hover-color:var(--awb-color3);--awb-icon-color:var(--awb-color1);--awb-title-color:var(--awb-color4);--awb-content-color:var(--awb-color6);--awb-icon-box-color:var(--awb-color4);--awb-toggle-hover-accent-color:var(--awb-color4);--awb-toggle-active-accent-color:var(--awb-color4);--awb-title-font-family:var(--awb-typography1-font-family);--awb-title-font-weight:var(--awb-typography1-font-weight);--awb-title-font-style:var(--awb-typography1-font-style);--awb-title-font-size:var(--awb-typography5-font-size);--awb-title-letter-spacing:var(--awb-typography5-letter-spacing);--awb-title-line-height:var(--awb-typography5-line-height);--awb-content-font-family:var(--awb-typography4-font-family);--awb-content-font-weight:var(--awb-typography4-font-weight);--awb-content-font-style:var(--awb-typography4-font-style);\"><div class=\"panel-group fusion-toggle-icon-boxed\" id=\"accordion-10769-17\"><div class=\"fusion-panel panel-default panel-025c9a3fdd7f2d698 fusion-toggle-no-divider\"><div class=\"panel-heading\"><div class=\"panel-title toggle\" id=\"toggle_025c9a3fdd7f2d698\"><a aria-expanded=\"false\" aria-controls=\"025c9a3fdd7f2d698\" role=\"button\" data-toggle=\"collapse\" data-parent=\"#accordion-10769-17\" data-target=\"#025c9a3fdd7f2d698\" href=\"#025c9a3fdd7f2d698\"><span class=\"fusion-toggle-icon-wrapper\" aria-hidden=\"true\"><i class=\"fa-fusion-box active-icon awb-icon-minus\" aria-hidden=\"true\"><\/i><i class=\"fa-fusion-box inactive-icon awb-icon-plus\" aria-hidden=\"true\"><\/i><\/span><span class=\"fusion-toggle-heading\">En savoir plus<\/span><\/a><\/div><\/div><div id=\"025c9a3fdd7f2d698\" class=\"panel-collapse collapse \" aria-labelledby=\"toggle_025c9a3fdd7f2d698\"><div class=\"panel-body toggle-content fusion-clearfix\">\n<p>Codirig\u00e9e par les docteurs\u00a0<strong><a href=\"https:\/\/www.concordia.ca\/artsci\/psychology\/faculty.html?fpid=natalie-phillips\" target=\"_blank\" rel=\"noopener noreferrer\">Natalie Phillips<\/a>\u00a0<\/strong>et\u00a0<strong><a href=\"http:\/\/www.opto.umontreal.ca\/wittichlab\/en\/index.html\" target=\"_blank\" rel=\"noopener noreferrer\" class=\"broken_link\">Walter Wittich<\/a><\/strong>. Les recherches de l\u2019\u00e9quipe sont ax\u00e9es sur la pr\u00e9sence simultan\u00e9e de deux conditions sensorielles (ou plus) que les adultes \u00e2g\u00e9s atteints des troubles neurocognitifs ont souvent. Plus pr\u00e9cis\u00e9ment, l\u2019\u00e9quipe \u00e9tudie l\u2019interaction entre une perte sensorielle et la fonction cognitive \u2014 c\u2019est-\u00e0-dire les d\u00e9fis que cela repr\u00e9sente pour l\u2019\u00e9valuation cognitive et la d\u00e9tection pr\u00e9coce, ainsi que les r\u00e9percussions sur la qualit\u00e9 de vie (y compris la communication et l\u2019interaction avec les autres). Leurs strat\u00e9gies de recherche comprennent l\u2019analyse de vastes bases de donn\u00e9es (p. ex., celles de l\u2019\u00e9tude \u00a0<strong><a href=\"https:\/\/ccna-ccnv.ca\/fr\/letude-compass-nd\/\" rel=\"noopener noreferrer\">COMPASS-ND<\/a><\/strong>,\u00a0l\u2019\u00e9tude phare embl\u00e8me du CCNV, de l\u2019<strong><a href=\"https:\/\/www.clsa-elcv.ca\/fr\" target=\"_blank\" rel=\"noopener noreferrer\">\u00c9tude longitudinale canadienne sur le vieillissement,<\/a><\/strong> et de\u00a0l\u2019<strong><a href=\"https:\/\/www.cihi.ca\/fr\" target=\"_blank\" rel=\"noopener noreferrer\">Institut canadien d\u2019information sur la sant\u00e9<\/a><\/strong>), ainsi que dles \u00e9tudes exp\u00e9rimentales, dles interventions exp\u00e9rimentales et des entrevues qualitatives.<\/p>\n<\/div><\/div><\/div><\/div><\/div><\/div><\/div><div class=\"fusion-layout-column fusion_builder_column fusion-builder-column-13 fusion_builder_column_1_2 1_2 fusion-flex-column fusion-flex-align-self-stretch fusion-animated\" style=\"--awb-padding-top:48px;--awb-padding-right:48px;--awb-padding-bottom:48px;--awb-padding-left:48px;--awb-padding-right-small:24px;--awb-padding-left-small:24px;--awb-overflow:hidden;--awb-bg-size:cover;--awb-border-color:hsla(var(--awb-color8-h),var(--awb-color8-s),var(--awb-color8-l),calc(var(--awb-color8-a) - 75%));--awb-border-top:1px;--awb-border-right:1px;--awb-border-bottom:1px;--awb-border-left:1px;--awb-border-style:solid;--awb-border-radius:30px 30px 30px 30px;--awb-transform:scaleX(1) scaleY(1);--awb-transform-hover:scaleX(1.05) scaleY(1.05);--awb-width-large:50%;--awb-margin-top-large:24px;--awb-spacing-right-large:12px;--awb-margin-bottom-large:0px;--awb-spacing-left-large:12px;--awb-width-medium:100%;--awb-order-medium:0;--awb-spacing-right-medium:12px;--awb-spacing-left-medium:12px;--awb-width-small:100%;--awb-order-small:0;--awb-margin-top-small:24px;--awb-spacing-right-small:12px;--awb-spacing-left-small:12px;\" data-animationType=\"fadeInDown\" data-animationDuration=\"1.0\" data-animationDelay=\"0.6\" data-animationOffset=\"top-into-view\"><div class=\"fusion-column-wrapper fusion-column-has-shadow fusion-flex-justify-content-flex-start fusion-content-layout-column\"><div class=\"fusion-text fusion-text-35 fusion-animated\" style=\"--awb-text-color:var(--awb-color5);\" data-animationType=\"fadeInDown\" data-animationDuration=\"1.0\" data-animationDelay=\"0.3\" data-animationOffset=\"top-into-view\"><p>\u00c9quipe no. 18:\u00a0<strong>L\u2019efficacit\u00e9 de l\u2019intervention du soignant<\/strong><\/p>\n<\/div><div class=\"fusion-text fusion-text-36 fusion-text-no-margin\" style=\"--awb-margin-bottom:8px;\"><p>Codirig\u00e9e par les docteurs<strong>\u00a0<a href=\"http:\/\/www.psychiatry.utoronto.ca\/people\/dr-joel-sadavoy\/\" target=\"_blank\" rel=\"noopener noreferrer\" class=\"broken_link\">Joel Sadavoy<\/a>\u00a0et<\/strong> Mary Chiu<\/p>\n<\/div><div class=\"fusion-separator fusion-full-width-sep\" style=\"align-self: center;margin-left: auto;margin-right: auto;flex-grow:1;width:100%;\"><\/div><div class=\"accordian fusion-accordian\" style=\"--awb-border-size:1px;--awb-icon-size:16px;--awb-content-font-size:var(--awb-typography5-font-size);--awb-content-letter-spacing:var(--awb-typography5-letter-spacing);--awb-content-line-height:var(--awb-typography5-line-height);--awb-icon-alignment:left;--awb-hover-color:var(--awb-color2);--awb-border-color:var(--awb-color3);--awb-background-color:var(--awb-color1);--awb-divider-color:var(--awb-color3);--awb-divider-hover-color:var(--awb-color3);--awb-icon-color:var(--awb-color1);--awb-title-color:var(--awb-color4);--awb-content-color:var(--awb-color6);--awb-icon-box-color:var(--awb-color4);--awb-toggle-hover-accent-color:var(--awb-color4);--awb-toggle-active-accent-color:var(--awb-color4);--awb-title-font-family:var(--awb-typography1-font-family);--awb-title-font-weight:var(--awb-typography1-font-weight);--awb-title-font-style:var(--awb-typography1-font-style);--awb-title-font-size:var(--awb-typography5-font-size);--awb-title-letter-spacing:var(--awb-typography5-letter-spacing);--awb-title-line-height:var(--awb-typography5-line-height);--awb-content-font-family:var(--awb-typography4-font-family);--awb-content-font-weight:var(--awb-typography4-font-weight);--awb-content-font-style:var(--awb-typography4-font-style);\"><div class=\"panel-group fusion-toggle-icon-boxed\" id=\"accordion-10769-18\"><div class=\"fusion-panel panel-default panel-7548a57f3414c2fba fusion-toggle-no-divider\"><div class=\"panel-heading\"><div class=\"panel-title toggle\" id=\"toggle_7548a57f3414c2fba\"><a aria-expanded=\"false\" aria-controls=\"7548a57f3414c2fba\" role=\"button\" data-toggle=\"collapse\" data-parent=\"#accordion-10769-18\" data-target=\"#7548a57f3414c2fba\" href=\"#7548a57f3414c2fba\"><span class=\"fusion-toggle-icon-wrapper\" aria-hidden=\"true\"><i class=\"fa-fusion-box active-icon awb-icon-minus\" aria-hidden=\"true\"><\/i><i class=\"fa-fusion-box inactive-icon awb-icon-plus\" aria-hidden=\"true\"><\/i><\/span><span class=\"fusion-toggle-heading\">En savoir plus<\/span><\/a><\/div><\/div><div id=\"7548a57f3414c2fba\" class=\"panel-collapse collapse \" aria-labelledby=\"toggle_7548a57f3414c2fba\"><div class=\"panel-body toggle-content fusion-clearfix\">\n<p>Codirig\u00e9e par les docteurs<strong>\u00a0<a href=\"http:\/\/www.psychiatry.utoronto.ca\/people\/dr-joel-sadavoy\/\" target=\"_blank\" rel=\"noopener noreferrer\" class=\"broken_link\">Joel Sadavoy<\/a>\u00a0<\/strong>et Mary Chiu. Elle cherche \u00e0 mieux comprendre comment les facteurs sociaux influencent les pens\u00e9es et les comportements des membres de la famille qui doivent composer avec un emploi et la prestation de soins \u00e0 une personne atteinte de la maladie d\u2019Alzheimer et des troubles neurocognitifs. Plus pr\u00e9cis\u00e9ment, cette \u00e9quipe de recherche s\u2019int\u00e9resse \u00e0 l\u2019efficacit\u00e9 et \u00e0 l\u2019adaptabilit\u00e9 des interventions \u00a0<strong><a href=\"https:\/\/www.merriam-webster.com\/dictionary\/psychotherapy\" target=\"_blank\" rel=\"noopener noreferrer\">psychoth\u00e9rapeutiques<\/a><\/strong> \u00a0et des interventions visant l\u2019acquisition de comp\u00e9tences pour r\u00e9pondre aux besoins particuliers de ce groupe \u2014 que ce soit pour favoriser la stabilit\u00e9 de l\u2019unit\u00e9 familiale ou la productivit\u00e9 du march\u00e9 du travail. Pour ce faire, l\u2019\u00e9quipe effectue : (1) Une enqu\u00eate nationale et des entrevues en profondeur afin d\u2019identifier les caract\u00e9ristiques et les d\u00e9fis particuliers auxquels sont confront\u00e9s les aidants de personnes atteintes un trouble neurocognitif qui travaillent; (2) Une \u00e9tude sur l\u2019efficacit\u00e9 clinique et \u00a0une \u00e9tude d\u2019impact du <strong><a href=\"http:\/\/www.mountsinai.on.ca\/static\/carers\/\" target=\"_blank\" rel=\"noopener noreferrer\">Centre Reitman &#8211; <\/a>\u00a0<\/strong><a href=\"http:\/\/www.mountsinai.on.ca\/static\/carers\/\" target=\"_blank\" rel=\"noopener noreferrer\"><strong>programme sur les aidants (CARERS) au travail<\/strong><\/a> \u00a0 (qui consiste en une intervention psychoth\u00e9rapeutique visant l\u2019acquisition de comp\u00e9tences en petits groupes mise au point pour r\u00e9pondre aux besoins des aidants de personnes atteintes des troubles neurocognitifs qui travaillent); et (3) Une \u00e9tude de l\u2019adaptabilit\u00e9 et de la faisabilit\u00e9 de la mise en \u0153uvre et du d\u00e9ploiement du programme pour les aidants (CARERS) au travail du Centre Reitman dans les milieux ruraux de partout au Canada.<\/p>\n<\/div><\/div><\/div><\/div><\/div><\/div><\/div><div class=\"fusion-layout-column fusion_builder_column fusion-builder-column-14 fusion_builder_column_1_2 1_2 fusion-flex-column fusion-flex-align-self-stretch fusion-animated\" style=\"--awb-padding-top:48px;--awb-padding-right:48px;--awb-padding-bottom:48px;--awb-padding-left:48px;--awb-padding-right-small:24px;--awb-padding-left-small:24px;--awb-overflow:hidden;--awb-bg-size:cover;--awb-border-color:hsla(var(--awb-color8-h),var(--awb-color8-s),var(--awb-color8-l),calc(var(--awb-color8-a) - 75%));--awb-border-top:1px;--awb-border-right:1px;--awb-border-bottom:1px;--awb-border-left:1px;--awb-border-style:solid;--awb-border-radius:30px 30px 30px 30px;--awb-transform:scaleX(1) scaleY(1);--awb-transform-hover:scaleX(1.05) scaleY(1.05);--awb-width-large:50%;--awb-margin-top-large:24px;--awb-spacing-right-large:12px;--awb-margin-bottom-large:0px;--awb-spacing-left-large:12px;--awb-width-medium:100%;--awb-order-medium:0;--awb-spacing-right-medium:12px;--awb-spacing-left-medium:12px;--awb-width-small:100%;--awb-order-small:0;--awb-margin-top-small:24px;--awb-spacing-right-small:12px;--awb-spacing-left-small:12px;\" data-animationType=\"fadeInDown\" data-animationDuration=\"1.0\" data-animationDelay=\"0.6\" data-animationOffset=\"top-into-view\"><div class=\"fusion-column-wrapper fusion-column-has-shadow fusion-flex-justify-content-flex-start fusion-content-layout-column\"><div class=\"fusion-text fusion-text-37 fusion-animated\" style=\"--awb-text-color:var(--awb-color5);\" data-animationType=\"fadeInDown\" data-animationDuration=\"1.0\" data-animationDelay=\"0.3\" data-animationOffset=\"top-into-view\"><p>\u00c9quipe no. 19:\u00a0<strong>L\u2019int\u00e9gration des soins relatifs \u00e0 la d\u00e9mence dans le syst\u00e8me de sant\u00e9<\/strong><\/p>\n<\/div><div class=\"fusion-text fusion-text-38 fusion-text-no-margin\" style=\"--awb-margin-bottom:8px;\"><p>Dirig\u00e9e par les docteurs<strong><a href=\"https:\/\/www.mcgill.ca\/familymed\/howard-bergman\" target=\"_blank\" rel=\"noopener noreferrer\">Howard Bergman<\/a><\/strong>\u00a0et\u00a0<a href=\"https:\/\/www.ladydavis.ca\/en\/researcher\/isabelle-vedel\/\" target=\"_blank\" rel=\"noopener noreferrer\"><strong>Isabelle Vedel<\/strong><\/a><\/p>\n<\/div><div class=\"fusion-separator fusion-full-width-sep\" style=\"align-self: center;margin-left: auto;margin-right: auto;flex-grow:1;width:100%;\"><\/div><div class=\"accordian fusion-accordian\" style=\"--awb-border-size:1px;--awb-icon-size:16px;--awb-content-font-size:var(--awb-typography5-font-size);--awb-content-letter-spacing:var(--awb-typography5-letter-spacing);--awb-content-line-height:var(--awb-typography5-line-height);--awb-icon-alignment:left;--awb-hover-color:var(--awb-color2);--awb-border-color:var(--awb-color3);--awb-background-color:var(--awb-color1);--awb-divider-color:var(--awb-color3);--awb-divider-hover-color:var(--awb-color3);--awb-icon-color:var(--awb-color1);--awb-title-color:var(--awb-color4);--awb-content-color:var(--awb-color6);--awb-icon-box-color:var(--awb-color4);--awb-toggle-hover-accent-color:var(--awb-color4);--awb-toggle-active-accent-color:var(--awb-color4);--awb-title-font-family:var(--awb-typography1-font-family);--awb-title-font-weight:var(--awb-typography1-font-weight);--awb-title-font-style:var(--awb-typography1-font-style);--awb-title-font-size:var(--awb-typography5-font-size);--awb-title-letter-spacing:var(--awb-typography5-letter-spacing);--awb-title-line-height:var(--awb-typography5-line-height);--awb-content-font-family:var(--awb-typography4-font-family);--awb-content-font-weight:var(--awb-typography4-font-weight);--awb-content-font-style:var(--awb-typography4-font-style);\"><div class=\"panel-group fusion-toggle-icon-boxed\" id=\"accordion-10769-19\"><div class=\"fusion-panel panel-default panel-f11bade1f029e9302 fusion-toggle-no-divider\"><div class=\"panel-heading\"><div class=\"panel-title toggle\" id=\"toggle_f11bade1f029e9302\"><a aria-expanded=\"false\" aria-controls=\"f11bade1f029e9302\" role=\"button\" data-toggle=\"collapse\" data-parent=\"#accordion-10769-19\" data-target=\"#f11bade1f029e9302\" href=\"#f11bade1f029e9302\"><span class=\"fusion-toggle-icon-wrapper\" aria-hidden=\"true\"><i class=\"fa-fusion-box active-icon awb-icon-minus\" aria-hidden=\"true\"><\/i><i class=\"fa-fusion-box inactive-icon awb-icon-plus\" aria-hidden=\"true\"><\/i><\/span><span class=\"fusion-toggle-heading\">En savoir plus<\/span><\/a><\/div><\/div><div id=\"f11bade1f029e9302\" class=\"panel-collapse collapse \" aria-labelledby=\"toggle_f11bade1f029e9302\"><div class=\"panel-body toggle-content fusion-clearfix\">\n<p>Dirig\u00e9e par les docteurs<strong><a href=\"https:\/\/www.mcgill.ca\/familymed\/howard-bergman\" target=\"_blank\" rel=\"noopener noreferrer\">Howard Bergman<\/a><\/strong>\u00a0et\u00a0<a href=\"https:\/\/www.ladydavis.ca\/en\/researcher\/isabelle-vedel\/\" target=\"_blank\" rel=\"noopener noreferrer\"><strong>Isabelle Vedel<\/strong><\/a>. Howard Bergman est l\u2019auteur du plan d\u2019action qu\u00e9b\u00e9cois sur la maladie d\u2019Azlheimer et les affections connexes, De la pr\u00e9vention aux soins de fin de vie, pr\u00e9sent\u00e9 en 2009. Isabelle Vedel et lui travaillent actuellement avec le minist\u00e8re de la Sant\u00e9 du Qu\u00e9bec dans la mise en \u0153uvre de ce plan. Isabelle Vedel se concentre sur la mise en \u0153uvre, l\u2019\u00e9valuation et l\u2019organisation des services de sant\u00e9 pour les personnes \u00e2g\u00e9es. \u00a0Pour en savoir plus au sujet de ce projet, veuillez consulter la \u00a0<strong><a href=\"https:\/\/ccna-ccnv.ca\/fr\/equipe-19\/\" rel=\"noopener noreferrer\">page Web de l\u2019\u00e9quipe no 19<\/a><\/strong>.<\/p>\n<\/div><\/div><\/div><\/div><\/div><\/div><\/div><div class=\"fusion-layout-column fusion_builder_column fusion-builder-column-15 fusion_builder_column_1_2 1_2 fusion-flex-column fusion-flex-align-self-stretch fusion-animated\" style=\"--awb-padding-top:48px;--awb-padding-right:48px;--awb-padding-bottom:48px;--awb-padding-left:48px;--awb-padding-right-small:24px;--awb-padding-left-small:24px;--awb-overflow:hidden;--awb-bg-size:cover;--awb-border-color:hsla(var(--awb-color8-h),var(--awb-color8-s),var(--awb-color8-l),calc(var(--awb-color8-a) - 75%));--awb-border-top:1px;--awb-border-right:1px;--awb-border-bottom:1px;--awb-border-left:1px;--awb-border-style:solid;--awb-border-radius:30px 30px 30px 30px;--awb-transform:scaleX(1) scaleY(1);--awb-transform-hover:scaleX(1.05) scaleY(1.05);--awb-width-large:50%;--awb-margin-top-large:24px;--awb-spacing-right-large:12px;--awb-margin-bottom-large:0px;--awb-spacing-left-large:12px;--awb-width-medium:100%;--awb-order-medium:0;--awb-spacing-right-medium:12px;--awb-spacing-left-medium:12px;--awb-width-small:100%;--awb-order-small:0;--awb-margin-top-small:24px;--awb-spacing-right-small:12px;--awb-spacing-left-small:12px;\" data-animationType=\"fadeInDown\" data-animationDuration=\"1.0\" data-animationDelay=\"0.6\" data-animationOffset=\"top-into-view\"><div class=\"fusion-column-wrapper fusion-column-has-shadow fusion-flex-justify-content-flex-start fusion-content-layout-column\"><div class=\"fusion-text fusion-text-39 fusion-animated\" style=\"--awb-text-color:var(--awb-color5);\" data-animationType=\"fadeInDown\" data-animationDuration=\"1.0\" data-animationDelay=\"0.3\" data-animationOffset=\"top-into-view\"><p>\u00c9quipe no. 20:\u00a0<strong>Les probl\u00e8mes soulev\u00e9s par les soins aux personnes atteintes de d\u00e9mence dans les r\u00e9gions rurales et chez les populations autochtones<\/strong><\/p>\n<\/div><div class=\"fusion-text fusion-text-40 fusion-text-no-margin\" style=\"--awb-margin-bottom:8px;\"><p>Dirig\u00e9e par les docteures <a href=\"https:\/\/cchsa-ccssma.usask.ca\/people\/faculty1\/debra-morgan.php\" target=\"_blank\" rel=\"noopener noreferrer\" class=\"broken_link\"><strong>Debra Morgan<\/strong><\/a>,\u00a0<strong><a href=\"http:\/\/www.nosm.ca\/kjacklin\/\" target=\"_blank\" rel=\"noopener noreferrer\" class=\"broken_link\">Kristen Jacklin<\/a><\/strong>, and\u00a0<a href=\"https:\/\/www.uregina.ca\/cce\/faculty-staff\/faculty\/bourassa-carrie.html\" target=\"_blank\" rel=\"noopener noreferrer\"><strong>Carrie Bourassa<\/strong><\/a><\/p>\n<\/div><div class=\"fusion-separator fusion-full-width-sep\" style=\"align-self: center;margin-left: auto;margin-right: auto;flex-grow:1;width:100%;\"><\/div><div class=\"accordian fusion-accordian\" style=\"--awb-border-size:1px;--awb-icon-size:16px;--awb-content-font-size:var(--awb-typography5-font-size);--awb-content-letter-spacing:var(--awb-typography5-letter-spacing);--awb-content-line-height:var(--awb-typography5-line-height);--awb-icon-alignment:left;--awb-hover-color:var(--awb-color2);--awb-border-color:var(--awb-color3);--awb-background-color:var(--awb-color1);--awb-divider-color:var(--awb-color3);--awb-divider-hover-color:var(--awb-color3);--awb-icon-color:var(--awb-color1);--awb-title-color:var(--awb-color4);--awb-content-color:var(--awb-color6);--awb-icon-box-color:var(--awb-color4);--awb-toggle-hover-accent-color:var(--awb-color4);--awb-toggle-active-accent-color:var(--awb-color4);--awb-title-font-family:var(--awb-typography1-font-family);--awb-title-font-weight:var(--awb-typography1-font-weight);--awb-title-font-style:var(--awb-typography1-font-style);--awb-title-font-size:var(--awb-typography5-font-size);--awb-title-letter-spacing:var(--awb-typography5-letter-spacing);--awb-title-line-height:var(--awb-typography5-line-height);--awb-content-font-family:var(--awb-typography4-font-family);--awb-content-font-weight:var(--awb-typography4-font-weight);--awb-content-font-style:var(--awb-typography4-font-style);\"><div class=\"panel-group fusion-toggle-icon-boxed\" id=\"accordion-10769-20\"><div class=\"fusion-panel panel-default panel-6e32b7d22c06a353e fusion-toggle-no-divider\"><div class=\"panel-heading\"><div class=\"panel-title toggle\" id=\"toggle_6e32b7d22c06a353e\"><a aria-expanded=\"false\" aria-controls=\"6e32b7d22c06a353e\" role=\"button\" data-toggle=\"collapse\" data-parent=\"#accordion-10769-20\" data-target=\"#6e32b7d22c06a353e\" href=\"#6e32b7d22c06a353e\"><span class=\"fusion-toggle-icon-wrapper\" aria-hidden=\"true\"><i class=\"fa-fusion-box active-icon awb-icon-minus\" aria-hidden=\"true\"><\/i><i class=\"fa-fusion-box inactive-icon awb-icon-plus\" aria-hidden=\"true\"><\/i><\/span><span class=\"fusion-toggle-heading\">En savoir plus<\/span><\/a><\/div><\/div><div id=\"6e32b7d22c06a353e\" class=\"panel-collapse collapse \" aria-labelledby=\"toggle_6e32b7d22c06a353e\"><div class=\"panel-body toggle-content fusion-clearfix\">\n<p>Dirig\u00e9e par les docteures <a href=\"https:\/\/cchsa-ccssma.usask.ca\/people\/faculty1\/debra-morgan.php\" target=\"_blank\" rel=\"noopener noreferrer\" class=\"broken_link\"><strong>Debra Morgan<\/strong><\/a>,\u00a0<strong><a href=\"http:\/\/www.nosm.ca\/kjacklin\/\" target=\"_blank\" rel=\"noopener noreferrer\" class=\"broken_link\">Kristen Jacklin<\/a><\/strong>, et\u00a0<a href=\"https:\/\/www.uregina.ca\/cce\/faculty-staff\/faculty\/bourassa-carrie.html\" target=\"_blank\" rel=\"noopener noreferrer\"><strong>Carrie Bourassa<\/strong><\/a><strong>.<\/strong>\u00a0Debra Morgan dirige l\u2019\u00e9quipe de recherche-action sur des troubles neurocognitifs en milieu rural (RaDAR) et est la directrice de la \u00a0clinique de la m\u00e9moire en r\u00e9gions rurales et \u00e9loign\u00e9es de l\u2019Universit\u00e9 de la Saskatchewan. En adoptant une strat\u00e9gie de recherche communautaire, la docteure Morgan travaille directement avec les intervenants afin de transposer les pratiques exemplaires dans le traitement des troubles neurocognitifs \u2014 en particulier la qualit\u00e9 de vie des personnes et de leurs proches \u2014 pour le milieu rural. \u00a0L\u2019\u00e9quipe de la docteure Kristen Jacklin cherche \u00e0 r\u00e9pondre aux priorit\u00e9s de recherche sur des troubles neurocognitifs identifi\u00e9es par les communaut\u00e9s autochtones de l\u2019Ontario par une strat\u00e9gie de recherche participative et orient\u00e9e vers l\u2019action. Plus pr\u00e9cis\u00e9ment, la docteure Jacklin s\u2019attarde \u00e0 concevoir des outils fond\u00e9s sur des donn\u00e9es probantes pour la prestation de soins aux personnes atteintes des troubles neurocognitifs. Carrie Bourassa s\u2019int\u00e9resse aux soins de fin de vie chez la client\u00e8le autochtone. Pour en savoir plus sur leurs activit\u00e9s au sein du CCNV et leurs projets connexes sur les questions du vieillissement et des troubles neurocognitifs chez les populations autochtones, cliquez \u00a0<strong><a href=\"http:\/\/www.i-caare.ca\/\" target=\"_blank\" rel=\"noopener noreferrer\">ici<\/a><\/strong>.<\/p>\n<\/div><\/div><\/div><\/div><\/div><\/div><\/div><\/div><\/div><\/div><div id=\"comit\u00e9-ex\u00e9cutif-de-la-recherche\" class=\"fusion-container-anchor\"><div class=\"fusion-fullwidth fullwidth-box fusion-builder-row-4 fusion-flex-container has-pattern-background has-mask-background nonhundred-percent-fullwidth non-hundred-percent-height-scrolling\" style=\"--awb-border-radius-top-left:0px;--awb-border-radius-top-right:0px;--awb-border-radius-bottom-right:0px;--awb-border-radius-bottom-left:0px;--awb-padding-top:96px;--awb-padding-bottom:96px;--awb-padding-top-small:56px;--awb-padding-right-small:16px;--awb-padding-bottom-small:56px;--awb-padding-left-small:16px;--awb-flex-wrap:wrap;\" ><div class=\"fusion-builder-row fusion-row fusion-flex-align-items-flex-start fusion-flex-justify-content-center fusion-flex-content-wrap\" style=\"max-width:1456px;margin-left: calc(-4% \/ 2 );margin-right: calc(-4% \/ 2 );\"><div class=\"fusion-layout-column fusion_builder_column fusion-builder-column-16 fusion_builder_column_1_2 1_2 fusion-flex-column fusion-flex-align-self-center fusion-animated\" style=\"--awb-padding-right-small:14px;--awb-padding-left-small:14px;--awb-bg-size:cover;--awb-width-large:50%;--awb-margin-top-large:0px;--awb-spacing-right-large:3.84%;--awb-margin-bottom-large:0px;--awb-spacing-left-large:3.84%;--awb-width-medium:100%;--awb-order-medium:0;--awb-spacing-right-medium:1.92%;--awb-spacing-left-medium:1.92%;--awb-width-small:100%;--awb-order-small:0;--awb-spacing-right-small:1.92%;--awb-spacing-left-small:1.92%;\" data-animationType=\"fadeInDown\" data-animationDuration=\"1.0\" data-animationOffset=\"top-into-view\"><div class=\"fusion-column-wrapper fusion-column-has-shadow fusion-flex-justify-content-flex-start fusion-content-layout-column\"><div class=\"fusion-title title fusion-title-7 fusion-sep-none fusion-title-text fusion-title-size-three fusion-animated\" style=\"--awb-margin-bottom:24px;--awb-margin-bottom-small:24px;\" data-animationType=\"fadeInDown\" data-animationDuration=\"1.0\" data-animationOffset=\"top-into-view\"><h3 class=\"fusion-title-heading title-heading-left fusion-responsive-typography-calculated\" style=\"margin:0;text-transform:var(--awb-typography2-text-transform);--fontSize:40;line-height:var(--awb-typography1-line-height);\"><strong>Programmes<\/strong> transversaux<\/h3><\/div><div class=\"fusion-text fusion-text-41 fusion-animated\" data-animationType=\"fadeInDown\" data-animationDuration=\"1.0\" data-animationDelay=\"0.3\" data-animationOffset=\"top-into-view\"><p>Les programmes transversaux du CCNV abordent des th\u00e8mes prioritaires depuis 2014. Ces programmes disposent d\u2019un leadership et d\u2019un financement propres. Les leaders de ces programmes ont travaill\u00e9 en collaboration les uns avec les autres et ont fourni des conseils, des ressources et des formations sur leurs domaines d\u2019int\u00e9r\u00eat respectifs \u00e0 toutes les \u00e9quipes de recherche et \u00e0 tous les stagiaires du CCNV.<\/p>\n<p>Cela permet de s\u2019assurer que ces domaines importants sont pris en compte et int\u00e9gr\u00e9s dans toutes les recherches et tous les \u00e9v\u00e9nements de la CCNV.<\/p>\n<\/div><div ><a class=\"fusion-button button-flat fusion-button-default-size button-default fusion-button-default button-1 fusion-button-default-span fusion-button-default-type\" style=\"--button_margin-top:16px;\" target=\"_self\" data-hover=\"bg_slide_right\" href=\"https:\/\/ccna-ccnv.ca\/fr\/programmes-transversaux-en-phase-i-et-ii\/\"><span class=\"fusion-button-text awb-button__text awb-button__text--default\">En savoir plus<\/span><\/a><\/div><\/div><\/div>\n<div class=\"fusion-layout-column fusion_builder_column fusion-builder-column-17 fusion_builder_column_1_2 1_2 fusion-flex-column fusion-flex-align-self-stretch fusion-animated\" style=\"--awb-padding-top:48px;--awb-padding-right:48px;--awb-padding-bottom:48px;--awb-padding-left:48px;--awb-padding-right-small:24px;--awb-padding-left-small:24px;--awb-overflow:hidden;--awb-bg-color:var(--awb-color3);--awb-bg-color-hover:var(--awb-color3);--awb-bg-size:cover;--awb-border-radius:30px 30px 30px 30px;--awb-width-large:50%;--awb-margin-top-large:0px;--awb-spacing-right-large:3.84%;--awb-margin-bottom-large:0px;--awb-spacing-left-large:3.84%;--awb-width-medium:100%;--awb-order-medium:0;--awb-margin-top-medium:96px;--awb-spacing-right-medium:1.92%;--awb-spacing-left-medium:1.92%;--awb-width-small:100%;--awb-order-small:0;--awb-margin-top-small:56px;--awb-spacing-right-small:1.92%;--awb-spacing-left-small:1.92%;\" data-animationType=\"fadeInDown\" data-animationDuration=\"1.0\" data-animationDelay=\"0.3\" data-animationOffset=\"top-into-view\"><div class=\"fusion-column-wrapper fusion-column-has-shadow fusion-flex-justify-content-flex-start fusion-content-layout-column\"><div class=\"fusion-text fusion-text-42 fusion-animated\" data-animationType=\"fadeInDown\" data-animationDuration=\"1.0\" data-animationDelay=\"0.3\" data-animationOffset=\"top-into-view\"><p>L&rsquo;\u00e9tude caract\u00e9ristique du CCNV, qui porte sur les trois th\u00e8mes, est le <a href=\"https:\/\/ccna-ccnv.ca\/fr\/letude-compass-nd\/\" rel=\"noopener noreferrer\"><strong>L&rsquo;\u00e9valuation globale de la neurod\u00e9g\u00e9n\u00e9rescence associ\u00e9e au vieillisement (COMPASS-ND)<\/strong><\/a>. Il s&rsquo;agit d&rsquo;une \u00e9tude clinique \u00e0 grande \u00e9chelle visant \u00e0 comprendre les facteurs de risque de d\u00e9mence et les tests de d\u00e9tection pr\u00e9coce de la d\u00e9mence.<\/p>\n<p>Sept <a href=\"https:\/\/ccna-ccnv.ca\/fr\/plateformes-nationales\/\" rel=\"noopener noreferrer\"><strong>plateformes nationales<\/strong><\/a> ont \u00e9t\u00e9 mises sur pied afin de faciliter les activit\u00e9s de recherche.<\/p>\n<p>Voir les composantes de la <a href=\"https:\/\/ccna-ccnv.ca\/fr\/phase-2-recherche\/\" target=\"_blank\" rel=\"noopener\">Phase II du CCNV (2019-2024)<\/a><\/p>\n<\/div><\/div><\/div><\/div><\/div><\/div><div class=\"fusion-fullwidth fullwidth-box fusion-builder-row-5 fusion-flex-container has-pattern-background has-mask-background nonhundred-percent-fullwidth non-hundred-percent-height-scrolling\" style=\"--awb-border-radius-top-left:0px;--awb-border-radius-top-right:0px;--awb-border-radius-bottom-right:0px;--awb-border-radius-bottom-left:0px;--awb-padding-bottom:56px;--awb-padding-right-small:16px;--awb-padding-bottom-small:24px;--awb-padding-left-small:16px;--awb-flex-wrap:wrap;\" ><div class=\"fusion-builder-row fusion-row fusion-flex-align-items-flex-end fusion-flex-justify-content-center fusion-flex-content-wrap\" style=\"max-width:1456px;margin-left: calc(-4% \/ 2 );margin-right: calc(-4% \/ 2 );\"><div class=\"fusion-layout-column fusion_builder_column fusion-builder-column-18 fusion_builder_column_1_1 1_1 fusion-flex-column fusion-animated\" style=\"--awb-padding-right:72px;--awb-padding-left:24px;--awb-padding-right-medium:48px;--awb-padding-left-medium:48px;--awb-padding-top-small:56px;--awb-padding-right-small:24px;--awb-padding-left-small:24px;--awb-overflow:hidden;--awb-bg-color:var(--awb-color3);--awb-bg-color-hover:var(--awb-color3);--awb-bg-size:cover;--awb-border-radius:30px 30px 30px 30px;--awb-width-large:100%;--awb-margin-top-large:0px;--awb-spacing-right-large:1.92%;--awb-margin-bottom-large:0px;--awb-spacing-left-large:1.92%;--awb-width-medium:100%;--awb-order-medium:0;--awb-spacing-right-medium:1.92%;--awb-spacing-left-medium:1.92%;--awb-width-small:100%;--awb-order-small:0;--awb-spacing-right-small:1.92%;--awb-spacing-left-small:1.92%;\" data-animationType=\"fadeInDown\" data-animationDuration=\"1.0\" data-animationOffset=\"top-into-view\"><div class=\"fusion-column-wrapper fusion-column-has-shadow fusion-flex-justify-content-flex-start fusion-content-layout-column\"><div class=\"fusion-builder-row fusion-builder-row-inner fusion-row fusion-flex-align-items-flex-end fusion-flex-justify-content-center fusion-flex-content-wrap\" style=\"width:104% !important;max-width:104% !important;margin-left: calc(-4% \/ 2 );margin-right: calc(-4% \/ 2 );\"><div class=\"fusion-layout-column fusion_builder_column_inner fusion-builder-nested-column-7 fusion_builder_column_inner_1_2 1_2 fusion-flex-column fusion-animated\" style=\"--awb-padding-right:24px;--awb-bg-size:cover;--awb-width-large:50%;--awb-margin-top-large:48px;--awb-spacing-right-large:3.84%;--awb-margin-bottom-large:0px;--awb-spacing-left-large:3.84%;--awb-width-medium:100%;--awb-order-medium:1;--awb-spacing-right-medium:1.92%;--awb-spacing-left-medium:1.92%;--awb-width-small:100%;--awb-order-small:1;--awb-margin-top-small:56px;--awb-spacing-right-small:1.92%;--awb-spacing-left-small:1.92%;\" data-animationType=\"fadeInDown\" data-animationDuration=\"1.0\" data-animationDelay=\"0.6\" data-animationOffset=\"top-into-view\"><div class=\"fusion-column-wrapper fusion-column-has-shadow fusion-flex-justify-content-flex-start fusion-content-layout-column\"><div class=\"fusion-image-element \" style=\"--awb-caption-title-font-family:var(--h2_typography-font-family);--awb-caption-title-font-weight:var(--h2_typography-font-weight);--awb-caption-title-font-style:var(--h2_typography-font-style);--awb-caption-title-size:var(--h2_typography-font-size);--awb-caption-title-transform:var(--h2_typography-text-transform);--awb-caption-title-line-height:var(--h2_typography-line-height);--awb-caption-title-letter-spacing:var(--h2_typography-letter-spacing);--awb-filter:brightness(100%);--awb-filter-transition:filter 0.3s ease;--awb-filter-hover:brightness(147%);\"><span class=\" fusion-imageframe imageframe-none imageframe-1 hover-type-none\"><img loading=\"lazy\" decoding=\"async\" width=\"1392\" height=\"1064\" title=\"Illustration of elderly people on a park bench\" src=\"https:\/\/ccna-ccnv.ca\/wp-content\/uploads\/2024\/11\/elderly-people-on-a-park-bench-1-1.png\" alt class=\"img-responsive wp-image-2864\" srcset=\"https:\/\/ccna-ccnv.ca\/wp-content\/uploads\/2024\/11\/elderly-people-on-a-park-bench-1-1-200x153.png 200w, https:\/\/ccna-ccnv.ca\/wp-content\/uploads\/2024\/11\/elderly-people-on-a-park-bench-1-1-400x306.png 400w, https:\/\/ccna-ccnv.ca\/wp-content\/uploads\/2024\/11\/elderly-people-on-a-park-bench-1-1-600x459.png 600w, https:\/\/ccna-ccnv.ca\/wp-content\/uploads\/2024\/11\/elderly-people-on-a-park-bench-1-1-800x611.png 800w, https:\/\/ccna-ccnv.ca\/wp-content\/uploads\/2024\/11\/elderly-people-on-a-park-bench-1-1-1200x917.png 1200w, https:\/\/ccna-ccnv.ca\/wp-content\/uploads\/2024\/11\/elderly-people-on-a-park-bench-1-1.png 1392w\" sizes=\"auto, (max-width: 640px) 100vw, 800px\" \/><\/span><\/div><\/div><\/div><div class=\"fusion-layout-column fusion_builder_column_inner fusion-builder-nested-column-8 fusion_builder_column_inner_1_2 1_2 fusion-flex-column fusion-flex-align-self-center fusion-animated\" style=\"--awb-bg-size:cover;--awb-width-large:50%;--awb-margin-top-large:96px;--awb-spacing-right-large:3.84%;--awb-margin-bottom-large:96px;--awb-spacing-left-large:3.84%;--awb-width-medium:100%;--awb-order-medium:0;--awb-spacing-right-medium:1.92%;--awb-margin-bottom-medium:0px;--awb-spacing-left-medium:1.92%;--awb-width-small:100%;--awb-order-small:0;--awb-margin-top-small:0px;--awb-spacing-right-small:1.92%;--awb-spacing-left-small:1.92%;\" data-animationType=\"fadeInDown\" data-animationDuration=\"1.0\" data-animationDelay=\"0.3\" data-animationOffset=\"top-into-view\"><div class=\"fusion-column-wrapper fusion-column-has-shadow fusion-flex-justify-content-flex-start fusion-content-layout-column\"><div class=\"fusion-image-element \" style=\"--awb-margin-bottom:8px;--awb-max-width:250px;--awb-caption-title-font-family:var(--h2_typography-font-family);--awb-caption-title-font-weight:var(--h2_typography-font-weight);--awb-caption-title-font-style:var(--h2_typography-font-style);--awb-caption-title-size:var(--h2_typography-font-size);--awb-caption-title-transform:var(--h2_typography-text-transform);--awb-caption-title-line-height:var(--h2_typography-line-height);--awb-caption-title-letter-spacing:var(--h2_typography-letter-spacing);\"><span class=\" fusion-imageframe imageframe-none imageframe-2 hover-type-none\"><img loading=\"lazy\" decoding=\"async\" width=\"934\" height=\"176\" alt=\"CCNA - CCNV logo\" title=\"logo-ccnv-francais (1)\" src=\"https:\/\/ccna-ccnv.ca\/wp-content\/uploads\/2025\/01\/logo-ccnv-francais-1.png\" class=\"img-responsive wp-image-10751\" srcset=\"https:\/\/ccna-ccnv.ca\/wp-content\/uploads\/2025\/01\/logo-ccnv-francais-1-200x38.png 200w, https:\/\/ccna-ccnv.ca\/wp-content\/uploads\/2025\/01\/logo-ccnv-francais-1-400x75.png 400w, https:\/\/ccna-ccnv.ca\/wp-content\/uploads\/2025\/01\/logo-ccnv-francais-1-600x113.png 600w, https:\/\/ccna-ccnv.ca\/wp-content\/uploads\/2025\/01\/logo-ccnv-francais-1-800x151.png 800w, https:\/\/ccna-ccnv.ca\/wp-content\/uploads\/2025\/01\/logo-ccnv-francais-1.png 934w\" sizes=\"auto, (max-width: 640px) 100vw, 800px\" \/><\/span><\/div><div class=\"fusion-title title fusion-title-8 fusion-sep-none fusion-title-text fusion-title-size-three\" style=\"--awb-margin-bottom:24px;--awb-margin-bottom-small:24px;\"><h3 class=\"fusion-title-heading title-heading-left fusion-responsive-typography-calculated\" style=\"margin:0;--fontSize:40;line-height:var(--awb-typography1-line-height);\">Recevez les <strong>derni\u00e8res nouvelles<\/strong><\/h3><\/div><div class=\"fusion-text fusion-text-43\"><p>Suivez les derniers d\u00e9veloppements de la recherche au sein du CCNA-CCNV. Notre section \u00abNouvelles\u00bb fournit des informations sur les \u00e9tudes, les avanc\u00e9es et les principaux r\u00e9sultats de la recherche en mati\u00e8re de sant\u00e9 c\u00e9r\u00e9brale.<\/p>\n<\/div><div class=\"fusion-form fusion-form-builder fusion-form-form-wrapper fusion-form-10046\" style=\"--awb-tooltip-text-color:#ffffff;--awb-tooltip-background-color:#333333;--awb-field-margin-top:8px;--awb-field-margin-bottom:8px;--awb-form-input-height:47.59px;--awb-form-font-size:19px;--awb-form-border-color:var(--awb-color1);--awb-form-border-radius:50px;\" data-form-id=\"10046\" data-config=\"{&quot;form_id&quot;:10046,&quot;form_post_id&quot;:10046,&quot;post_id&quot;:10769,&quot;form_type&quot;:&quot;ajax&quot;,&quot;confirmation_type&quot;:&quot;message&quot;,&quot;redirect_url&quot;:&quot;&quot;,&quot;field_labels&quot;:{&quot;email_address&quot;:&quot;&quot;,&quot;sign_up_for_our_newsletter&quot;:&quot;&quot;},&quot;field_logics&quot;:{&quot;email_address&quot;:&quot;&quot;,&quot;sign_up_for_our_newsletter&quot;:&quot;&quot;,&quot;notice_1&quot;:&quot;&quot;},&quot;field_types&quot;:{&quot;email_address&quot;:&quot;email&quot;,&quot;submit_1&quot;:&quot;submit&quot;,&quot;sign_up_for_our_newsletter&quot;:&quot;consent&quot;,&quot;notice_1&quot;:&quot;notice&quot;,&quot;recaptcha_1&quot;:&quot;recaptcha&quot;},&quot;nonce_method&quot;:&quot;ajax&quot;}\"><form action=\"https:\/\/ccna-ccnv.ca\/fr\/phase-1-recherche\/\" method=\"post\" class=\"fusion-form fusion-form-10046\"><div class=\"fusion-fullwidth fullwidth-box fusion-builder-row-5-1 fusion-flex-container has-pattern-background has-mask-background nonhundred-percent-fullwidth non-hundred-percent-height-scrolling\" style=\"--awb-border-radius-top-left:0px;--awb-border-radius-top-right:0px;--awb-border-radius-bottom-right:0px;--awb-border-radius-bottom-left:0px;--awb-flex-wrap:wrap;\" ><div class=\"fusion-builder-row fusion-row fusion-flex-align-items-flex-start fusion-flex-content-wrap\" style=\"width:calc( 100% + 8px ) !important;max-width:calc( 100% + 8px ) !important;margin-left: calc(-8px \/ 2 );margin-right: calc(-8px \/ 2 );\"><div class=\"fusion-layout-column fusion_builder_column fusion-builder-column-19 fusion_builder_column_3_5 3_5 fusion-flex-column\" style=\"--awb-bg-size:cover;--awb-width-large:60%;--awb-margin-top-large:0px;--awb-spacing-right-large:4px;--awb-margin-bottom-large:0px;--awb-spacing-left-large:4px;--awb-width-medium:60%;--awb-order-medium:0;--awb-spacing-right-medium:4px;--awb-spacing-left-medium:4px;--awb-width-small:100%;--awb-order-small:0;--awb-spacing-right-small:4px;--awb-spacing-left-small:4px;\"><div class=\"fusion-column-wrapper fusion-column-has-shadow fusion-flex-justify-content-flex-start fusion-content-layout-column\"><div class=\"fusion-form-field fusion-form-email-field fusion-form-label-above\" style=\"\" data-form-id=\"10046\"><input type=\"email\" autocomplete=\"off\" name=\"email_address\" id=\"email_address\" value=\"\"  class=\"fusion-form-input\" required=\"true\" aria-required=\"true\" placeholder=\"Inscrivez votre courriel ici... *\" data-holds-private-data=\"false\"\/><\/div><\/div><\/div><div class=\"fusion-layout-column fusion_builder_column fusion-builder-column-20 fusion-flex-column\" style=\"--awb-bg-size:cover;--awb-width-large:auto;--awb-margin-top-large:0px;--awb-spacing-right-large:4px;--awb-margin-bottom-large:0px;--awb-spacing-left-large:4px;--awb-width-medium:auto;--awb-order-medium:0;--awb-spacing-right-medium:4px;--awb-spacing-left-medium:4px;--awb-width-small:100%;--awb-order-small:0;--awb-spacing-right-small:4px;--awb-spacing-left-small:4px;\"><div class=\"fusion-column-wrapper fusion-column-has-shadow fusion-flex-justify-content-flex-start fusion-content-layout-column\"><div class=\"fusion-form-field fusion-form-submit-field fusion-form-label-above\" style=\"\" data-form-id=\"10046\"><div style=\"text-align:center;\"><button type=\"submit\" class=\"fusion-button button-flat fusion-button-default-size button-default fusion-button-default button-2 fusion-button-span-yes  form-form-submit button-default\" data-hover=\"bg_slide_right\" data-form-number=\"10046\" tabindex=\"\"><span class=\"fusion-button-text awb-button__text awb-button__text--default\">S'inscrire<\/span><\/button><\/div><\/div><\/div><\/div><div class=\"fusion-layout-column fusion_builder_column fusion-builder-column-21 fusion_builder_column_1_1 1_1 fusion-flex-column\" style=\"--awb-bg-size:cover;--awb-width-large:100%;--awb-margin-top-large:0px;--awb-spacing-right-large:4px;--awb-margin-bottom-large:0px;--awb-spacing-left-large:4px;--awb-width-medium:100%;--awb-order-medium:0;--awb-spacing-right-medium:4px;--awb-spacing-left-medium:4px;--awb-width-small:100%;--awb-order-small:0;--awb-spacing-right-small:4px;--awb-spacing-left-small:4px;\"><div class=\"fusion-column-wrapper fusion-column-has-shadow fusion-flex-justify-content-flex-start fusion-content-layout-column\"><div class=\"fusion-form-field fusion-form-consent-field fusion-form-label-above\" style=\"\" data-form-id=\"10046\"><div class=\"fusion-form-checkbox option-inline\"><input tabindex=\"\" id=\"sign_up_for_our_newsletter\" type=\"checkbox\" value=\"1\" name=\"sign_up_for_our_newsletter\" class=\"fusion-form-input\" checked \/><label for=\"sign_up_for_our_newsletter\">J'accepte de recevoir le bulletin mensuel et autres nouvelles du CCNV<\/label><\/div><\/div><div class=\"form-submission-notices data-notice_1\" id=\"fusion-notices-1\"><div class=\"fusion-alert alert success alert-success fusion-alert-center fusion-form-response fusion-form-response-success awb-alert-native-link-color alert-dismissable awb-alert-close-boxed\" role=\"alert\"><div class=\"fusion-alert-content-wrapper\"><span class=\"alert-icon\"><i class=\"awb-icon-check-circle\" aria-hidden=\"true\"><\/i><\/span><span class=\"fusion-alert-content\">Merci pour votre inscription!<\/span><\/div><button type=\"button\" class=\"close toggle-alert\" data-dismiss=\"alert\" aria-label=\"Close\">&times;<\/button><\/div><div class=\"fusion-alert alert error alert-danger fusion-alert-center fusion-form-response fusion-form-response-error awb-alert-native-link-color alert-dismissable awb-alert-close-boxed\" role=\"alert\"><div class=\"fusion-alert-content-wrapper\"><span class=\"alert-icon\"><i class=\"awb-icon-exclamation-triangle\" aria-hidden=\"true\"><\/i><\/span><span class=\"fusion-alert-content\">Une erreur s'est produite.<\/span><\/div><button type=\"button\" class=\"close toggle-alert\" data-dismiss=\"alert\" aria-label=\"Close\">&times;<\/button><\/div><\/div><div class=\"fusion-form-field fusion-form-recaptcha-field fusion-form-label-above\" style=\"\" data-form-id=\"10046\">\t\t\t\t<div class=\"form-creator-recaptcha\" >\n\t\t\t\t\t\t\t\t\t\t\t\t\t\t\t\t\t\t\t\t\t\t\t\t<div\n\t\t\t\t\t\t\tid=\"g-recaptcha-id-form-10046\"\n\t\t\t\t\t\t\tclass=\"fusion-form-recaptcha-v3 recaptcha-container  fusion-form-hide-recaptcha-badge\"\n\t\t\t\t\t\t\tdata-sitekey=\"6LcbJMkqAAAAACM-seOcbNddveEj9yyKLdgYnn-0\"\n\t\t\t\t\t\t\tdata-badge=\"hide\">\n\t\t\t\t\t\t<\/div>\n\t\t\t\t\t\t<input\n\t\t\t\t\t\t\ttype=\"hidden\"\n\t\t\t\t\t\t\tname=\"fusion-form-recaptcha-response\"\n\t\t\t\t\t\t\tclass=\"g-recaptcha-response\"\n\t\t\t\t\t\t\tid=\"fusion-form-recaptcha-response-10046\"\n\t\t\t\t\t\t\tvalue=\"\">\n\t\t\t\t\t\t\t\t\t\t\t\t\t\t\t<\/div>\n\t\t\t\t<\/div><\/div><\/div><\/div><\/div><input type=\"hidden\" name=\"fusion_privacy_store_ip_ua\" value=\"false\"><input type=\"hidden\" name=\"fusion_privacy_expiration_interval\" value=\"48\"><input type=\"hidden\" name=\"privacy_expiration_action\" value=\"anonymize\"><\/form><\/div><\/div><\/div><\/div><\/div><\/div><\/div><\/div>\n<\/p>\n","protected":false},"excerpt":{"rendered":"","protected":false},"author":11,"featured_media":0,"parent":0,"menu_order":0,"comment_status":"closed","ping_status":"closed","template":"100-width.php","meta":{"_acf_changed":false,"footnotes":""},"class_list":["post-10769","page","type-page","status-publish","hentry"],"acf":[],"yoast_head":"<!-- This site is optimized with the Yoast SEO plugin v25.8 - https:\/\/yoast.com\/wordpress\/plugins\/seo\/ -->\n<title>La phase I du CCNV (2014-2019) - CCNA - CCNV<\/title>\n<meta name=\"robots\" content=\"index, follow, max-snippet:-1, max-image-preview:large, max-video-preview:-1\" \/>\n<link rel=\"canonical\" href=\"https:\/\/ccna-ccnv.ca\/fr\/phase-1-recherche\/\" \/>\n<meta property=\"og:locale\" content=\"fr_CA\" \/>\n<meta property=\"og:type\" content=\"article\" \/>\n<meta property=\"og:title\" content=\"La phase I du CCNV (2014-2019) - CCNA - CCNV\" \/>\n<meta property=\"og:url\" content=\"https:\/\/ccna-ccnv.ca\/fr\/phase-1-recherche\/\" \/>\n<meta property=\"og:site_name\" content=\"CCNA - CCNV\" \/>\n<meta property=\"article:modified_time\" content=\"2025-12-01T17:26:35+00:00\" \/>\n<meta property=\"og:image\" content=\"https:\/\/ccna-ccnv.ca\/wp-content\/uploads\/2025\/01\/CCNA.jpg\" \/>\n\t<meta property=\"og:image:width\" content=\"1200\" \/>\n\t<meta property=\"og:image:height\" content=\"675\" \/>\n\t<meta property=\"og:image:type\" content=\"image\/jpeg\" \/>\n<meta name=\"twitter:card\" content=\"summary_large_image\" \/>\n<meta name=\"twitter:label1\" content=\"Estimation du temps de lecture\" \/>\n\t<meta name=\"twitter:data1\" content=\"15 minutes\" \/>\n<script type=\"application\/ld+json\" class=\"yoast-schema-graph\">{\"@context\":\"https:\/\/schema.org\",\"@graph\":[{\"@type\":\"WebPage\",\"@id\":\"https:\/\/ccna-ccnv.ca\/fr\/phase-1-recherche\/\",\"url\":\"https:\/\/ccna-ccnv.ca\/fr\/phase-1-recherche\/\",\"name\":\"La phase I du CCNV (2014-2019) - CCNA - CCNV\",\"isPartOf\":{\"@id\":\"https:\/\/ccna-ccnv.ca\/fr\/#website\"},\"datePublished\":\"2024-12-16T18:28:23+00:00\",\"dateModified\":\"2025-12-01T17:26:35+00:00\",\"breadcrumb\":{\"@id\":\"https:\/\/ccna-ccnv.ca\/fr\/phase-1-recherche\/#breadcrumb\"},\"inLanguage\":\"fr-CA\",\"potentialAction\":[{\"@type\":\"ReadAction\",\"target\":[\"https:\/\/ccna-ccnv.ca\/fr\/phase-1-recherche\/\"]}]},{\"@type\":\"BreadcrumbList\",\"@id\":\"https:\/\/ccna-ccnv.ca\/fr\/phase-1-recherche\/#breadcrumb\",\"itemListElement\":[{\"@type\":\"ListItem\",\"position\":1,\"name\":\"Home\",\"item\":\"https:\/\/ccna-ccnv.ca\/fr\/\"},{\"@type\":\"ListItem\",\"position\":2,\"name\":\"La phase I du CCNV (2014-2019)\"}]},{\"@type\":\"WebSite\",\"@id\":\"https:\/\/ccna-ccnv.ca\/fr\/#website\",\"url\":\"https:\/\/ccna-ccnv.ca\/fr\/\",\"name\":\"Canadian Consortium on Neurodegeneration in Aging\",\"description\":\"\",\"publisher\":{\"@id\":\"https:\/\/ccna-ccnv.ca\/fr\/#organization\"},\"alternateName\":\"CCNA - CCNV\",\"potentialAction\":[{\"@type\":\"SearchAction\",\"target\":{\"@type\":\"EntryPoint\",\"urlTemplate\":\"https:\/\/ccna-ccnv.ca\/fr\/?s={search_term_string}\"},\"query-input\":{\"@type\":\"PropertyValueSpecification\",\"valueRequired\":true,\"valueName\":\"search_term_string\"}}],\"inLanguage\":\"fr-CA\"},{\"@type\":\"Organization\",\"@id\":\"https:\/\/ccna-ccnv.ca\/fr\/#organization\",\"name\":\"Canadian Consortium on Neurodegeneration in Aging\",\"alternateName\":\"CCNA - CCNV\",\"url\":\"https:\/\/ccna-ccnv.ca\/fr\/\",\"logo\":{\"@type\":\"ImageObject\",\"inLanguage\":\"fr-CA\",\"@id\":\"https:\/\/ccna-ccnv.ca\/fr\/#\/schema\/logo\/image\/\",\"url\":\"https:\/\/ccna-ccnv.ca\/wp-content\/uploads\/2025\/01\/ccna-logo-on-white-background.jpg\",\"contentUrl\":\"https:\/\/ccna-ccnv.ca\/wp-content\/uploads\/2025\/01\/ccna-logo-on-white-background.jpg\",\"width\":696,\"height\":696,\"caption\":\"Canadian Consortium on Neurodegeneration in Aging\"},\"image\":{\"@id\":\"https:\/\/ccna-ccnv.ca\/fr\/#\/schema\/logo\/image\/\"}}]}<\/script>\n<!-- \/ Yoast SEO plugin. -->","yoast_head_json":{"title":"La phase I du CCNV (2014-2019) - CCNA - CCNV","robots":{"index":"index","follow":"follow","max-snippet":"max-snippet:-1","max-image-preview":"max-image-preview:large","max-video-preview":"max-video-preview:-1"},"canonical":"https:\/\/ccna-ccnv.ca\/fr\/phase-1-recherche\/","og_locale":"fr_CA","og_type":"article","og_title":"La phase I du CCNV (2014-2019) - CCNA - CCNV","og_url":"https:\/\/ccna-ccnv.ca\/fr\/phase-1-recherche\/","og_site_name":"CCNA - CCNV","article_modified_time":"2025-12-01T17:26:35+00:00","og_image":[{"width":1200,"height":675,"url":"https:\/\/ccna-ccnv.ca\/wp-content\/uploads\/2025\/01\/CCNA.jpg","type":"image\/jpeg"}],"twitter_card":"summary_large_image","twitter_misc":{"Estimation du temps de lecture":"15 minutes"},"schema":{"@context":"https:\/\/schema.org","@graph":[{"@type":"WebPage","@id":"https:\/\/ccna-ccnv.ca\/fr\/phase-1-recherche\/","url":"https:\/\/ccna-ccnv.ca\/fr\/phase-1-recherche\/","name":"La phase I du CCNV (2014-2019) - CCNA - CCNV","isPartOf":{"@id":"https:\/\/ccna-ccnv.ca\/fr\/#website"},"datePublished":"2024-12-16T18:28:23+00:00","dateModified":"2025-12-01T17:26:35+00:00","breadcrumb":{"@id":"https:\/\/ccna-ccnv.ca\/fr\/phase-1-recherche\/#breadcrumb"},"inLanguage":"fr-CA","potentialAction":[{"@type":"ReadAction","target":["https:\/\/ccna-ccnv.ca\/fr\/phase-1-recherche\/"]}]},{"@type":"BreadcrumbList","@id":"https:\/\/ccna-ccnv.ca\/fr\/phase-1-recherche\/#breadcrumb","itemListElement":[{"@type":"ListItem","position":1,"name":"Home","item":"https:\/\/ccna-ccnv.ca\/fr\/"},{"@type":"ListItem","position":2,"name":"La phase I du CCNV (2014-2019)"}]},{"@type":"WebSite","@id":"https:\/\/ccna-ccnv.ca\/fr\/#website","url":"https:\/\/ccna-ccnv.ca\/fr\/","name":"Canadian Consortium on Neurodegeneration in Aging","description":"","publisher":{"@id":"https:\/\/ccna-ccnv.ca\/fr\/#organization"},"alternateName":"CCNA - CCNV","potentialAction":[{"@type":"SearchAction","target":{"@type":"EntryPoint","urlTemplate":"https:\/\/ccna-ccnv.ca\/fr\/?s={search_term_string}"},"query-input":{"@type":"PropertyValueSpecification","valueRequired":true,"valueName":"search_term_string"}}],"inLanguage":"fr-CA"},{"@type":"Organization","@id":"https:\/\/ccna-ccnv.ca\/fr\/#organization","name":"Canadian Consortium on Neurodegeneration in Aging","alternateName":"CCNA - CCNV","url":"https:\/\/ccna-ccnv.ca\/fr\/","logo":{"@type":"ImageObject","inLanguage":"fr-CA","@id":"https:\/\/ccna-ccnv.ca\/fr\/#\/schema\/logo\/image\/","url":"https:\/\/ccna-ccnv.ca\/wp-content\/uploads\/2025\/01\/ccna-logo-on-white-background.jpg","contentUrl":"https:\/\/ccna-ccnv.ca\/wp-content\/uploads\/2025\/01\/ccna-logo-on-white-background.jpg","width":696,"height":696,"caption":"Canadian Consortium on Neurodegeneration in Aging"},"image":{"@id":"https:\/\/ccna-ccnv.ca\/fr\/#\/schema\/logo\/image\/"}}]}},"_links":{"self":[{"href":"https:\/\/ccna-ccnv.ca\/fr\/wp-json\/wp\/v2\/pages\/10769","targetHints":{"allow":["GET"]}}],"collection":[{"href":"https:\/\/ccna-ccnv.ca\/fr\/wp-json\/wp\/v2\/pages"}],"about":[{"href":"https:\/\/ccna-ccnv.ca\/fr\/wp-json\/wp\/v2\/types\/page"}],"author":[{"embeddable":true,"href":"https:\/\/ccna-ccnv.ca\/fr\/wp-json\/wp\/v2\/users\/11"}],"replies":[{"embeddable":true,"href":"https:\/\/ccna-ccnv.ca\/fr\/wp-json\/wp\/v2\/comments?post=10769"}],"version-history":[{"count":9,"href":"https:\/\/ccna-ccnv.ca\/fr\/wp-json\/wp\/v2\/pages\/10769\/revisions"}],"predecessor-version":[{"id":17240,"href":"https:\/\/ccna-ccnv.ca\/fr\/wp-json\/wp\/v2\/pages\/10769\/revisions\/17240"}],"wp:attachment":[{"href":"https:\/\/ccna-ccnv.ca\/fr\/wp-json\/wp\/v2\/media?parent=10769"}],"curies":[{"name":"wp","href":"https:\/\/api.w.org\/{rel}","templated":true}]}}