{"id":11518,"date":"2025-02-12T15:50:24","date_gmt":"2025-02-12T20:50:24","guid":{"rendered":"https:\/\/ccna-ccnv.ca\/inclusion-diversity-equity-and-accessibility-idea\/"},"modified":"2025-02-12T16:50:30","modified_gmt":"2025-02-12T21:50:30","slug":"inclusion-diversity-equity-and-accessibility-idea","status":"publish","type":"page","link":"https:\/\/ccna-ccnv.ca\/fr\/inclusion-diversity-equity-and-accessibility-idea\/","title":{"rendered":"Inclusion, diversit\u00e9, \u00e9quit\u00e9 et accessibilit\u00e9 (IDEA)"},"content":{"rendered":"<div id=\"research-executive-committee\" class=\"fusion-container-anchor\"><div class=\"fusion-fullwidth fullwidth-box fusion-builder-row-1 fusion-flex-container has-pattern-background has-mask-background nonhundred-percent-fullwidth non-hundred-percent-height-scrolling\" style=\"--awb-border-radius-top-left:0px;--awb-border-radius-top-right:0px;--awb-border-radius-bottom-right:0px;--awb-border-radius-bottom-left:0px;--awb-padding-top:0px;--awb-padding-bottom:0px;--awb-padding-top-small:56px;--awb-padding-right-small:16px;--awb-padding-bottom-small:56px;--awb-padding-left-small:16px;--awb-background-color:var(--awb-color1);--awb-flex-wrap:wrap;\" ><div class=\"fusion-builder-row fusion-row fusion-flex-align-items-center fusion-flex-justify-content-center fusion-flex-content-wrap\" style=\"max-width:1456px;margin-left: calc(-4% \/ 2 );margin-right: calc(-4% \/ 2 );\"><div class=\"fusion-layout-column fusion_builder_column fusion-builder-column-0 fusion_builder_column_1_2 1_2 fusion-flex-column fusion-animated\" style=\"--awb-padding-top:72px;--awb-padding-right:72px;--awb-padding-bottom:72px;--awb-padding-left:72px;--awb-padding-right-small:14px;--awb-padding-left-small:14px;--awb-overflow:hidden;--awb-bg-color:var(--awb-color3);--awb-bg-color-hover:var(--awb-color3);--awb-bg-size:cover;--awb-border-radius:30px 30px 30px 30px;--awb-width-large:50%;--awb-margin-top-large:0px;--awb-spacing-right-large:3.84%;--awb-margin-bottom-large:0px;--awb-spacing-left-large:3.84%;--awb-width-medium:100%;--awb-order-medium:0;--awb-spacing-right-medium:1.92%;--awb-spacing-left-medium:1.92%;--awb-width-small:100%;--awb-order-small:0;--awb-spacing-right-small:1.92%;--awb-spacing-left-small:1.92%;\" data-animationType=\"fadeInDown\" data-animationDuration=\"1.0\" data-animationOffset=\"top-into-view\"><div class=\"fusion-column-wrapper fusion-column-has-shadow fusion-flex-justify-content-flex-start fusion-content-layout-column\"><div class=\"fusion-title title fusion-title-1 fusion-sep-none fusion-title-text fusion-title-size-three fusion-animated\" style=\"--awb-text-color:var(--awb-color5);--awb-margin-bottom:24px;--awb-margin-bottom-small:24px;\" data-animationType=\"fadeInDown\" data-animationDuration=\"1.0\" data-animationOffset=\"top-into-view\"><h3 class=\"fusion-title-heading title-heading-left fusion-responsive-typography-calculated\" style=\"margin:0;text-transform:var(--awb-typography2-text-transform);--fontSize:40;line-height:var(--awb-typography1-line-height);\"><b>\u00c9nonc\u00e9 sur l\u2019inclusion, la diversit\u00e9, l\u2019\u00e9quit\u00e9 et l\u2019accessibilit\u00e9<strong><span class=\"highlight-text\"> (IDEA):<\/span><\/strong><\/b><\/h3><\/div><div class=\"fusion-text fusion-text-1 fusion-animated\" data-animationType=\"fadeInDown\" data-animationDuration=\"1.0\" data-animationDelay=\"0.3\" data-animationOffset=\"top-into-view\"><p>Le Consortium canadien en neurod\u00e9g\u00e9n\u00e9rescence associ\u00e9e au vieillissement (CCNV) \u00a0est fier d\u2019\u00eatre le p\u00f4le canadien de la recherche sur la maladie d\u2019Alzheimer et les maladies neurocognitives et un chef de file mondial en recherche sur tous les aspects des maladies neurod\u00e9g\u00e9n\u00e9ratives, de la pr\u00e9vention au traitement et \u00e0 l\u2019am\u00e9lioration de la vie de ceux qui en sont atteints.<\/p>\n<p>Le CCNV s\u2019engage \u00e0 int\u00e9grer dans tout son travail l\u2019inclusion, la diversit\u00e9, l\u2019\u00e9quit\u00e9 et l\u2019accessibilit\u00e9 (IDEA) ainsi que les droits des Autochtones \u00e0 l\u2019autod\u00e9termination et \u00e0 la souverainet\u00e9, y compris la recherche, la gouvernance, le d\u00e9veloppement et la mise en \u0153uvre de politiques, la formation et le renforcement des capacit\u00e9s.<\/p>\n<p>Le CCNV fournit une infrastructure pour soutenir la recherche et la formation \u00e0 la diversit\u00e9 de chercheurs et de cliniciens en neurod\u00e9g\u00e9n\u00e9rescence au Canada en \u00e9liminant les obstacles \u00e0 la participation \u00e0 la recherche, \u00e0 l\u2019acc\u00e8s aux donn\u00e9es et \u00e0 la collaboration afin de garantir que les id\u00e9es de chacun \u00a0soient respect\u00e9es et repr\u00e9sent\u00e9es dans le travail que nous effectuons.<\/p>\n<\/div><\/div><\/div><div class=\"fusion-layout-column fusion_builder_column fusion-builder-column-1 fusion_builder_column_1_2 1_2 fusion-flex-column\" style=\"--awb-bg-size:cover;--awb-width-large:50%;--awb-margin-top-large:0px;--awb-spacing-right-large:3.84%;--awb-margin-bottom-large:0px;--awb-spacing-left-large:3.84%;--awb-width-medium:100%;--awb-order-medium:0;--awb-margin-top-medium:48px;--awb-spacing-right-medium:1.92%;--awb-spacing-left-medium:1.92%;--awb-width-small:100%;--awb-order-small:0;--awb-spacing-right-small:1.92%;--awb-spacing-left-small:1.92%;\" data-scroll-devices=\"small-visibility,medium-visibility,large-visibility\"><div class=\"fusion-column-wrapper fusion-column-has-shadow fusion-flex-justify-content-center fusion-content-layout-column\"><div class=\"fusion-image-element md-text-align-center sm-text-align-center\" style=\"text-align:right;--awb-caption-title-font-family:var(--h2_typography-font-family);--awb-caption-title-font-weight:var(--h2_typography-font-weight);--awb-caption-title-font-style:var(--h2_typography-font-style);--awb-caption-title-size:var(--h2_typography-font-size);--awb-caption-title-transform:var(--h2_typography-text-transform);--awb-caption-title-line-height:var(--h2_typography-line-height);--awb-caption-title-letter-spacing:var(--h2_typography-letter-spacing);--awb-filter:brightness(100%);--awb-filter-transition:filter 0.3s ease;--awb-filter-hover:brightness(147%);\"><span class=\" fusion-imageframe imageframe-none imageframe-1 hover-type-none\"><img loading=\"lazy\" decoding=\"async\" width=\"1000\" height=\"700\" alt=\"Illustration of diversity with people sitting in a park with trees\" title=\"illustration-diversity-with-trees\" src=\"https:\/\/ccna-ccnv.ca\/wp-content\/uploads\/2024\/12\/illustration-diversity-with-trees.png\" class=\"img-responsive wp-image-8956\" srcset=\"https:\/\/ccna-ccnv.ca\/wp-content\/uploads\/2024\/12\/illustration-diversity-with-trees-200x140.png 200w, https:\/\/ccna-ccnv.ca\/wp-content\/uploads\/2024\/12\/illustration-diversity-with-trees-400x280.png 400w, https:\/\/ccna-ccnv.ca\/wp-content\/uploads\/2024\/12\/illustration-diversity-with-trees-600x420.png 600w, https:\/\/ccna-ccnv.ca\/wp-content\/uploads\/2024\/12\/illustration-diversity-with-trees-800x560.png 800w, https:\/\/ccna-ccnv.ca\/wp-content\/uploads\/2024\/12\/illustration-diversity-with-trees.png 1000w\" sizes=\"auto, (max-width: 640px) 100vw, 800px\" \/><\/span><\/div><\/div><\/div><\/div><\/div><\/div>\n","protected":false},"excerpt":{"rendered":"","protected":false},"author":16,"featured_media":0,"parent":0,"menu_order":0,"comment_status":"closed","ping_status":"closed","template":"100-width.php","meta":{"_acf_changed":false,"footnotes":""},"class_list":["post-11518","page","type-page","status-publish","hentry"],"acf":[],"yoast_head":"<!-- This site is optimized with the Yoast SEO plugin v25.8 - https:\/\/yoast.com\/wordpress\/plugins\/seo\/ -->\n<title>Inclusion, diversit\u00e9, \u00e9quit\u00e9 et accessibilit\u00e9 (IDEA) - CCNA - CCNV<\/title>\n<meta name=\"robots\" content=\"index, follow, max-snippet:-1, max-image-preview:large, max-video-preview:-1\" \/>\n<link rel=\"canonical\" href=\"https:\/\/ccna-ccnv.ca\/fr\/inclusion-diversity-equity-and-accessibility-idea\/\" \/>\n<meta property=\"og:locale\" content=\"fr_CA\" \/>\n<meta property=\"og:type\" content=\"article\" \/>\n<meta property=\"og:title\" content=\"Inclusion, diversit\u00e9, \u00e9quit\u00e9 et accessibilit\u00e9 (IDEA) - CCNA - CCNV\" \/>\n<meta property=\"og:url\" content=\"https:\/\/ccna-ccnv.ca\/fr\/inclusion-diversity-equity-and-accessibility-idea\/\" \/>\n<meta property=\"og:site_name\" content=\"CCNA - CCNV\" \/>\n<meta property=\"article:modified_time\" content=\"2025-02-12T21:50:30+00:00\" \/>\n<meta property=\"og:image\" content=\"https:\/\/ccna-ccnv.ca\/wp-content\/uploads\/2025\/01\/CCNA.jpg\" \/>\n\t<meta property=\"og:image:width\" content=\"1200\" \/>\n\t<meta property=\"og:image:height\" content=\"675\" \/>\n\t<meta property=\"og:image:type\" content=\"image\/jpeg\" \/>\n<meta name=\"twitter:card\" content=\"summary_large_image\" \/>\n<meta name=\"twitter:label1\" content=\"Estimation du temps de lecture\" \/>\n\t<meta name=\"twitter:data1\" content=\"1 minute\" \/>\n<script type=\"application\/ld+json\" class=\"yoast-schema-graph\">{\"@context\":\"https:\/\/schema.org\",\"@graph\":[{\"@type\":\"WebPage\",\"@id\":\"https:\/\/ccna-ccnv.ca\/fr\/inclusion-diversity-equity-and-accessibility-idea\/\",\"url\":\"https:\/\/ccna-ccnv.ca\/fr\/inclusion-diversity-equity-and-accessibility-idea\/\",\"name\":\"Inclusion, diversit\u00e9, \u00e9quit\u00e9 et accessibilit\u00e9 (IDEA) - CCNA - CCNV\",\"isPartOf\":{\"@id\":\"https:\/\/ccna-ccnv.ca\/fr\/#website\"},\"datePublished\":\"2025-02-12T20:50:24+00:00\",\"dateModified\":\"2025-02-12T21:50:30+00:00\",\"breadcrumb\":{\"@id\":\"https:\/\/ccna-ccnv.ca\/fr\/inclusion-diversity-equity-and-accessibility-idea\/#breadcrumb\"},\"inLanguage\":\"fr-CA\",\"potentialAction\":[{\"@type\":\"ReadAction\",\"target\":[\"https:\/\/ccna-ccnv.ca\/fr\/inclusion-diversity-equity-and-accessibility-idea\/\"]}]},{\"@type\":\"BreadcrumbList\",\"@id\":\"https:\/\/ccna-ccnv.ca\/fr\/inclusion-diversity-equity-and-accessibility-idea\/#breadcrumb\",\"itemListElement\":[{\"@type\":\"ListItem\",\"position\":1,\"name\":\"Home\",\"item\":\"https:\/\/ccna-ccnv.ca\/fr\/\"},{\"@type\":\"ListItem\",\"position\":2,\"name\":\"Inclusion, diversit\u00e9, \u00e9quit\u00e9 et accessibilit\u00e9 (IDEA)\"}]},{\"@type\":\"WebSite\",\"@id\":\"https:\/\/ccna-ccnv.ca\/fr\/#website\",\"url\":\"https:\/\/ccna-ccnv.ca\/fr\/\",\"name\":\"Canadian Consortium on Neurodegeneration in Aging\",\"description\":\"\",\"publisher\":{\"@id\":\"https:\/\/ccna-ccnv.ca\/fr\/#organization\"},\"alternateName\":\"CCNA - CCNV\",\"potentialAction\":[{\"@type\":\"SearchAction\",\"target\":{\"@type\":\"EntryPoint\",\"urlTemplate\":\"https:\/\/ccna-ccnv.ca\/fr\/?s={search_term_string}\"},\"query-input\":{\"@type\":\"PropertyValueSpecification\",\"valueRequired\":true,\"valueName\":\"search_term_string\"}}],\"inLanguage\":\"fr-CA\"},{\"@type\":\"Organization\",\"@id\":\"https:\/\/ccna-ccnv.ca\/fr\/#organization\",\"name\":\"Canadian Consortium on Neurodegeneration in Aging\",\"alternateName\":\"CCNA - CCNV\",\"url\":\"https:\/\/ccna-ccnv.ca\/fr\/\",\"logo\":{\"@type\":\"ImageObject\",\"inLanguage\":\"fr-CA\",\"@id\":\"https:\/\/ccna-ccnv.ca\/fr\/#\/schema\/logo\/image\/\",\"url\":\"https:\/\/ccna-ccnv.ca\/wp-content\/uploads\/2025\/01\/ccna-logo-on-white-background.jpg\",\"contentUrl\":\"https:\/\/ccna-ccnv.ca\/wp-content\/uploads\/2025\/01\/ccna-logo-on-white-background.jpg\",\"width\":696,\"height\":696,\"caption\":\"Canadian Consortium on Neurodegeneration in Aging\"},\"image\":{\"@id\":\"https:\/\/ccna-ccnv.ca\/fr\/#\/schema\/logo\/image\/\"}}]}<\/script>\n<!-- \/ Yoast SEO plugin. -->","yoast_head_json":{"title":"Inclusion, diversit\u00e9, \u00e9quit\u00e9 et accessibilit\u00e9 (IDEA) - CCNA - CCNV","robots":{"index":"index","follow":"follow","max-snippet":"max-snippet:-1","max-image-preview":"max-image-preview:large","max-video-preview":"max-video-preview:-1"},"canonical":"https:\/\/ccna-ccnv.ca\/fr\/inclusion-diversity-equity-and-accessibility-idea\/","og_locale":"fr_CA","og_type":"article","og_title":"Inclusion, diversit\u00e9, \u00e9quit\u00e9 et accessibilit\u00e9 (IDEA) - CCNA - CCNV","og_url":"https:\/\/ccna-ccnv.ca\/fr\/inclusion-diversity-equity-and-accessibility-idea\/","og_site_name":"CCNA - CCNV","article_modified_time":"2025-02-12T21:50:30+00:00","og_image":[{"width":1200,"height":675,"url":"https:\/\/ccna-ccnv.ca\/wp-content\/uploads\/2025\/01\/CCNA.jpg","type":"image\/jpeg"}],"twitter_card":"summary_large_image","twitter_misc":{"Estimation du temps de lecture":"1 minute"},"schema":{"@context":"https:\/\/schema.org","@graph":[{"@type":"WebPage","@id":"https:\/\/ccna-ccnv.ca\/fr\/inclusion-diversity-equity-and-accessibility-idea\/","url":"https:\/\/ccna-ccnv.ca\/fr\/inclusion-diversity-equity-and-accessibility-idea\/","name":"Inclusion, diversit\u00e9, \u00e9quit\u00e9 et accessibilit\u00e9 (IDEA) - CCNA - CCNV","isPartOf":{"@id":"https:\/\/ccna-ccnv.ca\/fr\/#website"},"datePublished":"2025-02-12T20:50:24+00:00","dateModified":"2025-02-12T21:50:30+00:00","breadcrumb":{"@id":"https:\/\/ccna-ccnv.ca\/fr\/inclusion-diversity-equity-and-accessibility-idea\/#breadcrumb"},"inLanguage":"fr-CA","potentialAction":[{"@type":"ReadAction","target":["https:\/\/ccna-ccnv.ca\/fr\/inclusion-diversity-equity-and-accessibility-idea\/"]}]},{"@type":"BreadcrumbList","@id":"https:\/\/ccna-ccnv.ca\/fr\/inclusion-diversity-equity-and-accessibility-idea\/#breadcrumb","itemListElement":[{"@type":"ListItem","position":1,"name":"Home","item":"https:\/\/ccna-ccnv.ca\/fr\/"},{"@type":"ListItem","position":2,"name":"Inclusion, diversit\u00e9, \u00e9quit\u00e9 et accessibilit\u00e9 (IDEA)"}]},{"@type":"WebSite","@id":"https:\/\/ccna-ccnv.ca\/fr\/#website","url":"https:\/\/ccna-ccnv.ca\/fr\/","name":"Canadian Consortium on Neurodegeneration in Aging","description":"","publisher":{"@id":"https:\/\/ccna-ccnv.ca\/fr\/#organization"},"alternateName":"CCNA - CCNV","potentialAction":[{"@type":"SearchAction","target":{"@type":"EntryPoint","urlTemplate":"https:\/\/ccna-ccnv.ca\/fr\/?s={search_term_string}"},"query-input":{"@type":"PropertyValueSpecification","valueRequired":true,"valueName":"search_term_string"}}],"inLanguage":"fr-CA"},{"@type":"Organization","@id":"https:\/\/ccna-ccnv.ca\/fr\/#organization","name":"Canadian Consortium on Neurodegeneration in Aging","alternateName":"CCNA - CCNV","url":"https:\/\/ccna-ccnv.ca\/fr\/","logo":{"@type":"ImageObject","inLanguage":"fr-CA","@id":"https:\/\/ccna-ccnv.ca\/fr\/#\/schema\/logo\/image\/","url":"https:\/\/ccna-ccnv.ca\/wp-content\/uploads\/2025\/01\/ccna-logo-on-white-background.jpg","contentUrl":"https:\/\/ccna-ccnv.ca\/wp-content\/uploads\/2025\/01\/ccna-logo-on-white-background.jpg","width":696,"height":696,"caption":"Canadian Consortium on Neurodegeneration in Aging"},"image":{"@id":"https:\/\/ccna-ccnv.ca\/fr\/#\/schema\/logo\/image\/"}}]}},"_links":{"self":[{"href":"https:\/\/ccna-ccnv.ca\/fr\/wp-json\/wp\/v2\/pages\/11518","targetHints":{"allow":["GET"]}}],"collection":[{"href":"https:\/\/ccna-ccnv.ca\/fr\/wp-json\/wp\/v2\/pages"}],"about":[{"href":"https:\/\/ccna-ccnv.ca\/fr\/wp-json\/wp\/v2\/types\/page"}],"author":[{"embeddable":true,"href":"https:\/\/ccna-ccnv.ca\/fr\/wp-json\/wp\/v2\/users\/16"}],"replies":[{"embeddable":true,"href":"https:\/\/ccna-ccnv.ca\/fr\/wp-json\/wp\/v2\/comments?post=11518"}],"version-history":[{"count":1,"href":"https:\/\/ccna-ccnv.ca\/fr\/wp-json\/wp\/v2\/pages\/11518\/revisions"}],"predecessor-version":[{"id":11520,"href":"https:\/\/ccna-ccnv.ca\/fr\/wp-json\/wp\/v2\/pages\/11518\/revisions\/11520"}],"wp:attachment":[{"href":"https:\/\/ccna-ccnv.ca\/fr\/wp-json\/wp\/v2\/media?parent=11518"}],"curies":[{"name":"wp","href":"https:\/\/api.w.org\/{rel}","templated":true}]}}