{"id":15468,"date":"2025-06-20T06:01:00","date_gmt":"2025-06-20T10:01:00","guid":{"rendered":"https:\/\/ccna-ccnv.ca\/the-canadian-indigenous-cognitive-assessment-cica\/"},"modified":"2025-07-10T09:33:06","modified_gmt":"2025-07-10T13:33:06","slug":"evaluation-cognitive-autochone-canadienne","status":"publish","type":"page","link":"https:\/\/ccna-ccnv.ca\/fr\/evaluation-cognitive-autochone-canadienne\/","title":{"rendered":"L\u2019\u00c9valuation cognitive autochtone canadienne (CICA)"},"content":{"rendered":"<p><div class=\"fusion-fullwidth fullwidth-box fusion-builder-row-1 fusion-flex-container has-pattern-background has-mask-background fusion-parallax-none nonhundred-percent-fullwidth non-hundred-percent-height-scrolling\" style=\"--awb-border-radius-top-left:0px;--awb-border-radius-top-right:0px;--awb-border-radius-bottom-right:0px;--awb-border-radius-bottom-left:0px;--awb-min-height:421px;--awb-min-height-small:280px;--awb-background-image:url(&quot;https:\/\/ccna-ccnv.ca\/wp-content\/uploads\/2025\/06\/forest-1.webp&quot;);--awb-background-size:cover;--awb-flex-wrap:wrap;\" ><div class=\"fusion-builder-row fusion-row fusion-flex-align-items-flex-start fusion-flex-align-content-center fusion-flex-content-wrap\" style=\"max-width:1456px;margin-left: calc(-4% \/ 2 );margin-right: calc(-4% \/ 2 );\"><div class=\"fusion-layout-column fusion_builder_column fusion-builder-column-0 fusion_builder_column_1_1 1_1 fusion-flex-column\" style=\"--awb-bg-size:cover;--awb-width-large:100%;--awb-margin-top-large:0px;--awb-spacing-right-large:1.92%;--awb-margin-bottom-large:20px;--awb-spacing-left-large:1.92%;--awb-width-medium:100%;--awb-order-medium:0;--awb-spacing-right-medium:1.92%;--awb-spacing-left-medium:1.92%;--awb-width-small:100%;--awb-order-small:0;--awb-spacing-right-small:1.92%;--awb-spacing-left-small:1.92%;\"><div class=\"fusion-column-wrapper fusion-column-has-shadow fusion-flex-justify-content-flex-start fusion-content-layout-column\"><div class=\"fusion-title title fusion-title-1 fusion-sep-none fusion-title-center fusion-title-text fusion-title-size-one\" style=\"--awb-text-color:var(--awb-color1);--awb-margin-right:10%;--awb-margin-left:10%;--awb-margin-right-medium:0px;--awb-margin-left-medium:0px;\"><h1 class=\"fusion-title-heading title-heading-center fusion-responsive-typography-calculated\" style=\"margin:0;--fontSize:54;line-height:var(--awb-typography1-line-height);\"><span style=\"max-width: 900px; margin: 0 auto; display: block;\">L&rsquo;\u00c9valuation cognitive autochtone canadienne (CICA)<\/span><\/h1><\/div><\/div><\/div><\/div><\/div><div class=\"fusion-fullwidth fullwidth-box fusion-builder-row-2 fusion-flex-container has-pattern-background has-mask-background nonhundred-percent-fullwidth non-hundred-percent-height-scrolling\" style=\"--awb-border-radius-top-left:0px;--awb-border-radius-top-right:0px;--awb-border-radius-bottom-right:0px;--awb-border-radius-bottom-left:0px;--awb-padding-top:50px;--awb-flex-wrap:wrap;\" ><div class=\"fusion-builder-row fusion-row fusion-flex-align-items-flex-start fusion-flex-content-wrap\" style=\"max-width:1456px;margin-left: calc(-4% \/ 2 );margin-right: calc(-4% \/ 2 );\"><div class=\"fusion-layout-column fusion_builder_column fusion-builder-column-1 fusion_builder_column_1_1 1_1 fusion-flex-column fusion-flex-align-self-flex-start\" style=\"--awb-padding-top:24px;--awb-padding-right:24px;--awb-padding-bottom:24px;--awb-padding-left:24px;--awb-padding-top-small:32px;--awb-padding-right-small:15px;--awb-padding-bottom-small:32px;--awb-padding-left-small:15px;--awb-overflow:visible;--awb-bg-color:#e7e1d6;--awb-bg-color-hover:#e7e1d6;--awb-bg-size:cover;--awb-border-color:#e7e1d6;--awb-border-style:solid;--awb-border-radius:20px 20px 20px 20px;--awb-width-large:100%;--awb-margin-top-large:0px;--awb-spacing-right-large:1.92%;--awb-margin-bottom-large:20px;--awb-spacing-left-large:1.92%;--awb-width-medium:100%;--awb-order-medium:0;--awb-spacing-right-medium:1.92%;--awb-spacing-left-medium:1.92%;--awb-width-small:100%;--awb-order-small:0;--awb-spacing-right-small:0px;--awb-spacing-left-small:0px;\" data-scroll-devices=\"small-visibility,medium-visibility,large-visibility\"><div class=\"fusion-column-wrapper fusion-column-has-shadow fusion-flex-justify-content-center fusion-content-layout-column\"><div class=\"fusion-builder-row fusion-builder-row-inner fusion-row fusion-flex-align-items-flex-start fusion-flex-content-wrap\" style=\"width:104% !important;max-width:104% !important;margin-left: calc(-4% \/ 2 );margin-right: calc(-4% \/ 2 );\"><div class=\"fusion-layout-column fusion_builder_column_inner fusion-builder-nested-column-0 fusion_builder_column_inner_1_2 1_2 fusion-flex-column fusion-flex-align-self-stretch\" style=\"--awb-padding-top:25px;--awb-padding-right:25px;--awb-padding-bottom:25px;--awb-padding-left:25px;--awb-overflow:hidden;--awb-bg-color:var(--awb-color1);--awb-bg-color-hover:var(--awb-color1);--awb-bg-size:cover;--awb-border-radius:8px 8px 8px 8px;--awb-width-large:50%;--awb-margin-top-large:0px;--awb-spacing-right-large:3.84%;--awb-margin-bottom-large:20px;--awb-spacing-left-large:3.84%;--awb-width-medium:100%;--awb-order-medium:0;--awb-spacing-right-medium:1.92%;--awb-margin-bottom-medium:40px;--awb-spacing-left-medium:1.92%;--awb-width-small:100%;--awb-order-small:0;--awb-spacing-right-small:1.92%;--awb-margin-bottom-small:40px;--awb-spacing-left-small:1.92%;\" data-scroll-devices=\"small-visibility,medium-visibility,large-visibility\"><div class=\"fusion-column-wrapper fusion-column-has-shadow fusion-flex-justify-content-center fusion-content-layout-column\"><div class=\"fusion-image-element \" style=\"--awb-caption-title-font-family:var(--h2_typography-font-family);--awb-caption-title-font-weight:var(--h2_typography-font-weight);--awb-caption-title-font-style:var(--h2_typography-font-style);--awb-caption-title-size:var(--h2_typography-font-size);--awb-caption-title-transform:var(--h2_typography-text-transform);--awb-caption-title-line-height:var(--h2_typography-line-height);--awb-caption-title-letter-spacing:var(--h2_typography-letter-spacing);\"><span class=\" fusion-imageframe imageframe-none imageframe-1 hover-type-none\" style=\"border-radius:8px;\"><img loading=\"lazy\" decoding=\"async\" width=\"2000\" height=\"1580\" title=\"French\" src=\"https:\/\/ccna-ccnv.ca\/wp-content\/uploads\/2025\/07\/French.jpg\" alt class=\"img-responsive wp-image-15842\" srcset=\"https:\/\/ccna-ccnv.ca\/wp-content\/uploads\/2025\/07\/French-200x158.jpg 200w, https:\/\/ccna-ccnv.ca\/wp-content\/uploads\/2025\/07\/French-400x316.jpg 400w, https:\/\/ccna-ccnv.ca\/wp-content\/uploads\/2025\/07\/French-600x474.jpg 600w, https:\/\/ccna-ccnv.ca\/wp-content\/uploads\/2025\/07\/French-800x632.jpg 800w, https:\/\/ccna-ccnv.ca\/wp-content\/uploads\/2025\/07\/French-1200x948.jpg 1200w, https:\/\/ccna-ccnv.ca\/wp-content\/uploads\/2025\/07\/French.jpg 2000w\" sizes=\"auto, (max-width: 640px) 100vw, 800px\" \/><\/span><\/div><\/div><\/div><div class=\"fusion-layout-column fusion_builder_column_inner fusion-builder-nested-column-1 fusion_builder_column_inner_1_2 1_2 fusion-flex-column fusion-flex-align-self-stretch\" style=\"--awb-padding-top:32px;--awb-padding-right:32px;--awb-padding-bottom:32px;--awb-padding-left:32px;--awb-overflow:hidden;--awb-bg-color:var(--awb-color1);--awb-bg-color-hover:var(--awb-color1);--awb-bg-size:cover;--awb-border-radius:8px 8px 8px 8px;--awb-width-large:50%;--awb-margin-top-large:0px;--awb-spacing-right-large:3.84%;--awb-margin-bottom-large:20px;--awb-spacing-left-large:3.84%;--awb-width-medium:100%;--awb-order-medium:0;--awb-spacing-right-medium:1.92%;--awb-spacing-left-medium:1.92%;--awb-width-small:100%;--awb-order-small:0;--awb-spacing-right-small:1.92%;--awb-spacing-left-small:1.92%;\"><div class=\"fusion-column-wrapper fusion-column-has-shadow fusion-flex-justify-content-flex-start fusion-content-layout-column\"><div class=\"fusion-text fusion-text-1\" style=\"--awb-font-size:var(--awb-custom_typography_3-font-size);--awb-line-height:var(--awb-custom_typography_3-line-height);--awb-letter-spacing:var(--awb-custom_typography_3-letter-spacing);--awb-text-transform:var(--awb-custom_typography_3-text-transform);--awb-text-font-family:var(--awb-custom_typography_3-font-family);--awb-text-font-weight:var(--awb-custom_typography_3-font-weight);--awb-text-font-style:var(--awb-custom_typography_3-font-style);\"><p>Le nombre de personnes ayant re\u00e7u un diagnostic de neurod\u00e9g\u00e9n\u00e9rescence dans les populations des Premi\u00e8res Nations a augment\u00e9 de fa\u00e7on substantielle au cours de la derni\u00e8re d\u00e9cennie, ce qui rend n\u00e9cessaire des approches culturellement appropri\u00e9es aux soins de la neurod\u00e9g\u00e9n\u00e9rescence. \u00c0 partir de 2017, une \u00e9quipe de chercheurs, de partenaires communautaires et un conseil consultatif communautaire ont adapt\u00e9 avec succ\u00e8s le <i>Kimberley Indigenous Cognitive Assessment<\/i> (KICA), un outil d\u2019\u00e9valuation cognitive culturellement s\u00e9curisant d\u00e9velopp\u00e9 dans la r\u00e9gion de Kimberley en Australie.<\/p>\n<p>Le <i>Canadian Indigenous Cognitive Assessment<\/i> (CICA) est une version adapt\u00e9e du <i>Kimberly Indigenous Cognitive Assessment<\/i>, d\u00e9velopp\u00e9e par des chercheurs du <i>Western Australia Centre for Health and Aging<\/i>. L\u2019outil CICA adapt\u00e9 r\u00e9sulte du programme de recherche de l\u2019\u00e9quipe\u00a020 de la phase\u00a0I du CCNV et le projet a \u00e9t\u00e9 men\u00e9 par Kristen Jacklin (Ph.\u00a0D.). Une importante recherche sur le CICA continue en phase\u00a0II du CCNV sous la direction de Jennifer Walker (Ph.\u00a0D.), y compris la mise en \u0153uvre du CICA et les sessions de formation.<\/p>\n<\/div><div ><a class=\"fusion-button button-flat fusion-button-default-size button-custom fusion-button-default button-1 fusion-button-default-span fusion-button-default-type\" style=\"--button_accent_color:var(--awb-custom_color_3);--button_border_color:var(--awb-custom_color_3);--button_accent_hover_color:var(--awb-color1);--button_border_hover_color:var(--awb-color1);--button_gradient_top_color:var(--awb-custom_color_2);--button_gradient_bottom_color:var(--awb-custom_color_2);--button_gradient_top_color_hover:var(--awb-custom_color_1);--button_gradient_bottom_color_hover:var(--awb-custom_color_1);--button_font_size:var(--awb-typography3-font-size);--button_padding-top:18px;--button_padding-right:24px;--button_padding-bottom:18px;--button_padding-left:24px;\" target=\"_blank\" rel=\"noopener noreferrer\" href=\"https:\/\/www.i-caare.ca\/cica \"><span class=\"fusion-button-text awb-button__text awb-button__text--default\">En savoir plus sur le CICA<\/span><\/a><\/div><\/div><\/div><\/div><\/div><\/div><\/div><\/div><\/p>\n","protected":false},"excerpt":{"rendered":"","protected":false},"author":19,"featured_media":0,"parent":0,"menu_order":0,"comment_status":"closed","ping_status":"closed","template":"100-width.php","meta":{"_acf_changed":false,"footnotes":""},"class_list":["post-15468","page","type-page","status-publish","hentry"],"acf":[],"yoast_head":"<!-- This site is optimized with the Yoast SEO plugin v25.8 - https:\/\/yoast.com\/wordpress\/plugins\/seo\/ -->\n<title>L\u2019\u00c9valuation cognitive autochtone canadienne (CICA) | CCNV<\/title>\n<meta name=\"description\" content=\"D\u00e9couvrez l\u2019\u00c9valuation cognitive autochtone canadienne (CICA). Un outil culturellement s\u00fbr d\u00e9velopp\u00e9 par et pour les peuples autochtones avec le CCNV.\" \/>\n<meta name=\"robots\" content=\"index, follow, max-snippet:-1, max-image-preview:large, max-video-preview:-1\" \/>\n<link rel=\"canonical\" href=\"https:\/\/ccna-ccnv.ca\/fr\/evaluation-cognitive-autochone-canadienne\/\" \/>\n<meta property=\"og:locale\" content=\"fr_CA\" \/>\n<meta property=\"og:type\" content=\"article\" \/>\n<meta property=\"og:title\" content=\"L\u2019\u00c9valuation cognitive autochtone canadienne (CICA) | CCNV\" \/>\n<meta property=\"og:description\" content=\"D\u00e9couvrez l\u2019\u00c9valuation cognitive autochtone canadienne (CICA). Un outil culturellement s\u00fbr d\u00e9velopp\u00e9 par et pour les peuples autochtones avec le CCNV.\" \/>\n<meta property=\"og:url\" content=\"https:\/\/ccna-ccnv.ca\/fr\/evaluation-cognitive-autochone-canadienne\/\" \/>\n<meta property=\"og:site_name\" content=\"CCNA - CCNV\" \/>\n<meta property=\"article:modified_time\" content=\"2025-07-10T13:33:06+00:00\" \/>\n<meta property=\"og:image\" content=\"https:\/\/ccna-ccnv.ca\/wp-content\/uploads\/2025\/01\/CCNA.jpg\" \/>\n\t<meta property=\"og:image:width\" content=\"1200\" \/>\n\t<meta property=\"og:image:height\" content=\"675\" \/>\n\t<meta property=\"og:image:type\" content=\"image\/jpeg\" \/>\n<meta name=\"twitter:card\" content=\"summary_large_image\" \/>\n<meta name=\"twitter:label1\" content=\"Estimation du temps de lecture\" \/>\n\t<meta name=\"twitter:data1\" content=\"1 minute\" \/>\n<script type=\"application\/ld+json\" class=\"yoast-schema-graph\">{\"@context\":\"https:\/\/schema.org\",\"@graph\":[{\"@type\":\"WebPage\",\"@id\":\"https:\/\/ccna-ccnv.ca\/fr\/evaluation-cognitive-autochone-canadienne\/\",\"url\":\"https:\/\/ccna-ccnv.ca\/fr\/evaluation-cognitive-autochone-canadienne\/\",\"name\":\"L\u2019\u00c9valuation cognitive autochtone canadienne (CICA) | CCNV\",\"isPartOf\":{\"@id\":\"https:\/\/ccna-ccnv.ca\/fr\/#website\"},\"datePublished\":\"2025-06-20T10:01:00+00:00\",\"dateModified\":\"2025-07-10T13:33:06+00:00\",\"description\":\"D\u00e9couvrez l\u2019\u00c9valuation cognitive autochtone canadienne (CICA). Un outil culturellement s\u00fbr d\u00e9velopp\u00e9 par et pour les peuples autochtones avec le CCNV.\",\"breadcrumb\":{\"@id\":\"https:\/\/ccna-ccnv.ca\/fr\/evaluation-cognitive-autochone-canadienne\/#breadcrumb\"},\"inLanguage\":\"fr-CA\",\"potentialAction\":[{\"@type\":\"ReadAction\",\"target\":[\"https:\/\/ccna-ccnv.ca\/fr\/evaluation-cognitive-autochone-canadienne\/\"]}]},{\"@type\":\"BreadcrumbList\",\"@id\":\"https:\/\/ccna-ccnv.ca\/fr\/evaluation-cognitive-autochone-canadienne\/#breadcrumb\",\"itemListElement\":[{\"@type\":\"ListItem\",\"position\":1,\"name\":\"Home\",\"item\":\"https:\/\/ccna-ccnv.ca\/fr\/\"},{\"@type\":\"ListItem\",\"position\":2,\"name\":\"L\u2019\u00c9valuation cognitive autochtone canadienne (CICA)\"}]},{\"@type\":\"WebSite\",\"@id\":\"https:\/\/ccna-ccnv.ca\/fr\/#website\",\"url\":\"https:\/\/ccna-ccnv.ca\/fr\/\",\"name\":\"Canadian Consortium on Neurodegeneration in Aging\",\"description\":\"\",\"publisher\":{\"@id\":\"https:\/\/ccna-ccnv.ca\/fr\/#organization\"},\"alternateName\":\"CCNA - CCNV\",\"potentialAction\":[{\"@type\":\"SearchAction\",\"target\":{\"@type\":\"EntryPoint\",\"urlTemplate\":\"https:\/\/ccna-ccnv.ca\/fr\/?s={search_term_string}\"},\"query-input\":{\"@type\":\"PropertyValueSpecification\",\"valueRequired\":true,\"valueName\":\"search_term_string\"}}],\"inLanguage\":\"fr-CA\"},{\"@type\":\"Organization\",\"@id\":\"https:\/\/ccna-ccnv.ca\/fr\/#organization\",\"name\":\"Canadian Consortium on Neurodegeneration in Aging\",\"alternateName\":\"CCNA - CCNV\",\"url\":\"https:\/\/ccna-ccnv.ca\/fr\/\",\"logo\":{\"@type\":\"ImageObject\",\"inLanguage\":\"fr-CA\",\"@id\":\"https:\/\/ccna-ccnv.ca\/fr\/#\/schema\/logo\/image\/\",\"url\":\"https:\/\/ccna-ccnv.ca\/wp-content\/uploads\/2025\/01\/ccna-logo-on-white-background.jpg\",\"contentUrl\":\"https:\/\/ccna-ccnv.ca\/wp-content\/uploads\/2025\/01\/ccna-logo-on-white-background.jpg\",\"width\":696,\"height\":696,\"caption\":\"Canadian Consortium on Neurodegeneration in Aging\"},\"image\":{\"@id\":\"https:\/\/ccna-ccnv.ca\/fr\/#\/schema\/logo\/image\/\"}}]}<\/script>\n<!-- \/ Yoast SEO plugin. -->","yoast_head_json":{"title":"L\u2019\u00c9valuation cognitive autochtone canadienne (CICA) | CCNV","description":"D\u00e9couvrez l\u2019\u00c9valuation cognitive autochtone canadienne (CICA). Un outil culturellement s\u00fbr d\u00e9velopp\u00e9 par et pour les peuples autochtones avec le CCNV.","robots":{"index":"index","follow":"follow","max-snippet":"max-snippet:-1","max-image-preview":"max-image-preview:large","max-video-preview":"max-video-preview:-1"},"canonical":"https:\/\/ccna-ccnv.ca\/fr\/evaluation-cognitive-autochone-canadienne\/","og_locale":"fr_CA","og_type":"article","og_title":"L\u2019\u00c9valuation cognitive autochtone canadienne (CICA) | CCNV","og_description":"D\u00e9couvrez l\u2019\u00c9valuation cognitive autochtone canadienne (CICA). Un outil culturellement s\u00fbr d\u00e9velopp\u00e9 par et pour les peuples autochtones avec le CCNV.","og_url":"https:\/\/ccna-ccnv.ca\/fr\/evaluation-cognitive-autochone-canadienne\/","og_site_name":"CCNA - CCNV","article_modified_time":"2025-07-10T13:33:06+00:00","og_image":[{"width":1200,"height":675,"url":"https:\/\/ccna-ccnv.ca\/wp-content\/uploads\/2025\/01\/CCNA.jpg","type":"image\/jpeg"}],"twitter_card":"summary_large_image","twitter_misc":{"Estimation du temps de lecture":"1 minute"},"schema":{"@context":"https:\/\/schema.org","@graph":[{"@type":"WebPage","@id":"https:\/\/ccna-ccnv.ca\/fr\/evaluation-cognitive-autochone-canadienne\/","url":"https:\/\/ccna-ccnv.ca\/fr\/evaluation-cognitive-autochone-canadienne\/","name":"L\u2019\u00c9valuation cognitive autochtone canadienne (CICA) | CCNV","isPartOf":{"@id":"https:\/\/ccna-ccnv.ca\/fr\/#website"},"datePublished":"2025-06-20T10:01:00+00:00","dateModified":"2025-07-10T13:33:06+00:00","description":"D\u00e9couvrez l\u2019\u00c9valuation cognitive autochtone canadienne (CICA). Un outil culturellement s\u00fbr d\u00e9velopp\u00e9 par et pour les peuples autochtones avec le CCNV.","breadcrumb":{"@id":"https:\/\/ccna-ccnv.ca\/fr\/evaluation-cognitive-autochone-canadienne\/#breadcrumb"},"inLanguage":"fr-CA","potentialAction":[{"@type":"ReadAction","target":["https:\/\/ccna-ccnv.ca\/fr\/evaluation-cognitive-autochone-canadienne\/"]}]},{"@type":"BreadcrumbList","@id":"https:\/\/ccna-ccnv.ca\/fr\/evaluation-cognitive-autochone-canadienne\/#breadcrumb","itemListElement":[{"@type":"ListItem","position":1,"name":"Home","item":"https:\/\/ccna-ccnv.ca\/fr\/"},{"@type":"ListItem","position":2,"name":"L\u2019\u00c9valuation cognitive autochtone canadienne (CICA)"}]},{"@type":"WebSite","@id":"https:\/\/ccna-ccnv.ca\/fr\/#website","url":"https:\/\/ccna-ccnv.ca\/fr\/","name":"Canadian Consortium on Neurodegeneration in Aging","description":"","publisher":{"@id":"https:\/\/ccna-ccnv.ca\/fr\/#organization"},"alternateName":"CCNA - CCNV","potentialAction":[{"@type":"SearchAction","target":{"@type":"EntryPoint","urlTemplate":"https:\/\/ccna-ccnv.ca\/fr\/?s={search_term_string}"},"query-input":{"@type":"PropertyValueSpecification","valueRequired":true,"valueName":"search_term_string"}}],"inLanguage":"fr-CA"},{"@type":"Organization","@id":"https:\/\/ccna-ccnv.ca\/fr\/#organization","name":"Canadian Consortium on Neurodegeneration in Aging","alternateName":"CCNA - CCNV","url":"https:\/\/ccna-ccnv.ca\/fr\/","logo":{"@type":"ImageObject","inLanguage":"fr-CA","@id":"https:\/\/ccna-ccnv.ca\/fr\/#\/schema\/logo\/image\/","url":"https:\/\/ccna-ccnv.ca\/wp-content\/uploads\/2025\/01\/ccna-logo-on-white-background.jpg","contentUrl":"https:\/\/ccna-ccnv.ca\/wp-content\/uploads\/2025\/01\/ccna-logo-on-white-background.jpg","width":696,"height":696,"caption":"Canadian Consortium on Neurodegeneration in Aging"},"image":{"@id":"https:\/\/ccna-ccnv.ca\/fr\/#\/schema\/logo\/image\/"}}]}},"_links":{"self":[{"href":"https:\/\/ccna-ccnv.ca\/fr\/wp-json\/wp\/v2\/pages\/15468","targetHints":{"allow":["GET"]}}],"collection":[{"href":"https:\/\/ccna-ccnv.ca\/fr\/wp-json\/wp\/v2\/pages"}],"about":[{"href":"https:\/\/ccna-ccnv.ca\/fr\/wp-json\/wp\/v2\/types\/page"}],"author":[{"embeddable":true,"href":"https:\/\/ccna-ccnv.ca\/fr\/wp-json\/wp\/v2\/users\/19"}],"replies":[{"embeddable":true,"href":"https:\/\/ccna-ccnv.ca\/fr\/wp-json\/wp\/v2\/comments?post=15468"}],"version-history":[{"count":26,"href":"https:\/\/ccna-ccnv.ca\/fr\/wp-json\/wp\/v2\/pages\/15468\/revisions"}],"predecessor-version":[{"id":15927,"href":"https:\/\/ccna-ccnv.ca\/fr\/wp-json\/wp\/v2\/pages\/15468\/revisions\/15927"}],"wp:attachment":[{"href":"https:\/\/ccna-ccnv.ca\/fr\/wp-json\/wp\/v2\/media?parent=15468"}],"curies":[{"name":"wp","href":"https:\/\/api.w.org\/{rel}","templated":true}]}}