{"id":9868,"date":"2024-12-18T22:57:14","date_gmt":"2024-12-19T03:57:14","guid":{"rendered":"https:\/\/ccna-ccnv.ca\/femmes-genre-sexe-demence-fgsd-hub\/"},"modified":"2025-10-06T15:39:20","modified_gmt":"2025-10-06T19:39:20","slug":"femmes-genre-sexe-demence-fgsd-hub","status":"publish","type":"page","link":"https:\/\/ccna-ccnv.ca\/fr\/femmes-genre-sexe-demence-fgsd-hub\/","title":{"rendered":"R\u00e9seau de recherche sur le sexe et le genre"},"content":{"rendered":"<p><div id=\"comit\u00e9-ex\u00e9cutif-de-la-recherche\" class=\"fusion-container-anchor\"><div class=\"fusion-fullwidth fullwidth-box fusion-builder-row-1 fusion-flex-container has-pattern-background has-mask-background nonhundred-percent-fullwidth non-hundred-percent-height-scrolling\" style=\"--awb-border-radius-top-left:0px;--awb-border-radius-top-right:0px;--awb-border-radius-bottom-right:0px;--awb-border-radius-bottom-left:0px;--awb-padding-top:0px;--awb-padding-bottom:0px;--awb-padding-top-small:0px;--awb-padding-right-small:16px;--awb-padding-bottom-small:0px;--awb-padding-left-small:16px;--awb-margin-bottom:96px;--awb-margin-bottom-small:56px;--awb-flex-wrap:wrap;\" ><div class=\"fusion-builder-row fusion-row fusion-flex-align-items-flex-start fusion-flex-justify-content-center fusion-flex-content-wrap\" style=\"max-width:1456px;margin-left: calc(-4% \/ 2 );margin-right: calc(-4% \/ 2 );\"><div class=\"fusion-layout-column fusion_builder_column fusion-builder-column-0 fusion_builder_column_3_5 3_5 fusion-flex-column fusion-flex-align-self-center fusion-animated\" style=\"--awb-padding-right-small:14px;--awb-padding-left-small:14px;--awb-bg-size:cover;--awb-width-large:60%;--awb-margin-top-large:96px;--awb-spacing-right-large:3.2%;--awb-margin-bottom-large:96px;--awb-spacing-left-large:3.2%;--awb-width-medium:100%;--awb-order-medium:0;--awb-spacing-right-medium:1.92%;--awb-margin-bottom-medium:0px;--awb-spacing-left-medium:1.92%;--awb-width-small:100%;--awb-order-small:0;--awb-margin-top-small:56px;--awb-spacing-right-small:1.92%;--awb-margin-bottom-small:0px;--awb-spacing-left-small:1.92%;\" data-animationType=\"fadeInDown\" data-animationDuration=\"1.0\" data-animationOffset=\"top-into-view\"><div class=\"fusion-column-wrapper fusion-column-has-shadow fusion-flex-justify-content-flex-start fusion-content-layout-column\"><div class=\"fusion-title title fusion-title-1 fusion-sep-none fusion-title-text fusion-title-size-four fusion-animated\" style=\"--awb-margin-bottom:24px;--awb-margin-bottom-small:24px;\" data-animationType=\"fadeInDown\" data-animationDuration=\"1.0\" data-animationOffset=\"top-into-view\"><h4 class=\"fusion-title-heading title-heading-left fusion-responsive-typography-calculated\" style=\"margin:0;text-transform:var(--awb-typography2-text-transform);--fontSize:28;--minFontSize:28;line-height:var(--awb-typography1-line-height);\">Responsable:\u00a0<a href=\"https:\/\/einsteinlab.ca\/\" target=\"_blank\" rel=\"noopener noreferrer\"><strong>Gillian Einstein<\/strong><\/a><\/h4><\/div><div class=\"fusion-text fusion-text-1\" style=\"--awb-font-size:var(--awb-typography4-font-size);\"><p><strong>Gestionnaire du programme: <\/strong>Madeleine Yu<\/p>\n<\/div><div class=\"fusion-text fusion-text-2 fusion-animated\" data-animationType=\"fadeInDown\" data-animationDuration=\"1.0\" data-animationDelay=\"0.3\" data-animationOffset=\"top-into-view\"><p>Notre objectif est de travailler avec les \u00e9quipes de recherche du CCNV pour s\u2019assurer que des questions de recherche pertinentes quant au sexe et au genre seront \u00e9tudi\u00e9es dans tout le spectre de la neurod\u00e9g\u00e9n\u00e9rescence, dans le cadre d\u2019\u00e9tudes r\u00e9alis\u00e9es tant chez les humains que dans des mod\u00e8les animaux.<\/p>\n<\/div><div style=\"text-align:center;\"><a class=\"fusion-button button-flat button-large button-default fusion-button-default button-1 fusion-button-default-span fusion-button-default-type\" style=\"--button_margin-top:10px;--button_margin-right:0px;--button_margin-bottom:10px;--button_margin-left:0px;\" target=\"_self\" data-hover=\"bg_slide_right\" href=\"http:\/\/www.ccnasexgenderhub.ca\"><div class=\"awb-button__hover-content awb-button__hover-content--default awb-button__hover-content--centered\"><span class=\"fusion-button-text awb-button__text awb-button__text--default\">Visitez le nouveau site Web du R\u00e9seau de recherche sur le sexe et le genre<\/span><span class=\"fusion-button-text awb-button__text awb-button__text--hover\">En anglais seulement <\/span><\/div><\/a><\/div><\/div><\/div><div class=\"fusion-layout-column fusion_builder_column fusion-builder-column-1 fusion_builder_column_2_5 2_5 fusion-flex-column fusion-flex-align-self-center fusion-animated\" style=\"--awb-padding-right-small:14px;--awb-padding-left-small:14px;--awb-bg-size:cover;--awb-width-large:40%;--awb-margin-top-large:0px;--awb-spacing-right-large:4.8%;--awb-margin-bottom-large:0px;--awb-spacing-left-large:4.8%;--awb-width-medium:100%;--awb-order-medium:0;--awb-spacing-right-medium:1.92%;--awb-spacing-left-medium:1.92%;--awb-width-small:100%;--awb-order-small:0;--awb-spacing-right-small:1.92%;--awb-spacing-left-small:1.92%;\" data-animationType=\"fadeInDown\" data-animationDuration=\"1.0\" data-animationOffset=\"top-into-view\"><div class=\"fusion-column-wrapper fusion-column-has-shadow fusion-flex-justify-content-flex-start fusion-content-layout-column\"><div class=\"fusion-image-element \" style=\"text-align:center;--awb-max-width:400px;--awb-caption-title-font-family:var(--h2_typography-font-family);--awb-caption-title-font-weight:var(--h2_typography-font-weight);--awb-caption-title-font-style:var(--h2_typography-font-style);--awb-caption-title-size:var(--h2_typography-font-size);--awb-caption-title-transform:var(--h2_typography-text-transform);--awb-caption-title-line-height:var(--h2_typography-line-height);--awb-caption-title-letter-spacing:var(--h2_typography-letter-spacing);\"><span class=\" fusion-imageframe imageframe-none imageframe-1 hover-type-none\"><img loading=\"lazy\" decoding=\"async\" width=\"1000\" height=\"1000\" title=\"R\u00e9seau recherche sex et genre_144 (1)\" src=\"https:\/\/ccna-ccnv.ca\/wp-content\/uploads\/2025\/01\/Reseau-recherche-sex-et-genre_144-1.png\" alt class=\"img-responsive wp-image-10605\" srcset=\"https:\/\/ccna-ccnv.ca\/wp-content\/uploads\/2025\/01\/Reseau-recherche-sex-et-genre_144-1-200x200.png 200w, https:\/\/ccna-ccnv.ca\/wp-content\/uploads\/2025\/01\/Reseau-recherche-sex-et-genre_144-1-400x400.png 400w, https:\/\/ccna-ccnv.ca\/wp-content\/uploads\/2025\/01\/Reseau-recherche-sex-et-genre_144-1-600x600.png 600w, https:\/\/ccna-ccnv.ca\/wp-content\/uploads\/2025\/01\/Reseau-recherche-sex-et-genre_144-1-800x800.png 800w, https:\/\/ccna-ccnv.ca\/wp-content\/uploads\/2025\/01\/Reseau-recherche-sex-et-genre_144-1.png 1000w\" sizes=\"auto, (max-width: 640px) 100vw, 600px\" \/><\/span><\/div><\/div><\/div><div class=\"fusion-layout-column fusion_builder_column fusion-builder-column-2 fusion_builder_column_1_1 1_1 fusion-flex-column fusion-animated\" style=\"--awb-padding-top:72px;--awb-padding-right:72px;--awb-padding-bottom:72px;--awb-padding-left:72px;--awb-padding-right-medium:48px;--awb-padding-left-medium:48px;--awb-padding-top-small:56px;--awb-padding-right-small:8px;--awb-padding-bottom-small:56px;--awb-padding-left-small:8px;--awb-overflow:hidden;--awb-bg-color:var(--awb-color3);--awb-bg-color-hover:var(--awb-color3);--awb-bg-size:cover;--awb-border-radius:30px 30px 30px 30px;--awb-width-large:100%;--awb-margin-top-large:0px;--awb-spacing-right-large:1.92%;--awb-margin-bottom-large:0px;--awb-spacing-left-large:1.92%;--awb-width-medium:100%;--awb-order-medium:0;--awb-margin-top-medium:72px;--awb-spacing-right-medium:1.92%;--awb-spacing-left-medium:1.92%;--awb-width-small:100%;--awb-order-small:0;--awb-margin-top-small:48px;--awb-spacing-right-small:1.92%;--awb-spacing-left-small:1.92%;\" data-animationType=\"fadeInDown\" data-animationDuration=\"1.0\" data-animationOffset=\"top-into-view\"><div class=\"fusion-column-wrapper fusion-column-has-shadow fusion-flex-justify-content-flex-start fusion-content-layout-column\"><div class=\"fusion-builder-row fusion-builder-row-inner fusion-row fusion-flex-align-items-flex-start fusion-flex-justify-content-center fusion-flex-content-wrap\" style=\"width:104% !important;max-width:104% !important;margin-left: calc(-4% \/ 2 );margin-right: calc(-4% \/ 2 );\"><div class=\"fusion-layout-column fusion_builder_column_inner fusion-builder-nested-column-0 fusion-flex-column fusion-animated\" style=\"--awb-padding-right-small:16px;--awb-padding-left-small:16px;--awb-bg-size:cover;--awb-width-large:45%;--awb-margin-top-large:24px;--awb-spacing-right-large:4.2666666666667%;--awb-margin-bottom-large:24px;--awb-spacing-left-large:4.2666666666667%;--awb-width-medium:100%;--awb-order-medium:1;--awb-margin-top-medium:0px;--awb-spacing-right-medium:1.92%;--awb-margin-bottom-medium:0px;--awb-spacing-left-medium:1.92%;--awb-width-small:100%;--awb-order-small:1;--awb-spacing-right-small:1.92%;--awb-margin-bottom-small:48px;--awb-spacing-left-small:1.92%;\" data-animationType=\"fadeInDown\" data-animationDuration=\"1.0\" data-animationDelay=\"0.3\" data-animationOffset=\"top-into-view\"><div class=\"fusion-column-wrapper fusion-column-has-shadow fusion-flex-justify-content-flex-start fusion-content-layout-column\"><div class=\"fusion-text fusion-text-3\"><p>Ainsi, les \u00e9quipes de recherche du CCNV peuvent d\u00e9tecter d\u2019importantes diff\u00e9rences entre le sexe et le genre dans la pr\u00e9valence, l\u2019incidence, les sympt\u00f4mes et la progression des maladies neurod\u00e9g\u00e9n\u00e9ratives Par exemple, ces diff\u00e9rences peuvent \u00eatre attribuables \u00e0 des variations physiologiques et biologiques entre les sexes ou \u00e0 des diff\u00e9rences entre les genres au niveau des r\u00f4les, des emplois exerc\u00e9s, des expositions environnementales et d\u2019autres exp\u00e9riences de vie. Comprendre les diff\u00e9rences en fonction du sexe et du genre, et comment elles interagissent entre elles, est essentiel dans l\u2019\u00e9laboration d\u2019interventions pour la pr\u00e9vention et le traitement de la neurod\u00e9g\u00e9n\u00e9rescence.<\/p>\n<\/div><div class=\"fusion-image-element \" style=\"text-align:center;--awb-margin-top:16px;--awb-max-width:500px;--awb-caption-title-font-family:var(--h2_typography-font-family);--awb-caption-title-font-weight:var(--h2_typography-font-weight);--awb-caption-title-font-style:var(--h2_typography-font-style);--awb-caption-title-size:var(--h2_typography-font-size);--awb-caption-title-transform:var(--h2_typography-text-transform);--awb-caption-title-line-height:var(--h2_typography-line-height);--awb-caption-title-letter-spacing:var(--h2_typography-letter-spacing);--awb-filter:brightness(100%);--awb-filter-transition:filter 0.3s ease;--awb-filter-hover:brightness(147%);\"><span class=\" fusion-imageframe imageframe-none imageframe-2 hover-type-none\"><img loading=\"lazy\" decoding=\"async\" width=\"950\" height=\"592\" alt=\"People interacting and holding sheets in a park\" title=\"people-hanging-in-park-4\" src=\"https:\/\/ccna-ccnv.ca\/wp-content\/uploads\/2024\/12\/people-hanging-in-park-4.png\" class=\"img-responsive wp-image-9001\" srcset=\"https:\/\/ccna-ccnv.ca\/wp-content\/uploads\/2024\/12\/people-hanging-in-park-4-200x125.png 200w, https:\/\/ccna-ccnv.ca\/wp-content\/uploads\/2024\/12\/people-hanging-in-park-4-400x249.png 400w, https:\/\/ccna-ccnv.ca\/wp-content\/uploads\/2024\/12\/people-hanging-in-park-4-600x374.png 600w, https:\/\/ccna-ccnv.ca\/wp-content\/uploads\/2024\/12\/people-hanging-in-park-4-800x499.png 800w, https:\/\/ccna-ccnv.ca\/wp-content\/uploads\/2024\/12\/people-hanging-in-park-4.png 950w\" sizes=\"auto, (max-width: 640px) 100vw, 950px\" \/><\/span><\/div><\/div><\/div><div class=\"fusion-layout-column fusion_builder_column_inner fusion-builder-nested-column-1 fusion-flex-column fusion-flex-align-self-stretch fusion-animated\" style=\"--awb-padding-top:48px;--awb-padding-right:48px;--awb-padding-bottom:48px;--awb-padding-left:48px;--awb-padding-right-small:24px;--awb-padding-left-small:24px;--awb-overflow:hidden;--awb-bg-color:var(--awb-color1);--awb-bg-color-hover:var(--awb-color1);--awb-bg-size:cover;--awb-border-radius:30px 30px 30px 30px;--awb-width-large:55%;--awb-margin-top-large:0px;--awb-spacing-right-large:3.4909090909091%;--awb-margin-bottom-large:0px;--awb-spacing-left-large:3.4909090909091%;--awb-width-medium:100%;--awb-order-medium:1;--awb-margin-top-medium:48px;--awb-spacing-right-medium:1.92%;--awb-spacing-left-medium:1.92%;--awb-width-small:100%;--awb-order-small:1;--awb-margin-top-small:0px;--awb-spacing-right-small:1.92%;--awb-spacing-left-small:1.92%;\" data-animationType=\"fadeInDown\" data-animationDuration=\"1.0\" data-animationDelay=\"0.6\" data-animationOffset=\"top-into-view\"><div class=\"fusion-column-wrapper fusion-column-has-shadow fusion-flex-justify-content-flex-start fusion-content-layout-column\"><div class=\"fusion-title title fusion-title-2 fusion-sep-none fusion-title-text fusion-title-size-four\" style=\"--awb-margin-bottom:24px;\"><h4 class=\"fusion-title-heading title-heading-left fusion-responsive-typography-calculated\" style=\"margin:0;--fontSize:28;--minFontSize:28;line-height:var(--awb-typography1-line-height);\">Objectifs<\/h4><\/div><ul style=\"--awb-size:19px;--awb-iconcolor:var(--awb-color4);--awb-textcolor:var(--awb-color6);--awb-line-height:32.3px;--awb-icon-width:32.3px;--awb-icon-height:32.3px;--awb-icon-margin:13.3px;--awb-content-margin:45.6px;\" class=\"fusion-checklist fusion-checklist-1 fusion-checklist-default type-icons\"><li class=\"fusion-li-item\" style=\"\"><span class=\"icon-wrapper circle-no\"><i class=\"fusion-li-icon icon-checkmark\" aria-hidden=\"true\"><\/i><\/span><div class=\"fusion-li-item-content\">\n<p>La cr\u00e9ation de lignes directrices pour s\u2019assurer que les donn\u00e9es recueillies pour\u00a0<strong><a href=\"https:\/\/ccna-ccnv.ca\/fr\/letude-compass-nd\/\" rel=\"noopener noreferrer\">l\u2019\u00e9tude COMPASS-ND<\/a><\/strong>, une \u00e9tude de cohorte clinique, permettra aux \u00e9quipes d&rsquo;examiner les diff\u00e9rences de sexe et de genre parmi les 1600 participants \u00e0 la cohorte.<\/p>\n<\/div><\/li><li class=\"fusion-li-item\" style=\"\"><span class=\"icon-wrapper circle-no\"><i class=\"fusion-li-icon icon-checkmark\" aria-hidden=\"true\"><\/i><\/span><div class=\"fusion-li-item-content\">\n<p>Veillez \u00e0 ce que chacun des sexes soit \u00e9galement repr\u00e9sent\u00e9 dans toutes les maladies neurod\u00e9g\u00e9n\u00e9ratives au sein de la cohorte clinique<\/p>\n<\/div><\/li><li class=\"fusion-li-item\" style=\"\"><span class=\"icon-wrapper circle-no\"><i class=\"fusion-li-icon icon-checkmark\" aria-hidden=\"true\"><\/i><\/span><div class=\"fusion-li-item-content\">\n<p>Travailler avec les \u00e9quipes \u00e0 l\u2019aide de mod\u00e8les animaux pour soutenir l\u2019inclusion d\u2019animaux de laboratoire m\u00e2les et femelles afin d\u2019assurer la g\u00e9n\u00e9ralisabilit\u00e9 des r\u00e9sultats pour les deux sexes<\/p>\n<\/div><\/li><li class=\"fusion-li-item\" style=\"\"><span class=\"icon-wrapper circle-no\"><i class=\"fusion-li-icon icon-checkmark\" aria-hidden=\"true\"><\/i><\/span><div class=\"fusion-li-item-content\">\n<p>Veiller \u00e0 ce que toutes les pr\u00e9sentations et les publications du CCNV mentionnent les diff\u00e9rences entre les sexes chez les participants humains, les lign\u00e9es cellulaires et les animaux de laboratoire (en vertu de la Politique relative aux publications et \u00e0 l\u2019acc\u00e8s aux donn\u00e9es).<\/p>\n<\/div><\/li><\/ul><div class=\"fusion-title title fusion-title-3 fusion-sep-none fusion-title-text fusion-title-size-four\" style=\"--awb-margin-bottom:24px;--awb-margin-bottom-small:24px;--awb-font-size:30px;\"><h4 class=\"fusion-title-heading title-heading-left fusion-responsive-typography-calculated\" style=\"margin:0;font-size:1em;--fontSize:30;line-height:var(--awb-typography1-line-height);\"><strong>Ressource pour la <span class=\"highlight-text\">r\u00e9daction de demandes de subventions:<\/span><\/strong><\/h4><\/div><div class=\"fusion-text fusion-text-4\" style=\"--awb-font-size:var(--awb-typography4-font-size);\"><p><strong><a href=\"https:\/\/ccna-ccnv.ca\/fr\/integration-du-sexe-et-du-genre-dans-la-recherche\/\" rel=\"noopener\">L\u2019int\u00e9gration des variables sexe et genre en recherche<\/a><\/strong><\/p>\n<\/div><\/div><\/div><\/div><\/div><\/div><div class=\"fusion-layout-column fusion_builder_column fusion-builder-column-3 fusion_builder_column_1_1 1_1 fusion-flex-column fusion-animated\" style=\"--awb-bg-size:cover;--awb-width-large:100%;--awb-margin-top-large:96px;--awb-spacing-right-large:1.92%;--awb-margin-bottom-large:0px;--awb-spacing-left-large:1.92%;--awb-width-medium:100%;--awb-order-medium:0;--awb-spacing-right-medium:1.92%;--awb-spacing-left-medium:1.92%;--awb-width-small:100%;--awb-order-small:0;--awb-margin-top-small:56px;--awb-spacing-right-small:1.92%;--awb-spacing-left-small:1.92%;\" data-animationType=\"fadeInDown\" data-animationDuration=\"1.0\" data-animationDelay=\"0.3\" data-animationOffset=\"top-into-view\"><div class=\"fusion-column-wrapper fusion-column-has-shadow fusion-flex-justify-content-flex-start fusion-content-layout-column\"><div class=\"fusion-title title fusion-title-4 fusion-sep-none fusion-title-center fusion-title-text fusion-title-size-three fusion-animated\" style=\"--awb-margin-bottom:48px;--awb-margin-bottom-small:48px;\" data-animationType=\"fadeInDown\" data-animationDuration=\"1.0\" data-animationOffset=\"top-into-view\"><h3 class=\"fusion-title-heading title-heading-center fusion-responsive-typography-calculated\" style=\"margin:0;text-transform:var(--awb-typography2-text-transform);--fontSize:40;line-height:var(--awb-typography1-line-height);\">Exemple de <strong>publications<\/strong> (en anglais):<\/h3><\/div><div class=\"fusion-post-cards fusion-post-cards-1 fusion-grid-archive fusion-grid-columns-2\" style=\"--awb-arrow-bgcolor:var(--awb-color5);--awb-arrow-color:var(--awb-color1);--awb-arrow-hover-bgcolor:var(--awb-color5);--awb-arrow-hover-color:var(--awb-color1);--awb-arrow-border-radius-top-left:3px;--awb-arrow-border-radius-top-right:3px;--awb-arrow-border-radius-bottom-right:3px;--awb-arrow-border-radius-bottom-left:3px;--awb-column-spacing:24px;--awb-dots-align:center;--awb-columns:2;--awb-active-filter-border-size:3px;--awb-filters-height:36px;--awb-row-spacing:24px;--awb-columns-medium:100%;--awb-columns-small:100%;\"><ul class=\"fusion-grid fusion-grid-2 fusion-flex-align-items-stretch fusion-grid-posts-cards\"><li class=\"fusion-layout-column fusion_builder_column fusion-builder-column-4 fusion-flex-column post-card fusion-grid-column fusion-post-cards-grid-column\" style=\"--awb-padding-top:48px;--awb-padding-right:48px;--awb-padding-bottom:48px;--awb-padding-left:48px;--awb-padding-right-small:24px;--awb-padding-left-small:24px;--awb-overflow:hidden;--awb-bg-size:cover;--awb-border-color:hsla(var(--awb-color8-h),var(--awb-color8-s),var(--awb-color8-l),calc(var(--awb-color8-a) - 75%));--awb-border-top:1px;--awb-border-right:1px;--awb-border-bottom:1px;--awb-border-left:1px;--awb-border-radius:30px 30px 30px 30px;\"><div class=\"fusion-column-wrapper fusion-flex-justify-content-flex-start fusion-content-layout-column\"><div class=\"fusion-text fusion-text-5\" style=\"--awb-font-size:var(--awb-typography4-font-size);--awb-line-height:var(--awb-typography4-line-height);--awb-letter-spacing:var(--awb-typography4-letter-spacing);--awb-text-color:var(--awb-color8);--awb-text-font-family:&quot;Roboto&quot;;--awb-text-font-style:normal;--awb-text-font-weight:700;\"><p>2026<\/p>\n<\/div><div class=\"fusion-title title fusion-title-5 fusion-sep-none fusion-title-text fusion-title-size-three fusion-animated\" style=\"--awb-text-color:var(--awb-color5);--awb-margin-top:0px;--awb-margin-bottom:24px;--awb-margin-top-small:0px;--awb-margin-bottom-small:24px;--awb-font-size:24px;\" data-animationType=\"fadeInDown\" data-animationDuration=\"1.0\" data-animationOffset=\"top-into-view\"><h3 class=\"fusion-title-heading title-heading-left fusion-responsive-typography-calculated\" style=\"margin:0;font-size:1em;text-transform:var(--awb-typography2-text-transform);--fontSize:24;--minFontSize:24;line-height:var(--awb-typography1-line-height);\"><a href=\"https:\/\/ccna-ccnv.ca\/fr\/ccna_publication\/biological-sex-and-bilingualism-its-impact-on-risk-and-resilience-for-dementia\/\" class=\"awb-custom-text-color awb-custom-text-hover-color\" target=\"_blank\">Biological sex and bilingualism: Its impact on risk and resilience for dementia<\/a><\/h3><\/div><div class=\"fusion-text fusion-text-6 fusion-text-no-margin\" style=\"--awb-margin-bottom:0px;--awb-text-font-family:&quot;Roboto&quot;;--awb-text-font-style:normal;--awb-text-font-weight:700;\"><p><strong>Auteurs:<\/strong><\/p>\n<\/div><div class=\"fusion-text fusion-text-7\"><p>Calvo, N., Phillips, N., Bialystok, E., Einstein., G.<\/p>\n<\/div><div class=\"fusion-text fusion-text-8 fusion-text-no-margin\" style=\"--awb-margin-bottom:0px;--awb-text-font-family:&quot;Roboto&quot;;--awb-text-font-style:normal;--awb-text-font-weight:700;\"><p><strong>Revue:<\/strong><\/p>\n<\/div><div class=\"fusion-text fusion-text-9\"><p>Alzheimer's & Dementia<\/p>\n<\/div><div class=\"fusion-separator fusion-full-width-sep\" style=\"align-self: center;margin-left: auto;margin-right: auto;flex-grow:1;width:100%;\"><\/div><div style=\"text-align:left;\"><a class=\"fusion-button button-flat fusion-button-default-size button-default fusion-button-default button-2 fusion-button-default-span fusion-button-default-type\" style=\"--button_margin-top:16px;--button_margin-bottom:8px;\" target=\"_self\" data-hover=\"bg_slide_right\" href=\"https:\/\/ccna-ccnv.ca\/fr\/ccna_publication\/biological-sex-and-bilingualism-its-impact-on-risk-and-resilience-for-dementia\/\"><span class=\"fusion-button-text awb-button__text awb-button__text--default\">Voir le r\u00e9sum\u00e9<\/span><\/a><\/div><\/div><\/li>\n<li class=\"fusion-layout-column fusion_builder_column fusion-builder-column-5 fusion-flex-column post-card fusion-grid-column fusion-post-cards-grid-column\" style=\"--awb-padding-top:48px;--awb-padding-right:48px;--awb-padding-bottom:48px;--awb-padding-left:48px;--awb-padding-right-small:24px;--awb-padding-left-small:24px;--awb-overflow:hidden;--awb-bg-size:cover;--awb-border-color:hsla(var(--awb-color8-h),var(--awb-color8-s),var(--awb-color8-l),calc(var(--awb-color8-a) - 75%));--awb-border-top:1px;--awb-border-right:1px;--awb-border-bottom:1px;--awb-border-left:1px;--awb-border-radius:30px 30px 30px 30px;\"><div class=\"fusion-column-wrapper fusion-flex-justify-content-flex-start fusion-content-layout-column\"><div class=\"fusion-text fusion-text-10\" style=\"--awb-font-size:var(--awb-typography4-font-size);--awb-line-height:var(--awb-typography4-line-height);--awb-letter-spacing:var(--awb-typography4-letter-spacing);--awb-text-color:var(--awb-color8);--awb-text-font-family:&quot;Roboto&quot;;--awb-text-font-style:normal;--awb-text-font-weight:700;\"><p>2025<\/p>\n<\/div><div class=\"fusion-title title fusion-title-6 fusion-sep-none fusion-title-text fusion-title-size-three fusion-animated\" style=\"--awb-text-color:var(--awb-color5);--awb-margin-top:0px;--awb-margin-bottom:24px;--awb-margin-top-small:0px;--awb-margin-bottom-small:24px;--awb-font-size:24px;\" data-animationType=\"fadeInDown\" data-animationDuration=\"1.0\" data-animationOffset=\"top-into-view\"><h3 class=\"fusion-title-heading title-heading-left fusion-responsive-typography-calculated\" style=\"margin:0;font-size:1em;text-transform:var(--awb-typography2-text-transform);--fontSize:24;--minFontSize:24;line-height:var(--awb-typography1-line-height);\"><a href=\"https:\/\/ccna-ccnv.ca\/fr\/ccna_publication\/a-meta-analysis-of-sex-based-differences-in-health-service-use-for-persons-living-with-dementia-between-2018-and-2020-in-four-canadian-provinces\/\" class=\"awb-custom-text-color awb-custom-text-hover-color\" target=\"_blank\">A meta-analysis of sex-based differences in health service use for persons living with dementia between 2018 and 2020 in four Canadian provinces<\/a><\/h3><\/div><div class=\"fusion-text fusion-text-11 fusion-text-no-margin\" style=\"--awb-margin-bottom:0px;--awb-text-font-family:&quot;Roboto&quot;;--awb-text-font-style:normal;--awb-text-font-weight:700;\"><p><strong>Auteurs:<\/strong><\/p>\n<\/div><div class=\"fusion-text fusion-text-12\"><p>Rodr\u00edguez-Duarte, M. A., Vedel, I. M., Cetin-Sahin, D., Bousbiat, I., Godard-Sebillotte, C., Sourial, N., Maclagan, L. C., Diong, C., Bronskill, S. E., Seitz, D., Morgan, D., Rochette, L., Massamba, V., Quail, J., Arsenault-Lapierre, G., & COVID\u2010ROSA group<\/p>\n<\/div><div class=\"fusion-text fusion-text-13 fusion-text-no-margin\" style=\"--awb-margin-bottom:0px;--awb-text-font-family:&quot;Roboto&quot;;--awb-text-font-style:normal;--awb-text-font-weight:700;\"><p><strong>Revue:<\/strong><\/p>\n<\/div><div class=\"fusion-text fusion-text-14\"><p>Journal of the American Geriatrics Society<\/p>\n<\/div><div class=\"fusion-separator fusion-full-width-sep\" style=\"align-self: center;margin-left: auto;margin-right: auto;flex-grow:1;width:100%;\"><\/div><div style=\"text-align:left;\"><a class=\"fusion-button button-flat fusion-button-default-size button-default fusion-button-default button-3 fusion-button-default-span fusion-button-default-type\" style=\"--button_margin-top:16px;--button_margin-bottom:8px;\" target=\"_self\" data-hover=\"bg_slide_right\" href=\"https:\/\/ccna-ccnv.ca\/fr\/ccna_publication\/a-meta-analysis-of-sex-based-differences-in-health-service-use-for-persons-living-with-dementia-between-2018-and-2020-in-four-canadian-provinces\/\"><span class=\"fusion-button-text awb-button__text awb-button__text--default\">Voir le r\u00e9sum\u00e9<\/span><\/a><\/div><\/div><\/li>\n<li class=\"fusion-layout-column fusion_builder_column fusion-builder-column-6 fusion-flex-column post-card fusion-grid-column fusion-post-cards-grid-column\" style=\"--awb-padding-top:48px;--awb-padding-right:48px;--awb-padding-bottom:48px;--awb-padding-left:48px;--awb-padding-right-small:24px;--awb-padding-left-small:24px;--awb-overflow:hidden;--awb-bg-size:cover;--awb-border-color:hsla(var(--awb-color8-h),var(--awb-color8-s),var(--awb-color8-l),calc(var(--awb-color8-a) - 75%));--awb-border-top:1px;--awb-border-right:1px;--awb-border-bottom:1px;--awb-border-left:1px;--awb-border-radius:30px 30px 30px 30px;\"><div class=\"fusion-column-wrapper fusion-flex-justify-content-flex-start fusion-content-layout-column\"><div class=\"fusion-text fusion-text-15\" style=\"--awb-font-size:var(--awb-typography4-font-size);--awb-line-height:var(--awb-typography4-line-height);--awb-letter-spacing:var(--awb-typography4-letter-spacing);--awb-text-color:var(--awb-color8);--awb-text-font-family:&quot;Roboto&quot;;--awb-text-font-style:normal;--awb-text-font-weight:700;\"><p>2025<\/p>\n<\/div><div class=\"fusion-title title fusion-title-7 fusion-sep-none fusion-title-text fusion-title-size-three fusion-animated\" style=\"--awb-text-color:var(--awb-color5);--awb-margin-top:0px;--awb-margin-bottom:24px;--awb-margin-top-small:0px;--awb-margin-bottom-small:24px;--awb-font-size:24px;\" data-animationType=\"fadeInDown\" data-animationDuration=\"1.0\" data-animationOffset=\"top-into-view\"><h3 class=\"fusion-title-heading title-heading-left fusion-responsive-typography-calculated\" style=\"margin:0;font-size:1em;text-transform:var(--awb-typography2-text-transform);--fontSize:24;--minFontSize:24;line-height:var(--awb-typography1-line-height);\"><a href=\"https:\/\/ccna-ccnv.ca\/fr\/ccna_publication\/unexplored-avenues-a-narrative-review-of-cognition-and-mood-in-postmenopausal-african-women-with-female-genital-circumcision-mutilation-cutting\/\" class=\"awb-custom-text-color awb-custom-text-hover-color\" target=\"_blank\">Unexplored avenues: a narrative review of cognition and mood in postmenopausal African women with female genital circumcision\/mutilation\/cutting<\/a><\/h3><\/div><div class=\"fusion-text fusion-text-16 fusion-text-no-margin\" style=\"--awb-margin-bottom:0px;--awb-text-font-family:&quot;Roboto&quot;;--awb-text-font-style:normal;--awb-text-font-weight:700;\"><p><strong>Auteurs:<\/strong><\/p>\n<\/div><div class=\"fusion-text fusion-text-17\"><p>Kumar, R., Calvo, N., & Einstein, G.<\/p>\n<\/div><div class=\"fusion-text fusion-text-18 fusion-text-no-margin\" style=\"--awb-margin-bottom:0px;--awb-text-font-family:&quot;Roboto&quot;;--awb-text-font-style:normal;--awb-text-font-weight:700;\"><p><strong>Revue:<\/strong><\/p>\n<\/div><div class=\"fusion-text fusion-text-19\"><p>Frontiers in Global Women's Health<\/p>\n<\/div><div class=\"fusion-separator fusion-full-width-sep\" style=\"align-self: center;margin-left: auto;margin-right: auto;flex-grow:1;width:100%;\"><\/div><div style=\"text-align:left;\"><a class=\"fusion-button button-flat fusion-button-default-size button-default fusion-button-default button-4 fusion-button-default-span fusion-button-default-type\" style=\"--button_margin-top:16px;--button_margin-bottom:8px;\" target=\"_self\" data-hover=\"bg_slide_right\" href=\"https:\/\/ccna-ccnv.ca\/fr\/ccna_publication\/unexplored-avenues-a-narrative-review-of-cognition-and-mood-in-postmenopausal-african-women-with-female-genital-circumcision-mutilation-cutting\/\"><span class=\"fusion-button-text awb-button__text awb-button__text--default\">Voir le r\u00e9sum\u00e9<\/span><\/a><\/div><\/div><\/li>\n<li class=\"fusion-layout-column fusion_builder_column fusion-builder-column-7 fusion-flex-column post-card fusion-grid-column fusion-post-cards-grid-column\" style=\"--awb-padding-top:48px;--awb-padding-right:48px;--awb-padding-bottom:48px;--awb-padding-left:48px;--awb-padding-right-small:24px;--awb-padding-left-small:24px;--awb-overflow:hidden;--awb-bg-size:cover;--awb-border-color:hsla(var(--awb-color8-h),var(--awb-color8-s),var(--awb-color8-l),calc(var(--awb-color8-a) - 75%));--awb-border-top:1px;--awb-border-right:1px;--awb-border-bottom:1px;--awb-border-left:1px;--awb-border-radius:30px 30px 30px 30px;\"><div class=\"fusion-column-wrapper fusion-flex-justify-content-flex-start fusion-content-layout-column\"><div class=\"fusion-text fusion-text-20\" style=\"--awb-font-size:var(--awb-typography4-font-size);--awb-line-height:var(--awb-typography4-line-height);--awb-letter-spacing:var(--awb-typography4-letter-spacing);--awb-text-color:var(--awb-color8);--awb-text-font-family:&quot;Roboto&quot;;--awb-text-font-style:normal;--awb-text-font-weight:700;\"><p>2024<\/p>\n<\/div><div class=\"fusion-title title fusion-title-8 fusion-sep-none fusion-title-text fusion-title-size-three fusion-animated\" style=\"--awb-text-color:var(--awb-color5);--awb-margin-top:0px;--awb-margin-bottom:24px;--awb-margin-top-small:0px;--awb-margin-bottom-small:24px;--awb-font-size:24px;\" data-animationType=\"fadeInDown\" data-animationDuration=\"1.0\" data-animationOffset=\"top-into-view\"><h3 class=\"fusion-title-heading title-heading-left fusion-responsive-typography-calculated\" style=\"margin:0;font-size:1em;text-transform:var(--awb-typography2-text-transform);--fontSize:24;--minFontSize:24;line-height:var(--awb-typography1-line-height);\"><a href=\"https:\/\/ccna-ccnv.ca\/fr\/ccna_publication\/gender-selectively-mediates-the-association-between-sex-and-memory-in-cognitively-normal-older-adults-2\/\" class=\"awb-custom-text-color awb-custom-text-hover-color\" target=\"_blank\">Gender Selectively Mediates the Association Between Sex and Memory in Cognitively Normal Older Adults<\/a><\/h3><\/div><div class=\"fusion-text fusion-text-21 fusion-text-no-margin\" style=\"--awb-margin-bottom:0px;--awb-text-font-family:&quot;Roboto&quot;;--awb-text-font-style:normal;--awb-text-font-weight:700;\"><p><strong>Auteurs:<\/strong><\/p>\n<\/div><div class=\"fusion-text fusion-text-22\"><p>Bohn, L.,** Han, A. Y.,** McFall, G. P.,* Drouin, S. M.,* Pettersen, J. A.,* Rajah, M. N.,* Einstein, G.,* Anstey, K. J., & Dixon, R. A.*<\/p>\n<\/div><div class=\"fusion-text fusion-text-23 fusion-text-no-margin\" style=\"--awb-margin-bottom:0px;--awb-text-font-family:&quot;Roboto&quot;;--awb-text-font-style:normal;--awb-text-font-weight:700;\"><p><strong>Revue:<\/strong><\/p>\n<\/div><div class=\"fusion-text fusion-text-24\"><p>Innovation in Aging<\/p>\n<\/div><div class=\"fusion-separator fusion-full-width-sep\" style=\"align-self: center;margin-left: auto;margin-right: auto;flex-grow:1;width:100%;\"><\/div><div style=\"text-align:left;\"><a class=\"fusion-button button-flat fusion-button-default-size button-default fusion-button-default button-5 fusion-button-default-span fusion-button-default-type\" style=\"--button_margin-top:16px;--button_margin-bottom:8px;\" target=\"_self\" data-hover=\"bg_slide_right\" href=\"https:\/\/ccna-ccnv.ca\/fr\/ccna_publication\/gender-selectively-mediates-the-association-between-sex-and-memory-in-cognitively-normal-older-adults-2\/\"><span class=\"fusion-button-text awb-button__text awb-button__text--default\">Voir le r\u00e9sum\u00e9<\/span><\/a><\/div><\/div><\/li>\n<li class=\"fusion-layout-column fusion_builder_column fusion-builder-column-8 fusion-flex-column post-card fusion-grid-column fusion-post-cards-grid-column\" style=\"--awb-padding-top:48px;--awb-padding-right:48px;--awb-padding-bottom:48px;--awb-padding-left:48px;--awb-padding-right-small:24px;--awb-padding-left-small:24px;--awb-overflow:hidden;--awb-bg-size:cover;--awb-border-color:hsla(var(--awb-color8-h),var(--awb-color8-s),var(--awb-color8-l),calc(var(--awb-color8-a) - 75%));--awb-border-top:1px;--awb-border-right:1px;--awb-border-bottom:1px;--awb-border-left:1px;--awb-border-radius:30px 30px 30px 30px;\"><div class=\"fusion-column-wrapper fusion-flex-justify-content-flex-start fusion-content-layout-column\"><div class=\"fusion-text fusion-text-25\" style=\"--awb-font-size:var(--awb-typography4-font-size);--awb-line-height:var(--awb-typography4-line-height);--awb-letter-spacing:var(--awb-typography4-letter-spacing);--awb-text-color:var(--awb-color8);--awb-text-font-family:&quot;Roboto&quot;;--awb-text-font-style:normal;--awb-text-font-weight:700;\"><p>2024<\/p>\n<\/div><div class=\"fusion-title title fusion-title-9 fusion-sep-none fusion-title-text fusion-title-size-three fusion-animated\" style=\"--awb-text-color:var(--awb-color5);--awb-margin-top:0px;--awb-margin-bottom:24px;--awb-margin-top-small:0px;--awb-margin-bottom-small:24px;--awb-font-size:24px;\" data-animationType=\"fadeInDown\" data-animationDuration=\"1.0\" data-animationOffset=\"top-into-view\"><h3 class=\"fusion-title-heading title-heading-left fusion-responsive-typography-calculated\" style=\"margin:0;font-size:1em;text-transform:var(--awb-typography2-text-transform);--fontSize:24;--minFontSize:24;line-height:var(--awb-typography1-line-height);\"><a href=\"https:\/\/ccna-ccnv.ca\/fr\/ccna_publication\/sex-differences-in-neuropsychiatric-symptoms-in-alpha-synucleinopathies-a-systematic-review-and-meta-analysis\/\" class=\"awb-custom-text-color awb-custom-text-hover-color\" target=\"_blank\">Sex differences in neuropsychiatric symptoms in alpha-synucleinopathies: A systematic review and meta-analysis<\/a><\/h3><\/div><div class=\"fusion-text fusion-text-26 fusion-text-no-margin\" style=\"--awb-margin-bottom:0px;--awb-text-font-family:&quot;Roboto&quot;;--awb-text-font-style:normal;--awb-text-font-weight:700;\"><p><strong>Auteurs:<\/strong><\/p>\n<\/div><div class=\"fusion-text fusion-text-27\"><p>Couture, V., Carmel, J. F., Rousseau, K., L\u00e9tourneau, G., Clerc, D., Huot, P., Forget, M. F., Nguyen, Q. D., Camicioli, R., & Desmarais, P.<\/p>\n<\/div><div class=\"fusion-text fusion-text-28 fusion-text-no-margin\" style=\"--awb-margin-bottom:0px;--awb-text-font-family:&quot;Roboto&quot;;--awb-text-font-style:normal;--awb-text-font-weight:700;\"><p><strong>Revue:<\/strong><\/p>\n<\/div><div class=\"fusion-text fusion-text-29\"><p>Movement Disorders Clinical Practice<\/p>\n<\/div><div class=\"fusion-separator fusion-full-width-sep\" style=\"align-self: center;margin-left: auto;margin-right: auto;flex-grow:1;width:100%;\"><\/div><div style=\"text-align:left;\"><a class=\"fusion-button button-flat fusion-button-default-size button-default fusion-button-default button-6 fusion-button-default-span fusion-button-default-type\" style=\"--button_margin-top:16px;--button_margin-bottom:8px;\" target=\"_self\" data-hover=\"bg_slide_right\" href=\"https:\/\/ccna-ccnv.ca\/fr\/ccna_publication\/sex-differences-in-neuropsychiatric-symptoms-in-alpha-synucleinopathies-a-systematic-review-and-meta-analysis\/\"><span class=\"fusion-button-text awb-button__text awb-button__text--default\">Voir le r\u00e9sum\u00e9<\/span><\/a><\/div><\/div><\/li>\n<li class=\"fusion-layout-column fusion_builder_column fusion-builder-column-9 fusion-flex-column post-card fusion-grid-column fusion-post-cards-grid-column\" style=\"--awb-padding-top:48px;--awb-padding-right:48px;--awb-padding-bottom:48px;--awb-padding-left:48px;--awb-padding-right-small:24px;--awb-padding-left-small:24px;--awb-overflow:hidden;--awb-bg-size:cover;--awb-border-color:hsla(var(--awb-color8-h),var(--awb-color8-s),var(--awb-color8-l),calc(var(--awb-color8-a) - 75%));--awb-border-top:1px;--awb-border-right:1px;--awb-border-bottom:1px;--awb-border-left:1px;--awb-border-radius:30px 30px 30px 30px;\"><div class=\"fusion-column-wrapper fusion-flex-justify-content-flex-start fusion-content-layout-column\"><div class=\"fusion-text fusion-text-30\" style=\"--awb-font-size:var(--awb-typography4-font-size);--awb-line-height:var(--awb-typography4-line-height);--awb-letter-spacing:var(--awb-typography4-letter-spacing);--awb-text-color:var(--awb-color8);--awb-text-font-family:&quot;Roboto&quot;;--awb-text-font-style:normal;--awb-text-font-weight:700;\"><p>2024<\/p>\n<\/div><div class=\"fusion-title title fusion-title-10 fusion-sep-none fusion-title-text fusion-title-size-three fusion-animated\" style=\"--awb-text-color:var(--awb-color5);--awb-margin-top:0px;--awb-margin-bottom:24px;--awb-margin-top-small:0px;--awb-margin-bottom-small:24px;--awb-font-size:24px;\" data-animationType=\"fadeInDown\" data-animationDuration=\"1.0\" data-animationOffset=\"top-into-view\"><h3 class=\"fusion-title-heading title-heading-left fusion-responsive-typography-calculated\" style=\"margin:0;font-size:1em;text-transform:var(--awb-typography2-text-transform);--fontSize:24;--minFontSize:24;line-height:var(--awb-typography1-line-height);\"><a href=\"https:\/\/ccna-ccnv.ca\/fr\/ccna_publication\/associated-risk-and-resilience-factors-of-alzheimers-disease-in-women-with-early-bilateral-oophorectomy-data-from-the-uk-biobank\/\" class=\"awb-custom-text-color awb-custom-text-hover-color\" target=\"_blank\">Associated risk and resilience factors of Alzheimer&rsquo;s disease in women with early bilateral oophorectomy: Data from the UK Biobank<\/a><\/h3><\/div><div class=\"fusion-text fusion-text-31 fusion-text-no-margin\" style=\"--awb-margin-bottom:0px;--awb-text-font-family:&quot;Roboto&quot;;--awb-text-font-style:normal;--awb-text-font-weight:700;\"><p><strong>Auteurs:<\/strong><\/p>\n<\/div><div class=\"fusion-text fusion-text-32\"><p>Calvo, N., McFall, G. P., Ramana, S., Galper, M., Fuller-Thomson, E., Dixon, R. A., & Einstein, G. <\/p>\n<\/div><div class=\"fusion-text fusion-text-33 fusion-text-no-margin\" style=\"--awb-margin-bottom:0px;--awb-text-font-family:&quot;Roboto&quot;;--awb-text-font-style:normal;--awb-text-font-weight:700;\"><p><strong>Revue:<\/strong><\/p>\n<\/div><div class=\"fusion-text fusion-text-34\"><p>Journal of Alzheimer's Disease<\/p>\n<\/div><div class=\"fusion-separator fusion-full-width-sep\" style=\"align-self: center;margin-left: auto;margin-right: auto;flex-grow:1;width:100%;\"><\/div><div style=\"text-align:left;\"><a class=\"fusion-button button-flat fusion-button-default-size button-default fusion-button-default button-7 fusion-button-default-span fusion-button-default-type\" style=\"--button_margin-top:16px;--button_margin-bottom:8px;\" target=\"_self\" data-hover=\"bg_slide_right\" href=\"https:\/\/ccna-ccnv.ca\/fr\/ccna_publication\/associated-risk-and-resilience-factors-of-alzheimers-disease-in-women-with-early-bilateral-oophorectomy-data-from-the-uk-biobank\/\"><span class=\"fusion-button-text awb-button__text awb-button__text--default\">Voir le r\u00e9sum\u00e9<\/span><\/a><\/div><\/div><\/li>\n<li class=\"fusion-layout-column fusion_builder_column fusion-builder-column-10 fusion-flex-column post-card fusion-grid-column fusion-post-cards-grid-column\" style=\"--awb-padding-top:48px;--awb-padding-right:48px;--awb-padding-bottom:48px;--awb-padding-left:48px;--awb-padding-right-small:24px;--awb-padding-left-small:24px;--awb-overflow:hidden;--awb-bg-size:cover;--awb-border-color:hsla(var(--awb-color8-h),var(--awb-color8-s),var(--awb-color8-l),calc(var(--awb-color8-a) - 75%));--awb-border-top:1px;--awb-border-right:1px;--awb-border-bottom:1px;--awb-border-left:1px;--awb-border-radius:30px 30px 30px 30px;\"><div class=\"fusion-column-wrapper fusion-flex-justify-content-flex-start fusion-content-layout-column\"><div class=\"fusion-text fusion-text-35\" style=\"--awb-font-size:var(--awb-typography4-font-size);--awb-line-height:var(--awb-typography4-line-height);--awb-letter-spacing:var(--awb-typography4-letter-spacing);--awb-text-color:var(--awb-color8);--awb-text-font-family:&quot;Roboto&quot;;--awb-text-font-style:normal;--awb-text-font-weight:700;\"><p>2024<\/p>\n<\/div><div class=\"fusion-title title fusion-title-11 fusion-sep-none fusion-title-text fusion-title-size-three fusion-animated\" style=\"--awb-text-color:var(--awb-color5);--awb-margin-top:0px;--awb-margin-bottom:24px;--awb-margin-top-small:0px;--awb-margin-bottom-small:24px;--awb-font-size:24px;\" data-animationType=\"fadeInDown\" data-animationDuration=\"1.0\" data-animationOffset=\"top-into-view\"><h3 class=\"fusion-title-heading title-heading-left fusion-responsive-typography-calculated\" style=\"margin:0;font-size:1em;text-transform:var(--awb-typography2-text-transform);--fontSize:24;--minFontSize:24;line-height:var(--awb-typography1-line-height);\"><a href=\"https:\/\/ccna-ccnv.ca\/fr\/ccna_publication\/menopause-status-and-sex-related-differences-in-age-associations-with-spatial-context-memory-and-white-matter-microstructure-at-midlife\/\" class=\"awb-custom-text-color awb-custom-text-hover-color\" target=\"_blank\">Menopause status- and sex-related differences in age associations with spatial context memory and white matter microstructure at midlife<\/a><\/h3><\/div><div class=\"fusion-text fusion-text-36 fusion-text-no-margin\" style=\"--awb-margin-bottom:0px;--awb-text-font-family:&quot;Roboto&quot;;--awb-text-font-style:normal;--awb-text-font-weight:700;\"><p><strong>Auteurs:<\/strong><\/p>\n<\/div><div class=\"fusion-text fusion-text-37\"><p>Lissaman, R., Rajagopal, S., Kearley, J., Pasvanis, S., & Rajah, M. N. <\/p>\n<\/div><div class=\"fusion-text fusion-text-38 fusion-text-no-margin\" style=\"--awb-margin-bottom:0px;--awb-text-font-family:&quot;Roboto&quot;;--awb-text-font-style:normal;--awb-text-font-weight:700;\"><p><strong>Revue:<\/strong><\/p>\n<\/div><div class=\"fusion-text fusion-text-39\"><p>Neurobiology of Aging<\/p>\n<\/div><div class=\"fusion-separator fusion-full-width-sep\" style=\"align-self: center;margin-left: auto;margin-right: auto;flex-grow:1;width:100%;\"><\/div><div style=\"text-align:left;\"><a class=\"fusion-button button-flat fusion-button-default-size button-default fusion-button-default button-8 fusion-button-default-span fusion-button-default-type\" style=\"--button_margin-top:16px;--button_margin-bottom:8px;\" target=\"_self\" data-hover=\"bg_slide_right\" href=\"https:\/\/ccna-ccnv.ca\/fr\/ccna_publication\/menopause-status-and-sex-related-differences-in-age-associations-with-spatial-context-memory-and-white-matter-microstructure-at-midlife\/\"><span class=\"fusion-button-text awb-button__text awb-button__text--default\">Voir le r\u00e9sum\u00e9<\/span><\/a><\/div><\/div><\/li>\n<li class=\"fusion-layout-column fusion_builder_column fusion-builder-column-11 fusion-flex-column post-card fusion-grid-column fusion-post-cards-grid-column\" style=\"--awb-padding-top:48px;--awb-padding-right:48px;--awb-padding-bottom:48px;--awb-padding-left:48px;--awb-padding-right-small:24px;--awb-padding-left-small:24px;--awb-overflow:hidden;--awb-bg-size:cover;--awb-border-color:hsla(var(--awb-color8-h),var(--awb-color8-s),var(--awb-color8-l),calc(var(--awb-color8-a) - 75%));--awb-border-top:1px;--awb-border-right:1px;--awb-border-bottom:1px;--awb-border-left:1px;--awb-border-radius:30px 30px 30px 30px;\"><div class=\"fusion-column-wrapper fusion-flex-justify-content-flex-start fusion-content-layout-column\"><div class=\"fusion-text fusion-text-40\" style=\"--awb-font-size:var(--awb-typography4-font-size);--awb-line-height:var(--awb-typography4-line-height);--awb-letter-spacing:var(--awb-typography4-letter-spacing);--awb-text-color:var(--awb-color8);--awb-text-font-family:&quot;Roboto&quot;;--awb-text-font-style:normal;--awb-text-font-weight:700;\"><p>2024<\/p>\n<\/div><div class=\"fusion-title title fusion-title-12 fusion-sep-none fusion-title-text fusion-title-size-three fusion-animated\" style=\"--awb-text-color:var(--awb-color5);--awb-margin-top:0px;--awb-margin-bottom:24px;--awb-margin-top-small:0px;--awb-margin-bottom-small:24px;--awb-font-size:24px;\" data-animationType=\"fadeInDown\" data-animationDuration=\"1.0\" data-animationOffset=\"top-into-view\"><h3 class=\"fusion-title-heading title-heading-left fusion-responsive-typography-calculated\" style=\"margin:0;font-size:1em;text-transform:var(--awb-typography2-text-transform);--fontSize:24;--minFontSize:24;line-height:var(--awb-typography1-line-height);\"><a href=\"https:\/\/ccna-ccnv.ca\/fr\/ccna_publication\/altered-neuronal-lactate-dehydrogenase-a-expression-affects-cognition-in-a-sex-and-age-dependent-manner\/\" class=\"awb-custom-text-color awb-custom-text-hover-color\" target=\"_blank\">Altered neuronal lactate dehydrogenase A expression affects cognition in a sex- and age-dependent manner<\/a><\/h3><\/div><div class=\"fusion-text fusion-text-41 fusion-text-no-margin\" style=\"--awb-margin-bottom:0px;--awb-text-font-family:&quot;Roboto&quot;;--awb-text-font-style:normal;--awb-text-font-weight:700;\"><p><strong>Auteurs:<\/strong><\/p>\n<\/div><div class=\"fusion-text fusion-text-42\"><p>Frame, A. K., Sinka, J. L., Courchesne, M., Muhammad, R. A., Grahovac-Nemeth, S., Bernards, M. A., Bartha, R., & Cumming, R. C.<\/p>\n<\/div><div class=\"fusion-text fusion-text-43 fusion-text-no-margin\" style=\"--awb-margin-bottom:0px;--awb-text-font-family:&quot;Roboto&quot;;--awb-text-font-style:normal;--awb-text-font-weight:700;\"><p><strong>Revue:<\/strong><\/p>\n<\/div><div class=\"fusion-text fusion-text-44\"><p>iScience<\/p>\n<\/div><div class=\"fusion-separator fusion-full-width-sep\" style=\"align-self: center;margin-left: auto;margin-right: auto;flex-grow:1;width:100%;\"><\/div><div style=\"text-align:left;\"><a class=\"fusion-button button-flat fusion-button-default-size button-default fusion-button-default button-9 fusion-button-default-span fusion-button-default-type\" style=\"--button_margin-top:16px;--button_margin-bottom:8px;\" target=\"_self\" data-hover=\"bg_slide_right\" href=\"https:\/\/ccna-ccnv.ca\/fr\/ccna_publication\/altered-neuronal-lactate-dehydrogenase-a-expression-affects-cognition-in-a-sex-and-age-dependent-manner\/\"><span class=\"fusion-button-text awb-button__text awb-button__text--default\">Voir le r\u00e9sum\u00e9<\/span><\/a><\/div><\/div><\/li>\n<li class=\"fusion-layout-column fusion_builder_column fusion-builder-column-12 fusion-flex-column post-card fusion-grid-column fusion-post-cards-grid-column\" style=\"--awb-padding-top:48px;--awb-padding-right:48px;--awb-padding-bottom:48px;--awb-padding-left:48px;--awb-padding-right-small:24px;--awb-padding-left-small:24px;--awb-overflow:hidden;--awb-bg-size:cover;--awb-border-color:hsla(var(--awb-color8-h),var(--awb-color8-s),var(--awb-color8-l),calc(var(--awb-color8-a) - 75%));--awb-border-top:1px;--awb-border-right:1px;--awb-border-bottom:1px;--awb-border-left:1px;--awb-border-radius:30px 30px 30px 30px;\"><div class=\"fusion-column-wrapper fusion-flex-justify-content-flex-start fusion-content-layout-column\"><div class=\"fusion-text fusion-text-45\" style=\"--awb-font-size:var(--awb-typography4-font-size);--awb-line-height:var(--awb-typography4-line-height);--awb-letter-spacing:var(--awb-typography4-letter-spacing);--awb-text-color:var(--awb-color8);--awb-text-font-family:&quot;Roboto&quot;;--awb-text-font-style:normal;--awb-text-font-weight:700;\"><p>2024<\/p>\n<\/div><div class=\"fusion-title title fusion-title-13 fusion-sep-none fusion-title-text fusion-title-size-three fusion-animated\" style=\"--awb-text-color:var(--awb-color5);--awb-margin-top:0px;--awb-margin-bottom:24px;--awb-margin-top-small:0px;--awb-margin-bottom-small:24px;--awb-font-size:24px;\" data-animationType=\"fadeInDown\" data-animationDuration=\"1.0\" data-animationOffset=\"top-into-view\"><h3 class=\"fusion-title-heading title-heading-left fusion-responsive-typography-calculated\" style=\"margin:0;font-size:1em;text-transform:var(--awb-typography2-text-transform);--fontSize:24;--minFontSize:24;line-height:var(--awb-typography1-line-height);\"><a href=\"https:\/\/ccna-ccnv.ca\/fr\/ccna_publication\/language-diversity-across-home-and-work-contexts-differentially-impacts-age-and-menopause-related-declines-in-cognitive-control-in-healthy-females\/\" class=\"awb-custom-text-color awb-custom-text-hover-color\" target=\"_blank\">Language diversity across home and work contexts differentially impacts age- and menopause-related declines in cognitive control in healthy females<\/a><\/h3><\/div><div class=\"fusion-text fusion-text-46 fusion-text-no-margin\" style=\"--awb-margin-bottom:0px;--awb-text-font-family:&quot;Roboto&quot;;--awb-text-font-style:normal;--awb-text-font-weight:700;\"><p><strong>Auteurs:<\/strong><\/p>\n<\/div><div class=\"fusion-text fusion-text-47\"><p>Duval, A., Beatty-Mart\u00ednez, A. L., Pasvanis, S., Crestol, A., Snytte, J., Rajah, M. N., & Titone, D. A<\/p>\n<\/div><div class=\"fusion-text fusion-text-48 fusion-text-no-margin\" style=\"--awb-margin-bottom:0px;--awb-text-font-family:&quot;Roboto&quot;;--awb-text-font-style:normal;--awb-text-font-weight:700;\"><p><strong>Revue:<\/strong><\/p>\n<\/div><div class=\"fusion-text fusion-text-49\"><p>Journal of Experimental Psychology<\/p>\n<\/div><div class=\"fusion-separator fusion-full-width-sep\" style=\"align-self: center;margin-left: auto;margin-right: auto;flex-grow:1;width:100%;\"><\/div><div style=\"text-align:left;\"><a class=\"fusion-button button-flat fusion-button-default-size button-default fusion-button-default button-10 fusion-button-default-span fusion-button-default-type\" style=\"--button_margin-top:16px;--button_margin-bottom:8px;\" target=\"_self\" data-hover=\"bg_slide_right\" href=\"https:\/\/ccna-ccnv.ca\/fr\/ccna_publication\/language-diversity-across-home-and-work-contexts-differentially-impacts-age-and-menopause-related-declines-in-cognitive-control-in-healthy-females\/\"><span class=\"fusion-button-text awb-button__text awb-button__text--default\">Voir le r\u00e9sum\u00e9<\/span><\/a><\/div><\/div><\/li>\n<li class=\"fusion-layout-column fusion_builder_column fusion-builder-column-13 fusion-flex-column post-card fusion-grid-column fusion-post-cards-grid-column\" style=\"--awb-padding-top:48px;--awb-padding-right:48px;--awb-padding-bottom:48px;--awb-padding-left:48px;--awb-padding-right-small:24px;--awb-padding-left-small:24px;--awb-overflow:hidden;--awb-bg-size:cover;--awb-border-color:hsla(var(--awb-color8-h),var(--awb-color8-s),var(--awb-color8-l),calc(var(--awb-color8-a) - 75%));--awb-border-top:1px;--awb-border-right:1px;--awb-border-bottom:1px;--awb-border-left:1px;--awb-border-radius:30px 30px 30px 30px;\"><div class=\"fusion-column-wrapper fusion-flex-justify-content-flex-start fusion-content-layout-column\"><div class=\"fusion-text fusion-text-50\" style=\"--awb-font-size:var(--awb-typography4-font-size);--awb-line-height:var(--awb-typography4-line-height);--awb-letter-spacing:var(--awb-typography4-letter-spacing);--awb-text-color:var(--awb-color8);--awb-text-font-family:&quot;Roboto&quot;;--awb-text-font-style:normal;--awb-text-font-weight:700;\"><p>2024<\/p>\n<\/div><div class=\"fusion-title title fusion-title-14 fusion-sep-none fusion-title-text fusion-title-size-three fusion-animated\" style=\"--awb-text-color:var(--awb-color5);--awb-margin-top:0px;--awb-margin-bottom:24px;--awb-margin-top-small:0px;--awb-margin-bottom-small:24px;--awb-font-size:24px;\" data-animationType=\"fadeInDown\" data-animationDuration=\"1.0\" data-animationOffset=\"top-into-view\"><h3 class=\"fusion-title-heading title-heading-left fusion-responsive-typography-calculated\" style=\"margin:0;font-size:1em;text-transform:var(--awb-typography2-text-transform);--fontSize:24;--minFontSize:24;line-height:var(--awb-typography1-line-height);\"><a href=\"https:\/\/ccna-ccnv.ca\/fr\/ccna_publication\/sex-specific-neuropsychological-correlates-of-apathy-and-depression-across-neurodegenerative-disorders-2\/\" class=\"awb-custom-text-color awb-custom-text-hover-color\" target=\"_blank\">Sex-specific neuropsychological correlates of apathy and depression across neurodegenerative disorders<\/a><\/h3><\/div><div class=\"fusion-text fusion-text-51 fusion-text-no-margin\" style=\"--awb-margin-bottom:0px;--awb-text-font-family:&quot;Roboto&quot;;--awb-text-font-style:normal;--awb-text-font-weight:700;\"><p><strong>Auteurs:<\/strong><\/p>\n<\/div><div class=\"fusion-text fusion-text-52\"><p>Kapustin, D., Tumati, S.**, Wong, M., Herrmann, N.*, Dixon, R.A.*, Seitz, D.*, Rapoport, M.J.*, & Lanct\u00f4t, K.L.*<\/p>\n<\/div><div class=\"fusion-text fusion-text-53 fusion-text-no-margin\" style=\"--awb-margin-bottom:0px;--awb-text-font-family:&quot;Roboto&quot;;--awb-text-font-style:normal;--awb-text-font-weight:700;\"><p><strong>Revue:<\/strong><\/p>\n<\/div><div class=\"fusion-text fusion-text-54\"><p>International Journal of Geriatric Psychiatry<\/p>\n<\/div><div class=\"fusion-separator fusion-full-width-sep\" style=\"align-self: center;margin-left: auto;margin-right: auto;flex-grow:1;width:100%;\"><\/div><div style=\"text-align:left;\"><a class=\"fusion-button button-flat fusion-button-default-size button-default fusion-button-default button-11 fusion-button-default-span fusion-button-default-type\" style=\"--button_margin-top:16px;--button_margin-bottom:8px;\" target=\"_self\" data-hover=\"bg_slide_right\" href=\"https:\/\/ccna-ccnv.ca\/fr\/ccna_publication\/sex-specific-neuropsychological-correlates-of-apathy-and-depression-across-neurodegenerative-disorders-2\/\"><span class=\"fusion-button-text awb-button__text awb-button__text--default\">Voir le r\u00e9sum\u00e9<\/span><\/a><\/div><\/div><\/li>\n<li class=\"fusion-layout-column fusion_builder_column fusion-builder-column-14 fusion-flex-column post-card fusion-grid-column fusion-post-cards-grid-column\" style=\"--awb-padding-top:48px;--awb-padding-right:48px;--awb-padding-bottom:48px;--awb-padding-left:48px;--awb-padding-right-small:24px;--awb-padding-left-small:24px;--awb-overflow:hidden;--awb-bg-size:cover;--awb-border-color:hsla(var(--awb-color8-h),var(--awb-color8-s),var(--awb-color8-l),calc(var(--awb-color8-a) - 75%));--awb-border-top:1px;--awb-border-right:1px;--awb-border-bottom:1px;--awb-border-left:1px;--awb-border-radius:30px 30px 30px 30px;\"><div class=\"fusion-column-wrapper fusion-flex-justify-content-flex-start fusion-content-layout-column\"><div class=\"fusion-text fusion-text-55\" style=\"--awb-font-size:var(--awb-typography4-font-size);--awb-line-height:var(--awb-typography4-line-height);--awb-letter-spacing:var(--awb-typography4-letter-spacing);--awb-text-color:var(--awb-color8);--awb-text-font-family:&quot;Roboto&quot;;--awb-text-font-style:normal;--awb-text-font-weight:700;\"><p>2024<\/p>\n<\/div><div class=\"fusion-title title fusion-title-15 fusion-sep-none fusion-title-text fusion-title-size-three fusion-animated\" style=\"--awb-text-color:var(--awb-color5);--awb-margin-top:0px;--awb-margin-bottom:24px;--awb-margin-top-small:0px;--awb-margin-bottom-small:24px;--awb-font-size:24px;\" data-animationType=\"fadeInDown\" data-animationDuration=\"1.0\" data-animationOffset=\"top-into-view\"><h3 class=\"fusion-title-heading title-heading-left fusion-responsive-typography-calculated\" style=\"margin:0;font-size:1em;text-transform:var(--awb-typography2-text-transform);--fontSize:24;--minFontSize:24;line-height:var(--awb-typography1-line-height);\"><a href=\"https:\/\/ccna-ccnv.ca\/fr\/ccna_publication\/sex-differences-in-healthcare-utilization-in-persons-living-with-dementia-between-2000-and-2017-a-population-based-study-in-quebec-canada\/\" class=\"awb-custom-text-color awb-custom-text-hover-color\" target=\"_blank\">Sex differences in healthcare utilization in persons living with dementia between 2000 and 2017: A population-based study in Quebec, Canada<\/a><\/h3><\/div><div class=\"fusion-text fusion-text-56 fusion-text-no-margin\" style=\"--awb-margin-bottom:0px;--awb-text-font-family:&quot;Roboto&quot;;--awb-text-font-style:normal;--awb-text-font-weight:700;\"><p><strong>Auteurs:<\/strong><\/p>\n<\/div><div class=\"fusion-text fusion-text-57\"><p>Arsenault-Lapierre, G., Bui, T., Godard-Sebillotte, C., Kang, N., Sourial, N., Rochette, L., Massamba, V., Quesnel-Vall\u00e9e, A., & Vedel, I.<\/p>\n<\/div><div class=\"fusion-text fusion-text-58 fusion-text-no-margin\" style=\"--awb-margin-bottom:0px;--awb-text-font-family:&quot;Roboto&quot;;--awb-text-font-style:normal;--awb-text-font-weight:700;\"><p><strong>Revue:<\/strong><\/p>\n<\/div><div class=\"fusion-text fusion-text-59\"><p>Journal of Aging and Health<\/p>\n<\/div><div class=\"fusion-separator fusion-full-width-sep\" style=\"align-self: center;margin-left: auto;margin-right: auto;flex-grow:1;width:100%;\"><\/div><div style=\"text-align:left;\"><a class=\"fusion-button button-flat fusion-button-default-size button-default fusion-button-default button-12 fusion-button-default-span fusion-button-default-type\" style=\"--button_margin-top:16px;--button_margin-bottom:8px;\" target=\"_self\" data-hover=\"bg_slide_right\" href=\"https:\/\/ccna-ccnv.ca\/fr\/ccna_publication\/sex-differences-in-healthcare-utilization-in-persons-living-with-dementia-between-2000-and-2017-a-population-based-study-in-quebec-canada\/\"><span class=\"fusion-button-text awb-button__text awb-button__text--default\">Voir le r\u00e9sum\u00e9<\/span><\/a><\/div><\/div><\/li>\n<li class=\"fusion-layout-column fusion_builder_column fusion-builder-column-15 fusion-flex-column post-card fusion-grid-column fusion-post-cards-grid-column\" style=\"--awb-padding-top:48px;--awb-padding-right:48px;--awb-padding-bottom:48px;--awb-padding-left:48px;--awb-padding-right-small:24px;--awb-padding-left-small:24px;--awb-overflow:hidden;--awb-bg-size:cover;--awb-border-color:hsla(var(--awb-color8-h),var(--awb-color8-s),var(--awb-color8-l),calc(var(--awb-color8-a) - 75%));--awb-border-top:1px;--awb-border-right:1px;--awb-border-bottom:1px;--awb-border-left:1px;--awb-border-radius:30px 30px 30px 30px;\"><div class=\"fusion-column-wrapper fusion-flex-justify-content-flex-start fusion-content-layout-column\"><div class=\"fusion-text fusion-text-60\" style=\"--awb-font-size:var(--awb-typography4-font-size);--awb-line-height:var(--awb-typography4-line-height);--awb-letter-spacing:var(--awb-typography4-letter-spacing);--awb-text-color:var(--awb-color8);--awb-text-font-family:&quot;Roboto&quot;;--awb-text-font-style:normal;--awb-text-font-weight:700;\"><p>2024<\/p>\n<\/div><div class=\"fusion-title title fusion-title-16 fusion-sep-none fusion-title-text fusion-title-size-three fusion-animated\" style=\"--awb-text-color:var(--awb-color5);--awb-margin-top:0px;--awb-margin-bottom:24px;--awb-margin-top-small:0px;--awb-margin-bottom-small:24px;--awb-font-size:24px;\" data-animationType=\"fadeInDown\" data-animationDuration=\"1.0\" data-animationOffset=\"top-into-view\"><h3 class=\"fusion-title-heading title-heading-left fusion-responsive-typography-calculated\" style=\"margin:0;font-size:1em;text-transform:var(--awb-typography2-text-transform);--fontSize:24;--minFontSize:24;line-height:var(--awb-typography1-line-height);\"><a href=\"https:\/\/ccna-ccnv.ca\/fr\/ccna_publication\/sex-and-gender-in-health-research-intersectionality-matters\/\" class=\"awb-custom-text-color awb-custom-text-hover-color\" target=\"_blank\">Sex and gender in health research: Intersectionality matters<\/a><\/h3><\/div><div class=\"fusion-text fusion-text-61 fusion-text-no-margin\" style=\"--awb-margin-bottom:0px;--awb-text-font-family:&quot;Roboto&quot;;--awb-text-font-style:normal;--awb-text-font-weight:700;\"><p><strong>Auteurs:<\/strong><\/p>\n<\/div><div class=\"fusion-text fusion-text-62\"><p>Subramaniapillai, S., Am Galea, L., Einstein, G., & de Lange, A. M.<\/p>\n<\/div><div class=\"fusion-text fusion-text-63 fusion-text-no-margin\" style=\"--awb-margin-bottom:0px;--awb-text-font-family:&quot;Roboto&quot;;--awb-text-font-style:normal;--awb-text-font-weight:700;\"><p><strong>Revue:<\/strong><\/p>\n<\/div><div class=\"fusion-text fusion-text-64\"><p>Frontiers in Neuroendocrinology<\/p>\n<\/div><div class=\"fusion-separator fusion-full-width-sep\" style=\"align-self: center;margin-left: auto;margin-right: auto;flex-grow:1;width:100%;\"><\/div><div style=\"text-align:left;\"><a class=\"fusion-button button-flat fusion-button-default-size button-default fusion-button-default button-13 fusion-button-default-span fusion-button-default-type\" style=\"--button_margin-top:16px;--button_margin-bottom:8px;\" target=\"_self\" data-hover=\"bg_slide_right\" href=\"https:\/\/ccna-ccnv.ca\/fr\/ccna_publication\/sex-and-gender-in-health-research-intersectionality-matters\/\"><span class=\"fusion-button-text awb-button__text awb-button__text--default\">Voir le r\u00e9sum\u00e9<\/span><\/a><\/div><\/div><\/li>\n<li class=\"fusion-layout-column fusion_builder_column fusion-builder-column-16 fusion-flex-column post-card fusion-grid-column fusion-post-cards-grid-column\" style=\"--awb-padding-top:48px;--awb-padding-right:48px;--awb-padding-bottom:48px;--awb-padding-left:48px;--awb-padding-right-small:24px;--awb-padding-left-small:24px;--awb-overflow:hidden;--awb-bg-size:cover;--awb-border-color:hsla(var(--awb-color8-h),var(--awb-color8-s),var(--awb-color8-l),calc(var(--awb-color8-a) - 75%));--awb-border-top:1px;--awb-border-right:1px;--awb-border-bottom:1px;--awb-border-left:1px;--awb-border-radius:30px 30px 30px 30px;\"><div class=\"fusion-column-wrapper fusion-flex-justify-content-flex-start fusion-content-layout-column\"><div class=\"fusion-text fusion-text-65\" style=\"--awb-font-size:var(--awb-typography4-font-size);--awb-line-height:var(--awb-typography4-line-height);--awb-letter-spacing:var(--awb-typography4-letter-spacing);--awb-text-color:var(--awb-color8);--awb-text-font-family:&quot;Roboto&quot;;--awb-text-font-style:normal;--awb-text-font-weight:700;\"><p>2024<\/p>\n<\/div><div class=\"fusion-title title fusion-title-17 fusion-sep-none fusion-title-text fusion-title-size-three fusion-animated\" style=\"--awb-text-color:var(--awb-color5);--awb-margin-top:0px;--awb-margin-bottom:24px;--awb-margin-top-small:0px;--awb-margin-bottom-small:24px;--awb-font-size:24px;\" data-animationType=\"fadeInDown\" data-animationDuration=\"1.0\" data-animationOffset=\"top-into-view\"><h3 class=\"fusion-title-heading title-heading-left fusion-responsive-typography-calculated\" style=\"margin:0;font-size:1em;text-transform:var(--awb-typography2-text-transform);--fontSize:24;--minFontSize:24;line-height:var(--awb-typography1-line-height);\"><a href=\"https:\/\/ccna-ccnv.ca\/fr\/ccna_publication\/standing-middle-cerebral-artery-velocity-predicts-cognitive-function-and-gait-speed-in-older-adults-with-cognitive-impairment-and-is-impacted-by-sex-differences\/\" class=\"awb-custom-text-color awb-custom-text-hover-color\" target=\"_blank\">Standing middle cerebral artery velocity predicts cognitive function and gait speed in older adults with cognitive impairment, and is impacted by sex differences<\/a><\/h3><\/div><div class=\"fusion-text fusion-text-66 fusion-text-no-margin\" style=\"--awb-margin-bottom:0px;--awb-text-font-family:&quot;Roboto&quot;;--awb-text-font-style:normal;--awb-text-font-weight:700;\"><p><strong>Auteurs:<\/strong><\/p>\n<\/div><div class=\"fusion-text fusion-text-67\"><p>L. K Fitzgibbon-Collins, G. B. Coombs, M. Noguchi, S.j Parihar, R. L. Hughson, M. Borrie, S. Peters, J. K. Shoemaker, J. Bhangu<\/p>\n<\/div><div class=\"fusion-text fusion-text-68 fusion-text-no-margin\" style=\"--awb-margin-bottom:0px;--awb-text-font-family:&quot;Roboto&quot;;--awb-text-font-style:normal;--awb-text-font-weight:700;\"><p><strong>Revue:<\/strong><\/p>\n<\/div><div class=\"fusion-text fusion-text-69\"><p>Cerebral Circulation - Cognition and Behavior<\/p>\n<\/div><div class=\"fusion-separator fusion-full-width-sep\" style=\"align-self: center;margin-left: auto;margin-right: auto;flex-grow:1;width:100%;\"><\/div><div style=\"text-align:left;\"><a class=\"fusion-button button-flat fusion-button-default-size button-default fusion-button-default button-14 fusion-button-default-span fusion-button-default-type\" style=\"--button_margin-top:16px;--button_margin-bottom:8px;\" target=\"_self\" data-hover=\"bg_slide_right\" href=\"https:\/\/ccna-ccnv.ca\/fr\/ccna_publication\/standing-middle-cerebral-artery-velocity-predicts-cognitive-function-and-gait-speed-in-older-adults-with-cognitive-impairment-and-is-impacted-by-sex-differences\/\"><span class=\"fusion-button-text awb-button__text awb-button__text--default\">Voir le r\u00e9sum\u00e9<\/span><\/a><\/div><\/div><\/li>\n<li class=\"fusion-layout-column fusion_builder_column fusion-builder-column-17 fusion-flex-column post-card fusion-grid-column fusion-post-cards-grid-column\" style=\"--awb-padding-top:48px;--awb-padding-right:48px;--awb-padding-bottom:48px;--awb-padding-left:48px;--awb-padding-right-small:24px;--awb-padding-left-small:24px;--awb-overflow:hidden;--awb-bg-size:cover;--awb-border-color:hsla(var(--awb-color8-h),var(--awb-color8-s),var(--awb-color8-l),calc(var(--awb-color8-a) - 75%));--awb-border-top:1px;--awb-border-right:1px;--awb-border-bottom:1px;--awb-border-left:1px;--awb-border-radius:30px 30px 30px 30px;\"><div class=\"fusion-column-wrapper fusion-flex-justify-content-flex-start fusion-content-layout-column\"><div class=\"fusion-text fusion-text-70\" style=\"--awb-font-size:var(--awb-typography4-font-size);--awb-line-height:var(--awb-typography4-line-height);--awb-letter-spacing:var(--awb-typography4-letter-spacing);--awb-text-color:var(--awb-color8);--awb-text-font-family:&quot;Roboto&quot;;--awb-text-font-style:normal;--awb-text-font-weight:700;\"><p>2023<\/p>\n<\/div><div class=\"fusion-title title fusion-title-18 fusion-sep-none fusion-title-text fusion-title-size-three fusion-animated\" style=\"--awb-text-color:var(--awb-color5);--awb-margin-top:0px;--awb-margin-bottom:24px;--awb-margin-top-small:0px;--awb-margin-bottom-small:24px;--awb-font-size:24px;\" data-animationType=\"fadeInDown\" data-animationDuration=\"1.0\" data-animationOffset=\"top-into-view\"><h3 class=\"fusion-title-heading title-heading-left fusion-responsive-typography-calculated\" style=\"margin:0;font-size:1em;text-transform:var(--awb-typography2-text-transform);--fontSize:24;--minFontSize:24;line-height:var(--awb-typography1-line-height);\"><a href=\"https:\/\/ccna-ccnv.ca\/fr\/ccna_publication\/menopause-status-and-within-group-differences-in-chronological-age-affect-the-functional-neural-correlates-of-spatial-context-memory-in-middle-aged-females-2\/\" class=\"awb-custom-text-color awb-custom-text-hover-color\" target=\"_blank\">Menopause status and within-group differences in chronological age affect the functional neural correlates of spatial context memory in middle-aged females<\/a><\/h3><\/div><div class=\"fusion-text fusion-text-71 fusion-text-no-margin\" style=\"--awb-margin-bottom:0px;--awb-text-font-family:&quot;Roboto&quot;;--awb-text-font-style:normal;--awb-text-font-weight:700;\"><p><strong>Auteurs:<\/strong><\/p>\n<\/div><div class=\"fusion-text fusion-text-72\"><p>Crestol, A., Rajagopal, S., Lissaman, R., LaPlume, A. A., Pasvanis, S., Olsen, R. K., Einstein, G., Jacobs, E. G., & Rajah, M. N.<\/p>\n<\/div><div class=\"fusion-text fusion-text-73 fusion-text-no-margin\" style=\"--awb-margin-bottom:0px;--awb-text-font-family:&quot;Roboto&quot;;--awb-text-font-style:normal;--awb-text-font-weight:700;\"><p><strong>Revue:<\/strong><\/p>\n<\/div><div class=\"fusion-text fusion-text-74\"><p>The Journal of Neuroscience<\/p>\n<\/div><div class=\"fusion-separator fusion-full-width-sep\" style=\"align-self: center;margin-left: auto;margin-right: auto;flex-grow:1;width:100%;\"><\/div><div style=\"text-align:left;\"><a class=\"fusion-button button-flat fusion-button-default-size button-default fusion-button-default button-15 fusion-button-default-span fusion-button-default-type\" style=\"--button_margin-top:16px;--button_margin-bottom:8px;\" target=\"_self\" data-hover=\"bg_slide_right\" href=\"https:\/\/ccna-ccnv.ca\/fr\/ccna_publication\/menopause-status-and-within-group-differences-in-chronological-age-affect-the-functional-neural-correlates-of-spatial-context-memory-in-middle-aged-females-2\/\"><span class=\"fusion-button-text awb-button__text awb-button__text--default\">Voir le r\u00e9sum\u00e9<\/span><\/a><\/div><\/div><\/li>\n<li class=\"fusion-layout-column fusion_builder_column fusion-builder-column-18 fusion-flex-column post-card fusion-grid-column fusion-post-cards-grid-column\" style=\"--awb-padding-top:48px;--awb-padding-right:48px;--awb-padding-bottom:48px;--awb-padding-left:48px;--awb-padding-right-small:24px;--awb-padding-left-small:24px;--awb-overflow:hidden;--awb-bg-size:cover;--awb-border-color:hsla(var(--awb-color8-h),var(--awb-color8-s),var(--awb-color8-l),calc(var(--awb-color8-a) - 75%));--awb-border-top:1px;--awb-border-right:1px;--awb-border-bottom:1px;--awb-border-left:1px;--awb-border-radius:30px 30px 30px 30px;\"><div class=\"fusion-column-wrapper fusion-flex-justify-content-flex-start fusion-content-layout-column\"><div class=\"fusion-text fusion-text-75\" style=\"--awb-font-size:var(--awb-typography4-font-size);--awb-line-height:var(--awb-typography4-line-height);--awb-letter-spacing:var(--awb-typography4-letter-spacing);--awb-text-color:var(--awb-color8);--awb-text-font-family:&quot;Roboto&quot;;--awb-text-font-style:normal;--awb-text-font-weight:700;\"><p>2023<\/p>\n<\/div><div class=\"fusion-title title fusion-title-19 fusion-sep-none fusion-title-text fusion-title-size-three fusion-animated\" style=\"--awb-text-color:var(--awb-color5);--awb-margin-top:0px;--awb-margin-bottom:24px;--awb-margin-top-small:0px;--awb-margin-bottom-small:24px;--awb-font-size:24px;\" data-animationType=\"fadeInDown\" data-animationDuration=\"1.0\" data-animationOffset=\"top-into-view\"><h3 class=\"fusion-title-heading title-heading-left fusion-responsive-typography-calculated\" style=\"margin:0;font-size:1em;text-transform:var(--awb-typography2-text-transform);--fontSize:24;--minFontSize:24;line-height:var(--awb-typography1-line-height);\"><a href=\"https:\/\/ccna-ccnv.ca\/fr\/ccna_publication\/learning-exceptions-to-category-rules-varies-across-the-menstrual-cycle\/\" class=\"awb-custom-text-color awb-custom-text-hover-color\" target=\"_blank\">Learning exceptions to category rules varies across the menstrual cycle<\/a><\/h3><\/div><div class=\"fusion-text fusion-text-76 fusion-text-no-margin\" style=\"--awb-margin-bottom:0px;--awb-text-font-family:&quot;Roboto&quot;;--awb-text-font-style:normal;--awb-text-font-weight:700;\"><p><strong>Auteurs:<\/strong><\/p>\n<\/div><div class=\"fusion-text fusion-text-77\"><p>Perovi\u0107, M., Heffernan, E. M., Einstein, G., & Mack, M. L.<\/p>\n<\/div><div class=\"fusion-text fusion-text-78 fusion-text-no-margin\" style=\"--awb-margin-bottom:0px;--awb-text-font-family:&quot;Roboto&quot;;--awb-text-font-style:normal;--awb-text-font-weight:700;\"><p><strong>Revue:<\/strong><\/p>\n<\/div><div class=\"fusion-text fusion-text-79\"><p>Scientific Reports<\/p>\n<\/div><div class=\"fusion-separator fusion-full-width-sep\" style=\"align-self: center;margin-left: auto;margin-right: auto;flex-grow:1;width:100%;\"><\/div><div style=\"text-align:left;\"><a class=\"fusion-button button-flat fusion-button-default-size button-default fusion-button-default button-16 fusion-button-default-span fusion-button-default-type\" style=\"--button_margin-top:16px;--button_margin-bottom:8px;\" target=\"_self\" data-hover=\"bg_slide_right\" href=\"https:\/\/ccna-ccnv.ca\/fr\/ccna_publication\/learning-exceptions-to-category-rules-varies-across-the-menstrual-cycle\/\"><span class=\"fusion-button-text awb-button__text awb-button__text--default\">Voir le r\u00e9sum\u00e9<\/span><\/a><\/div><\/div><\/li>\n<li class=\"fusion-layout-column fusion_builder_column fusion-builder-column-19 fusion-flex-column post-card fusion-grid-column fusion-post-cards-grid-column\" style=\"--awb-padding-top:48px;--awb-padding-right:48px;--awb-padding-bottom:48px;--awb-padding-left:48px;--awb-padding-right-small:24px;--awb-padding-left-small:24px;--awb-overflow:hidden;--awb-bg-size:cover;--awb-border-color:hsla(var(--awb-color8-h),var(--awb-color8-s),var(--awb-color8-l),calc(var(--awb-color8-a) - 75%));--awb-border-top:1px;--awb-border-right:1px;--awb-border-bottom:1px;--awb-border-left:1px;--awb-border-radius:30px 30px 30px 30px;\"><div class=\"fusion-column-wrapper fusion-flex-justify-content-flex-start fusion-content-layout-column\"><div class=\"fusion-text fusion-text-80\" style=\"--awb-font-size:var(--awb-typography4-font-size);--awb-line-height:var(--awb-typography4-line-height);--awb-letter-spacing:var(--awb-typography4-letter-spacing);--awb-text-color:var(--awb-color8);--awb-text-font-family:&quot;Roboto&quot;;--awb-text-font-style:normal;--awb-text-font-weight:700;\"><p>2023<\/p>\n<\/div><div class=\"fusion-title title fusion-title-20 fusion-sep-none fusion-title-text fusion-title-size-three fusion-animated\" style=\"--awb-text-color:var(--awb-color5);--awb-margin-top:0px;--awb-margin-bottom:24px;--awb-margin-top-small:0px;--awb-margin-bottom-small:24px;--awb-font-size:24px;\" data-animationType=\"fadeInDown\" data-animationDuration=\"1.0\" data-animationOffset=\"top-into-view\"><h3 class=\"fusion-title-heading title-heading-left fusion-responsive-typography-calculated\" style=\"margin:0;font-size:1em;text-transform:var(--awb-typography2-text-transform);--fontSize:24;--minFontSize:24;line-height:var(--awb-typography1-line-height);\"><a href=\"https:\/\/ccna-ccnv.ca\/fr\/ccna_publication\/menopause-status-and-within-group-differences-in-chronological-age-affect-the-functional-neural-correlates-of-spatial-context-memory-in-middle-aged-females\/\" class=\"awb-custom-text-color awb-custom-text-hover-color\" target=\"_blank\">Menopause status and within-group differences in chronological age affect the functional neural correlates of spatial context memory in middle-aged females<\/a><\/h3><\/div><div class=\"fusion-text fusion-text-81 fusion-text-no-margin\" style=\"--awb-margin-bottom:0px;--awb-text-font-family:&quot;Roboto&quot;;--awb-text-font-style:normal;--awb-text-font-weight:700;\"><p><strong>Auteurs:<\/strong><\/p>\n<\/div><div class=\"fusion-text fusion-text-82\"><p>Crestol, A., Rajagopal, S., Lissaman, R., LaPlume, A. A., Pasvanis, S., Olsen, R. K., Einstein, G., Jacobs, E. G., & Rajah, M. N.<\/p>\n<\/div><div class=\"fusion-text fusion-text-83 fusion-text-no-margin\" style=\"--awb-margin-bottom:0px;--awb-text-font-family:&quot;Roboto&quot;;--awb-text-font-style:normal;--awb-text-font-weight:700;\"><p><strong>Revue:<\/strong><\/p>\n<\/div><div class=\"fusion-text fusion-text-84\"><p>The Journal of Neuroscience<\/p>\n<\/div><div class=\"fusion-separator fusion-full-width-sep\" style=\"align-self: center;margin-left: auto;margin-right: auto;flex-grow:1;width:100%;\"><\/div><div style=\"text-align:left;\"><a class=\"fusion-button button-flat fusion-button-default-size button-default fusion-button-default button-17 fusion-button-default-span fusion-button-default-type\" style=\"--button_margin-top:16px;--button_margin-bottom:8px;\" target=\"_self\" data-hover=\"bg_slide_right\" href=\"https:\/\/ccna-ccnv.ca\/fr\/ccna_publication\/menopause-status-and-within-group-differences-in-chronological-age-affect-the-functional-neural-correlates-of-spatial-context-memory-in-middle-aged-females\/\"><span class=\"fusion-button-text awb-button__text awb-button__text--default\">Voir le r\u00e9sum\u00e9<\/span><\/a><\/div><\/div><\/li>\n<li class=\"fusion-layout-column fusion_builder_column fusion-builder-column-20 fusion-flex-column post-card fusion-grid-column fusion-post-cards-grid-column\" style=\"--awb-padding-top:48px;--awb-padding-right:48px;--awb-padding-bottom:48px;--awb-padding-left:48px;--awb-padding-right-small:24px;--awb-padding-left-small:24px;--awb-overflow:hidden;--awb-bg-size:cover;--awb-border-color:hsla(var(--awb-color8-h),var(--awb-color8-s),var(--awb-color8-l),calc(var(--awb-color8-a) - 75%));--awb-border-top:1px;--awb-border-right:1px;--awb-border-bottom:1px;--awb-border-left:1px;--awb-border-radius:30px 30px 30px 30px;\"><div class=\"fusion-column-wrapper fusion-flex-justify-content-flex-start fusion-content-layout-column\"><div class=\"fusion-text fusion-text-85\" style=\"--awb-font-size:var(--awb-typography4-font-size);--awb-line-height:var(--awb-typography4-line-height);--awb-letter-spacing:var(--awb-typography4-letter-spacing);--awb-text-color:var(--awb-color8);--awb-text-font-family:&quot;Roboto&quot;;--awb-text-font-style:normal;--awb-text-font-weight:700;\"><p>2023<\/p>\n<\/div><div class=\"fusion-title title fusion-title-21 fusion-sep-none fusion-title-text fusion-title-size-three fusion-animated\" style=\"--awb-text-color:var(--awb-color5);--awb-margin-top:0px;--awb-margin-bottom:24px;--awb-margin-top-small:0px;--awb-margin-bottom-small:24px;--awb-font-size:24px;\" data-animationType=\"fadeInDown\" data-animationDuration=\"1.0\" data-animationOffset=\"top-into-view\"><h3 class=\"fusion-title-heading title-heading-left fusion-responsive-typography-calculated\" style=\"margin:0;font-size:1em;text-transform:var(--awb-typography2-text-transform);--fontSize:24;--minFontSize:24;line-height:var(--awb-typography1-line-height);\"><a href=\"https:\/\/ccna-ccnv.ca\/fr\/ccna_publication\/steroid-hormones-risk-and-resilience-in-womens-alzheimer-disease\/\" class=\"awb-custom-text-color awb-custom-text-hover-color\" target=\"_blank\">Steroid hormones: Risk and resilience in women&rsquo;s Alzheimer disease<\/a><\/h3><\/div><div class=\"fusion-text fusion-text-86 fusion-text-no-margin\" style=\"--awb-margin-bottom:0px;--awb-text-font-family:&quot;Roboto&quot;;--awb-text-font-style:normal;--awb-text-font-weight:700;\"><p><strong>Auteurs:<\/strong><\/p>\n<\/div><div class=\"fusion-text fusion-text-87\"><p>Calvo, N., & Einstein, G.<\/p>\n<\/div><div class=\"fusion-text fusion-text-88 fusion-text-no-margin\" style=\"--awb-margin-bottom:0px;--awb-text-font-family:&quot;Roboto&quot;;--awb-text-font-style:normal;--awb-text-font-weight:700;\"><p><strong>Revue:<\/strong><\/p>\n<\/div><div class=\"fusion-text fusion-text-89\"><p>Frontiers in Aging Neuroscience<\/p>\n<\/div><div class=\"fusion-separator fusion-full-width-sep\" style=\"align-self: center;margin-left: auto;margin-right: auto;flex-grow:1;width:100%;\"><\/div><div style=\"text-align:left;\"><a class=\"fusion-button button-flat fusion-button-default-size button-default fusion-button-default button-18 fusion-button-default-span fusion-button-default-type\" style=\"--button_margin-top:16px;--button_margin-bottom:8px;\" target=\"_self\" data-hover=\"bg_slide_right\" href=\"https:\/\/ccna-ccnv.ca\/fr\/ccna_publication\/steroid-hormones-risk-and-resilience-in-womens-alzheimer-disease\/\"><span class=\"fusion-button-text awb-button__text awb-button__text--default\">Voir le r\u00e9sum\u00e9<\/span><\/a><\/div><\/div><\/li>\n<li class=\"fusion-layout-column fusion_builder_column fusion-builder-column-21 fusion-flex-column post-card fusion-grid-column fusion-post-cards-grid-column\" style=\"--awb-padding-top:48px;--awb-padding-right:48px;--awb-padding-bottom:48px;--awb-padding-left:48px;--awb-padding-right-small:24px;--awb-padding-left-small:24px;--awb-overflow:hidden;--awb-bg-size:cover;--awb-border-color:hsla(var(--awb-color8-h),var(--awb-color8-s),var(--awb-color8-l),calc(var(--awb-color8-a) - 75%));--awb-border-top:1px;--awb-border-right:1px;--awb-border-bottom:1px;--awb-border-left:1px;--awb-border-radius:30px 30px 30px 30px;\"><div class=\"fusion-column-wrapper fusion-flex-justify-content-flex-start fusion-content-layout-column\"><div class=\"fusion-text fusion-text-90\" style=\"--awb-font-size:var(--awb-typography4-font-size);--awb-line-height:var(--awb-typography4-line-height);--awb-letter-spacing:var(--awb-typography4-letter-spacing);--awb-text-color:var(--awb-color8);--awb-text-font-family:&quot;Roboto&quot;;--awb-text-font-style:normal;--awb-text-font-weight:700;\"><p>2022<\/p>\n<\/div><div class=\"fusion-title title fusion-title-22 fusion-sep-none fusion-title-text fusion-title-size-three fusion-animated\" style=\"--awb-text-color:var(--awb-color5);--awb-margin-top:0px;--awb-margin-bottom:24px;--awb-margin-top-small:0px;--awb-margin-bottom-small:24px;--awb-font-size:24px;\" data-animationType=\"fadeInDown\" data-animationDuration=\"1.0\" data-animationOffset=\"top-into-view\"><h3 class=\"fusion-title-heading title-heading-left fusion-responsive-typography-calculated\" style=\"margin:0;font-size:1em;text-transform:var(--awb-typography2-text-transform);--fontSize:24;--minFontSize:24;line-height:var(--awb-typography1-line-height);\"><a href=\"https:\/\/ccna-ccnv.ca\/fr\/ccna_publication\/sex-specific-interactions-between-hearing-and-memory-in-older-adults-with-mild-cognitive-impairment-findings-from-the-compass-nd-study-2\/\" class=\"awb-custom-text-color awb-custom-text-hover-color\" target=\"_blank\">Sex-Specific Interactions Between Hearing and Memory in Older Adults With Mild Cognitive Impairment: Findings From the COMPASS-ND Study<\/a><\/h3><\/div><div class=\"fusion-text fusion-text-91 fusion-text-no-margin\" style=\"--awb-margin-bottom:0px;--awb-text-font-family:&quot;Roboto&quot;;--awb-text-font-style:normal;--awb-text-font-weight:700;\"><p><strong>Auteurs:<\/strong><\/p>\n<\/div><div class=\"fusion-text fusion-text-92\"><p>Al-Yawer, F.**, Pichora-Fuller, M. K.*, Wittich, W.*, Mick, P.*, Giroud, N., Rehan, S.**, & Phillips, N. A.*<\/p>\n<\/div><div class=\"fusion-text fusion-text-93 fusion-text-no-margin\" style=\"--awb-margin-bottom:0px;--awb-text-font-family:&quot;Roboto&quot;;--awb-text-font-style:normal;--awb-text-font-weight:700;\"><p><strong>Revue:<\/strong><\/p>\n<\/div><div class=\"fusion-text fusion-text-94\"><p>Ear and Hearing<\/p>\n<\/div><div class=\"fusion-separator fusion-full-width-sep\" style=\"align-self: center;margin-left: auto;margin-right: auto;flex-grow:1;width:100%;\"><\/div><div style=\"text-align:left;\"><a class=\"fusion-button button-flat fusion-button-default-size button-default fusion-button-default button-19 fusion-button-default-span fusion-button-default-type\" style=\"--button_margin-top:16px;--button_margin-bottom:8px;\" target=\"_self\" data-hover=\"bg_slide_right\" href=\"https:\/\/ccna-ccnv.ca\/fr\/ccna_publication\/sex-specific-interactions-between-hearing-and-memory-in-older-adults-with-mild-cognitive-impairment-findings-from-the-compass-nd-study-2\/\"><span class=\"fusion-button-text awb-button__text awb-button__text--default\">Voir le r\u00e9sum\u00e9<\/span><\/a><\/div><\/div><\/li>\n<li class=\"fusion-layout-column fusion_builder_column fusion-builder-column-22 fusion-flex-column post-card fusion-grid-column fusion-post-cards-grid-column\" style=\"--awb-padding-top:48px;--awb-padding-right:48px;--awb-padding-bottom:48px;--awb-padding-left:48px;--awb-padding-right-small:24px;--awb-padding-left-small:24px;--awb-overflow:hidden;--awb-bg-size:cover;--awb-border-color:hsla(var(--awb-color8-h),var(--awb-color8-s),var(--awb-color8-l),calc(var(--awb-color8-a) - 75%));--awb-border-top:1px;--awb-border-right:1px;--awb-border-bottom:1px;--awb-border-left:1px;--awb-border-radius:30px 30px 30px 30px;\"><div class=\"fusion-column-wrapper fusion-flex-justify-content-flex-start fusion-content-layout-column\"><div class=\"fusion-text fusion-text-95\" style=\"--awb-font-size:var(--awb-typography4-font-size);--awb-line-height:var(--awb-typography4-line-height);--awb-letter-spacing:var(--awb-typography4-letter-spacing);--awb-text-color:var(--awb-color8);--awb-text-font-family:&quot;Roboto&quot;;--awb-text-font-style:normal;--awb-text-font-weight:700;\"><p>2022<\/p>\n<\/div><div class=\"fusion-title title fusion-title-23 fusion-sep-none fusion-title-text fusion-title-size-three fusion-animated\" style=\"--awb-text-color:var(--awb-color5);--awb-margin-top:0px;--awb-margin-bottom:24px;--awb-margin-top-small:0px;--awb-margin-bottom-small:24px;--awb-font-size:24px;\" data-animationType=\"fadeInDown\" data-animationDuration=\"1.0\" data-animationOffset=\"top-into-view\"><h3 class=\"fusion-title-heading title-heading-left fusion-responsive-typography-calculated\" style=\"margin:0;font-size:1em;text-transform:var(--awb-typography2-text-transform);--fontSize:24;--minFontSize:24;line-height:var(--awb-typography1-line-height);\"><a href=\"https:\/\/ccna-ccnv.ca\/fr\/ccna_publication\/sex-linked-biology-and-gender-related-research-is-essential-to-advancing-hearing-health-2\/\" class=\"awb-custom-text-color awb-custom-text-hover-color\" target=\"_blank\">Sex-Linked Biology and Gender-Related Research Is Essential to Advancing Hearing Health<\/a><\/h3><\/div><div class=\"fusion-text fusion-text-96 fusion-text-no-margin\" style=\"--awb-margin-bottom:0px;--awb-text-font-family:&quot;Roboto&quot;;--awb-text-font-style:normal;--awb-text-font-weight:700;\"><p><strong>Auteurs:<\/strong><\/p>\n<\/div><div class=\"fusion-text fusion-text-97\"><p>Reavis, K.M., Bisgaard, N., Canlon, B., Dubno, J.R., Frisina, R.D., Hertzano, R., Humes, L.E., Mick, P.*, Phillips, N.A.*, Pichora-Fuller, M.K*., Shuster , B., & Singh, G.<\/p>\n<\/div><div class=\"fusion-text fusion-text-98 fusion-text-no-margin\" style=\"--awb-margin-bottom:0px;--awb-text-font-family:&quot;Roboto&quot;;--awb-text-font-style:normal;--awb-text-font-weight:700;\"><p><strong>Revue:<\/strong><\/p>\n<\/div><div class=\"fusion-text fusion-text-99\"><p>Ear and Hearing<\/p>\n<\/div><div class=\"fusion-separator fusion-full-width-sep\" style=\"align-self: center;margin-left: auto;margin-right: auto;flex-grow:1;width:100%;\"><\/div><div style=\"text-align:left;\"><a class=\"fusion-button button-flat fusion-button-default-size button-default fusion-button-default button-20 fusion-button-default-span fusion-button-default-type\" style=\"--button_margin-top:16px;--button_margin-bottom:8px;\" target=\"_self\" data-hover=\"bg_slide_right\" href=\"https:\/\/ccna-ccnv.ca\/fr\/ccna_publication\/sex-linked-biology-and-gender-related-research-is-essential-to-advancing-hearing-health-2\/\"><span class=\"fusion-button-text awb-button__text awb-button__text--default\">Voir le r\u00e9sum\u00e9<\/span><\/a><\/div><\/div><\/li>\n<li class=\"fusion-layout-column fusion_builder_column fusion-builder-column-23 fusion-flex-column post-card fusion-grid-column fusion-post-cards-grid-column\" style=\"--awb-padding-top:48px;--awb-padding-right:48px;--awb-padding-bottom:48px;--awb-padding-left:48px;--awb-padding-right-small:24px;--awb-padding-left-small:24px;--awb-overflow:hidden;--awb-bg-size:cover;--awb-border-color:hsla(var(--awb-color8-h),var(--awb-color8-s),var(--awb-color8-l),calc(var(--awb-color8-a) - 75%));--awb-border-top:1px;--awb-border-right:1px;--awb-border-bottom:1px;--awb-border-left:1px;--awb-border-radius:30px 30px 30px 30px;\"><div class=\"fusion-column-wrapper fusion-flex-justify-content-flex-start fusion-content-layout-column\"><div class=\"fusion-text fusion-text-100\" style=\"--awb-font-size:var(--awb-typography4-font-size);--awb-line-height:var(--awb-typography4-line-height);--awb-letter-spacing:var(--awb-typography4-letter-spacing);--awb-text-color:var(--awb-color8);--awb-text-font-family:&quot;Roboto&quot;;--awb-text-font-style:normal;--awb-text-font-weight:700;\"><p>2022<\/p>\n<\/div><div class=\"fusion-title title fusion-title-24 fusion-sep-none fusion-title-text fusion-title-size-three fusion-animated\" style=\"--awb-text-color:var(--awb-color5);--awb-margin-top:0px;--awb-margin-bottom:24px;--awb-margin-top-small:0px;--awb-margin-bottom-small:24px;--awb-font-size:24px;\" data-animationType=\"fadeInDown\" data-animationDuration=\"1.0\" data-animationOffset=\"top-into-view\"><h3 class=\"fusion-title-heading title-heading-left fusion-responsive-typography-calculated\" style=\"margin:0;font-size:1em;text-transform:var(--awb-typography2-text-transform);--fontSize:24;--minFontSize:24;line-height:var(--awb-typography1-line-height);\"><a href=\"https:\/\/ccna-ccnv.ca\/fr\/ccna_publication\/bridging-integrator-1-bin1-rs6733839-and-sex-are-moderators-of-vascular-health-predictions-of-memory-aging-trajectories-2\/\" class=\"awb-custom-text-color awb-custom-text-hover-color\" target=\"_blank\">Bridging Integrator 1 (BIN1, rs6733839) and Sex Are Moderators of Vascular Health Predictions of Memory Aging Trajectories<\/a><\/h3><\/div><div class=\"fusion-text fusion-text-101 fusion-text-no-margin\" style=\"--awb-margin-bottom:0px;--awb-text-font-family:&quot;Roboto&quot;;--awb-text-font-style:normal;--awb-text-font-weight:700;\"><p><strong>Auteurs:<\/strong><\/p>\n<\/div><div class=\"fusion-text fusion-text-102\"><p>Heal, M.**, McFall, G. P.*, Vergote, D., Jhamandas, J. H.*, Westaway, D.*, & Dixon, R. A.*<\/p>\n<\/div><div class=\"fusion-text fusion-text-103 fusion-text-no-margin\" style=\"--awb-margin-bottom:0px;--awb-text-font-family:&quot;Roboto&quot;;--awb-text-font-style:normal;--awb-text-font-weight:700;\"><p><strong>Revue:<\/strong><\/p>\n<\/div><div class=\"fusion-text fusion-text-104\"><p>Journal of Alzheimer's Disease<\/p>\n<\/div><div class=\"fusion-separator fusion-full-width-sep\" style=\"align-self: center;margin-left: auto;margin-right: auto;flex-grow:1;width:100%;\"><\/div><div style=\"text-align:left;\"><a class=\"fusion-button button-flat fusion-button-default-size button-default fusion-button-default button-21 fusion-button-default-span fusion-button-default-type\" style=\"--button_margin-top:16px;--button_margin-bottom:8px;\" target=\"_self\" data-hover=\"bg_slide_right\" href=\"https:\/\/ccna-ccnv.ca\/fr\/ccna_publication\/bridging-integrator-1-bin1-rs6733839-and-sex-are-moderators-of-vascular-health-predictions-of-memory-aging-trajectories-2\/\"><span class=\"fusion-button-text awb-button__text awb-button__text--default\">Voir le r\u00e9sum\u00e9<\/span><\/a><\/div><\/div><\/li>\n<li class=\"fusion-layout-column fusion_builder_column fusion-builder-column-24 fusion-flex-column post-card fusion-grid-column fusion-post-cards-grid-column\" style=\"--awb-padding-top:48px;--awb-padding-right:48px;--awb-padding-bottom:48px;--awb-padding-left:48px;--awb-padding-right-small:24px;--awb-padding-left-small:24px;--awb-overflow:hidden;--awb-bg-size:cover;--awb-border-color:hsla(var(--awb-color8-h),var(--awb-color8-s),var(--awb-color8-l),calc(var(--awb-color8-a) - 75%));--awb-border-top:1px;--awb-border-right:1px;--awb-border-bottom:1px;--awb-border-left:1px;--awb-border-radius:30px 30px 30px 30px;\"><div class=\"fusion-column-wrapper fusion-flex-justify-content-flex-start fusion-content-layout-column\"><div class=\"fusion-text fusion-text-105\" style=\"--awb-font-size:var(--awb-typography4-font-size);--awb-line-height:var(--awb-typography4-line-height);--awb-letter-spacing:var(--awb-typography4-letter-spacing);--awb-text-color:var(--awb-color8);--awb-text-font-family:&quot;Roboto&quot;;--awb-text-font-style:normal;--awb-text-font-weight:700;\"><p>2022<\/p>\n<\/div><div class=\"fusion-title title fusion-title-25 fusion-sep-none fusion-title-text fusion-title-size-three fusion-animated\" style=\"--awb-text-color:var(--awb-color5);--awb-margin-top:0px;--awb-margin-bottom:24px;--awb-margin-top-small:0px;--awb-margin-bottom-small:24px;--awb-font-size:24px;\" data-animationType=\"fadeInDown\" data-animationDuration=\"1.0\" data-animationOffset=\"top-into-view\"><h3 class=\"fusion-title-heading title-heading-left fusion-responsive-typography-calculated\" style=\"margin:0;font-size:1em;text-transform:var(--awb-typography2-text-transform);--fontSize:24;--minFontSize:24;line-height:var(--awb-typography1-line-height);\"><a href=\"https:\/\/ccna-ccnv.ca\/fr\/ccna_publication\/serum-omega-3-fatty-acids-and-cognitive-domains-in-community-dwelling-older-adults-from-the-nuage-study-exploring-the-associations-with-other-fatty-acids-and-sex-2\/\" class=\"awb-custom-text-color awb-custom-text-hover-color\" target=\"_blank\">Serum omega-3 fatty acids and cognitive domains in community-dwelling older adults from the NuAge Study: Exploring the associations with other fatty acids and sex<\/a><\/h3><\/div><div class=\"fusion-text fusion-text-106 fusion-text-no-margin\" style=\"--awb-margin-bottom:0px;--awb-text-font-family:&quot;Roboto&quot;;--awb-text-font-style:normal;--awb-text-font-weight:700;\"><p><strong>Auteurs:<\/strong><\/p>\n<\/div><div class=\"fusion-text fusion-text-107\"><p>Duchaine C.S.**, Fiocco A.J*, Carmichael P.H, Cunnane S.C, Plourde M., Lampur\u00e9 A., All\u00e8s B., Belleville S.*, Gaudreau P.*, Presse N.*, Ferland G.*, Laurin D.*\u00a0<\/p>\n<\/div><div class=\"fusion-text fusion-text-108 fusion-text-no-margin\" style=\"--awb-margin-bottom:0px;--awb-text-font-family:&quot;Roboto&quot;;--awb-text-font-style:normal;--awb-text-font-weight:700;\"><p><strong>Revue:<\/strong><\/p>\n<\/div><div class=\"fusion-text fusion-text-109\"><p>Journal of Nutrition<\/p>\n<\/div><div class=\"fusion-separator fusion-full-width-sep\" style=\"align-self: center;margin-left: auto;margin-right: auto;flex-grow:1;width:100%;\"><\/div><div style=\"text-align:left;\"><a class=\"fusion-button button-flat fusion-button-default-size button-default fusion-button-default button-22 fusion-button-default-span fusion-button-default-type\" style=\"--button_margin-top:16px;--button_margin-bottom:8px;\" target=\"_self\" data-hover=\"bg_slide_right\" href=\"https:\/\/ccna-ccnv.ca\/fr\/ccna_publication\/serum-omega-3-fatty-acids-and-cognitive-domains-in-community-dwelling-older-adults-from-the-nuage-study-exploring-the-associations-with-other-fatty-acids-and-sex-2\/\"><span class=\"fusion-button-text awb-button__text awb-button__text--default\">Voir le r\u00e9sum\u00e9<\/span><\/a><\/div><\/div><\/li>\n<li class=\"fusion-layout-column fusion_builder_column fusion-builder-column-25 fusion-flex-column post-card fusion-grid-column fusion-post-cards-grid-column\" style=\"--awb-padding-top:48px;--awb-padding-right:48px;--awb-padding-bottom:48px;--awb-padding-left:48px;--awb-padding-right-small:24px;--awb-padding-left-small:24px;--awb-overflow:hidden;--awb-bg-size:cover;--awb-border-color:hsla(var(--awb-color8-h),var(--awb-color8-s),var(--awb-color8-l),calc(var(--awb-color8-a) - 75%));--awb-border-top:1px;--awb-border-right:1px;--awb-border-bottom:1px;--awb-border-left:1px;--awb-border-radius:30px 30px 30px 30px;\"><div class=\"fusion-column-wrapper fusion-flex-justify-content-flex-start fusion-content-layout-column\"><div class=\"fusion-text fusion-text-110\" style=\"--awb-font-size:var(--awb-typography4-font-size);--awb-line-height:var(--awb-typography4-line-height);--awb-letter-spacing:var(--awb-typography4-letter-spacing);--awb-text-color:var(--awb-color8);--awb-text-font-family:&quot;Roboto&quot;;--awb-text-font-style:normal;--awb-text-font-weight:700;\"><p>2022<\/p>\n<\/div><div class=\"fusion-title title fusion-title-26 fusion-sep-none fusion-title-text fusion-title-size-three fusion-animated\" style=\"--awb-text-color:var(--awb-color5);--awb-margin-top:0px;--awb-margin-bottom:24px;--awb-margin-top-small:0px;--awb-margin-bottom-small:24px;--awb-font-size:24px;\" data-animationType=\"fadeInDown\" data-animationDuration=\"1.0\" data-animationOffset=\"top-into-view\"><h3 class=\"fusion-title-heading title-heading-left fusion-responsive-typography-calculated\" style=\"margin:0;font-size:1em;text-transform:var(--awb-typography2-text-transform);--fontSize:24;--minFontSize:24;line-height:var(--awb-typography1-line-height);\"><a href=\"https:\/\/ccna-ccnv.ca\/fr\/ccna_publication\/sex-moderates-the-association-between-frailty-and-mild-behavioral-impairment\/\" class=\"awb-custom-text-color awb-custom-text-hover-color\" target=\"_blank\">Sex Moderates the Association between Frailty and Mild Behavioral Impairment<\/a><\/h3><\/div><div class=\"fusion-text fusion-text-111 fusion-text-no-margin\" style=\"--awb-margin-bottom:0px;--awb-text-font-family:&quot;Roboto&quot;;--awb-text-font-style:normal;--awb-text-font-weight:700;\"><p><strong>Auteurs:<\/strong><\/p>\n<\/div><div class=\"fusion-text fusion-text-112\"><p>D. X. Guan, K. Rockwood, E. E. Smith, Z. Ismail<\/p>\n<\/div><div class=\"fusion-text fusion-text-113 fusion-text-no-margin\" style=\"--awb-margin-bottom:0px;--awb-text-font-family:&quot;Roboto&quot;;--awb-text-font-style:normal;--awb-text-font-weight:700;\"><p><strong>Revue:<\/strong><\/p>\n<\/div><div class=\"fusion-text fusion-text-114\"><p>The Journal of Prevention of Alzheimer\u2019s Disease<\/p>\n<\/div><div class=\"fusion-separator fusion-full-width-sep\" style=\"align-self: center;margin-left: auto;margin-right: auto;flex-grow:1;width:100%;\"><\/div><div style=\"text-align:left;\"><a class=\"fusion-button button-flat fusion-button-default-size button-default fusion-button-default button-23 fusion-button-default-span fusion-button-default-type\" style=\"--button_margin-top:16px;--button_margin-bottom:8px;\" target=\"_self\" data-hover=\"bg_slide_right\" href=\"https:\/\/ccna-ccnv.ca\/fr\/ccna_publication\/sex-moderates-the-association-between-frailty-and-mild-behavioral-impairment\/\"><span class=\"fusion-button-text awb-button__text awb-button__text--default\">Voir le r\u00e9sum\u00e9<\/span><\/a><\/div><\/div><\/li>\n<li class=\"fusion-layout-column fusion_builder_column fusion-builder-column-26 fusion-flex-column post-card fusion-grid-column fusion-post-cards-grid-column\" style=\"--awb-padding-top:48px;--awb-padding-right:48px;--awb-padding-bottom:48px;--awb-padding-left:48px;--awb-padding-right-small:24px;--awb-padding-left-small:24px;--awb-overflow:hidden;--awb-bg-size:cover;--awb-border-color:hsla(var(--awb-color8-h),var(--awb-color8-s),var(--awb-color8-l),calc(var(--awb-color8-a) - 75%));--awb-border-top:1px;--awb-border-right:1px;--awb-border-bottom:1px;--awb-border-left:1px;--awb-border-radius:30px 30px 30px 30px;\"><div class=\"fusion-column-wrapper fusion-flex-justify-content-flex-start fusion-content-layout-column\"><div class=\"fusion-text fusion-text-115\" style=\"--awb-font-size:var(--awb-typography4-font-size);--awb-line-height:var(--awb-typography4-line-height);--awb-letter-spacing:var(--awb-typography4-letter-spacing);--awb-text-color:var(--awb-color8);--awb-text-font-family:&quot;Roboto&quot;;--awb-text-font-style:normal;--awb-text-font-weight:700;\"><p>2021<\/p>\n<\/div><div class=\"fusion-title title fusion-title-27 fusion-sep-none fusion-title-text fusion-title-size-three fusion-animated\" style=\"--awb-text-color:var(--awb-color5);--awb-margin-top:0px;--awb-margin-bottom:24px;--awb-margin-top-small:0px;--awb-margin-bottom-small:24px;--awb-font-size:24px;\" data-animationType=\"fadeInDown\" data-animationDuration=\"1.0\" data-animationOffset=\"top-into-view\"><h3 class=\"fusion-title-heading title-heading-left fusion-responsive-typography-calculated\" style=\"margin:0;font-size:1em;text-transform:var(--awb-typography2-text-transform);--fontSize:24;--minFontSize:24;line-height:var(--awb-typography1-line-height);\"><a href=\"https:\/\/ccna-ccnv.ca\/fr\/ccna_publication\/sex-related-differences-in-the-associations-between-montreal-cognitive-assessment-scores-and-pure-tone-measures-of-hearing-2\/\" class=\"awb-custom-text-color awb-custom-text-hover-color\" target=\"_blank\">Sex-Related Differences in the Associations Between Montreal Cognitive Assessment Scores and Pure-Tone Measures of Hearing<\/a><\/h3><\/div><div class=\"fusion-text fusion-text-116 fusion-text-no-margin\" style=\"--awb-margin-bottom:0px;--awb-text-font-family:&quot;Roboto&quot;;--awb-text-font-style:normal;--awb-text-font-weight:700;\"><p><strong>Auteurs:<\/strong><\/p>\n<\/div><div class=\"fusion-text fusion-text-117\"><p>Al-Yawer, F.**, Bruce, H., Li, K., Pichora-Fuller, M. K.*, & Phillips, N. A.*<\/p>\n<\/div><div class=\"fusion-text fusion-text-118 fusion-text-no-margin\" style=\"--awb-margin-bottom:0px;--awb-text-font-family:&quot;Roboto&quot;;--awb-text-font-style:normal;--awb-text-font-weight:700;\"><p><strong>Revue:<\/strong><\/p>\n<\/div><div class=\"fusion-text fusion-text-119\"><p>American Journal of Audiology<\/p>\n<\/div><div class=\"fusion-separator fusion-full-width-sep\" style=\"align-self: center;margin-left: auto;margin-right: auto;flex-grow:1;width:100%;\"><\/div><div style=\"text-align:left;\"><a class=\"fusion-button button-flat fusion-button-default-size button-default fusion-button-default button-24 fusion-button-default-span fusion-button-default-type\" style=\"--button_margin-top:16px;--button_margin-bottom:8px;\" target=\"_self\" data-hover=\"bg_slide_right\" href=\"https:\/\/ccna-ccnv.ca\/fr\/ccna_publication\/sex-related-differences-in-the-associations-between-montreal-cognitive-assessment-scores-and-pure-tone-measures-of-hearing-2\/\"><span class=\"fusion-button-text awb-button__text awb-button__text--default\">Voir le r\u00e9sum\u00e9<\/span><\/a><\/div><\/div><\/li>\n<li class=\"fusion-layout-column fusion_builder_column fusion-builder-column-27 fusion-flex-column post-card fusion-grid-column fusion-post-cards-grid-column\" style=\"--awb-padding-top:48px;--awb-padding-right:48px;--awb-padding-bottom:48px;--awb-padding-left:48px;--awb-padding-right-small:24px;--awb-padding-left-small:24px;--awb-overflow:hidden;--awb-bg-size:cover;--awb-border-color:hsla(var(--awb-color8-h),var(--awb-color8-s),var(--awb-color8-l),calc(var(--awb-color8-a) - 75%));--awb-border-top:1px;--awb-border-right:1px;--awb-border-bottom:1px;--awb-border-left:1px;--awb-border-radius:30px 30px 30px 30px;\"><div class=\"fusion-column-wrapper fusion-flex-justify-content-flex-start fusion-content-layout-column\"><div class=\"fusion-text fusion-text-120\" style=\"--awb-font-size:var(--awb-typography4-font-size);--awb-line-height:var(--awb-typography4-line-height);--awb-letter-spacing:var(--awb-typography4-letter-spacing);--awb-text-color:var(--awb-color8);--awb-text-font-family:&quot;Roboto&quot;;--awb-text-font-style:normal;--awb-text-font-weight:700;\"><p>2020<\/p>\n<\/div><div class=\"fusion-title title fusion-title-28 fusion-sep-none fusion-title-text fusion-title-size-three fusion-animated\" style=\"--awb-text-color:var(--awb-color5);--awb-margin-top:0px;--awb-margin-bottom:24px;--awb-margin-top-small:0px;--awb-margin-bottom-small:24px;--awb-font-size:24px;\" data-animationType=\"fadeInDown\" data-animationDuration=\"1.0\" data-animationOffset=\"top-into-view\"><h3 class=\"fusion-title-heading title-heading-left fusion-responsive-typography-calculated\" style=\"margin:0;font-size:1em;text-transform:var(--awb-typography2-text-transform);--fontSize:24;--minFontSize:24;line-height:var(--awb-typography1-line-height);\"><a href=\"https:\/\/ccna-ccnv.ca\/fr\/ccna_publication\/race-and-sex-based-disparities-in-alzheimers-disease-clinical-trial-enrollment-in-the-united-states-and-canada-an-indigenous-perspective-2\/\" class=\"awb-custom-text-color awb-custom-text-hover-color\" target=\"_blank\">Race- and Sex-Based Disparities in Alzheimer\u2019s Disease Clinical Trial Enrollment in the United States and Canada: An Indigenous Perspective<\/a><\/h3><\/div><div class=\"fusion-text fusion-text-121 fusion-text-no-margin\" style=\"--awb-margin-bottom:0px;--awb-text-font-family:&quot;Roboto&quot;;--awb-text-font-style:normal;--awb-text-font-weight:700;\"><p><strong>Auteurs:<\/strong><\/p>\n<\/div><div class=\"fusion-text fusion-text-122\"><p>Olson NL, Albensi BC*<\/p>\n<\/div><div class=\"fusion-text fusion-text-123 fusion-text-no-margin\" style=\"--awb-margin-bottom:0px;--awb-text-font-family:&quot;Roboto&quot;;--awb-text-font-style:normal;--awb-text-font-weight:700;\"><p><strong>Revue:<\/strong><\/p>\n<\/div><div class=\"fusion-text fusion-text-124\"><p>Journbal of Alzheimer's Disease Reports<\/p>\n<\/div><div class=\"fusion-separator fusion-full-width-sep\" style=\"align-self: center;margin-left: auto;margin-right: auto;flex-grow:1;width:100%;\"><\/div><div style=\"text-align:left;\"><a class=\"fusion-button button-flat fusion-button-default-size button-default fusion-button-default button-25 fusion-button-default-span fusion-button-default-type\" style=\"--button_margin-top:16px;--button_margin-bottom:8px;\" target=\"_self\" data-hover=\"bg_slide_right\" href=\"https:\/\/ccna-ccnv.ca\/fr\/ccna_publication\/race-and-sex-based-disparities-in-alzheimers-disease-clinical-trial-enrollment-in-the-united-states-and-canada-an-indigenous-perspective-2\/\"><span class=\"fusion-button-text awb-button__text awb-button__text--default\">Voir le r\u00e9sum\u00e9<\/span><\/a><\/div><\/div><\/li>\n<li class=\"fusion-layout-column fusion_builder_column fusion-builder-column-28 fusion-flex-column post-card fusion-grid-column fusion-post-cards-grid-column\" style=\"--awb-padding-top:48px;--awb-padding-right:48px;--awb-padding-bottom:48px;--awb-padding-left:48px;--awb-padding-right-small:24px;--awb-padding-left-small:24px;--awb-overflow:hidden;--awb-bg-size:cover;--awb-border-color:hsla(var(--awb-color8-h),var(--awb-color8-s),var(--awb-color8-l),calc(var(--awb-color8-a) - 75%));--awb-border-top:1px;--awb-border-right:1px;--awb-border-bottom:1px;--awb-border-left:1px;--awb-border-radius:30px 30px 30px 30px;\"><div class=\"fusion-column-wrapper fusion-flex-justify-content-flex-start fusion-content-layout-column\"><div class=\"fusion-text fusion-text-125\" style=\"--awb-font-size:var(--awb-typography4-font-size);--awb-line-height:var(--awb-typography4-line-height);--awb-letter-spacing:var(--awb-typography4-letter-spacing);--awb-text-color:var(--awb-color8);--awb-text-font-family:&quot;Roboto&quot;;--awb-text-font-style:normal;--awb-text-font-weight:700;\"><p>2021<\/p>\n<\/div><div class=\"fusion-title title fusion-title-29 fusion-sep-none fusion-title-text fusion-title-size-three fusion-animated\" style=\"--awb-text-color:var(--awb-color5);--awb-margin-top:0px;--awb-margin-bottom:24px;--awb-margin-top-small:0px;--awb-margin-bottom-small:24px;--awb-font-size:24px;\" data-animationType=\"fadeInDown\" data-animationDuration=\"1.0\" data-animationOffset=\"top-into-view\"><h3 class=\"fusion-title-heading title-heading-left fusion-responsive-typography-calculated\" style=\"margin:0;font-size:1em;text-transform:var(--awb-typography2-text-transform);--fontSize:24;--minFontSize:24;line-height:var(--awb-typography1-line-height);\"><a href=\"https:\/\/ccna-ccnv.ca\/fr\/ccna_publication\/interactive-rather-than-independent-effect-of-apoe%ce%b54-and-sex-potentiates-tau-deposition-in-women-2\/\" class=\"awb-custom-text-color awb-custom-text-hover-color\" target=\"_blank\">Interactive rather than Independent Effect of APOE\u03b54 and Sex Potentiates Tau Deposition in Women<\/a><\/h3><\/div><div class=\"fusion-text fusion-text-126 fusion-text-no-margin\" style=\"--awb-margin-bottom:0px;--awb-text-font-family:&quot;Roboto&quot;;--awb-text-font-style:normal;--awb-text-font-weight:700;\"><p><strong>Auteurs:<\/strong><\/p>\n<\/div><div class=\"fusion-text fusion-text-127\"><p>Wang YTT, Pascoal TA, Therriault J, Kang MS, Benedet AL*, Savard M, Tissot C, Lussier FZ, Arias JF, Mathotaarachchi S, Rajah MN*, Gauthier S* and Rosa-Neto P* for the Alzheimer\u2019s Disease Neuroimaging Initiative<\/p>\n<\/div><div class=\"fusion-text fusion-text-128 fusion-text-no-margin\" style=\"--awb-margin-bottom:0px;--awb-text-font-family:&quot;Roboto&quot;;--awb-text-font-style:normal;--awb-text-font-weight:700;\"><p><strong>Revue:<\/strong><\/p>\n<\/div><div class=\"fusion-text fusion-text-129\"><p>Brain Communications<\/p>\n<\/div><div class=\"fusion-separator fusion-full-width-sep\" style=\"align-self: center;margin-left: auto;margin-right: auto;flex-grow:1;width:100%;\"><\/div><div style=\"text-align:left;\"><a class=\"fusion-button button-flat fusion-button-default-size button-default fusion-button-default button-26 fusion-button-default-span fusion-button-default-type\" style=\"--button_margin-top:16px;--button_margin-bottom:8px;\" target=\"_self\" data-hover=\"bg_slide_right\" href=\"https:\/\/ccna-ccnv.ca\/fr\/ccna_publication\/interactive-rather-than-independent-effect-of-apoe%ce%b54-and-sex-potentiates-tau-deposition-in-women-2\/\"><span class=\"fusion-button-text awb-button__text awb-button__text--default\">Voir le r\u00e9sum\u00e9<\/span><\/a><\/div><\/div><\/li>\n<li class=\"fusion-layout-column fusion_builder_column fusion-builder-column-29 fusion-flex-column post-card fusion-grid-column fusion-post-cards-grid-column\" style=\"--awb-padding-top:48px;--awb-padding-right:48px;--awb-padding-bottom:48px;--awb-padding-left:48px;--awb-padding-right-small:24px;--awb-padding-left-small:24px;--awb-overflow:hidden;--awb-bg-size:cover;--awb-border-color:hsla(var(--awb-color8-h),var(--awb-color8-s),var(--awb-color8-l),calc(var(--awb-color8-a) - 75%));--awb-border-top:1px;--awb-border-right:1px;--awb-border-bottom:1px;--awb-border-left:1px;--awb-border-radius:30px 30px 30px 30px;\"><div class=\"fusion-column-wrapper fusion-flex-justify-content-flex-start fusion-content-layout-column\"><div class=\"fusion-text fusion-text-130\" style=\"--awb-font-size:var(--awb-typography4-font-size);--awb-line-height:var(--awb-typography4-line-height);--awb-letter-spacing:var(--awb-typography4-letter-spacing);--awb-text-color:var(--awb-color8);--awb-text-font-family:&quot;Roboto&quot;;--awb-text-font-style:normal;--awb-text-font-weight:700;\"><p>2020<\/p>\n<\/div><div class=\"fusion-title title fusion-title-30 fusion-sep-none fusion-title-text fusion-title-size-three fusion-animated\" style=\"--awb-text-color:var(--awb-color5);--awb-margin-top:0px;--awb-margin-bottom:24px;--awb-margin-top-small:0px;--awb-margin-bottom-small:24px;--awb-font-size:24px;\" data-animationType=\"fadeInDown\" data-animationDuration=\"1.0\" data-animationOffset=\"top-into-view\"><h3 class=\"fusion-title-heading title-heading-left fusion-responsive-typography-calculated\" style=\"margin:0;font-size:1em;text-transform:var(--awb-typography2-text-transform);--fontSize:24;--minFontSize:24;line-height:var(--awb-typography1-line-height);\"><a href=\"https:\/\/ccna-ccnv.ca\/fr\/ccna_publication\/infiltrating-hematogenous-macrophages-aggregate-around-%ce%b2-amyloid-plaques-in-an-age-and-sex-dependent-manner-in-a-mouse-model-of-alzheimer-disease-2\/\" class=\"awb-custom-text-color awb-custom-text-hover-color\" target=\"_blank\">Infiltrating Hematogenous Macrophages Aggregate Around \u03b2-Amyloid Plaques in an Age- and Sex-Dependent Manner in a Mouse Model of Alzheimer Disease<\/a><\/h3><\/div><div class=\"fusion-text fusion-text-131 fusion-text-no-margin\" style=\"--awb-margin-bottom:0px;--awb-text-font-family:&quot;Roboto&quot;;--awb-text-font-style:normal;--awb-text-font-weight:700;\"><p><strong>Auteurs:<\/strong><\/p>\n<\/div><div class=\"fusion-text fusion-text-132\"><p>Kozyrev N, Albers S, Yang J, Prado VF*, Prado MAM*, Fonseca GJ, Rylett RJ, Debakan GA*<\/p>\n<\/div><div class=\"fusion-text fusion-text-133 fusion-text-no-margin\" style=\"--awb-margin-bottom:0px;--awb-text-font-family:&quot;Roboto&quot;;--awb-text-font-style:normal;--awb-text-font-weight:700;\"><p><strong>Revue:<\/strong><\/p>\n<\/div><div class=\"fusion-text fusion-text-134\"><p>Journal of Neuropathology & Experimental Neurology<\/p>\n<\/div><div class=\"fusion-separator fusion-full-width-sep\" style=\"align-self: center;margin-left: auto;margin-right: auto;flex-grow:1;width:100%;\"><\/div><div style=\"text-align:left;\"><a class=\"fusion-button button-flat fusion-button-default-size button-default fusion-button-default button-27 fusion-button-default-span fusion-button-default-type\" style=\"--button_margin-top:16px;--button_margin-bottom:8px;\" target=\"_self\" data-hover=\"bg_slide_right\" href=\"https:\/\/ccna-ccnv.ca\/fr\/ccna_publication\/infiltrating-hematogenous-macrophages-aggregate-around-%ce%b2-amyloid-plaques-in-an-age-and-sex-dependent-manner-in-a-mouse-model-of-alzheimer-disease-2\/\"><span class=\"fusion-button-text awb-button__text awb-button__text--default\">Voir le r\u00e9sum\u00e9<\/span><\/a><\/div><\/div><\/li>\n<li class=\"fusion-layout-column fusion_builder_column fusion-builder-column-30 fusion-flex-column post-card fusion-grid-column fusion-post-cards-grid-column\" style=\"--awb-padding-top:48px;--awb-padding-right:48px;--awb-padding-bottom:48px;--awb-padding-left:48px;--awb-padding-right-small:24px;--awb-padding-left-small:24px;--awb-overflow:hidden;--awb-bg-size:cover;--awb-border-color:hsla(var(--awb-color8-h),var(--awb-color8-s),var(--awb-color8-l),calc(var(--awb-color8-a) - 75%));--awb-border-top:1px;--awb-border-right:1px;--awb-border-bottom:1px;--awb-border-left:1px;--awb-border-radius:30px 30px 30px 30px;\"><div class=\"fusion-column-wrapper fusion-flex-justify-content-flex-start fusion-content-layout-column\"><div class=\"fusion-text fusion-text-135\" style=\"--awb-font-size:var(--awb-typography4-font-size);--awb-line-height:var(--awb-typography4-line-height);--awb-letter-spacing:var(--awb-typography4-letter-spacing);--awb-text-color:var(--awb-color8);--awb-text-font-family:&quot;Roboto&quot;;--awb-text-font-style:normal;--awb-text-font-weight:700;\"><p>2021<\/p>\n<\/div><div class=\"fusion-title title fusion-title-31 fusion-sep-none fusion-title-text fusion-title-size-three fusion-animated\" style=\"--awb-text-color:var(--awb-color5);--awb-margin-top:0px;--awb-margin-bottom:24px;--awb-margin-top-small:0px;--awb-margin-bottom-small:24px;--awb-font-size:24px;\" data-animationType=\"fadeInDown\" data-animationDuration=\"1.0\" data-animationOffset=\"top-into-view\"><h3 class=\"fusion-title-heading title-heading-left fusion-responsive-typography-calculated\" style=\"margin:0;font-size:1em;text-transform:var(--awb-typography2-text-transform);--fontSize:24;--minFontSize:24;line-height:var(--awb-typography1-line-height);\"><a href=\"https:\/\/ccna-ccnv.ca\/fr\/ccna_publication\/association-of-sex-differences-in-dementia-risk-factors-with-sex-differences-in-memory-decline-in-three-population-based-cohorts-spanning-20-76-years-2\/\" class=\"awb-custom-text-color awb-custom-text-hover-color\" target=\"_blank\">Association of sex differences in dementia risk factors with sex differences in memory decline in three population-based cohorts spanning 20-76 years<\/a><\/h3><\/div><div class=\"fusion-text fusion-text-136 fusion-text-no-margin\" style=\"--awb-margin-bottom:0px;--awb-text-font-family:&quot;Roboto&quot;;--awb-text-font-style:normal;--awb-text-font-weight:700;\"><p><strong>Auteurs:<\/strong><\/p>\n<\/div><div class=\"fusion-text fusion-text-137\"><p>Anstey KJ, Peters R, Mortby ME, Kiely KM, Eramudugolla R, Cherbuin N, Huque H, Dixon RA*<\/p>\n<\/div><div class=\"fusion-text fusion-text-138 fusion-text-no-margin\" style=\"--awb-margin-bottom:0px;--awb-text-font-family:&quot;Roboto&quot;;--awb-text-font-style:normal;--awb-text-font-weight:700;\"><p><strong>Revue:<\/strong><\/p>\n<\/div><div class=\"fusion-text fusion-text-139\"><p>Scientific Reports<\/p>\n<\/div><div class=\"fusion-separator fusion-full-width-sep\" style=\"align-self: center;margin-left: auto;margin-right: auto;flex-grow:1;width:100%;\"><\/div><div style=\"text-align:left;\"><a class=\"fusion-button button-flat fusion-button-default-size button-default fusion-button-default button-28 fusion-button-default-span fusion-button-default-type\" style=\"--button_margin-top:16px;--button_margin-bottom:8px;\" target=\"_self\" data-hover=\"bg_slide_right\" href=\"https:\/\/ccna-ccnv.ca\/fr\/ccna_publication\/association-of-sex-differences-in-dementia-risk-factors-with-sex-differences-in-memory-decline-in-three-population-based-cohorts-spanning-20-76-years-2\/\"><span class=\"fusion-button-text awb-button__text awb-button__text--default\">Voir le r\u00e9sum\u00e9<\/span><\/a><\/div><\/div><\/li>\n<li class=\"fusion-layout-column fusion_builder_column fusion-builder-column-31 fusion-flex-column post-card fusion-grid-column fusion-post-cards-grid-column\" style=\"--awb-padding-top:48px;--awb-padding-right:48px;--awb-padding-bottom:48px;--awb-padding-left:48px;--awb-padding-right-small:24px;--awb-padding-left-small:24px;--awb-overflow:hidden;--awb-bg-size:cover;--awb-border-color:hsla(var(--awb-color8-h),var(--awb-color8-s),var(--awb-color8-l),calc(var(--awb-color8-a) - 75%));--awb-border-top:1px;--awb-border-right:1px;--awb-border-bottom:1px;--awb-border-left:1px;--awb-border-radius:30px 30px 30px 30px;\"><div class=\"fusion-column-wrapper fusion-flex-justify-content-flex-start fusion-content-layout-column\"><div class=\"fusion-text fusion-text-140\" style=\"--awb-font-size:var(--awb-typography4-font-size);--awb-line-height:var(--awb-typography4-line-height);--awb-letter-spacing:var(--awb-typography4-letter-spacing);--awb-text-color:var(--awb-color8);--awb-text-font-family:&quot;Roboto&quot;;--awb-text-font-style:normal;--awb-text-font-weight:700;\"><p>2021<\/p>\n<\/div><div class=\"fusion-title title fusion-title-32 fusion-sep-none fusion-title-text fusion-title-size-three fusion-animated\" style=\"--awb-text-color:var(--awb-color5);--awb-margin-top:0px;--awb-margin-bottom:24px;--awb-margin-top-small:0px;--awb-margin-bottom-small:24px;--awb-font-size:24px;\" data-animationType=\"fadeInDown\" data-animationDuration=\"1.0\" data-animationOffset=\"top-into-view\"><h3 class=\"fusion-title-heading title-heading-left fusion-responsive-typography-calculated\" style=\"margin:0;font-size:1em;text-transform:var(--awb-typography2-text-transform);--fontSize:24;--minFontSize:24;line-height:var(--awb-typography1-line-height);\"><a href=\"https:\/\/ccna-ccnv.ca\/fr\/ccna_publication\/sex-differences-in-brain-aging-among-adults-with-family-history-of-alzheimers-disease-and-apoe4-genetic-risk-2\/\" class=\"awb-custom-text-color awb-custom-text-hover-color\" target=\"_blank\">Sex differences in brain aging among adults with family history of Alzheimer\u2019s disease and APOE4 genetic risk<\/a><\/h3><\/div><div class=\"fusion-text fusion-text-141 fusion-text-no-margin\" style=\"--awb-margin-bottom:0px;--awb-text-font-family:&quot;Roboto&quot;;--awb-text-font-style:normal;--awb-text-font-weight:700;\"><p><strong>Auteurs:<\/strong><\/p>\n<\/div><div class=\"fusion-text fusion-text-142\"><p>Subramaniapillai S, Rajagopal S, Snytte J, Otto AR, the PREVENT-AD Research Group, Einstein G*, Rajah MN*<\/p>\n<\/div><div class=\"fusion-text fusion-text-143 fusion-text-no-margin\" style=\"--awb-margin-bottom:0px;--awb-text-font-family:&quot;Roboto&quot;;--awb-text-font-style:normal;--awb-text-font-weight:700;\"><p><strong>Revue:<\/strong><\/p>\n<\/div><div class=\"fusion-text fusion-text-144\"><p>NeuroImage: Clinical<\/p>\n<\/div><div class=\"fusion-separator fusion-full-width-sep\" style=\"align-self: center;margin-left: auto;margin-right: auto;flex-grow:1;width:100%;\"><\/div><div style=\"text-align:left;\"><a class=\"fusion-button button-flat fusion-button-default-size button-default fusion-button-default button-29 fusion-button-default-span fusion-button-default-type\" style=\"--button_margin-top:16px;--button_margin-bottom:8px;\" target=\"_self\" data-hover=\"bg_slide_right\" href=\"https:\/\/ccna-ccnv.ca\/fr\/ccna_publication\/sex-differences-in-brain-aging-among-adults-with-family-history-of-alzheimers-disease-and-apoe4-genetic-risk-2\/\"><span class=\"fusion-button-text awb-button__text awb-button__text--default\">Voir le r\u00e9sum\u00e9<\/span><\/a><\/div><\/div><\/li>\n<li class=\"fusion-layout-column fusion_builder_column fusion-builder-column-32 fusion-flex-column post-card fusion-grid-column fusion-post-cards-grid-column\" style=\"--awb-padding-top:48px;--awb-padding-right:48px;--awb-padding-bottom:48px;--awb-padding-left:48px;--awb-padding-right-small:24px;--awb-padding-left-small:24px;--awb-overflow:hidden;--awb-bg-size:cover;--awb-border-color:hsla(var(--awb-color8-h),var(--awb-color8-s),var(--awb-color8-l),calc(var(--awb-color8-a) - 75%));--awb-border-top:1px;--awb-border-right:1px;--awb-border-bottom:1px;--awb-border-left:1px;--awb-border-radius:30px 30px 30px 30px;\"><div class=\"fusion-column-wrapper fusion-flex-justify-content-flex-start fusion-content-layout-column\"><div class=\"fusion-text fusion-text-145\" style=\"--awb-font-size:var(--awb-typography4-font-size);--awb-line-height:var(--awb-typography4-line-height);--awb-letter-spacing:var(--awb-typography4-letter-spacing);--awb-text-color:var(--awb-color8);--awb-text-font-family:&quot;Roboto&quot;;--awb-text-font-style:normal;--awb-text-font-weight:700;\"><p>2020<\/p>\n<\/div><div class=\"fusion-title title fusion-title-33 fusion-sep-none fusion-title-text fusion-title-size-three fusion-animated\" style=\"--awb-text-color:var(--awb-color5);--awb-margin-top:0px;--awb-margin-bottom:24px;--awb-margin-top-small:0px;--awb-margin-bottom-small:24px;--awb-font-size:24px;\" data-animationType=\"fadeInDown\" data-animationDuration=\"1.0\" data-animationOffset=\"top-into-view\"><h3 class=\"fusion-title-heading title-heading-left fusion-responsive-typography-calculated\" style=\"margin:0;font-size:1em;text-transform:var(--awb-typography2-text-transform);--fontSize:24;--minFontSize:24;line-height:var(--awb-typography1-line-height);\"><a href=\"https:\/\/ccna-ccnv.ca\/fr\/ccna_publication\/sex-and-gender-differences-in-cognitive-and-brain-reserve-implications-for-alzheimers-disease-in-women-2\/\" class=\"awb-custom-text-color awb-custom-text-hover-color\" target=\"_blank\">Sex and gender differences in cognitive and brain reserve: Implications for Alzheimer\u2019s disease in women<\/a><\/h3><\/div><div class=\"fusion-text fusion-text-146 fusion-text-no-margin\" style=\"--awb-margin-bottom:0px;--awb-text-font-family:&quot;Roboto&quot;;--awb-text-font-style:normal;--awb-text-font-weight:700;\"><p><strong>Auteurs:<\/strong><\/p>\n<\/div><div class=\"fusion-text fusion-text-147\"><p>Subramaniapillai S, Almey A, Rajah MN*, Einstein G*<\/p>\n<\/div><div class=\"fusion-text fusion-text-148 fusion-text-no-margin\" style=\"--awb-margin-bottom:0px;--awb-text-font-family:&quot;Roboto&quot;;--awb-text-font-style:normal;--awb-text-font-weight:700;\"><p><strong>Revue:<\/strong><\/p>\n<\/div><div class=\"fusion-text fusion-text-149\"><p>Frontiers in Neuroendocrinology<\/p>\n<\/div><div class=\"fusion-separator fusion-full-width-sep\" style=\"align-self: center;margin-left: auto;margin-right: auto;flex-grow:1;width:100%;\"><\/div><div style=\"text-align:left;\"><a class=\"fusion-button button-flat fusion-button-default-size button-default fusion-button-default button-30 fusion-button-default-span fusion-button-default-type\" style=\"--button_margin-top:16px;--button_margin-bottom:8px;\" target=\"_self\" data-hover=\"bg_slide_right\" href=\"https:\/\/ccna-ccnv.ca\/fr\/ccna_publication\/sex-and-gender-differences-in-cognitive-and-brain-reserve-implications-for-alzheimers-disease-in-women-2\/\"><span class=\"fusion-button-text awb-button__text awb-button__text--default\">Voir le r\u00e9sum\u00e9<\/span><\/a><\/div><\/div><\/li>\n<li class=\"fusion-layout-column fusion_builder_column fusion-builder-column-33 fusion-flex-column post-card fusion-grid-column fusion-post-cards-grid-column\" style=\"--awb-padding-top:48px;--awb-padding-right:48px;--awb-padding-bottom:48px;--awb-padding-left:48px;--awb-padding-right-small:24px;--awb-padding-left-small:24px;--awb-overflow:hidden;--awb-bg-size:cover;--awb-border-color:hsla(var(--awb-color8-h),var(--awb-color8-s),var(--awb-color8-l),calc(var(--awb-color8-a) - 75%));--awb-border-top:1px;--awb-border-right:1px;--awb-border-bottom:1px;--awb-border-left:1px;--awb-border-radius:30px 30px 30px 30px;\"><div class=\"fusion-column-wrapper fusion-flex-justify-content-flex-start fusion-content-layout-column\"><div class=\"fusion-text fusion-text-150\" style=\"--awb-font-size:var(--awb-typography4-font-size);--awb-line-height:var(--awb-typography4-line-height);--awb-letter-spacing:var(--awb-typography4-letter-spacing);--awb-text-color:var(--awb-color8);--awb-text-font-family:&quot;Roboto&quot;;--awb-text-font-style:normal;--awb-text-font-weight:700;\"><p>2020<\/p>\n<\/div><div class=\"fusion-title title fusion-title-34 fusion-sep-none fusion-title-text fusion-title-size-three fusion-animated\" style=\"--awb-text-color:var(--awb-color5);--awb-margin-top:0px;--awb-margin-bottom:24px;--awb-margin-top-small:0px;--awb-margin-bottom-small:24px;--awb-font-size:24px;\" data-animationType=\"fadeInDown\" data-animationDuration=\"1.0\" data-animationOffset=\"top-into-view\"><h3 class=\"fusion-title-heading title-heading-left fusion-responsive-typography-calculated\" style=\"margin:0;font-size:1em;text-transform:var(--awb-typography2-text-transform);--fontSize:24;--minFontSize:24;line-height:var(--awb-typography1-line-height);\"><a href=\"https:\/\/ccna-ccnv.ca\/fr\/ccna_publication\/a-new-role-for-matrix-metalloproteinase-3-in-the-ngf-metabolic-pathway-proteolysis-of-mature-ngf-and-sex-specific-differences-in-the-continuum-of-alzheimers-pathology-2\/\" class=\"awb-custom-text-color awb-custom-text-hover-color\" target=\"_blank\">A new role for matrix metalloproteinase-3 in the NGF metabolic pathway: Proteolysis of mature NGF and sex-specific differences in the continuum of Alzheimer&rsquo;s pathology<\/a><\/h3><\/div><div class=\"fusion-text fusion-text-151 fusion-text-no-margin\" style=\"--awb-margin-bottom:0px;--awb-text-font-family:&quot;Roboto&quot;;--awb-text-font-style:normal;--awb-text-font-weight:700;\"><p><strong>Auteurs:<\/strong><\/p>\n<\/div><div class=\"fusion-text fusion-text-152\"><p>Pentz R, Iulita MF, Mikutra-Cencora M, Ducatenzeiler A, Benett DA, Cuello AC*<\/p>\n<\/div><div class=\"fusion-text fusion-text-153 fusion-text-no-margin\" style=\"--awb-margin-bottom:0px;--awb-text-font-family:&quot;Roboto&quot;;--awb-text-font-style:normal;--awb-text-font-weight:700;\"><p><strong>Revue:<\/strong><\/p>\n<\/div><div class=\"fusion-text fusion-text-154\"><p>Neurobiology of Disease<\/p>\n<\/div><div class=\"fusion-separator fusion-full-width-sep\" style=\"align-self: center;margin-left: auto;margin-right: auto;flex-grow:1;width:100%;\"><\/div><div style=\"text-align:left;\"><a class=\"fusion-button button-flat fusion-button-default-size button-default fusion-button-default button-31 fusion-button-default-span fusion-button-default-type\" style=\"--button_margin-top:16px;--button_margin-bottom:8px;\" target=\"_self\" data-hover=\"bg_slide_right\" href=\"https:\/\/ccna-ccnv.ca\/fr\/ccna_publication\/a-new-role-for-matrix-metalloproteinase-3-in-the-ngf-metabolic-pathway-proteolysis-of-mature-ngf-and-sex-specific-differences-in-the-continuum-of-alzheimers-pathology-2\/\"><span class=\"fusion-button-text awb-button__text awb-button__text--default\">Voir le r\u00e9sum\u00e9<\/span><\/a><\/div><\/div><\/li>\n<li class=\"fusion-layout-column fusion_builder_column fusion-builder-column-34 fusion-flex-column post-card fusion-grid-column fusion-post-cards-grid-column\" style=\"--awb-padding-top:48px;--awb-padding-right:48px;--awb-padding-bottom:48px;--awb-padding-left:48px;--awb-padding-right-small:24px;--awb-padding-left-small:24px;--awb-overflow:hidden;--awb-bg-size:cover;--awb-border-color:hsla(var(--awb-color8-h),var(--awb-color8-s),var(--awb-color8-l),calc(var(--awb-color8-a) - 75%));--awb-border-top:1px;--awb-border-right:1px;--awb-border-bottom:1px;--awb-border-left:1px;--awb-border-radius:30px 30px 30px 30px;\"><div class=\"fusion-column-wrapper fusion-flex-justify-content-flex-start fusion-content-layout-column\"><div class=\"fusion-text fusion-text-155\" style=\"--awb-font-size:var(--awb-typography4-font-size);--awb-line-height:var(--awb-typography4-line-height);--awb-letter-spacing:var(--awb-typography4-letter-spacing);--awb-text-color:var(--awb-color8);--awb-text-font-family:&quot;Roboto&quot;;--awb-text-font-style:normal;--awb-text-font-weight:700;\"><p>2020<\/p>\n<\/div><div class=\"fusion-title title fusion-title-35 fusion-sep-none fusion-title-text fusion-title-size-three fusion-animated\" style=\"--awb-text-color:var(--awb-color5);--awb-margin-top:0px;--awb-margin-bottom:24px;--awb-margin-top-small:0px;--awb-margin-bottom-small:24px;--awb-font-size:24px;\" data-animationType=\"fadeInDown\" data-animationDuration=\"1.0\" data-animationOffset=\"top-into-view\"><h3 class=\"fusion-title-heading title-heading-left fusion-responsive-typography-calculated\" style=\"margin:0;font-size:1em;text-transform:var(--awb-typography2-text-transform);--fontSize:24;--minFontSize:24;line-height:var(--awb-typography1-line-height);\"><a href=\"https:\/\/ccna-ccnv.ca\/fr\/ccna_publication\/sex-differences-in-the-management-of-persons-with-dementia-following-a-subnational-primary-care-policy-intervention-2\/\" class=\"awb-custom-text-color awb-custom-text-hover-color\" target=\"_blank\">Sex differences in the management of persons with dementia following a subnational primary care policy intervention<\/a><\/h3><\/div><div class=\"fusion-text fusion-text-156 fusion-text-no-margin\" style=\"--awb-margin-bottom:0px;--awb-text-font-family:&quot;Roboto&quot;;--awb-text-font-style:normal;--awb-text-font-weight:700;\"><p><strong>Auteurs:<\/strong><\/p>\n<\/div><div class=\"fusion-text fusion-text-157\"><p>Sourial N, Arseneault-Lapierre G, Margo-Dermer E, Henein M, Vedel I*<\/p>\n<\/div><div class=\"fusion-text fusion-text-158 fusion-text-no-margin\" style=\"--awb-margin-bottom:0px;--awb-text-font-family:&quot;Roboto&quot;;--awb-text-font-style:normal;--awb-text-font-weight:700;\"><p><strong>Revue:<\/strong><\/p>\n<\/div><div class=\"fusion-text fusion-text-159\"><p>International Journal for Equity in Health<\/p>\n<\/div><div class=\"fusion-separator fusion-full-width-sep\" style=\"align-self: center;margin-left: auto;margin-right: auto;flex-grow:1;width:100%;\"><\/div><div style=\"text-align:left;\"><a class=\"fusion-button button-flat fusion-button-default-size button-default fusion-button-default button-32 fusion-button-default-span fusion-button-default-type\" style=\"--button_margin-top:16px;--button_margin-bottom:8px;\" target=\"_self\" data-hover=\"bg_slide_right\" href=\"https:\/\/ccna-ccnv.ca\/fr\/ccna_publication\/sex-differences-in-the-management-of-persons-with-dementia-following-a-subnational-primary-care-policy-intervention-2\/\"><span class=\"fusion-button-text awb-button__text awb-button__text--default\">Voir le r\u00e9sum\u00e9<\/span><\/a><\/div><\/div><\/li>\n<li class=\"fusion-layout-column fusion_builder_column fusion-builder-column-35 fusion-flex-column post-card fusion-grid-column fusion-post-cards-grid-column\" style=\"--awb-padding-top:48px;--awb-padding-right:48px;--awb-padding-bottom:48px;--awb-padding-left:48px;--awb-padding-right-small:24px;--awb-padding-left-small:24px;--awb-overflow:hidden;--awb-bg-size:cover;--awb-border-color:hsla(var(--awb-color8-h),var(--awb-color8-s),var(--awb-color8-l),calc(var(--awb-color8-a) - 75%));--awb-border-top:1px;--awb-border-right:1px;--awb-border-bottom:1px;--awb-border-left:1px;--awb-border-radius:30px 30px 30px 30px;\"><div class=\"fusion-column-wrapper fusion-flex-justify-content-flex-start fusion-content-layout-column\"><div class=\"fusion-text fusion-text-160\" style=\"--awb-font-size:var(--awb-typography4-font-size);--awb-line-height:var(--awb-typography4-line-height);--awb-letter-spacing:var(--awb-typography4-letter-spacing);--awb-text-color:var(--awb-color8);--awb-text-font-family:&quot;Roboto&quot;;--awb-text-font-style:normal;--awb-text-font-weight:700;\"><p>2020<\/p>\n<\/div><div class=\"fusion-title title fusion-title-36 fusion-sep-none fusion-title-text fusion-title-size-three fusion-animated\" style=\"--awb-text-color:var(--awb-color5);--awb-margin-top:0px;--awb-margin-bottom:24px;--awb-margin-top-small:0px;--awb-margin-bottom-small:24px;--awb-font-size:24px;\" data-animationType=\"fadeInDown\" data-animationDuration=\"1.0\" data-animationOffset=\"top-into-view\"><h3 class=\"fusion-title-heading title-heading-left fusion-responsive-typography-calculated\" style=\"margin:0;font-size:1em;text-transform:var(--awb-typography2-text-transform);--fontSize:24;--minFontSize:24;line-height:var(--awb-typography1-line-height);\"><a href=\"https:\/\/ccna-ccnv.ca\/fr\/ccna_publication\/cognitive-markers-of-dementia-risk-in-middle-aged-women-with-bilateral-salpingo-oophorectomy-prior-to-menopause-2\/\" class=\"awb-custom-text-color awb-custom-text-hover-color\" target=\"_blank\">Cognitive markers of dementia risk in middle-aged women with bilateral salpingo-oophorectomy prior to menopause<\/a><\/h3><\/div><div class=\"fusion-text fusion-text-161 fusion-text-no-margin\" style=\"--awb-margin-bottom:0px;--awb-text-font-family:&quot;Roboto&quot;;--awb-text-font-style:normal;--awb-text-font-weight:700;\"><p><strong>Auteurs:<\/strong><\/p>\n<\/div><div class=\"fusion-text fusion-text-162\"><p>Gervais NJ, Au A, Almey A, Duchesne A**, Gravelsins L, Brown A, Reuben R, Baker-Sullivan E, Schwartz DH, Evans K, Bernadini MQ, Eisen A, Meschino WS, Foulkes WD, Hampson E, Einstein G*<\/p>\n<\/div><div class=\"fusion-text fusion-text-163 fusion-text-no-margin\" style=\"--awb-margin-bottom:0px;--awb-text-font-family:&quot;Roboto&quot;;--awb-text-font-style:normal;--awb-text-font-weight:700;\"><p><strong>Revue:<\/strong><\/p>\n<\/div><div class=\"fusion-text fusion-text-164\"><p>Neurobiology of Aging<\/p>\n<\/div><div class=\"fusion-separator fusion-full-width-sep\" style=\"align-self: center;margin-left: auto;margin-right: auto;flex-grow:1;width:100%;\"><\/div><div style=\"text-align:left;\"><a class=\"fusion-button button-flat fusion-button-default-size button-default fusion-button-default button-33 fusion-button-default-span fusion-button-default-type\" style=\"--button_margin-top:16px;--button_margin-bottom:8px;\" target=\"_self\" data-hover=\"bg_slide_right\" href=\"https:\/\/ccna-ccnv.ca\/fr\/ccna_publication\/cognitive-markers-of-dementia-risk-in-middle-aged-women-with-bilateral-salpingo-oophorectomy-prior-to-menopause-2\/\"><span class=\"fusion-button-text awb-button__text awb-button__text--default\">Voir le r\u00e9sum\u00e9<\/span><\/a><\/div><\/div><\/li>\n<li class=\"fusion-layout-column fusion_builder_column fusion-builder-column-36 fusion-flex-column post-card fusion-grid-column fusion-post-cards-grid-column\" style=\"--awb-padding-top:48px;--awb-padding-right:48px;--awb-padding-bottom:48px;--awb-padding-left:48px;--awb-padding-right-small:24px;--awb-padding-left-small:24px;--awb-overflow:hidden;--awb-bg-size:cover;--awb-border-color:hsla(var(--awb-color8-h),var(--awb-color8-s),var(--awb-color8-l),calc(var(--awb-color8-a) - 75%));--awb-border-top:1px;--awb-border-right:1px;--awb-border-bottom:1px;--awb-border-left:1px;--awb-border-radius:30px 30px 30px 30px;\"><div class=\"fusion-column-wrapper fusion-flex-justify-content-flex-start fusion-content-layout-column\"><div class=\"fusion-text fusion-text-165\" style=\"--awb-font-size:var(--awb-typography4-font-size);--awb-line-height:var(--awb-typography4-line-height);--awb-letter-spacing:var(--awb-typography4-letter-spacing);--awb-text-color:var(--awb-color8);--awb-text-font-family:&quot;Roboto&quot;;--awb-text-font-style:normal;--awb-text-font-weight:700;\"><p>2020<\/p>\n<\/div><div class=\"fusion-title title fusion-title-37 fusion-sep-none fusion-title-text fusion-title-size-three fusion-animated\" style=\"--awb-text-color:var(--awb-color5);--awb-margin-top:0px;--awb-margin-bottom:24px;--awb-margin-top-small:0px;--awb-margin-bottom-small:24px;--awb-font-size:24px;\" data-animationType=\"fadeInDown\" data-animationDuration=\"1.0\" data-animationOffset=\"top-into-view\"><h3 class=\"fusion-title-heading title-heading-left fusion-responsive-typography-calculated\" style=\"margin:0;font-size:1em;text-transform:var(--awb-typography2-text-transform);--fontSize:24;--minFontSize:24;line-height:var(--awb-typography1-line-height);\"><a href=\"https:\/\/ccna-ccnv.ca\/fr\/ccna_publication\/sex-differences-in-the-relationship-between-dietary-pattern-adherence-and-cognitive-function-among-older-adults-findings-from-the-nuage-study\/\" class=\"awb-custom-text-color awb-custom-text-hover-color\" target=\"_blank\">Sex differences in the relationship between dietary pattern adherence and cognitive function among older adults: Findings from the NuAge study<\/a><\/h3><\/div><div class=\"fusion-text fusion-text-166 fusion-text-no-margin\" style=\"--awb-margin-bottom:0px;--awb-text-font-family:&quot;Roboto&quot;;--awb-text-font-style:normal;--awb-text-font-weight:700;\"><p><strong>Auteurs:<\/strong><\/p>\n<\/div><div class=\"fusion-text fusion-text-167\"><p>D\u2019Amico D, Parrott MD, Greenwood CE, Ferland G*, Gaudreau P*, Belleville S*, Laurin D*, Anderson ND*, Kergoat M**, Morais JA, Presse N*, Fiocco AJ*<\/p>\n<\/div><div class=\"fusion-text fusion-text-168 fusion-text-no-margin\" style=\"--awb-margin-bottom:0px;--awb-text-font-family:&quot;Roboto&quot;;--awb-text-font-style:normal;--awb-text-font-weight:700;\"><p><strong>Revue:<\/strong><\/p>\n<\/div><div class=\"fusion-text fusion-text-169\"><p>BMC Nutrition Journal<\/p>\n<\/div><div class=\"fusion-separator fusion-full-width-sep\" style=\"align-self: center;margin-left: auto;margin-right: auto;flex-grow:1;width:100%;\"><\/div><div style=\"text-align:left;\"><a class=\"fusion-button button-flat fusion-button-default-size button-default fusion-button-default button-34 fusion-button-default-span fusion-button-default-type\" style=\"--button_margin-top:16px;--button_margin-bottom:8px;\" target=\"_self\" data-hover=\"bg_slide_right\" href=\"https:\/\/ccna-ccnv.ca\/fr\/ccna_publication\/sex-differences-in-the-relationship-between-dietary-pattern-adherence-and-cognitive-function-among-older-adults-findings-from-the-nuage-study\/\"><span class=\"fusion-button-text awb-button__text awb-button__text--default\">Voir le r\u00e9sum\u00e9<\/span><\/a><\/div><\/div><\/li>\n<li class=\"fusion-layout-column fusion_builder_column fusion-builder-column-37 fusion-flex-column post-card fusion-grid-column fusion-post-cards-grid-column\" style=\"--awb-padding-top:48px;--awb-padding-right:48px;--awb-padding-bottom:48px;--awb-padding-left:48px;--awb-padding-right-small:24px;--awb-padding-left-small:24px;--awb-overflow:hidden;--awb-bg-size:cover;--awb-border-color:hsla(var(--awb-color8-h),var(--awb-color8-s),var(--awb-color8-l),calc(var(--awb-color8-a) - 75%));--awb-border-top:1px;--awb-border-right:1px;--awb-border-bottom:1px;--awb-border-left:1px;--awb-border-radius:30px 30px 30px 30px;\"><div class=\"fusion-column-wrapper fusion-flex-justify-content-flex-start fusion-content-layout-column\"><div class=\"fusion-text fusion-text-170\" style=\"--awb-font-size:var(--awb-typography4-font-size);--awb-line-height:var(--awb-typography4-line-height);--awb-letter-spacing:var(--awb-typography4-letter-spacing);--awb-text-color:var(--awb-color8);--awb-text-font-family:&quot;Roboto&quot;;--awb-text-font-style:normal;--awb-text-font-weight:700;\"><p>2024<\/p>\n<\/div><div class=\"fusion-title title fusion-title-38 fusion-sep-none fusion-title-text fusion-title-size-three fusion-animated\" style=\"--awb-text-color:var(--awb-color5);--awb-margin-top:0px;--awb-margin-bottom:24px;--awb-margin-top-small:0px;--awb-margin-bottom-small:24px;--awb-font-size:24px;\" data-animationType=\"fadeInDown\" data-animationDuration=\"1.0\" data-animationOffset=\"top-into-view\"><h3 class=\"fusion-title-heading title-heading-left fusion-responsive-typography-calculated\" style=\"margin:0;font-size:1em;text-transform:var(--awb-typography2-text-transform);--fontSize:24;--minFontSize:24;line-height:var(--awb-typography1-line-height);\"><a href=\"https:\/\/ccna-ccnv.ca\/fr\/ccna_publication\/evidence-for-measurement-invariance-of-the-short-form-health-survey-across-sex-and-metropolitan-influence-zone-in-a-secondary-care-adult-population\/\" class=\"awb-custom-text-color awb-custom-text-hover-color\" target=\"_blank\">Evidence for measurement invariance of the Short Form Health Survey across sex and metropolitan influence zone in a secondary care adult population.<\/a><\/h3><\/div><div class=\"fusion-text fusion-text-171 fusion-text-no-margin\" style=\"--awb-margin-bottom:0px;--awb-text-font-family:&quot;Roboto&quot;;--awb-text-font-style:normal;--awb-text-font-weight:700;\"><p><strong>Auteurs:<\/strong><\/p>\n<\/div><div class=\"fusion-text fusion-text-172\"><\/div><div class=\"fusion-text fusion-text-173 fusion-text-no-margin\" style=\"--awb-margin-bottom:0px;--awb-text-font-family:&quot;Roboto&quot;;--awb-text-font-style:normal;--awb-text-font-weight:700;\"><p><strong>Revue:<\/strong><\/p>\n<\/div><div class=\"fusion-text fusion-text-174\"><\/div><div class=\"fusion-separator fusion-full-width-sep\" style=\"align-self: center;margin-left: auto;margin-right: auto;flex-grow:1;width:100%;\"><\/div><div style=\"text-align:left;\"><a class=\"fusion-button button-flat fusion-button-default-size button-default fusion-button-default button-35 fusion-button-default-span fusion-button-default-type\" style=\"--button_margin-top:16px;--button_margin-bottom:8px;\" target=\"_self\" data-hover=\"bg_slide_right\" href=\"https:\/\/ccna-ccnv.ca\/fr\/ccna_publication\/evidence-for-measurement-invariance-of-the-short-form-health-survey-across-sex-and-metropolitan-influence-zone-in-a-secondary-care-adult-population\/\"><span class=\"fusion-button-text awb-button__text awb-button__text--default\">Voir le r\u00e9sum\u00e9<\/span><\/a><\/div><\/div><\/li>\n<li class=\"fusion-layout-column fusion_builder_column fusion-builder-column-38 fusion-flex-column post-card fusion-grid-column fusion-post-cards-grid-column\" style=\"--awb-padding-top:48px;--awb-padding-right:48px;--awb-padding-bottom:48px;--awb-padding-left:48px;--awb-padding-right-small:24px;--awb-padding-left-small:24px;--awb-overflow:hidden;--awb-bg-size:cover;--awb-border-color:hsla(var(--awb-color8-h),var(--awb-color8-s),var(--awb-color8-l),calc(var(--awb-color8-a) - 75%));--awb-border-top:1px;--awb-border-right:1px;--awb-border-bottom:1px;--awb-border-left:1px;--awb-border-radius:30px 30px 30px 30px;\"><div class=\"fusion-column-wrapper fusion-flex-justify-content-flex-start fusion-content-layout-column\"><div class=\"fusion-text fusion-text-175\" style=\"--awb-font-size:var(--awb-typography4-font-size);--awb-line-height:var(--awb-typography4-line-height);--awb-letter-spacing:var(--awb-typography4-letter-spacing);--awb-text-color:var(--awb-color8);--awb-text-font-family:&quot;Roboto&quot;;--awb-text-font-style:normal;--awb-text-font-weight:700;\"><p>2020<\/p>\n<\/div><div class=\"fusion-title title fusion-title-39 fusion-sep-none fusion-title-text fusion-title-size-three fusion-animated\" style=\"--awb-text-color:var(--awb-color5);--awb-margin-top:0px;--awb-margin-bottom:24px;--awb-margin-top-small:0px;--awb-margin-bottom-small:24px;--awb-font-size:24px;\" data-animationType=\"fadeInDown\" data-animationDuration=\"1.0\" data-animationOffset=\"top-into-view\"><h3 class=\"fusion-title-heading title-heading-left fusion-responsive-typography-calculated\" style=\"margin:0;font-size:1em;text-transform:var(--awb-typography2-text-transform);--fontSize:24;--minFontSize:24;line-height:var(--awb-typography1-line-height);\"><a href=\"https:\/\/ccna-ccnv.ca\/fr\/ccna_publication\/sex-differences-in-dementia-primary-care-performance-and-health-service-use-a-population%e2%80%90based-study-2\/\" class=\"awb-custom-text-color awb-custom-text-hover-color\" target=\"_blank\">Sex Differences in Dementia Primary Care Performance and Health Service Use: A Population\u2010Based Study<\/a><\/h3><\/div><div class=\"fusion-text fusion-text-176 fusion-text-no-margin\" style=\"--awb-margin-bottom:0px;--awb-text-font-family:&quot;Roboto&quot;;--awb-text-font-style:normal;--awb-text-font-weight:700;\"><p><strong>Auteurs:<\/strong><\/p>\n<\/div><div class=\"fusion-text fusion-text-177\"><p>Sourial N, Vedel I**, Godard-Sebillotte, C**, Etches J, Arsenault-Lapierre G**, Bronskill SE**<\/p>\n<\/div><div class=\"fusion-text fusion-text-178 fusion-text-no-margin\" style=\"--awb-margin-bottom:0px;--awb-text-font-family:&quot;Roboto&quot;;--awb-text-font-style:normal;--awb-text-font-weight:700;\"><p><strong>Revue:<\/strong><\/p>\n<\/div><div class=\"fusion-text fusion-text-179\"><p>Journal of the American Geriatric Society<\/p>\n<\/div><div class=\"fusion-separator fusion-full-width-sep\" style=\"align-self: center;margin-left: auto;margin-right: auto;flex-grow:1;width:100%;\"><\/div><div style=\"text-align:left;\"><a class=\"fusion-button button-flat fusion-button-default-size button-default fusion-button-default button-36 fusion-button-default-span fusion-button-default-type\" style=\"--button_margin-top:16px;--button_margin-bottom:8px;\" target=\"_self\" data-hover=\"bg_slide_right\" href=\"https:\/\/ccna-ccnv.ca\/fr\/ccna_publication\/sex-differences-in-dementia-primary-care-performance-and-health-service-use-a-population%e2%80%90based-study-2\/\"><span class=\"fusion-button-text awb-button__text awb-button__text--default\">Voir le r\u00e9sum\u00e9<\/span><\/a><\/div><\/div><\/li>\n<li class=\"fusion-layout-column fusion_builder_column fusion-builder-column-39 fusion-flex-column post-card fusion-grid-column fusion-post-cards-grid-column\" style=\"--awb-padding-top:48px;--awb-padding-right:48px;--awb-padding-bottom:48px;--awb-padding-left:48px;--awb-padding-right-small:24px;--awb-padding-left-small:24px;--awb-overflow:hidden;--awb-bg-size:cover;--awb-border-color:hsla(var(--awb-color8-h),var(--awb-color8-s),var(--awb-color8-l),calc(var(--awb-color8-a) - 75%));--awb-border-top:1px;--awb-border-right:1px;--awb-border-bottom:1px;--awb-border-left:1px;--awb-border-radius:30px 30px 30px 30px;\"><div class=\"fusion-column-wrapper fusion-flex-justify-content-flex-start fusion-content-layout-column\"><div class=\"fusion-text fusion-text-180\" style=\"--awb-font-size:var(--awb-typography4-font-size);--awb-line-height:var(--awb-typography4-line-height);--awb-letter-spacing:var(--awb-typography4-letter-spacing);--awb-text-color:var(--awb-color8);--awb-text-font-family:&quot;Roboto&quot;;--awb-text-font-style:normal;--awb-text-font-weight:700;\"><p>2019<\/p>\n<\/div><div class=\"fusion-title title fusion-title-40 fusion-sep-none fusion-title-text fusion-title-size-three fusion-animated\" style=\"--awb-text-color:var(--awb-color5);--awb-margin-top:0px;--awb-margin-bottom:24px;--awb-margin-top-small:0px;--awb-margin-bottom-small:24px;--awb-font-size:24px;\" data-animationType=\"fadeInDown\" data-animationDuration=\"1.0\" data-animationOffset=\"top-into-view\"><h3 class=\"fusion-title-heading title-heading-left fusion-responsive-typography-calculated\" style=\"margin:0;font-size:1em;text-transform:var(--awb-typography2-text-transform);--fontSize:24;--minFontSize:24;line-height:var(--awb-typography1-line-height);\"><a href=\"https:\/\/ccna-ccnv.ca\/fr\/ccna_publication\/nuances-in-alzheimers-genetic-risk-reveal-differential-predictions-of-non-demented-memory-aging-trajectories-selective-patterns-by-apoe-genotype-and-sex-2\/\" class=\"awb-custom-text-color awb-custom-text-hover-color\" target=\"_blank\">Nuances in Alzheimer&rsquo;s Genetic Risk Reveal Differential Predictions of Non-demented Memory Aging Trajectories: Selective Patterns by APOE Genotype and Sex.<\/a><\/h3><\/div><div class=\"fusion-text fusion-text-181 fusion-text-no-margin\" style=\"--awb-margin-bottom:0px;--awb-text-font-family:&quot;Roboto&quot;;--awb-text-font-style:normal;--awb-text-font-weight:700;\"><p><strong>Auteurs:<\/strong><\/p>\n<\/div><div class=\"fusion-text fusion-text-182\"><p>\"McFall, GP.**, Backman, L., Dixon, RA**. \"<\/p>\n<\/div><div class=\"fusion-text fusion-text-183 fusion-text-no-margin\" style=\"--awb-margin-bottom:0px;--awb-text-font-family:&quot;Roboto&quot;;--awb-text-font-style:normal;--awb-text-font-weight:700;\"><p><strong>Revue:<\/strong><\/p>\n<\/div><div class=\"fusion-text fusion-text-184\"><p>Curr Alzheimer Res<\/p>\n<\/div><div class=\"fusion-separator fusion-full-width-sep\" style=\"align-self: center;margin-left: auto;margin-right: auto;flex-grow:1;width:100%;\"><\/div><div style=\"text-align:left;\"><a class=\"fusion-button button-flat fusion-button-default-size button-default fusion-button-default button-37 fusion-button-default-span fusion-button-default-type\" style=\"--button_margin-top:16px;--button_margin-bottom:8px;\" target=\"_self\" data-hover=\"bg_slide_right\" href=\"https:\/\/ccna-ccnv.ca\/fr\/ccna_publication\/nuances-in-alzheimers-genetic-risk-reveal-differential-predictions-of-non-demented-memory-aging-trajectories-selective-patterns-by-apoe-genotype-and-sex-2\/\"><span class=\"fusion-button-text awb-button__text awb-button__text--default\">Voir le r\u00e9sum\u00e9<\/span><\/a><\/div><\/div><\/li>\n<li class=\"fusion-layout-column fusion_builder_column fusion-builder-column-40 fusion-flex-column post-card fusion-grid-column fusion-post-cards-grid-column\" style=\"--awb-padding-top:48px;--awb-padding-right:48px;--awb-padding-bottom:48px;--awb-padding-left:48px;--awb-padding-right-small:24px;--awb-padding-left-small:24px;--awb-overflow:hidden;--awb-bg-size:cover;--awb-border-color:hsla(var(--awb-color8-h),var(--awb-color8-s),var(--awb-color8-l),calc(var(--awb-color8-a) - 75%));--awb-border-top:1px;--awb-border-right:1px;--awb-border-bottom:1px;--awb-border-left:1px;--awb-border-radius:30px 30px 30px 30px;\"><div class=\"fusion-column-wrapper fusion-flex-justify-content-flex-start fusion-content-layout-column\"><div class=\"fusion-text fusion-text-185\" style=\"--awb-font-size:var(--awb-typography4-font-size);--awb-line-height:var(--awb-typography4-line-height);--awb-letter-spacing:var(--awb-typography4-letter-spacing);--awb-text-color:var(--awb-color8);--awb-text-font-family:&quot;Roboto&quot;;--awb-text-font-style:normal;--awb-text-font-weight:700;\"><p>2019<\/p>\n<\/div><div class=\"fusion-title title fusion-title-41 fusion-sep-none fusion-title-text fusion-title-size-three fusion-animated\" style=\"--awb-text-color:var(--awb-color5);--awb-margin-top:0px;--awb-margin-bottom:24px;--awb-margin-top-small:0px;--awb-margin-bottom-small:24px;--awb-font-size:24px;\" data-animationType=\"fadeInDown\" data-animationDuration=\"1.0\" data-animationOffset=\"top-into-view\"><h3 class=\"fusion-title-heading title-heading-left fusion-responsive-typography-calculated\" style=\"margin:0;font-size:1em;text-transform:var(--awb-typography2-text-transform);--fontSize:24;--minFontSize:24;line-height:var(--awb-typography1-line-height);\"><a href=\"https:\/\/ccna-ccnv.ca\/fr\/ccna_publication\/physical-activity-and-mobility-differentially-predict-nondemented-executive-function-trajectories-do-sex-and-apoe-moderate-these-associations-2\/\" class=\"awb-custom-text-color awb-custom-text-hover-color\" target=\"_blank\">Physical Activity and Mobility Differentially Predict Nondemented Executive Function Trajectories: Do Sex and APOE Moderate These Associations?<\/a><\/h3><\/div><div class=\"fusion-text fusion-text-186 fusion-text-no-margin\" style=\"--awb-margin-bottom:0px;--awb-text-font-family:&quot;Roboto&quot;;--awb-text-font-style:normal;--awb-text-font-weight:700;\"><p><strong>Auteurs:<\/strong><\/p>\n<\/div><div class=\"fusion-text fusion-text-187\"><p>\"Thibeau, S.*, McFall, GP.**, Camicioli, R.**, Dixon, RA**. \"<\/p>\n<\/div><div class=\"fusion-text fusion-text-188 fusion-text-no-margin\" style=\"--awb-margin-bottom:0px;--awb-text-font-family:&quot;Roboto&quot;;--awb-text-font-style:normal;--awb-text-font-weight:700;\"><p><strong>Revue:<\/strong><\/p>\n<\/div><div class=\"fusion-text fusion-text-189\"><p>Gerontology<\/p>\n<\/div><div class=\"fusion-separator fusion-full-width-sep\" style=\"align-self: center;margin-left: auto;margin-right: auto;flex-grow:1;width:100%;\"><\/div><div style=\"text-align:left;\"><a class=\"fusion-button button-flat fusion-button-default-size button-default fusion-button-default button-38 fusion-button-default-span fusion-button-default-type\" style=\"--button_margin-top:16px;--button_margin-bottom:8px;\" target=\"_self\" data-hover=\"bg_slide_right\" href=\"https:\/\/ccna-ccnv.ca\/fr\/ccna_publication\/physical-activity-and-mobility-differentially-predict-nondemented-executive-function-trajectories-do-sex-and-apoe-moderate-these-associations-2\/\"><span class=\"fusion-button-text awb-button__text awb-button__text--default\">Voir le r\u00e9sum\u00e9<\/span><\/a><\/div><\/div><\/li>\n<li class=\"fusion-layout-column fusion_builder_column fusion-builder-column-41 fusion-flex-column post-card fusion-grid-column fusion-post-cards-grid-column\" style=\"--awb-padding-top:48px;--awb-padding-right:48px;--awb-padding-bottom:48px;--awb-padding-left:48px;--awb-padding-right-small:24px;--awb-padding-left-small:24px;--awb-overflow:hidden;--awb-bg-size:cover;--awb-border-color:hsla(var(--awb-color8-h),var(--awb-color8-s),var(--awb-color8-l),calc(var(--awb-color8-a) - 75%));--awb-border-top:1px;--awb-border-right:1px;--awb-border-bottom:1px;--awb-border-left:1px;--awb-border-radius:30px 30px 30px 30px;\"><div class=\"fusion-column-wrapper fusion-flex-justify-content-flex-start fusion-content-layout-column\"><div class=\"fusion-text fusion-text-190\" style=\"--awb-font-size:var(--awb-typography4-font-size);--awb-line-height:var(--awb-typography4-line-height);--awb-letter-spacing:var(--awb-typography4-letter-spacing);--awb-text-color:var(--awb-color8);--awb-text-font-family:&quot;Roboto&quot;;--awb-text-font-style:normal;--awb-text-font-weight:700;\"><p>2019<\/p>\n<\/div><div class=\"fusion-title title fusion-title-42 fusion-sep-none fusion-title-text fusion-title-size-three fusion-animated\" style=\"--awb-text-color:var(--awb-color5);--awb-margin-top:0px;--awb-margin-bottom:24px;--awb-margin-top-small:0px;--awb-margin-bottom-small:24px;--awb-font-size:24px;\" data-animationType=\"fadeInDown\" data-animationDuration=\"1.0\" data-animationOffset=\"top-into-view\"><h3 class=\"fusion-title-heading title-heading-left fusion-responsive-typography-calculated\" style=\"margin:0;font-size:1em;text-transform:var(--awb-typography2-text-transform);--fontSize:24;--minFontSize:24;line-height:var(--awb-typography1-line-height);\"><a href=\"https:\/\/ccna-ccnv.ca\/fr\/ccna_publication\/sex-and-gender-differences-in-polypharmacy-in-persons-with-dementia-a-scoping-review-2\/\" class=\"awb-custom-text-color awb-custom-text-hover-color\" target=\"_blank\">Sex and gender differences in polypharmacy in persons with dementia: A scoping review.<\/a><\/h3><\/div><div class=\"fusion-text fusion-text-191 fusion-text-no-margin\" style=\"--awb-margin-bottom:0px;--awb-text-font-family:&quot;Roboto&quot;;--awb-text-font-style:normal;--awb-text-font-weight:700;\"><p><strong>Auteurs:<\/strong><\/p>\n<\/div><div class=\"fusion-text fusion-text-192\"><p>Trenaman, S.C., Rideout, M., Andrew, M.K.<\/p>\n<\/div><div class=\"fusion-text fusion-text-193 fusion-text-no-margin\" style=\"--awb-margin-bottom:0px;--awb-text-font-family:&quot;Roboto&quot;;--awb-text-font-style:normal;--awb-text-font-weight:700;\"><p><strong>Revue:<\/strong><\/p>\n<\/div><div class=\"fusion-text fusion-text-194\"><p>SAGE Open Medicine<\/p>\n<\/div><div class=\"fusion-separator fusion-full-width-sep\" style=\"align-self: center;margin-left: auto;margin-right: auto;flex-grow:1;width:100%;\"><\/div><div style=\"text-align:left;\"><a class=\"fusion-button button-flat fusion-button-default-size button-default fusion-button-default button-39 fusion-button-default-span fusion-button-default-type\" style=\"--button_margin-top:16px;--button_margin-bottom:8px;\" target=\"_self\" data-hover=\"bg_slide_right\" href=\"https:\/\/ccna-ccnv.ca\/fr\/ccna_publication\/sex-and-gender-differences-in-polypharmacy-in-persons-with-dementia-a-scoping-review-2\/\"><span class=\"fusion-button-text awb-button__text awb-button__text--default\">Voir le r\u00e9sum\u00e9<\/span><\/a><\/div><\/div><\/li>\n<li class=\"fusion-layout-column fusion_builder_column fusion-builder-column-42 fusion-flex-column post-card fusion-grid-column fusion-post-cards-grid-column\" style=\"--awb-padding-top:48px;--awb-padding-right:48px;--awb-padding-bottom:48px;--awb-padding-left:48px;--awb-padding-right-small:24px;--awb-padding-left-small:24px;--awb-overflow:hidden;--awb-bg-size:cover;--awb-border-color:hsla(var(--awb-color8-h),var(--awb-color8-s),var(--awb-color8-l),calc(var(--awb-color8-a) - 75%));--awb-border-top:1px;--awb-border-right:1px;--awb-border-bottom:1px;--awb-border-left:1px;--awb-border-radius:30px 30px 30px 30px;\"><div class=\"fusion-column-wrapper fusion-flex-justify-content-flex-start fusion-content-layout-column\"><div class=\"fusion-text fusion-text-195\" style=\"--awb-font-size:var(--awb-typography4-font-size);--awb-line-height:var(--awb-typography4-line-height);--awb-letter-spacing:var(--awb-typography4-letter-spacing);--awb-text-color:var(--awb-color8);--awb-text-font-family:&quot;Roboto&quot;;--awb-text-font-style:normal;--awb-text-font-weight:700;\"><p>2017<\/p>\n<\/div><div class=\"fusion-title title fusion-title-43 fusion-sep-none fusion-title-text fusion-title-size-three fusion-animated\" style=\"--awb-text-color:var(--awb-color5);--awb-margin-top:0px;--awb-margin-bottom:24px;--awb-margin-top-small:0px;--awb-margin-bottom-small:24px;--awb-font-size:24px;\" data-animationType=\"fadeInDown\" data-animationDuration=\"1.0\" data-animationOffset=\"top-into-view\"><h3 class=\"fusion-title-heading title-heading-left fusion-responsive-typography-calculated\" style=\"margin:0;font-size:1em;text-transform:var(--awb-typography2-text-transform);--fontSize:24;--minFontSize:24;line-height:var(--awb-typography1-line-height);\"><a href=\"https:\/\/ccna-ccnv.ca\/fr\/ccna_publication\/integrating-sex-gender-neurodegeneration-research-six-component-strategy-alzheimers-dementia-translational-research-clinical-interventions-volume-3-issue-4-2017-pages-660-667-2\/\" class=\"awb-custom-text-color awb-custom-text-hover-color\" target=\"_blank\">Integrating sex and gender into neurodegeneration research: A six-component strategy<\/a><\/h3><\/div><div class=\"fusion-text fusion-text-196 fusion-text-no-margin\" style=\"--awb-margin-bottom:0px;--awb-text-font-family:&quot;Roboto&quot;;--awb-text-font-style:normal;--awb-text-font-weight:700;\"><p><strong>Auteurs:<\/strong><\/p>\n<\/div><div class=\"fusion-text fusion-text-197\"><p>Tierney, M. C., Curtis, A. F., Chertkow, H., & Rylett, R. J.<\/p>\n<\/div><div class=\"fusion-text fusion-text-198 fusion-text-no-margin\" style=\"--awb-margin-bottom:0px;--awb-text-font-family:&quot;Roboto&quot;;--awb-text-font-style:normal;--awb-text-font-weight:700;\"><p><strong>Revue:<\/strong><\/p>\n<\/div><div class=\"fusion-text fusion-text-199\"><p>Alzheimer's & Dementia<\/p>\n<\/div><div class=\"fusion-separator fusion-full-width-sep\" style=\"align-self: center;margin-left: auto;margin-right: auto;flex-grow:1;width:100%;\"><\/div><div style=\"text-align:left;\"><a class=\"fusion-button button-flat fusion-button-default-size button-default fusion-button-default button-40 fusion-button-default-span fusion-button-default-type\" style=\"--button_margin-top:16px;--button_margin-bottom:8px;\" target=\"_self\" data-hover=\"bg_slide_right\" href=\"https:\/\/ccna-ccnv.ca\/fr\/ccna_publication\/integrating-sex-gender-neurodegeneration-research-six-component-strategy-alzheimers-dementia-translational-research-clinical-interventions-volume-3-issue-4-2017-pages-660-667-2\/\"><span class=\"fusion-button-text awb-button__text awb-button__text--default\">Voir le r\u00e9sum\u00e9<\/span><\/a><\/div><\/div><\/li>\n<\/ul><\/div><div class=\"fusion-title title fusion-title-44 fusion-sep-none fusion-title-text fusion-title-size-four\" style=\"--awb-text-color:var(--awb-color5);\"><h4 class=\"fusion-title-heading title-heading-left fusion-responsive-typography-calculated\" style=\"margin:0;--fontSize:28;--minFontSize:28;line-height:var(--awb-typography1-line-height);\"><strong>Documents d&rsquo;int\u00e9r\u00eat:<\/strong><\/h4><\/div><div class=\"fusion-text fusion-text-200\" style=\"--awb-font-size:var(--awb-typography4-font-size);--awb-margin-top:50px;\"><p><strong><a href=\"\/wp-content\/uploads\/2024\/12\/WSGD-Champions-.pdf\" target=\"_blank\" rel=\"noopener\">WSGD-Champions avec CCNV (en anglais)<\/a><\/strong><\/p>\n<p><strong><a href=\"\/wp-content\/uploads\/2024\/12\/Sex-and-Gender-Training-Resources-v3.pdf\" target=\"_blank\" rel=\"noopener noreferrer\">Ressources p\u00e9dagogiques sur le genre et le sexe pour les stagiaires et les chercheurs du CCNV<\/a><\/strong><\/p>\n<\/div><\/div><\/div><\/div><\/div><\/div><div class=\"fusion-fullwidth fullwidth-box fusion-builder-row-2 fusion-flex-container has-pattern-background has-mask-background nonhundred-percent-fullwidth non-hundred-percent-height-scrolling\" style=\"--awb-border-radius-top-left:0px;--awb-border-radius-top-right:0px;--awb-border-radius-bottom-right:0px;--awb-border-radius-bottom-left:0px;--awb-padding-bottom:56px;--awb-padding-right-small:16px;--awb-padding-bottom-small:24px;--awb-padding-left-small:16px;--awb-flex-wrap:wrap;\" ><div class=\"fusion-builder-row fusion-row fusion-flex-align-items-flex-end fusion-flex-justify-content-center fusion-flex-content-wrap\" style=\"max-width:1456px;margin-left: calc(-4% \/ 2 );margin-right: calc(-4% \/ 2 );\"><div class=\"fusion-layout-column fusion_builder_column fusion-builder-column-43 fusion_builder_column_1_1 1_1 fusion-flex-column fusion-animated\" style=\"--awb-padding-right:72px;--awb-padding-left:24px;--awb-padding-right-medium:48px;--awb-padding-left-medium:48px;--awb-padding-top-small:56px;--awb-padding-right-small:24px;--awb-padding-left-small:24px;--awb-overflow:hidden;--awb-bg-color:var(--awb-color3);--awb-bg-color-hover:var(--awb-color3);--awb-bg-size:cover;--awb-border-radius:30px 30px 30px 30px;--awb-width-large:100%;--awb-margin-top-large:0px;--awb-spacing-right-large:1.92%;--awb-margin-bottom-large:0px;--awb-spacing-left-large:1.92%;--awb-width-medium:100%;--awb-order-medium:0;--awb-spacing-right-medium:1.92%;--awb-spacing-left-medium:1.92%;--awb-width-small:100%;--awb-order-small:0;--awb-spacing-right-small:1.92%;--awb-spacing-left-small:1.92%;\" data-animationType=\"fadeInDown\" data-animationDuration=\"1.0\" data-animationOffset=\"top-into-view\"><div class=\"fusion-column-wrapper fusion-column-has-shadow fusion-flex-justify-content-flex-start fusion-content-layout-column\"><div class=\"fusion-builder-row fusion-builder-row-inner fusion-row fusion-flex-align-items-flex-end fusion-flex-justify-content-center fusion-flex-content-wrap\" style=\"width:104% !important;max-width:104% !important;margin-left: calc(-4% \/ 2 );margin-right: calc(-4% \/ 2 );\"><div class=\"fusion-layout-column fusion_builder_column_inner fusion-builder-nested-column-2 fusion_builder_column_inner_1_2 1_2 fusion-flex-column fusion-animated\" style=\"--awb-padding-right:24px;--awb-bg-size:cover;--awb-width-large:50%;--awb-margin-top-large:48px;--awb-spacing-right-large:3.84%;--awb-margin-bottom-large:0px;--awb-spacing-left-large:3.84%;--awb-width-medium:100%;--awb-order-medium:1;--awb-spacing-right-medium:1.92%;--awb-spacing-left-medium:1.92%;--awb-width-small:100%;--awb-order-small:1;--awb-margin-top-small:56px;--awb-spacing-right-small:1.92%;--awb-spacing-left-small:1.92%;\" data-animationType=\"fadeInDown\" data-animationDuration=\"1.0\" data-animationDelay=\"0.6\" data-animationOffset=\"top-into-view\"><div class=\"fusion-column-wrapper fusion-column-has-shadow fusion-flex-justify-content-flex-start fusion-content-layout-column\"><div class=\"fusion-image-element \" style=\"--awb-caption-title-font-family:var(--h2_typography-font-family);--awb-caption-title-font-weight:var(--h2_typography-font-weight);--awb-caption-title-font-style:var(--h2_typography-font-style);--awb-caption-title-size:var(--h2_typography-font-size);--awb-caption-title-transform:var(--h2_typography-text-transform);--awb-caption-title-line-height:var(--h2_typography-line-height);--awb-caption-title-letter-spacing:var(--h2_typography-letter-spacing);--awb-filter:brightness(100%);--awb-filter-transition:filter 0.3s ease;--awb-filter-hover:brightness(147%);\"><span class=\" fusion-imageframe imageframe-none imageframe-3 hover-type-none\"><img loading=\"lazy\" decoding=\"async\" width=\"1392\" height=\"1064\" title=\"Illustration of elderly people on a park bench\" src=\"https:\/\/ccna-ccnv.ca\/wp-content\/uploads\/2024\/11\/elderly-people-on-a-park-bench-1-1.png\" alt class=\"img-responsive wp-image-2864\" srcset=\"https:\/\/ccna-ccnv.ca\/wp-content\/uploads\/2024\/11\/elderly-people-on-a-park-bench-1-1-200x153.png 200w, https:\/\/ccna-ccnv.ca\/wp-content\/uploads\/2024\/11\/elderly-people-on-a-park-bench-1-1-400x306.png 400w, https:\/\/ccna-ccnv.ca\/wp-content\/uploads\/2024\/11\/elderly-people-on-a-park-bench-1-1-600x459.png 600w, https:\/\/ccna-ccnv.ca\/wp-content\/uploads\/2024\/11\/elderly-people-on-a-park-bench-1-1-800x611.png 800w, https:\/\/ccna-ccnv.ca\/wp-content\/uploads\/2024\/11\/elderly-people-on-a-park-bench-1-1-1200x917.png 1200w, https:\/\/ccna-ccnv.ca\/wp-content\/uploads\/2024\/11\/elderly-people-on-a-park-bench-1-1.png 1392w\" sizes=\"auto, (max-width: 640px) 100vw, 800px\" \/><\/span><\/div><\/div><\/div><div class=\"fusion-layout-column fusion_builder_column_inner fusion-builder-nested-column-3 fusion_builder_column_inner_1_2 1_2 fusion-flex-column fusion-flex-align-self-center fusion-animated\" style=\"--awb-bg-size:cover;--awb-width-large:50%;--awb-margin-top-large:96px;--awb-spacing-right-large:3.84%;--awb-margin-bottom-large:96px;--awb-spacing-left-large:3.84%;--awb-width-medium:100%;--awb-order-medium:0;--awb-spacing-right-medium:1.92%;--awb-margin-bottom-medium:0px;--awb-spacing-left-medium:1.92%;--awb-width-small:100%;--awb-order-small:0;--awb-margin-top-small:0px;--awb-spacing-right-small:1.92%;--awb-spacing-left-small:1.92%;\" data-animationType=\"fadeInDown\" data-animationDuration=\"1.0\" data-animationDelay=\"0.3\" data-animationOffset=\"top-into-view\"><div class=\"fusion-column-wrapper fusion-column-has-shadow fusion-flex-justify-content-flex-start fusion-content-layout-column\"><div class=\"fusion-image-element \" style=\"--awb-margin-bottom:8px;--awb-max-width:250px;--awb-caption-title-font-family:var(--h2_typography-font-family);--awb-caption-title-font-weight:var(--h2_typography-font-weight);--awb-caption-title-font-style:var(--h2_typography-font-style);--awb-caption-title-size:var(--h2_typography-font-size);--awb-caption-title-transform:var(--h2_typography-text-transform);--awb-caption-title-line-height:var(--h2_typography-line-height);--awb-caption-title-letter-spacing:var(--h2_typography-letter-spacing);\"><span class=\" fusion-imageframe imageframe-none imageframe-4 hover-type-none\"><img loading=\"lazy\" decoding=\"async\" width=\"934\" height=\"176\" alt=\"CCNA - CCNV logo\" title=\"logo-ccnv-francais (1)\" src=\"https:\/\/ccna-ccnv.ca\/wp-content\/uploads\/2025\/01\/logo-ccnv-francais-1.png\" class=\"img-responsive wp-image-10751\" srcset=\"https:\/\/ccna-ccnv.ca\/wp-content\/uploads\/2025\/01\/logo-ccnv-francais-1-200x38.png 200w, https:\/\/ccna-ccnv.ca\/wp-content\/uploads\/2025\/01\/logo-ccnv-francais-1-400x75.png 400w, https:\/\/ccna-ccnv.ca\/wp-content\/uploads\/2025\/01\/logo-ccnv-francais-1-600x113.png 600w, https:\/\/ccna-ccnv.ca\/wp-content\/uploads\/2025\/01\/logo-ccnv-francais-1-800x151.png 800w, https:\/\/ccna-ccnv.ca\/wp-content\/uploads\/2025\/01\/logo-ccnv-francais-1.png 934w\" sizes=\"auto, (max-width: 640px) 100vw, 800px\" \/><\/span><\/div><div class=\"fusion-title title fusion-title-45 fusion-sep-none fusion-title-text fusion-title-size-three\" style=\"--awb-margin-bottom:24px;--awb-margin-bottom-small:24px;\"><h3 class=\"fusion-title-heading title-heading-left fusion-responsive-typography-calculated\" style=\"margin:0;--fontSize:40;line-height:var(--awb-typography1-line-height);\">Recevez les <strong>derni\u00e8res nouvelles<\/strong><\/h3><\/div><div class=\"fusion-text fusion-text-201\"><p>Suivez les derniers d\u00e9veloppements de la recherche au sein du CCNA-CCNV. Notre section \u00abNouvelles\u00bb fournit des informations sur les \u00e9tudes, les avanc\u00e9es et les principaux r\u00e9sultats de la recherche en mati\u00e8re de sant\u00e9 c\u00e9r\u00e9brale.<\/p>\n<\/div><div class=\"fusion-form fusion-form-builder fusion-form-form-wrapper fusion-form-10046\" style=\"--awb-tooltip-text-color:#ffffff;--awb-tooltip-background-color:#333333;--awb-field-margin-top:8px;--awb-field-margin-bottom:8px;--awb-form-input-height:47.59px;--awb-form-font-size:19px;--awb-form-border-color:var(--awb-color1);--awb-form-border-radius:50px;\" data-form-id=\"10046\" data-config=\"{&quot;form_id&quot;:10046,&quot;form_post_id&quot;:10046,&quot;post_id&quot;:9868,&quot;form_type&quot;:&quot;ajax&quot;,&quot;confirmation_type&quot;:&quot;message&quot;,&quot;redirect_url&quot;:&quot;&quot;,&quot;field_labels&quot;:{&quot;email_address&quot;:&quot;&quot;,&quot;sign_up_for_our_newsletter&quot;:&quot;&quot;},&quot;field_logics&quot;:{&quot;email_address&quot;:&quot;&quot;,&quot;sign_up_for_our_newsletter&quot;:&quot;&quot;,&quot;notice_1&quot;:&quot;&quot;},&quot;field_types&quot;:{&quot;email_address&quot;:&quot;email&quot;,&quot;submit_1&quot;:&quot;submit&quot;,&quot;sign_up_for_our_newsletter&quot;:&quot;consent&quot;,&quot;notice_1&quot;:&quot;notice&quot;,&quot;recaptcha_1&quot;:&quot;recaptcha&quot;},&quot;nonce_method&quot;:&quot;ajax&quot;}\"><form action=\"https:\/\/ccna-ccnv.ca\/fr\/femmes-genre-sexe-demence-fgsd-hub\/\" method=\"post\" class=\"fusion-form fusion-form-10046\"><div class=\"fusion-fullwidth fullwidth-box fusion-builder-row-2-1 fusion-flex-container has-pattern-background has-mask-background nonhundred-percent-fullwidth non-hundred-percent-height-scrolling\" style=\"--awb-border-radius-top-left:0px;--awb-border-radius-top-right:0px;--awb-border-radius-bottom-right:0px;--awb-border-radius-bottom-left:0px;--awb-flex-wrap:wrap;\" ><div class=\"fusion-builder-row fusion-row fusion-flex-align-items-flex-start fusion-flex-content-wrap\" style=\"width:calc( 100% + 8px ) !important;max-width:calc( 100% + 8px ) !important;margin-left: calc(-8px \/ 2 );margin-right: calc(-8px \/ 2 );\"><div class=\"fusion-layout-column fusion_builder_column fusion-builder-column-44 fusion_builder_column_3_5 3_5 fusion-flex-column\" style=\"--awb-bg-size:cover;--awb-width-large:60%;--awb-margin-top-large:0px;--awb-spacing-right-large:4px;--awb-margin-bottom-large:0px;--awb-spacing-left-large:4px;--awb-width-medium:60%;--awb-order-medium:0;--awb-spacing-right-medium:4px;--awb-spacing-left-medium:4px;--awb-width-small:100%;--awb-order-small:0;--awb-spacing-right-small:4px;--awb-spacing-left-small:4px;\"><div class=\"fusion-column-wrapper fusion-column-has-shadow fusion-flex-justify-content-flex-start fusion-content-layout-column\"><div class=\"fusion-form-field fusion-form-email-field fusion-form-label-above\" style=\"\" data-form-id=\"10046\"><input type=\"email\" autocomplete=\"off\" name=\"email_address\" id=\"email_address\" value=\"\"  class=\"fusion-form-input\" required=\"true\" aria-required=\"true\" placeholder=\"Inscrivez votre courriel ici... *\" data-holds-private-data=\"false\"\/><\/div><\/div><\/div><div class=\"fusion-layout-column fusion_builder_column fusion-builder-column-45 fusion-flex-column\" style=\"--awb-bg-size:cover;--awb-width-large:auto;--awb-margin-top-large:0px;--awb-spacing-right-large:4px;--awb-margin-bottom-large:0px;--awb-spacing-left-large:4px;--awb-width-medium:auto;--awb-order-medium:0;--awb-spacing-right-medium:4px;--awb-spacing-left-medium:4px;--awb-width-small:100%;--awb-order-small:0;--awb-spacing-right-small:4px;--awb-spacing-left-small:4px;\"><div class=\"fusion-column-wrapper fusion-column-has-shadow fusion-flex-justify-content-flex-start fusion-content-layout-column\"><div class=\"fusion-form-field fusion-form-submit-field fusion-form-label-above\" style=\"\" data-form-id=\"10046\"><div style=\"text-align:center;\"><button type=\"submit\" class=\"fusion-button button-flat fusion-button-default-size button-default fusion-button-default button-41 fusion-button-span-yes  form-form-submit button-default\" data-hover=\"bg_slide_right\" data-form-number=\"10046\" tabindex=\"\"><span class=\"fusion-button-text awb-button__text awb-button__text--default\">S'inscrire<\/span><\/button><\/div><\/div><\/div><\/div><div class=\"fusion-layout-column fusion_builder_column fusion-builder-column-46 fusion_builder_column_1_1 1_1 fusion-flex-column\" style=\"--awb-bg-size:cover;--awb-width-large:100%;--awb-margin-top-large:0px;--awb-spacing-right-large:4px;--awb-margin-bottom-large:0px;--awb-spacing-left-large:4px;--awb-width-medium:100%;--awb-order-medium:0;--awb-spacing-right-medium:4px;--awb-spacing-left-medium:4px;--awb-width-small:100%;--awb-order-small:0;--awb-spacing-right-small:4px;--awb-spacing-left-small:4px;\"><div class=\"fusion-column-wrapper fusion-column-has-shadow fusion-flex-justify-content-flex-start fusion-content-layout-column\"><div class=\"fusion-form-field fusion-form-consent-field fusion-form-label-above\" style=\"\" data-form-id=\"10046\"><div class=\"fusion-form-checkbox option-inline\"><input tabindex=\"\" id=\"sign_up_for_our_newsletter\" type=\"checkbox\" value=\"1\" name=\"sign_up_for_our_newsletter\" class=\"fusion-form-input\" checked \/><label for=\"sign_up_for_our_newsletter\">J'accepte de recevoir le bulletin mensuel et autres nouvelles du CCNV<\/label><\/div><\/div><div class=\"form-submission-notices data-notice_1\" id=\"fusion-notices-1\"><div class=\"fusion-alert alert success alert-success fusion-alert-center fusion-form-response fusion-form-response-success awb-alert-native-link-color alert-dismissable awb-alert-close-boxed\" role=\"alert\"><div class=\"fusion-alert-content-wrapper\"><span class=\"alert-icon\"><i class=\"awb-icon-check-circle\" aria-hidden=\"true\"><\/i><\/span><span class=\"fusion-alert-content\">Merci pour votre inscription!<\/span><\/div><button type=\"button\" class=\"close toggle-alert\" data-dismiss=\"alert\" aria-label=\"Close\">&times;<\/button><\/div><div class=\"fusion-alert alert error alert-danger fusion-alert-center fusion-form-response fusion-form-response-error awb-alert-native-link-color alert-dismissable awb-alert-close-boxed\" role=\"alert\"><div class=\"fusion-alert-content-wrapper\"><span class=\"alert-icon\"><i class=\"awb-icon-exclamation-triangle\" aria-hidden=\"true\"><\/i><\/span><span class=\"fusion-alert-content\">Une erreur s'est produite.<\/span><\/div><button type=\"button\" class=\"close toggle-alert\" data-dismiss=\"alert\" aria-label=\"Close\">&times;<\/button><\/div><\/div><div class=\"fusion-form-field fusion-form-recaptcha-field fusion-form-label-above\" style=\"\" data-form-id=\"10046\">\t\t\t\t<div class=\"form-creator-recaptcha\" >\n\t\t\t\t\t\t\t\t\t\t\t\t\t\t\t\t\t\t\t\t\t\t\t\t<div\n\t\t\t\t\t\t\tid=\"g-recaptcha-id-form-10046\"\n\t\t\t\t\t\t\tclass=\"fusion-form-recaptcha-v3 recaptcha-container  fusion-form-hide-recaptcha-badge\"\n\t\t\t\t\t\t\tdata-sitekey=\"6LcbJMkqAAAAACM-seOcbNddveEj9yyKLdgYnn-0\"\n\t\t\t\t\t\t\tdata-badge=\"hide\">\n\t\t\t\t\t\t<\/div>\n\t\t\t\t\t\t<input\n\t\t\t\t\t\t\ttype=\"hidden\"\n\t\t\t\t\t\t\tname=\"fusion-form-recaptcha-response\"\n\t\t\t\t\t\t\tclass=\"g-recaptcha-response\"\n\t\t\t\t\t\t\tid=\"fusion-form-recaptcha-response-10046\"\n\t\t\t\t\t\t\tvalue=\"\">\n\t\t\t\t\t\t\t\t\t\t\t\t\t\t\t<\/div>\n\t\t\t\t<\/div><\/div><\/div><\/div><\/div><input type=\"hidden\" name=\"fusion_privacy_store_ip_ua\" value=\"false\"><input type=\"hidden\" name=\"fusion_privacy_expiration_interval\" value=\"48\"><input type=\"hidden\" name=\"privacy_expiration_action\" value=\"anonymize\"><\/form><\/div><\/div><\/div><\/div><\/div><\/div><\/div><\/div>\n<\/p>\n","protected":false},"excerpt":{"rendered":"","protected":false},"author":11,"featured_media":0,"parent":0,"menu_order":0,"comment_status":"closed","ping_status":"closed","template":"100-width.php","meta":{"_acf_changed":false,"footnotes":""},"class_list":["post-9868","page","type-page","status-publish","hentry"],"acf":[],"yoast_head":"<!-- This site is optimized with the Yoast SEO plugin v25.8 - https:\/\/yoast.com\/wordpress\/plugins\/seo\/ -->\n<title>R\u00e9seau de recherche sur le sexe et le genre - CCNA - CCNV<\/title>\n<meta name=\"robots\" content=\"index, follow, max-snippet:-1, max-image-preview:large, max-video-preview:-1\" \/>\n<link rel=\"canonical\" href=\"https:\/\/ccna-ccnv.ca\/fr\/femmes-genre-sexe-demence-fgsd-hub\/\" \/>\n<meta property=\"og:locale\" content=\"fr_CA\" \/>\n<meta property=\"og:type\" content=\"article\" \/>\n<meta property=\"og:title\" content=\"R\u00e9seau de recherche sur le sexe et le genre - CCNA - CCNV\" \/>\n<meta property=\"og:url\" content=\"https:\/\/ccna-ccnv.ca\/fr\/femmes-genre-sexe-demence-fgsd-hub\/\" \/>\n<meta property=\"og:site_name\" content=\"CCNA - CCNV\" \/>\n<meta property=\"article:modified_time\" content=\"2025-10-06T19:39:20+00:00\" \/>\n<meta property=\"og:image\" content=\"https:\/\/ccna-ccnv.ca\/wp-content\/uploads\/2025\/01\/CCNA.jpg\" \/>\n\t<meta property=\"og:image:width\" content=\"1200\" \/>\n\t<meta property=\"og:image:height\" content=\"675\" \/>\n\t<meta property=\"og:image:type\" content=\"image\/jpeg\" \/>\n<meta name=\"twitter:card\" content=\"summary_large_image\" \/>\n<meta name=\"twitter:label1\" content=\"Estimation du temps de lecture\" \/>\n\t<meta name=\"twitter:data1\" content=\"6 minutes\" \/>\n<script type=\"application\/ld+json\" class=\"yoast-schema-graph\">{\"@context\":\"https:\/\/schema.org\",\"@graph\":[{\"@type\":\"WebPage\",\"@id\":\"https:\/\/ccna-ccnv.ca\/fr\/femmes-genre-sexe-demence-fgsd-hub\/\",\"url\":\"https:\/\/ccna-ccnv.ca\/fr\/femmes-genre-sexe-demence-fgsd-hub\/\",\"name\":\"R\u00e9seau de recherche sur le sexe et le genre - CCNA - CCNV\",\"isPartOf\":{\"@id\":\"https:\/\/ccna-ccnv.ca\/fr\/#website\"},\"datePublished\":\"2024-12-19T03:57:14+00:00\",\"dateModified\":\"2025-10-06T19:39:20+00:00\",\"breadcrumb\":{\"@id\":\"https:\/\/ccna-ccnv.ca\/fr\/femmes-genre-sexe-demence-fgsd-hub\/#breadcrumb\"},\"inLanguage\":\"fr-CA\",\"potentialAction\":[{\"@type\":\"ReadAction\",\"target\":[\"https:\/\/ccna-ccnv.ca\/fr\/femmes-genre-sexe-demence-fgsd-hub\/\"]}]},{\"@type\":\"BreadcrumbList\",\"@id\":\"https:\/\/ccna-ccnv.ca\/fr\/femmes-genre-sexe-demence-fgsd-hub\/#breadcrumb\",\"itemListElement\":[{\"@type\":\"ListItem\",\"position\":1,\"name\":\"Home\",\"item\":\"https:\/\/ccna-ccnv.ca\/fr\/\"},{\"@type\":\"ListItem\",\"position\":2,\"name\":\"R\u00e9seau de recherche sur le sexe et le genre\"}]},{\"@type\":\"WebSite\",\"@id\":\"https:\/\/ccna-ccnv.ca\/fr\/#website\",\"url\":\"https:\/\/ccna-ccnv.ca\/fr\/\",\"name\":\"Canadian Consortium on Neurodegeneration in Aging\",\"description\":\"\",\"publisher\":{\"@id\":\"https:\/\/ccna-ccnv.ca\/fr\/#organization\"},\"alternateName\":\"CCNA - CCNV\",\"potentialAction\":[{\"@type\":\"SearchAction\",\"target\":{\"@type\":\"EntryPoint\",\"urlTemplate\":\"https:\/\/ccna-ccnv.ca\/fr\/?s={search_term_string}\"},\"query-input\":{\"@type\":\"PropertyValueSpecification\",\"valueRequired\":true,\"valueName\":\"search_term_string\"}}],\"inLanguage\":\"fr-CA\"},{\"@type\":\"Organization\",\"@id\":\"https:\/\/ccna-ccnv.ca\/fr\/#organization\",\"name\":\"Canadian Consortium on Neurodegeneration in Aging\",\"alternateName\":\"CCNA - CCNV\",\"url\":\"https:\/\/ccna-ccnv.ca\/fr\/\",\"logo\":{\"@type\":\"ImageObject\",\"inLanguage\":\"fr-CA\",\"@id\":\"https:\/\/ccna-ccnv.ca\/fr\/#\/schema\/logo\/image\/\",\"url\":\"https:\/\/ccna-ccnv.ca\/wp-content\/uploads\/2025\/01\/ccna-logo-on-white-background.jpg\",\"contentUrl\":\"https:\/\/ccna-ccnv.ca\/wp-content\/uploads\/2025\/01\/ccna-logo-on-white-background.jpg\",\"width\":696,\"height\":696,\"caption\":\"Canadian Consortium on Neurodegeneration in Aging\"},\"image\":{\"@id\":\"https:\/\/ccna-ccnv.ca\/fr\/#\/schema\/logo\/image\/\"}}]}<\/script>\n<!-- \/ Yoast SEO plugin. -->","yoast_head_json":{"title":"R\u00e9seau de recherche sur le sexe et le genre - CCNA - CCNV","robots":{"index":"index","follow":"follow","max-snippet":"max-snippet:-1","max-image-preview":"max-image-preview:large","max-video-preview":"max-video-preview:-1"},"canonical":"https:\/\/ccna-ccnv.ca\/fr\/femmes-genre-sexe-demence-fgsd-hub\/","og_locale":"fr_CA","og_type":"article","og_title":"R\u00e9seau de recherche sur le sexe et le genre - CCNA - CCNV","og_url":"https:\/\/ccna-ccnv.ca\/fr\/femmes-genre-sexe-demence-fgsd-hub\/","og_site_name":"CCNA - CCNV","article_modified_time":"2025-10-06T19:39:20+00:00","og_image":[{"width":1200,"height":675,"url":"https:\/\/ccna-ccnv.ca\/wp-content\/uploads\/2025\/01\/CCNA.jpg","type":"image\/jpeg"}],"twitter_card":"summary_large_image","twitter_misc":{"Estimation du temps de lecture":"6 minutes"},"schema":{"@context":"https:\/\/schema.org","@graph":[{"@type":"WebPage","@id":"https:\/\/ccna-ccnv.ca\/fr\/femmes-genre-sexe-demence-fgsd-hub\/","url":"https:\/\/ccna-ccnv.ca\/fr\/femmes-genre-sexe-demence-fgsd-hub\/","name":"R\u00e9seau de recherche sur le sexe et le genre - CCNA - CCNV","isPartOf":{"@id":"https:\/\/ccna-ccnv.ca\/fr\/#website"},"datePublished":"2024-12-19T03:57:14+00:00","dateModified":"2025-10-06T19:39:20+00:00","breadcrumb":{"@id":"https:\/\/ccna-ccnv.ca\/fr\/femmes-genre-sexe-demence-fgsd-hub\/#breadcrumb"},"inLanguage":"fr-CA","potentialAction":[{"@type":"ReadAction","target":["https:\/\/ccna-ccnv.ca\/fr\/femmes-genre-sexe-demence-fgsd-hub\/"]}]},{"@type":"BreadcrumbList","@id":"https:\/\/ccna-ccnv.ca\/fr\/femmes-genre-sexe-demence-fgsd-hub\/#breadcrumb","itemListElement":[{"@type":"ListItem","position":1,"name":"Home","item":"https:\/\/ccna-ccnv.ca\/fr\/"},{"@type":"ListItem","position":2,"name":"R\u00e9seau de recherche sur le sexe et le genre"}]},{"@type":"WebSite","@id":"https:\/\/ccna-ccnv.ca\/fr\/#website","url":"https:\/\/ccna-ccnv.ca\/fr\/","name":"Canadian Consortium on Neurodegeneration in Aging","description":"","publisher":{"@id":"https:\/\/ccna-ccnv.ca\/fr\/#organization"},"alternateName":"CCNA - CCNV","potentialAction":[{"@type":"SearchAction","target":{"@type":"EntryPoint","urlTemplate":"https:\/\/ccna-ccnv.ca\/fr\/?s={search_term_string}"},"query-input":{"@type":"PropertyValueSpecification","valueRequired":true,"valueName":"search_term_string"}}],"inLanguage":"fr-CA"},{"@type":"Organization","@id":"https:\/\/ccna-ccnv.ca\/fr\/#organization","name":"Canadian Consortium on Neurodegeneration in Aging","alternateName":"CCNA - CCNV","url":"https:\/\/ccna-ccnv.ca\/fr\/","logo":{"@type":"ImageObject","inLanguage":"fr-CA","@id":"https:\/\/ccna-ccnv.ca\/fr\/#\/schema\/logo\/image\/","url":"https:\/\/ccna-ccnv.ca\/wp-content\/uploads\/2025\/01\/ccna-logo-on-white-background.jpg","contentUrl":"https:\/\/ccna-ccnv.ca\/wp-content\/uploads\/2025\/01\/ccna-logo-on-white-background.jpg","width":696,"height":696,"caption":"Canadian Consortium on Neurodegeneration in Aging"},"image":{"@id":"https:\/\/ccna-ccnv.ca\/fr\/#\/schema\/logo\/image\/"}}]}},"_links":{"self":[{"href":"https:\/\/ccna-ccnv.ca\/fr\/wp-json\/wp\/v2\/pages\/9868","targetHints":{"allow":["GET"]}}],"collection":[{"href":"https:\/\/ccna-ccnv.ca\/fr\/wp-json\/wp\/v2\/pages"}],"about":[{"href":"https:\/\/ccna-ccnv.ca\/fr\/wp-json\/wp\/v2\/types\/page"}],"author":[{"embeddable":true,"href":"https:\/\/ccna-ccnv.ca\/fr\/wp-json\/wp\/v2\/users\/11"}],"replies":[{"embeddable":true,"href":"https:\/\/ccna-ccnv.ca\/fr\/wp-json\/wp\/v2\/comments?post=9868"}],"version-history":[{"count":16,"href":"https:\/\/ccna-ccnv.ca\/fr\/wp-json\/wp\/v2\/pages\/9868\/revisions"}],"predecessor-version":[{"id":16745,"href":"https:\/\/ccna-ccnv.ca\/fr\/wp-json\/wp\/v2\/pages\/9868\/revisions\/16745"}],"wp:attachment":[{"href":"https:\/\/ccna-ccnv.ca\/fr\/wp-json\/wp\/v2\/media?parent=9868"}],"curies":[{"name":"wp","href":"https:\/\/api.w.org\/{rel}","templated":true}]}}