{"id":9871,"date":"2024-12-23T11:18:14","date_gmt":"2024-12-23T16:18:14","guid":{"rendered":"https:\/\/ccna-ccnv.ca\/ressources-publiques\/"},"modified":"2026-03-30T12:41:53","modified_gmt":"2026-03-30T16:41:53","slug":"ressources-pour-le-public","status":"publish","type":"page","link":"https:\/\/ccna-ccnv.ca\/fr\/ressources-pour-le-public\/","title":{"rendered":"Ressources pour le public"},"content":{"rendered":"<p><div id=\"comit\u00e9-ex\u00e9cutif-de-recherche\" class=\"fusion-container-anchor\"><div class=\"fusion-fullwidth fullwidth-box fusion-builder-row-1 fusion-flex-container has-pattern-background has-mask-background nonhundred-percent-fullwidth non-hundred-percent-height-scrolling\" style=\"--awb-border-sizes-top:0;--awb-border-sizes-bottom:0;--awb-border-sizes-left:0;--awb-border-sizes-right:0;--awb-border-radius-top-left:30px;--awb-border-radius-top-right:30px;--awb-border-radius-bottom-right:30px;--awb-border-radius-bottom-left:30px;--awb-overflow:hidden;--awb-padding-top:24px;--awb-padding-right:120px;--awb-padding-bottom:0px;--awb-padding-left:120px;--awb-padding-top-small:0px;--awb-padding-right-small:16px;--awb-padding-bottom-small:0px;--awb-padding-left-small:16px;--awb-margin-bottom:0px;--awb-flex-wrap:wrap;\" ><div class=\"fusion-builder-row fusion-row fusion-flex-align-items-flex-start fusion-flex-justify-content-center fusion-flex-content-wrap\" style=\"max-width:1456px;margin-left: calc(-4% \/ 2 );margin-right: calc(-4% \/ 2 );\"><div class=\"fusion-layout-column fusion_builder_column fusion-builder-column-0 fusion_builder_column_3_5 3_5 fusion-flex-column fusion-flex-align-self-center fusion-animated\" style=\"--awb-padding-right-small:14px;--awb-padding-left-small:14px;--awb-bg-size:cover;--awb-width-large:60%;--awb-margin-top-large:0px;--awb-spacing-right-large:3.2%;--awb-margin-bottom-large:0px;--awb-spacing-left-large:3.2%;--awb-width-medium:100%;--awb-order-medium:0;--awb-spacing-right-medium:1.92%;--awb-spacing-left-medium:1.92%;--awb-width-small:100%;--awb-order-small:0;--awb-margin-top-small:56px;--awb-spacing-right-small:1.92%;--awb-margin-bottom-small:0px;--awb-spacing-left-small:1.92%;\" data-animationType=\"fadeInDown\" data-animationDuration=\"1.0\" data-animationOffset=\"top-into-view\" data-scroll-devices=\"small-visibility,medium-visibility,large-visibility\"><div class=\"fusion-column-wrapper fusion-column-has-shadow fusion-flex-justify-content-flex-start fusion-content-layout-column\"><div class=\"fusion-title title fusion-title-1 fusion-sep-none fusion-title-text fusion-title-size-two\" style=\"--awb-margin-bottom:24px;--awb-margin-bottom-small:24px;--awb-font-size:var(--awb-typography2-font-size);\"><h2 class=\"fusion-title-heading title-heading-left fusion-responsive-typography-calculated\" style=\"margin:0;font-size:1em;letter-spacing:var(--awb-typography2-letter-spacing);--fontSize:40;line-height:var(--awb-typography2-line-height);\"><strong>Traitements \u00e0 venir &#8211; questions et r\u00e9ponses<\/strong><\/h2><\/div><ul style=\"--awb-iconcolor:var(--awb-color4);--awb-line-height:30.6px;--awb-icon-width:30.6px;--awb-icon-height:30.6px;--awb-icon-margin:12.6px;--awb-content-margin:43.2px;\" class=\"fusion-checklist fusion-checklist-1 fusion-checklist-default type-icons\"><li class=\"fusion-li-item\" style=\"\"><span class=\"icon-wrapper circle-no\"><i class=\"fusion-li-icon fa-pills fas\" aria-hidden=\"true\"><\/i><\/span><div class=\"fusion-li-item-content\">\n<p class=\"fusion-responsive-typography-calculated\" data-fontsize=\"40\" data-lineheight=\"48px\"><strong><a href=\"https:\/\/ccna-ccnv.ca\/fr\/nouveaux-medicaments-pour-la-maladie-dalzheimer\/\" target=\"_blank\" rel=\"noopener\">Nouveaux m\u00e9dicaments pour la maladie d\u2019Alzheimer<\/a><\/strong><\/p>\n<\/div><\/li><\/ul><div class=\"fusion-separator fusion-full-width-sep\" style=\"align-self: center;margin-left: auto;margin-right: auto;margin-top:24px;margin-bottom:32px;width:100%;\"><div class=\"fusion-separator-border sep-single sep-solid\" style=\"--awb-height:20px;--awb-amount:20px;--awb-sep-color:rgba(74,190,217,0.25);border-color:rgba(74,190,217,0.25);border-top-width:1px;\"><\/div><\/div><div class=\"fusion-title title fusion-title-2 fusion-sep-none fusion-title-text fusion-title-size-two\" style=\"--awb-margin-bottom:24px;--awb-margin-bottom-small:24px;--awb-font-size:var(--awb-typography2-font-size);\"><h2 class=\"fusion-title-heading title-heading-left fusion-responsive-typography-calculated\" style=\"margin:0;font-size:1em;letter-spacing:var(--awb-typography2-letter-spacing);--fontSize:40;line-height:var(--awb-typography2-line-height);\"><strong>Vivre avec des troubles neurocognitifs\u00a0<\/strong><\/h2><\/div><ul style=\"--awb-iconcolor:var(--awb-color4);--awb-line-height:30.6px;--awb-icon-width:30.6px;--awb-icon-height:30.6px;--awb-icon-margin:12.6px;--awb-content-margin:43.2px;\" class=\"fusion-checklist fusion-checklist-2 fusion-checklist-default type-icons\"><li class=\"fusion-li-item\" style=\"\"><span class=\"icon-wrapper circle-no\"><i class=\"fusion-li-icon fa-car fas\" aria-hidden=\"true\"><\/i><\/span><div class=\"fusion-li-item-content\">\n<p><strong><a href=\"https:\/\/www.drivinganddementia.ca\/\" target=\"_blank\" rel=\"noopener\">Feuille de route sur la conduite et la d\u00e9mence <\/a><\/strong>(En anglais seulement. Traduction en cours)<\/p>\n<\/div><\/li><li class=\"fusion-li-item\" style=\"\"><span class=\"icon-wrapper circle-no\"><i class=\"fusion-li-icon fa-meh fas\" aria-hidden=\"true\"><\/i><\/span><div class=\"fusion-li-item-content\">\n<p><a href=\"https:\/\/ccna-ccnv.ca\/fr\/difference-entre-lapathie-et-la-depression\/\" target=\"_blank\" rel=\"noopener\"><strong>Qu&rsquo;est-ce que l&rsquo;apathie et en quoi diff\u00e8re-t-elle de la d\u00e9pression ?<\/strong><\/a><\/p>\n<\/div><\/li><li class=\"fusion-li-item\" style=\"\"><span class=\"icon-wrapper circle-no\"><i class=\"fusion-li-icon fa-head-side-cough fas\" aria-hidden=\"true\"><\/i><\/span><div class=\"fusion-li-item-content\">\n<p><strong><a href=\"https:\/\/app-ffl.ulaval.ca\/patients\/definition.html\" target=\"_blank\" rel=\"noopener\">Aphasies primaires progressives<\/a><\/strong> &#8211; ressource \u00e9galement disponible <a href=\"https:\/\/app-ffl.ulaval.ca\/en\/patients\/definition.html\" target=\"_blank\" rel=\"noopener\"><strong>in english<\/strong><\/a>, <a href=\"https:\/\/app-ffl.ulaval.ca\/es\/patients\/definition.html\" target=\"_blank\" rel=\"noopener\"><strong>espa\u00f1ol<\/strong><\/a>, <strong><a href=\"https:\/\/app-ffl.ulaval.ca\/es\/patients\/definition.html\" target=\"_blank\" rel=\"noopener\">e italiano<\/a><\/strong><\/p>\n<\/div><\/li><\/ul><div class=\"fusion-separator fusion-full-width-sep\" style=\"align-self: center;margin-left: auto;margin-right: auto;margin-top:24px;margin-bottom:32px;width:100%;\"><div class=\"fusion-separator-border sep-single sep-solid\" style=\"--awb-height:20px;--awb-amount:20px;--awb-sep-color:rgba(74,190,217,0.25);border-color:rgba(74,190,217,0.25);border-top-width:1px;\"><\/div><\/div><div class=\"fusion-title title fusion-title-3 fusion-sep-none fusion-title-text fusion-title-size-two\" style=\"--awb-margin-bottom:24px;--awb-margin-bottom-small:24px;--awb-font-size:var(--awb-typography2-font-size);\"><h2 class=\"fusion-title-heading title-heading-left fusion-responsive-typography-calculated\" style=\"margin:0;font-size:1em;letter-spacing:var(--awb-typography2-letter-spacing);--fontSize:40;line-height:var(--awb-typography2-line-height);\"><strong>Sant\u00e9 du cerveau<\/strong><\/h2><\/div><ul style=\"--awb-iconcolor:var(--awb-color4);--awb-line-height:30.6px;--awb-icon-width:30.6px;--awb-icon-height:30.6px;--awb-icon-margin:12.6px;--awb-content-margin:43.2px;\" class=\"fusion-checklist fusion-checklist-3 fusion-checklist-default type-icons\"><li class=\"fusion-li-item\" style=\"\"><span class=\"icon-wrapper circle-no\"><i class=\"fusion-li-icon fa-check fas\" aria-hidden=\"true\"><\/i><\/span><div class=\"fusion-li-item-content\">\n<p><a href=\"https:\/\/youtube.com\/playlist?list=PLM8m5ghxZuAVgWRBx2Gkv7_tTDsvX9UoH&amp;si=b_-Ri8oCI6f5waM6\" target=\"_blank\" rel=\"noopener\" class=\"broken_link\"><span style=\"text-decoration: underline;\"><strong>S\u00e9rie de vid\u00e9os sur les troubles neurocognitifs dans la communaut\u00e9 chinoise<\/strong><\/span><\/a> : une s\u00e9rie de vid\u00e9os en mandarin, en fran\u00e7ais et en anglais produite par la Soci\u00e9t\u00e9 Alzheimer du Canada<\/p>\n<\/div><\/li><li class=\"fusion-li-item\" style=\"\"><span class=\"icon-wrapper circle-no\"><i class=\"fusion-li-icon fa-check fas\" aria-hidden=\"true\"><\/i><\/span><div class=\"fusion-li-item-content\">\n<p><a href=\"https:\/\/youtube.com\/playlist?list=PLM8m5ghxZuAVJ-0F87R7dUeZVTjSqrkPk&amp;si=cQGcFqQwKnSygrPk\" target=\"_blank\" rel=\"noopener\" class=\"broken_link\"><span style=\"text-decoration: underline;\"><strong>S\u00e9rie de vid\u00e9os sur les troubles neurocognitifs dans la communaut\u00e9 noire<\/strong><\/span><\/a> : une s\u00e9rie de vid\u00e9os en fran\u00e7ais et en anglais produite par la Soci\u00e9t\u00e9 Alzheimer du Canada<\/p>\n<\/div><\/li><\/ul><div class=\"fusion-separator fusion-full-width-sep\" style=\"align-self: center;margin-left: auto;margin-right: auto;margin-top:24px;margin-bottom:32px;width:100%;\"><div class=\"fusion-separator-border sep-single sep-solid\" style=\"--awb-height:20px;--awb-amount:20px;--awb-sep-color:rgba(74,190,217,0.25);border-color:rgba(74,190,217,0.25);border-top-width:1px;\"><\/div><\/div><div class=\"fusion-title title fusion-title-4 fusion-sep-none fusion-title-text fusion-title-size-two\" style=\"--awb-margin-bottom:24px;--awb-margin-bottom-small:24px;--awb-font-size:var(--awb-typography2-font-size);\"><h2 class=\"fusion-title-heading title-heading-left fusion-responsive-typography-calculated\" style=\"margin:0;font-size:1em;letter-spacing:var(--awb-typography2-letter-spacing);--fontSize:40;line-height:var(--awb-typography2-line-height);\"><strong>Diversit\u00e9 et troubles neurocognitifs<\/strong><\/h2><\/div><ul style=\"--awb-iconcolor:var(--awb-color4);--awb-line-height:30.6px;--awb-icon-width:30.6px;--awb-icon-height:30.6px;--awb-icon-margin:12.6px;--awb-content-margin:43.2px;\" class=\"fusion-checklist fusion-checklist-4 fusion-checklist-default type-icons\"><li class=\"fusion-li-item\" style=\"\"><span class=\"icon-wrapper circle-no\"><i class=\"fusion-li-icon fa-check fas\" aria-hidden=\"true\"><\/i><\/span><div class=\"fusion-li-item-content\">\n<p><a href=\"https:\/\/youtube.com\/playlist?list=PLM8m5ghxZuAVgWRBx2Gkv7_tTDsvX9UoH&amp;si=b_-Ri8oCI6f5waM6\" target=\"_blank\" rel=\"noopener\" class=\"broken_link\"><span style=\"text-decoration: underline;\"><strong>S\u00e9rie de vid\u00e9os sur les troubles neurocognitifs dans la communaut\u00e9 chinoise<\/strong><\/span><\/a> : une s\u00e9rie de vid\u00e9os en mandarin, en fran\u00e7ais et en anglais produite par la Soci\u00e9t\u00e9 Alzheimer du Canada<\/p>\n<\/div><\/li><li class=\"fusion-li-item\" style=\"\"><span class=\"icon-wrapper circle-no\"><i class=\"fusion-li-icon fa-check fas\" aria-hidden=\"true\"><\/i><\/span><div class=\"fusion-li-item-content\">\n<p><a href=\"https:\/\/youtube.com\/playlist?list=PLM8m5ghxZuAVJ-0F87R7dUeZVTjSqrkPk&amp;si=cQGcFqQwKnSygrPk\" target=\"_blank\" rel=\"noopener\" class=\"broken_link\"><span style=\"text-decoration: underline;\"><strong>S\u00e9rie de vid\u00e9os sur les troubles neurocognitifs dans la communaut\u00e9 noire<\/strong><\/span><\/a> : une s\u00e9rie de vid\u00e9os en fran\u00e7ais et en anglais produite par la Soci\u00e9t\u00e9 Alzheimer du Canada<\/p>\n<\/div><\/li><\/ul><div class=\"fusion-separator fusion-full-width-sep\" style=\"align-self: center;margin-left: auto;margin-right: auto;margin-top:24px;margin-bottom:32px;width:100%;\"><div class=\"fusion-separator-border sep-single sep-solid\" style=\"--awb-height:20px;--awb-amount:20px;--awb-sep-color:rgba(74,190,217,0.25);border-color:rgba(74,190,217,0.25);border-top-width:1px;\"><\/div><\/div><\/div><\/div><div class=\"fusion-layout-column fusion_builder_column fusion-builder-column-1 fusion_builder_column_2_5 2_5 fusion-flex-column fusion-flex-align-self-center fusion-no-small-visibility fusion-no-medium-visibility fusion-animated\" style=\"--awb-padding-right-small:14px;--awb-padding-left-small:14px;--awb-bg-size:cover;--awb-width-large:40%;--awb-margin-top-large:0px;--awb-spacing-right-large:4.8%;--awb-margin-bottom-large:0px;--awb-spacing-left-large:4.8%;--awb-width-medium:100%;--awb-order-medium:0;--awb-spacing-right-medium:1.92%;--awb-spacing-left-medium:1.92%;--awb-width-small:100%;--awb-order-small:0;--awb-spacing-right-small:1.92%;--awb-spacing-left-small:1.92%;\" data-animationType=\"fadeInDown\" data-animationDuration=\"1.0\" data-animationOffset=\"top-into-view\" data-scroll-devices=\"small-visibility,medium-visibility,large-visibility\"><div class=\"fusion-column-wrapper fusion-column-has-shadow fusion-flex-justify-content-flex-start fusion-content-layout-column\"><div class=\"fusion-image-element \" style=\"text-align:center;--awb-caption-title-font-family:var(--h2_typography-font-family);--awb-caption-title-font-weight:var(--h2_typography-font-weight);--awb-caption-title-font-style:var(--h2_typography-font-style);--awb-caption-title-size:var(--h2_typography-font-size);--awb-caption-title-transform:var(--h2_typography-text-transform);--awb-caption-title-line-height:var(--h2_typography-line-height);--awb-caption-title-letter-spacing:var(--h2_typography-letter-spacing);\"><span class=\" fusion-imageframe imageframe-none imageframe-1 hover-type-none\"><img loading=\"lazy\" decoding=\"async\" width=\"950\" height=\"592\" alt=\"People interacting and holding sheets in a park\" title=\"people-hanging-in-park-4\" src=\"https:\/\/ccna-ccnv.ca\/wp-content\/uploads\/2024\/12\/people-hanging-in-park-4.png\" class=\"img-responsive wp-image-9001\" srcset=\"https:\/\/ccna-ccnv.ca\/wp-content\/uploads\/2024\/12\/people-hanging-in-park-4-200x125.png 200w, https:\/\/ccna-ccnv.ca\/wp-content\/uploads\/2024\/12\/people-hanging-in-park-4-400x249.png 400w, https:\/\/ccna-ccnv.ca\/wp-content\/uploads\/2024\/12\/people-hanging-in-park-4-600x374.png 600w, https:\/\/ccna-ccnv.ca\/wp-content\/uploads\/2024\/12\/people-hanging-in-park-4-800x499.png 800w, https:\/\/ccna-ccnv.ca\/wp-content\/uploads\/2024\/12\/people-hanging-in-park-4.png 950w\" sizes=\"auto, (max-width: 640px) 100vw, 600px\" \/><\/span><\/div><\/div><\/div><\/div><\/div><\/div><div id=\"comit\u00e9-ex\u00e9cutif-de-recherche\" class=\"fusion-container-anchor\"><div class=\"fusion-fullwidth fullwidth-box fusion-builder-row-2 fusion-flex-container has-pattern-background has-mask-background nonhundred-percent-fullwidth non-hundred-percent-height-scrolling\" style=\"--awb-border-radius-top-left:0px;--awb-border-radius-top-right:0px;--awb-border-radius-bottom-right:0px;--awb-border-radius-bottom-left:0px;--awb-padding-top:48px;--awb-padding-right:120px;--awb-padding-bottom:120px;--awb-padding-left:120px;--awb-padding-top-small:0px;--awb-padding-right-small:16px;--awb-padding-bottom-small:0px;--awb-padding-left-small:16px;--awb-flex-wrap:wrap;\" ><div class=\"fusion-builder-row fusion-row fusion-flex-align-items-flex-start fusion-flex-justify-content-center fusion-flex-content-wrap\" style=\"max-width:1456px;margin-left: calc(-4% \/ 2 );margin-right: calc(-4% \/ 2 );\"><div class=\"fusion-layout-column fusion_builder_column fusion-builder-column-2 fusion_builder_column_1_1 1_1 fusion-flex-column fusion-flex-align-self-center fusion-animated\" style=\"--awb-padding-right-small:14px;--awb-padding-left-small:14px;--awb-bg-size:cover;--awb-width-large:100%;--awb-margin-top-large:0px;--awb-spacing-right-large:1.92%;--awb-margin-bottom-large:96px;--awb-spacing-left-large:1.92%;--awb-width-medium:100%;--awb-order-medium:0;--awb-spacing-right-medium:1.92%;--awb-spacing-left-medium:1.92%;--awb-width-small:100%;--awb-order-small:0;--awb-margin-top-small:0px;--awb-spacing-right-small:1.92%;--awb-margin-bottom-small:56px;--awb-spacing-left-small:1.92%;\" data-animationType=\"fadeInDown\" data-animationDuration=\"1.0\" data-animationOffset=\"top-into-view\"><div class=\"fusion-column-wrapper fusion-column-has-shadow fusion-flex-justify-content-flex-start fusion-content-layout-column\"><div class=\"fusion-title title fusion-title-5 fusion-sep-none fusion-title-text fusion-title-size-three\" style=\"--awb-text-color:var(--awb-color8);--awb-margin-bottom:24px;--awb-margin-bottom-small:24px;--awb-font-size:var(--awb-typography2-font-size);\"><h3 class=\"fusion-title-heading title-heading-left fusion-responsive-typography-calculated\" style=\"margin:0;font-size:1em;letter-spacing:var(--awb-typography2-letter-spacing);--fontSize:40;line-height:var(--awb-typography2-line-height);\"><h3>Autres ressources et liens utiles:<\/h3><\/h3><\/div><div class=\"fusion-title title fusion-title-6 fusion-sep-none fusion-title-text fusion-title-size-two\" style=\"--awb-margin-bottom:24px;--awb-margin-bottom-small:24px;--awb-font-size:var(--awb-typography2-font-size);\"><h2 class=\"fusion-title-heading title-heading-left fusion-responsive-typography-calculated\" style=\"margin:0;font-size:1em;letter-spacing:var(--awb-typography2-letter-spacing);--fontSize:40;line-height:var(--awb-typography2-line-height);\"><strong>Troubles neurocognitifs, votre guide d\u2019accompagnement<\/strong><\/h2><\/div><div class=\"fusion-text fusion-text-1\"><p>Cr\u00e9\u00e9e par le Programme de formation sur les troubles neurocognitifs de l&rsquo;Universit\u00e9 McGill, <strong><a href=\"https:\/\/www.mcgill.ca\/dementia\/fr\/ressources\/troubles-neurocognitifs-votre-guide-daccompagnement\" target=\"_blank\" rel=\"noopener\">cette ressource \u00e9ducative compl\u00e8te peut \u00eatre t\u00e9l\u00e9charg\u00e9e et imprim\u00e9e gratuitement<\/a><\/strong>.<\/p>\n<p>Vous pouvez \u00e9galement trouver le guide en anglais, espagnol, italien, mandarin, portugais, grec, punjabi, ukrainien, tagalog, polonais, russe et cantonais <a href=\"https:\/\/www.mcgill.ca\/dementia\/fr\/ressources\/troubles-neurocognitifs-votre-guide-daccompagnement\" target=\"_blank\" rel=\"noopener\"><strong>ici<\/strong><\/a>.<\/p>\n<\/div><div class=\"fusion-separator fusion-full-width-sep\" style=\"align-self: center;margin-left: auto;margin-right: auto;margin-top:24px;margin-bottom:32px;width:100%;\"><div class=\"fusion-separator-border sep-single sep-solid\" style=\"--awb-height:20px;--awb-amount:20px;--awb-sep-color:rgba(74,190,217,0.25);border-color:rgba(74,190,217,0.25);border-top-width:1px;\"><\/div><\/div><div class=\"fusion-title title fusion-title-7 fusion-sep-none fusion-title-text fusion-title-size-two\" style=\"--awb-margin-bottom:24px;--awb-margin-bottom-small:24px;--awb-font-size:var(--awb-typography2-font-size);\"><h2 class=\"fusion-title-heading title-heading-left fusion-responsive-typography-calculated\" style=\"margin:0;font-size:1em;letter-spacing:var(--awb-typography2-letter-spacing);--fontSize:40;line-height:var(--awb-typography2-line-height);\"><strong>La maladie d&rsquo;Alzheimer<\/strong><\/h2><\/div><div class=\"fusion-text fusion-text-2\"><p><strong><a href=\"https:\/\/alzheimer.ca\/\" target=\"_blank\" rel=\"noopener\">Soci\u00e9t\u00e9 Alzheimer du Canada<\/a><\/strong><\/p>\n<ul>\n<li>Soci\u00e9t\u00e9 Alzheimer de l&rsquo;<strong><a href=\"https:\/\/www.alzheimer.ca\/ab\/fr\" target=\"_blank\" rel=\"noopener\">Alberta et des Territoires du Nord-Ouest<\/a><\/strong><\/li>\n<li>Soci\u00e9t\u00e9 Alzheimer de la\u00a0<strong><a href=\"http:\/\/www.alzheimer.ca\/bc\" target=\"_blank\" rel=\"noopener\">Colombie-Britannique\u00a0<\/a><\/strong><\/li>\n<li>Soci\u00e9t\u00e9 Alzheimer du\u00a0<strong><a href=\"http:\/\/www.alzheimer.mb.ca\/\" target=\"_blank\" rel=\"noopener\">Manitoba\u00a0<\/a><\/strong><\/li>\n<li>Soci\u00e9t\u00e9 Alzheimer du\u00a0<strong><a href=\"https:\/\/www.alzheimer.ca\/nb\/fr\" target=\"_blank\" rel=\"noopener\">Nouveau Brunswick<\/a><\/strong><\/li>\n<li>Soci\u00e9t\u00e9 Alzheimer de\u00a0<strong><a href=\"http:\/\/www.alzheimer.ca\/nl\" target=\"_blank\" rel=\"noopener\">Terre-Neuve et du Labrador<\/a><\/strong><\/li>\n<li>Soci\u00e9t\u00e9 Alzheimer de la\u00a0<strong><a href=\"http:\/\/www.alzheimer.ca\/ns\" target=\"_blank\" rel=\"noopener\">Nouvelle-\u00c9cosse<\/a><\/strong><\/li>\n<li>Soci\u00e9t\u00e9 Alzheimer de l&rsquo;\u00a0<strong><a href=\"https:\/\/www.alzheimer.ca\/on\/fr\" target=\"_blank\" rel=\"noopener\">Ontario<\/a><\/strong><\/li>\n<li>Soci\u00e9t\u00e9 Alzheimer de l&rsquo;\u00a0<a href=\"http:\/\/www.alzheimer.ca\/pei\" target=\"_blank\" rel=\"noopener\"><strong>\u00cele-du-Prince-\u00c9douard<\/strong><\/a><\/li>\n<li>F\u00e9d\u00e9ration des soci\u00e9t\u00e9s Alzheimer du\u00a0<strong><a href=\"http:\/\/www.alzheimer.ca\/federationquebecoise\" target=\"_blank\" rel=\"noopener\">Qu\u00e9bec<\/a><\/strong><\/li>\n<li>Soci\u00e9t\u00e9 Alzheimer de la\u00a0<strong><a href=\"http:\/\/www.alzheimer.ca\/sk\" target=\"_blank\" rel=\"noopener\">Saskatchewan<\/a><\/strong><\/li>\n<\/ul>\n<\/div><div class=\"fusion-separator fusion-full-width-sep\" style=\"align-self: center;margin-left: auto;margin-right: auto;margin-top:24px;margin-bottom:32px;width:100%;\"><div class=\"fusion-separator-border sep-single sep-solid\" style=\"--awb-height:20px;--awb-amount:20px;--awb-sep-color:rgba(74,190,217,0.25);border-color:rgba(74,190,217,0.25);border-top-width:1px;\"><\/div><\/div><div class=\"fusion-title title fusion-title-8 fusion-sep-none fusion-title-text fusion-title-size-two\" style=\"--awb-margin-bottom:24px;--awb-margin-bottom-small:24px;--awb-font-size:var(--awb-typography2-font-size);\"><h2 class=\"fusion-title-heading title-heading-left fusion-responsive-typography-calculated\" style=\"margin:0;font-size:1em;letter-spacing:var(--awb-typography2-letter-spacing);--fontSize:40;line-height:var(--awb-typography2-line-height);\"><strong>D\u00e9mence \u00e0 corps de Lewy<\/strong><\/h2><\/div><div class=\"fusion-text fusion-text-3\"><p><strong><a href=\"http:\/\/www.lewybodydementia.ca\/\" target=\"_blank\" rel=\"noopener\">D\u00e9mence \u00e0 corps de Lewy Canada<\/a><\/strong><\/p>\n<\/div><div class=\"fusion-separator fusion-full-width-sep\" style=\"align-self: center;margin-left: auto;margin-right: auto;margin-top:24px;margin-bottom:32px;width:100%;\"><div class=\"fusion-separator-border sep-single sep-solid\" style=\"--awb-height:20px;--awb-amount:20px;--awb-sep-color:rgba(74,190,217,0.25);border-color:rgba(74,190,217,0.25);border-top-width:1px;\"><\/div><\/div><div class=\"fusion-title title fusion-title-9 fusion-sep-none fusion-title-text fusion-title-size-two\" style=\"--awb-margin-bottom:24px;--awb-margin-bottom-small:24px;--awb-font-size:var(--awb-typography2-font-size);\"><h2 class=\"fusion-title-heading title-heading-left fusion-responsive-typography-calculated\" style=\"margin:0;font-size:1em;letter-spacing:var(--awb-typography2-letter-spacing);--fontSize:40;line-height:var(--awb-typography2-line-height);\"><strong>Maladies apparent\u00e9es<\/strong><\/h2><\/div><div class=\"fusion-text fusion-text-4\"><ul>\n<li><strong><a href=\"https:\/\/www.als.ca\/\" target=\"_blank\" rel=\"noopener\">ALS Canada<\/a><\/strong>\u00a0\u2013 Scl\u00e9rose Lat\u00e9rale Amyotrophique<\/li>\n<li><strong><a href=\"https:\/\/www.heartandstroke.ca\/\" target=\"_blank\" rel=\"noopener\">Coeur et AVC<\/a><\/strong><\/li>\n<li><strong><a href=\"https:\/\/hypertension.ca\/fr\/\" target=\"_blank\" rel=\"noopener\">Hypertension Canada<\/a><\/strong><\/li>\n<li><strong><a href=\"https:\/\/www.parkinson.ca\/fr\/\" target=\"_blank\" rel=\"noopener\">Parkinson Canada<\/a><\/strong><\/li>\n<\/ul>\n<\/div><div class=\"fusion-separator fusion-full-width-sep\" style=\"align-self: center;margin-left: auto;margin-right: auto;margin-top:24px;margin-bottom:32px;width:100%;\"><div class=\"fusion-separator-border sep-single sep-solid\" style=\"--awb-height:20px;--awb-amount:20px;--awb-sep-color:rgba(74,190,217,0.25);border-color:rgba(74,190,217,0.25);border-top-width:1px;\"><\/div><\/div><div class=\"fusion-title title fusion-title-10 fusion-sep-none fusion-title-text fusion-title-size-two\" style=\"--awb-margin-bottom:24px;--awb-margin-bottom-small:24px;--awb-font-size:var(--awb-typography2-font-size);\"><h2 class=\"fusion-title-heading title-heading-left fusion-responsive-typography-calculated\" style=\"margin:0;font-size:1em;letter-spacing:var(--awb-typography2-letter-spacing);--fontSize:40;line-height:var(--awb-typography2-line-height);\"><strong>Vieillissement &#8211; associations pour les a\u00een\u00e9s<\/strong><\/h2><\/div><div class=\"fusion-text fusion-text-5\"><p><strong><a href=\"http:\/\/www.activeagingrt.ca\/\" target=\"_blank\" rel=\"noopener\">Active Aging Canada (en anglais)<\/a><\/strong><\/p>\n<p><strong><a href=\"https:\/\/agewell-nce.ca\/\" target=\"_blank\" rel=\"noopener\">AGEWELL (en anglais)\u00a0<\/a><\/strong><\/p>\n<p><strong><a href=\"https:\/\/agingparentscanada.ca\/\" target=\"_blank\" rel=\"noopener\">Aging Parents Canada (en anglais)<\/a><\/strong><\/p>\n<p><strong><a href=\"http:\/\/www.acaging.ca\/\" target=\"_blank\" rel=\"noopener\">Alberta Council on Aging (en anglais)<\/a><\/strong><\/p>\n<p><strong><a href=\"http:\/\/www.carp.ca\/\" target=\"_blank\" rel=\"noopener\">CARP (en anglais)<\/a><\/strong><\/p>\n<p><strong><a href=\"http:\/\/www.dementianetworkcalgary.ca\/\" target=\"_blank\" rel=\"noopener\">Dementia Network Calgary (en anglais)<\/a><\/strong><\/p>\n<p><strong><a href=\"http:\/\/www.fadoq.ca\" target=\"_blank\" rel=\"noopener\">FADOQ \u2013 F\u00e9d\u00e9ration de l\u2019\u00e2ge d\u2019or du Qu\u00e9bec<\/a><\/strong><\/p>\n<p><strong><a href=\"https:\/\/www.ossco.org\/\" target=\"_blank\" rel=\"noopener\">OSSCO \u2013 La soci\u00e9t\u00e9 des organisations des citoyens a\u00een\u00e9s de l\u2019Ontario<\/a><\/strong><\/p>\n<\/div><div class=\"fusion-separator fusion-full-width-sep\" style=\"align-self: center;margin-left: auto;margin-right: auto;margin-top:24px;margin-bottom:32px;width:100%;\"><div class=\"fusion-separator-border sep-single sep-solid\" style=\"--awb-height:20px;--awb-amount:20px;--awb-sep-color:rgba(74,190,217,0.25);border-color:rgba(74,190,217,0.25);border-top-width:1px;\"><\/div><\/div><div class=\"fusion-title title fusion-title-11 fusion-sep-none fusion-title-text fusion-title-size-two\" style=\"--awb-margin-bottom:24px;--awb-margin-bottom-small:24px;--awb-font-size:var(--awb-typography2-font-size);\"><h2 class=\"fusion-title-heading title-heading-left fusion-responsive-typography-calculated\" style=\"margin:0;font-size:1em;letter-spacing:var(--awb-typography2-letter-spacing);--fontSize:40;line-height:var(--awb-typography2-line-height);\"><strong>D\u00e9fense des droits<\/strong><\/h2><\/div><div class=\"fusion-text fusion-text-6\"><p><strong><a href=\"http:\/\/www.advocacycentreelderly.org\/\" target=\"_blank\" rel=\"noopener\">Advocacy Centre for the Elderly (en anglais)<\/a><\/strong><\/p>\n<p><strong><a href=\"http:\/\/canage.ca\/\" target=\"_blank\" rel=\"noopener\">CanAge (en anglais)<\/a><\/strong><\/p>\n<p><strong><a href=\"http:\/\/www.dementiacanada.com\/\" target=\"_blank\" rel=\"noopener\">Dementia Advocacy Canada (en anglais)<\/a><\/strong><\/p>\n<\/div><div class=\"fusion-separator fusion-full-width-sep\" style=\"align-self: center;margin-left: auto;margin-right: auto;margin-top:24px;margin-bottom:32px;width:100%;\"><div class=\"fusion-separator-border sep-single sep-solid\" style=\"--awb-height:20px;--awb-amount:20px;--awb-sep-color:rgba(74,190,217,0.25);border-color:rgba(74,190,217,0.25);border-top-width:1px;\"><\/div><\/div><div class=\"fusion-title title fusion-title-12 fusion-sep-none fusion-title-text fusion-title-size-two\" style=\"--awb-margin-bottom:24px;--awb-margin-bottom-small:24px;--awb-font-size:var(--awb-typography2-font-size);\"><h2 class=\"fusion-title-heading title-heading-left fusion-responsive-typography-calculated\" style=\"margin:0;font-size:1em;letter-spacing:var(--awb-typography2-letter-spacing);--fontSize:40;line-height:var(--awb-typography2-line-height);\"><strong>Proches Aidants<\/strong><\/h2><\/div><div class=\"fusion-text fusion-text-7\"><p><strong><a href=\"http:\/\/www.canadacares.org\/\" target=\"_blank\" rel=\"noopener\">Canada Cares (en anglais)<\/a><\/strong><\/p>\n<p><strong><a href=\"http:\/\/www.caregiverexchange.ca\/\" target=\"_blank\" rel=\"noopener\">Caregiver exchange (en anglais)\u00a0<\/a><\/strong><\/p>\n<p><strong><a href=\"http:\/\/www.caregivingmatters.ca\/\" target=\"_blank\" rel=\"noopener\">Caregiving Matters (en anglais)<\/a><\/strong><\/p>\n<p><strong><a href=\"https:\/\/www.lappui.org\/\" target=\"_blank\" rel=\"noopener\">L\u2019Appui pour les proches aidants<\/a><\/strong><\/p>\n<p><strong><a href=\"http:\/\/www.ontariocaregiver.ca\/fr\/\" target=\"_blank\" rel=\"noopener\">Organisme de soutien aux aidants naturels de l&rsquo;Ontario<\/a><\/strong><\/p>\n<p><strong><a href=\"http:\/\/www.storiesforcaregivers.com\/\" target=\"_blank\" rel=\"noopener\">Stories 4 caregivers<\/a><\/strong><\/p>\n<\/div><div class=\"fusion-separator fusion-full-width-sep\" style=\"align-self: center;margin-left: auto;margin-right: auto;margin-top:24px;margin-bottom:32px;width:100%;\"><div class=\"fusion-separator-border sep-single sep-solid\" style=\"--awb-height:20px;--awb-amount:20px;--awb-sep-color:rgba(74,190,217,0.25);border-color:rgba(74,190,217,0.25);border-top-width:1px;\"><\/div><\/div><div class=\"fusion-title title fusion-title-13 fusion-sep-none fusion-title-text fusion-title-size-two\" style=\"--awb-margin-bottom:24px;--awb-margin-bottom-small:24px;--awb-font-size:var(--awb-typography2-font-size);\"><h2 class=\"fusion-title-heading title-heading-left fusion-responsive-typography-calculated\" style=\"margin:0;font-size:1em;letter-spacing:var(--awb-typography2-letter-spacing);--fontSize:40;line-height:var(--awb-typography2-line-height);\"><strong>Organisations li\u00e9es \u00e0 la sant\u00e9 et \u00e0 la recherche<\/strong><\/h2><\/div><div class=\"fusion-text fusion-text-8\"><p><strong><a href=\"https:\/\/braincanada.ca\/fr\/\" target=\"_blank\" rel=\"noopener\">Brain Canada<\/a><\/strong><\/p>\n<p><strong><a href=\"http:\/\/www.cabhi.com\/\" target=\"_blank\" rel=\"noopener\">CABHI \u2013 Centre d\u2019innovation sur la sant\u00e9 du cerveau et le vieillissement<\/a><\/strong><\/p>\n<p><strong><a href=\"https:\/\/braininstitute.ca\/fr\/\" target=\"_blank\" rel=\"noopener\">OBI \u2013 Institut Ontarien du Cerveau<\/a><\/strong><\/p>\n<p><strong><a href=\"https:\/\/ondri.ca\/\" target=\"_blank\" rel=\"noopener\">ONDRI \u2013 Ontario Neurodegenerative Disease Research Initiative (en anglais)<\/a><\/strong><\/p>\n<p><strong><a href=\"https:\/\/tdra.utoronto.ca\/\" target=\"_blank\" rel=\"noopener\">Toronto Dementia Research Alliance (en anglais)<\/a><\/strong><\/p>\n<p><strong><a href=\"https:\/\/uwaterloo.ca\/network-for-aging-research\/\" target=\"_blank\" rel=\"noopener\">UWaterloo Network for Advancing Research (en anglais)<\/a><\/strong><\/p>\n<p><strong><a href=\"http:\/\/www.wbhi.org\/\" target=\"_blank\" rel=\"noopener\">WBHI \u2013 Women\u2019s Brain Health Initiative<\/a><\/strong><\/p>\n<\/div><div class=\"fusion-separator fusion-full-width-sep\" style=\"align-self: center;margin-left: auto;margin-right: auto;margin-top:24px;margin-bottom:32px;width:100%;\"><div class=\"fusion-separator-border sep-single sep-solid\" style=\"--awb-height:20px;--awb-amount:20px;--awb-sep-color:rgba(74,190,217,0.25);border-color:rgba(74,190,217,0.25);border-top-width:1px;\"><\/div><\/div><div class=\"fusion-title title fusion-title-14 fusion-sep-none fusion-title-text fusion-title-size-two\" style=\"--awb-margin-bottom:24px;--awb-margin-bottom-small:24px;--awb-font-size:var(--awb-typography2-font-size);\"><h2 class=\"fusion-title-heading title-heading-left fusion-responsive-typography-calculated\" style=\"margin:0;font-size:1em;letter-spacing:var(--awb-typography2-letter-spacing);--fontSize:40;line-height:var(--awb-typography2-line-height);\"><strong>Organismes gouvernementaux<\/strong><\/h2><\/div><div class=\"fusion-text fusion-text-9\"><p><strong><a href=\"https:\/\/cihr-irsc.gc.ca\/f\/193.html\" target=\"_blank\" rel=\"noopener\">IRSC- Instituts de recherche en sant\u00e9 du Canada<\/a><\/strong><\/p>\n<\/div><div class=\"fusion-separator fusion-full-width-sep\" style=\"align-self: center;margin-left: auto;margin-right: auto;margin-top:24px;margin-bottom:32px;width:100%;\"><div class=\"fusion-separator-border sep-single sep-solid\" style=\"--awb-height:20px;--awb-amount:20px;--awb-sep-color:rgba(74,190,217,0.25);border-color:rgba(74,190,217,0.25);border-top-width:1px;\"><\/div><\/div><div class=\"fusion-title title fusion-title-15 fusion-sep-none fusion-title-text fusion-title-size-two\" style=\"--awb-margin-bottom:24px;--awb-margin-bottom-small:24px;--awb-font-size:var(--awb-typography2-font-size);\"><h2 class=\"fusion-title-heading title-heading-left fusion-responsive-typography-calculated\" style=\"margin:0;font-size:1em;letter-spacing:var(--awb-typography2-letter-spacing);--fontSize:40;line-height:var(--awb-typography2-line-height);\"><strong>M\u00e9dia \/ Magazines \/ Webinaires \/ Baladodiffusions<\/strong><\/h2><\/div><div class=\"fusion-text fusion-text-10\"><p><strong><a href=\"https:\/\/brainxchange.ca\/\" target=\"_blank\" rel=\"noopener\">brainXchange (en anglais)<\/a><\/strong><\/p>\n<p><strong><a href=\"http:\/\/www.dementiaconnections.ca\/\" target=\"_blank\" rel=\"noopener\">Dementia Connections (en anglais)<\/a><\/strong><\/p>\n<p><strong><a href=\"http:\/\/www.dementiadialogue.ca\/\" target=\"_blank\" rel=\"noopener\">Dementia Dialogue (en anglais)<\/a><\/strong><\/p>\n<p><strong><a href=\"https:\/\/www.thedementiapodcast.org\/\" target=\"_blank\" rel=\"noopener\" class=\"broken_link\">Life with Dementia podcast (en anglais)<\/a><\/strong><\/p>\n<p><strong><a href=\"https:\/\/womensbrainhealth.org\/mind-over-matter-magazine-fr\" target=\"_blank\" rel=\"noopener\">Mind Over Matter<\/a><\/strong> (WBHI)<\/p>\n<\/div><div class=\"fusion-separator fusion-full-width-sep\" style=\"align-self: center;margin-left: auto;margin-right: auto;margin-top:24px;margin-bottom:32px;width:100%;\"><div class=\"fusion-separator-border sep-single sep-solid\" style=\"--awb-height:20px;--awb-amount:20px;--awb-sep-color:rgba(74,190,217,0.25);border-color:rgba(74,190,217,0.25);border-top-width:1px;\"><\/div><\/div><div class=\"fusion-title title fusion-title-16 fusion-sep-none fusion-title-text fusion-title-size-two\" style=\"--awb-margin-bottom:24px;--awb-margin-bottom-small:24px;--awb-font-size:var(--awb-typography2-font-size);\"><h2 class=\"fusion-title-heading title-heading-left fusion-responsive-typography-calculated\" style=\"margin:0;font-size:1em;letter-spacing:var(--awb-typography2-letter-spacing);--fontSize:40;line-height:var(--awb-typography2-line-height);\"><strong>Ressources personnelles<\/strong><\/h2><\/div><div class=\"fusion-text fusion-text-11\"><p><strong><a href=\"https:\/\/alzheimer.ca\/fr\/agissez\/devenez-allie-des-personnes-atteintes-dun-trouble-neurocognitif\/utiliser-un-langage-centre\" target=\"_blank\" rel=\"noopener\">Lignes directrices sur le langage<\/a><\/strong> \u00a0\u00e0 l\u2019intention des soignants et proches aidants de personnes atteintes d\u2019un trouble neurocognitif<\/p>\n<\/div><div class=\"fusion-separator fusion-full-width-sep\" style=\"align-self: center;margin-left: auto;margin-right: auto;margin-top:24px;margin-bottom:32px;width:100%;\"><div class=\"fusion-separator-border sep-single sep-solid\" style=\"--awb-height:20px;--awb-amount:20px;--awb-sep-color:rgba(74,190,217,0.25);border-color:rgba(74,190,217,0.25);border-top-width:1px;\"><\/div><\/div><div class=\"fusion-title title fusion-title-17 fusion-sep-none fusion-title-text fusion-title-size-two\" style=\"--awb-margin-bottom:24px;--awb-margin-bottom-small:24px;--awb-font-size:var(--awb-typography2-font-size);\"><h2 class=\"fusion-title-heading title-heading-left fusion-responsive-typography-calculated\" style=\"margin:0;font-size:1em;letter-spacing:var(--awb-typography2-letter-spacing);--fontSize:40;line-height:var(--awb-typography2-line-height);\"><strong>Programmes \/ \u00c9tudes<\/strong><\/h2><\/div><div class=\"fusion-text fusion-text-12\"><p><strong><a href=\"http:\/\/www.seepainmoreclearly.org\/\" target=\"_blank\" rel=\"noopener\">See Pain More Clearly \u2013 en anglais\u00a0<\/a><\/strong><\/p>\n<\/div><div class=\"fusion-separator fusion-full-width-sep\" style=\"align-self: center;margin-left: auto;margin-right: auto;margin-top:24px;margin-bottom:48px;width:100%;\"><div class=\"fusion-separator-border sep-single sep-solid\" style=\"--awb-height:20px;--awb-amount:20px;--awb-sep-color:rgba(74,190,217,0.25);border-color:rgba(74,190,217,0.25);border-top-width:1px;\"><\/div><\/div><div class=\"fusion-text fusion-text-13\"><div id=\"primary\" class=\"content-area\">\n<div id=\"main\" class=\"site-main row\">\n<div class=\"container-fluid\">\n<div class=\"row\">\n<div class=\"col-sm-12\">\n<article id=\"post-20017\" class=\"post-20017 page type-page status-publish hentry\">\n<div class=\"entry-content\">\n<p><em>Les liens qui se trouvent dans cette page sont offerts par le Consortium canadien en neurod\u00e9g\u00e9n\u00e9rescence associ\u00e9e au vieillissement (CCNV) \u00e0 titre d\u2019information seulement. Ils ne devraient en aucun cas \u00eatre assimil\u00e9 \u00e0 une forme d\u2019aval ou de soutien de la part du CCNV. Il est de votre devoir d\u2019effectuer les recherches requises avant de contacter l\u2019un de ces organismes. Le CCNV ne peut \u00eatre tenu responsable quant au contenu provenant de sites externes ou de toute forme d\u2019\u00e9change d\u2019information avec un site externe ou des tierces parties.<\/em><\/p>\n<\/div>\n<\/article>\n<\/div>\n<\/div>\n<\/div>\n<\/div>\n<\/div>\n<\/div><\/div><\/div><\/div><\/div><\/div><div class=\"fusion-fullwidth fullwidth-box fusion-builder-row-3 fusion-flex-container has-pattern-background has-mask-background nonhundred-percent-fullwidth non-hundred-percent-height-scrolling\" style=\"--awb-border-radius-top-left:0px;--awb-border-radius-top-right:0px;--awb-border-radius-bottom-right:0px;--awb-border-radius-bottom-left:0px;--awb-padding-bottom:56px;--awb-padding-right-small:16px;--awb-padding-bottom-small:24px;--awb-padding-left-small:16px;--awb-flex-wrap:wrap;\" ><\/div>\n<\/p>\n","protected":false},"excerpt":{"rendered":"","protected":false},"author":11,"featured_media":0,"parent":0,"menu_order":0,"comment_status":"closed","ping_status":"closed","template":"100-width.php","meta":{"_acf_changed":false,"footnotes":""},"class_list":["post-9871","page","type-page","status-publish","hentry"],"acf":[],"yoast_head":"<!-- This site is optimized with the Yoast SEO plugin v25.8 - https:\/\/yoast.com\/wordpress\/plugins\/seo\/ -->\n<title>Ressources pour le public | Troubles neurocognitifs \u2013 CCNV<\/title>\n<meta name=\"description\" content=\"D\u00e9couvrez les ressources du CCNV pour la d\u00e9mence, la sant\u00e9 c\u00e9r\u00e9brale et le soutien aux proches aidants pour les individus et familles.\" \/>\n<meta name=\"robots\" content=\"index, follow, max-snippet:-1, max-image-preview:large, max-video-preview:-1\" \/>\n<link rel=\"canonical\" href=\"https:\/\/ccna-ccnv.ca\/fr\/ressources-pour-le-public\/\" \/>\n<meta property=\"og:locale\" content=\"fr_CA\" \/>\n<meta property=\"og:type\" content=\"article\" \/>\n<meta property=\"og:title\" content=\"Ressources pour le public | Troubles neurocognitifs \u2013 CCNV\" \/>\n<meta property=\"og:description\" content=\"D\u00e9couvrez les ressources du CCNV pour la d\u00e9mence, la sant\u00e9 c\u00e9r\u00e9brale et le soutien aux proches aidants pour les individus et familles.\" \/>\n<meta property=\"og:url\" content=\"https:\/\/ccna-ccnv.ca\/fr\/ressources-pour-le-public\/\" \/>\n<meta property=\"og:site_name\" content=\"CCNA - CCNV\" \/>\n<meta property=\"article:modified_time\" content=\"2026-03-30T16:41:53+00:00\" \/>\n<meta property=\"og:image\" content=\"https:\/\/ccna-ccnv.ca\/wp-content\/uploads\/2025\/01\/CCNA.jpg\" \/>\n\t<meta property=\"og:image:width\" content=\"1200\" \/>\n\t<meta property=\"og:image:height\" content=\"675\" \/>\n\t<meta property=\"og:image:type\" content=\"image\/jpeg\" \/>\n<meta name=\"twitter:card\" content=\"summary_large_image\" \/>\n<meta name=\"twitter:label1\" content=\"Estimation du temps de lecture\" \/>\n\t<meta name=\"twitter:data1\" content=\"3 minutes\" \/>\n<script type=\"application\/ld+json\" class=\"yoast-schema-graph\">{\"@context\":\"https:\/\/schema.org\",\"@graph\":[{\"@type\":\"WebPage\",\"@id\":\"https:\/\/ccna-ccnv.ca\/fr\/ressources-pour-le-public\/\",\"url\":\"https:\/\/ccna-ccnv.ca\/fr\/ressources-pour-le-public\/\",\"name\":\"Ressources pour le public | Troubles neurocognitifs \u2013 CCNV\",\"isPartOf\":{\"@id\":\"https:\/\/ccna-ccnv.ca\/fr\/#website\"},\"datePublished\":\"2024-12-23T16:18:14+00:00\",\"dateModified\":\"2026-03-30T16:41:53+00:00\",\"description\":\"D\u00e9couvrez les ressources du CCNV pour la d\u00e9mence, la sant\u00e9 c\u00e9r\u00e9brale et le soutien aux proches aidants pour les individus et familles.\",\"breadcrumb\":{\"@id\":\"https:\/\/ccna-ccnv.ca\/fr\/ressources-pour-le-public\/#breadcrumb\"},\"inLanguage\":\"fr-CA\",\"potentialAction\":[{\"@type\":\"ReadAction\",\"target\":[\"https:\/\/ccna-ccnv.ca\/fr\/ressources-pour-le-public\/\"]}]},{\"@type\":\"BreadcrumbList\",\"@id\":\"https:\/\/ccna-ccnv.ca\/fr\/ressources-pour-le-public\/#breadcrumb\",\"itemListElement\":[{\"@type\":\"ListItem\",\"position\":1,\"name\":\"Home\",\"item\":\"https:\/\/ccna-ccnv.ca\/fr\/\"},{\"@type\":\"ListItem\",\"position\":2,\"name\":\"Ressources pour le public\"}]},{\"@type\":\"WebSite\",\"@id\":\"https:\/\/ccna-ccnv.ca\/fr\/#website\",\"url\":\"https:\/\/ccna-ccnv.ca\/fr\/\",\"name\":\"Canadian Consortium on Neurodegeneration in Aging\",\"description\":\"\",\"publisher\":{\"@id\":\"https:\/\/ccna-ccnv.ca\/fr\/#organization\"},\"alternateName\":\"CCNA - CCNV\",\"potentialAction\":[{\"@type\":\"SearchAction\",\"target\":{\"@type\":\"EntryPoint\",\"urlTemplate\":\"https:\/\/ccna-ccnv.ca\/fr\/?s={search_term_string}\"},\"query-input\":{\"@type\":\"PropertyValueSpecification\",\"valueRequired\":true,\"valueName\":\"search_term_string\"}}],\"inLanguage\":\"fr-CA\"},{\"@type\":\"Organization\",\"@id\":\"https:\/\/ccna-ccnv.ca\/fr\/#organization\",\"name\":\"Canadian Consortium on Neurodegeneration in Aging\",\"alternateName\":\"CCNA - CCNV\",\"url\":\"https:\/\/ccna-ccnv.ca\/fr\/\",\"logo\":{\"@type\":\"ImageObject\",\"inLanguage\":\"fr-CA\",\"@id\":\"https:\/\/ccna-ccnv.ca\/fr\/#\/schema\/logo\/image\/\",\"url\":\"https:\/\/ccna-ccnv.ca\/wp-content\/uploads\/2025\/01\/ccna-logo-on-white-background.jpg\",\"contentUrl\":\"https:\/\/ccna-ccnv.ca\/wp-content\/uploads\/2025\/01\/ccna-logo-on-white-background.jpg\",\"width\":696,\"height\":696,\"caption\":\"Canadian Consortium on Neurodegeneration in Aging\"},\"image\":{\"@id\":\"https:\/\/ccna-ccnv.ca\/fr\/#\/schema\/logo\/image\/\"}}]}<\/script>\n<!-- \/ Yoast SEO plugin. -->","yoast_head_json":{"title":"Ressources pour le public | Troubles neurocognitifs \u2013 CCNV","description":"D\u00e9couvrez les ressources du CCNV pour la d\u00e9mence, la sant\u00e9 c\u00e9r\u00e9brale et le soutien aux proches aidants pour les individus et familles.","robots":{"index":"index","follow":"follow","max-snippet":"max-snippet:-1","max-image-preview":"max-image-preview:large","max-video-preview":"max-video-preview:-1"},"canonical":"https:\/\/ccna-ccnv.ca\/fr\/ressources-pour-le-public\/","og_locale":"fr_CA","og_type":"article","og_title":"Ressources pour le public | Troubles neurocognitifs \u2013 CCNV","og_description":"D\u00e9couvrez les ressources du CCNV pour la d\u00e9mence, la sant\u00e9 c\u00e9r\u00e9brale et le soutien aux proches aidants pour les individus et familles.","og_url":"https:\/\/ccna-ccnv.ca\/fr\/ressources-pour-le-public\/","og_site_name":"CCNA - CCNV","article_modified_time":"2026-03-30T16:41:53+00:00","og_image":[{"width":1200,"height":675,"url":"https:\/\/ccna-ccnv.ca\/wp-content\/uploads\/2025\/01\/CCNA.jpg","type":"image\/jpeg"}],"twitter_card":"summary_large_image","twitter_misc":{"Estimation du temps de lecture":"3 minutes"},"schema":{"@context":"https:\/\/schema.org","@graph":[{"@type":"WebPage","@id":"https:\/\/ccna-ccnv.ca\/fr\/ressources-pour-le-public\/","url":"https:\/\/ccna-ccnv.ca\/fr\/ressources-pour-le-public\/","name":"Ressources pour le public | Troubles neurocognitifs \u2013 CCNV","isPartOf":{"@id":"https:\/\/ccna-ccnv.ca\/fr\/#website"},"datePublished":"2024-12-23T16:18:14+00:00","dateModified":"2026-03-30T16:41:53+00:00","description":"D\u00e9couvrez les ressources du CCNV pour la d\u00e9mence, la sant\u00e9 c\u00e9r\u00e9brale et le soutien aux proches aidants pour les individus et familles.","breadcrumb":{"@id":"https:\/\/ccna-ccnv.ca\/fr\/ressources-pour-le-public\/#breadcrumb"},"inLanguage":"fr-CA","potentialAction":[{"@type":"ReadAction","target":["https:\/\/ccna-ccnv.ca\/fr\/ressources-pour-le-public\/"]}]},{"@type":"BreadcrumbList","@id":"https:\/\/ccna-ccnv.ca\/fr\/ressources-pour-le-public\/#breadcrumb","itemListElement":[{"@type":"ListItem","position":1,"name":"Home","item":"https:\/\/ccna-ccnv.ca\/fr\/"},{"@type":"ListItem","position":2,"name":"Ressources pour le public"}]},{"@type":"WebSite","@id":"https:\/\/ccna-ccnv.ca\/fr\/#website","url":"https:\/\/ccna-ccnv.ca\/fr\/","name":"Canadian Consortium on Neurodegeneration in Aging","description":"","publisher":{"@id":"https:\/\/ccna-ccnv.ca\/fr\/#organization"},"alternateName":"CCNA - CCNV","potentialAction":[{"@type":"SearchAction","target":{"@type":"EntryPoint","urlTemplate":"https:\/\/ccna-ccnv.ca\/fr\/?s={search_term_string}"},"query-input":{"@type":"PropertyValueSpecification","valueRequired":true,"valueName":"search_term_string"}}],"inLanguage":"fr-CA"},{"@type":"Organization","@id":"https:\/\/ccna-ccnv.ca\/fr\/#organization","name":"Canadian Consortium on Neurodegeneration in Aging","alternateName":"CCNA - CCNV","url":"https:\/\/ccna-ccnv.ca\/fr\/","logo":{"@type":"ImageObject","inLanguage":"fr-CA","@id":"https:\/\/ccna-ccnv.ca\/fr\/#\/schema\/logo\/image\/","url":"https:\/\/ccna-ccnv.ca\/wp-content\/uploads\/2025\/01\/ccna-logo-on-white-background.jpg","contentUrl":"https:\/\/ccna-ccnv.ca\/wp-content\/uploads\/2025\/01\/ccna-logo-on-white-background.jpg","width":696,"height":696,"caption":"Canadian Consortium on Neurodegeneration in Aging"},"image":{"@id":"https:\/\/ccna-ccnv.ca\/fr\/#\/schema\/logo\/image\/"}}]}},"_links":{"self":[{"href":"https:\/\/ccna-ccnv.ca\/fr\/wp-json\/wp\/v2\/pages\/9871","targetHints":{"allow":["GET"]}}],"collection":[{"href":"https:\/\/ccna-ccnv.ca\/fr\/wp-json\/wp\/v2\/pages"}],"about":[{"href":"https:\/\/ccna-ccnv.ca\/fr\/wp-json\/wp\/v2\/types\/page"}],"author":[{"embeddable":true,"href":"https:\/\/ccna-ccnv.ca\/fr\/wp-json\/wp\/v2\/users\/11"}],"replies":[{"embeddable":true,"href":"https:\/\/ccna-ccnv.ca\/fr\/wp-json\/wp\/v2\/comments?post=9871"}],"version-history":[{"count":58,"href":"https:\/\/ccna-ccnv.ca\/fr\/wp-json\/wp\/v2\/pages\/9871\/revisions"}],"predecessor-version":[{"id":18620,"href":"https:\/\/ccna-ccnv.ca\/fr\/wp-json\/wp\/v2\/pages\/9871\/revisions\/18620"}],"wp:attachment":[{"href":"https:\/\/ccna-ccnv.ca\/fr\/wp-json\/wp\/v2\/media?parent=9871"}],"curies":[{"name":"wp","href":"https:\/\/api.w.org\/{rel}","templated":true}]}}